{"id":987,"date":"2012-12-25T01:14:40","date_gmt":"2012-12-25T01:14:40","guid":{"rendered":"http:\/\/jlggb.net\/jlb\/?page_id=987"},"modified":"2025-06-07T23:30:30","modified_gmt":"2025-06-07T21:30:30","slug":"2005-centre-culturel-belem-lisbonne-states-of-the-images","status":"publish","type":"page","link":"https:\/\/jlggb.net\/jlb\/expositions-personnelles-et-collectives\/2005-centre-culturel-belem-lisbonne-states-of-the-images\/","title":{"rendered":"2005 States of the Images Centre culturel Belem Lisbonne"},"content":{"rendered":"<p><em>States of the Images\/\u00c9tats d&rsquo;images<\/em>, <em>Estados da Imagen. Instantes e Intervalos<\/em>, Centre culturel Belem, Lisbonne<br \/>\nDu 27 mai au 21 ao\u00fbt 2005<br \/>\nExposition produite par LisboaPhoto et le Centre Culturel de Bel\u00e9m<br \/>\nCommissaires : S\u00e9rgio Mah et Raymond Bellour<br \/>\nExposition colective avec des oeuvres de :<br \/>\nThierry Kuntzel, Jeff Wall, James Coleman, Michael Snow, Chantal Ackerman, Dara Birnbaum, Masaki Fujihata, Shelly Silver, David Claerbout, Pedro Costa, Jean-Louis Boissier, Angela Lucchi et Yervant Gianikian.<\/p>\n<p><a href=\"https:\/\/jlggb.net\/jlb\/wp-content\/uploads\/2020\/05\/LesPerspecteurs_3.jpg\" data-rel=\"lightbox-image-0\" data-imagelightbox=\"0\" data-rl_title=\"\" data-rl_caption=\"\" title=\"\"><img loading=\"lazy\" decoding=\"async\" class=\"alignnone size-full wp-image-2758\" src=\"https:\/\/jlggb.net\/jlb\/wp-content\/uploads\/2020\/05\/LesPerspecteurs_3.jpg\" alt=\"\" width=\"640\" height=\"640\" srcset=\"https:\/\/jlggb.net\/jlb\/wp-content\/uploads\/2020\/05\/LesPerspecteurs_3.jpg 1200w, https:\/\/jlggb.net\/jlb\/wp-content\/uploads\/2020\/05\/LesPerspecteurs_3-150x150.jpg 150w, https:\/\/jlggb.net\/jlb\/wp-content\/uploads\/2020\/05\/LesPerspecteurs_3-300x300.jpg 300w, https:\/\/jlggb.net\/jlb\/wp-content\/uploads\/2020\/05\/LesPerspecteurs_3-768x768.jpg 768w, https:\/\/jlggb.net\/jlb\/wp-content\/uploads\/2020\/05\/LesPerspecteurs_3-1024x1024.jpg 1024w\" sizes=\"auto, (max-width: 640px) 100vw, 640px\" \/><\/a><br \/>\nPi\u00e8ce pr\u00e9sent\u00e9e : <em>Les Perspecteurs<\/em>, 2004, version 2005, installation vid\u00e9o interactive<\/p>\n<p>Voir : 2004-2005 <em>Les Perspecteurs<\/em><br \/>\n<a href=\"https:\/\/jlggb.net\/jlb\/?page_id=31\" target=\"_blank\">https:\/\/jlggb.net\/jlb\/?page_id=31<\/a><\/p>\n<p>CATALOGUE<\/p>\n<p><a href=\"https:\/\/jlggb.net\/jlb\/wp-content\/uploads\/2025\/06\/lisboa_2005.jpg\" data-rel=\"lightbox-image-1\" data-imagelightbox=\"1\" data-rl_title=\"\" data-rl_caption=\"\" title=\"\"><img loading=\"lazy\" decoding=\"async\" src=\"https:\/\/jlggb.net\/jlb\/wp-content\/uploads\/2025\/06\/lisboa_2005.jpg\" alt=\"\" width=\"347\" height=\"500\" class=\"alignnone size-full wp-image-3545\" srcset=\"https:\/\/jlggb.net\/jlb\/wp-content\/uploads\/2025\/06\/lisboa_2005.jpg 1042w, https:\/\/jlggb.net\/jlb\/wp-content\/uploads\/2025\/06\/lisboa_2005-208x300.jpg 208w, https:\/\/jlggb.net\/jlb\/wp-content\/uploads\/2025\/06\/lisboa_2005-711x1024.jpg 711w, https:\/\/jlggb.net\/jlb\/wp-content\/uploads\/2025\/06\/lisboa_2005-768x1106.jpg 768w\" sizes=\"auto, (max-width: 347px) 100vw, 347px\" \/><\/a><br \/>\n<em>\u00c9tats d&rsquo;images : Instants et intervalles <\/em><br \/>\nBroch\u00e9 \u2013 Illustr\u00e9, 21 mars 2024<br \/>\nde Raymond Bellour (Sous la direction de), S\u00e9rgio Mah (Sous la direction de)<br \/>\nVoir : <a href=\"https:\/\/www.editionsmimesis.fr\/catalogue\/etats-dimages\/\">https:\/\/www.editionsmimesis.fr\/catalogue\/etats-dimages\/<\/a><br \/>\nL\u2019exposition \u00ab\u00a0\u00c9tats d\u2019images \u2015 Instants et intervalles\u00a0\u00bb (2005) a \u00e9t\u00e9 un jalon important dans l\u2019\u00e9valuation des rapports entre le mouvement et l\u2019immobilit\u00e9, saisis ici entre leurs deux bords extr\u00eames : la photographie et le film. Con\u00e7ues par des artistes de renomm\u00e9e internationale, les douze installations qui en composaient le corps m\u00e9nagent une gradation subtile entre ces deux bords. Ce sont autant d\u2019impressions subtiles que les auteurs des textes consacr\u00e9s \u00e0 chacune des douze oeuvres composant l\u2019exposition ont eu \u00e0 charge d\u2019\u00e9valuer. Trop longtemps demeur\u00e9 in\u00e9dit, ce catalogue vient ainsi reprendre la place qui aurait d\u00fb \u00eatre la sienne dans l\u2019histoire mouvement\u00e9e des images.<\/p>\n","protected":false},"excerpt":{"rendered":"<p>States of the Images\/\u00c9tats d&rsquo;images, Estados da Imagen. Instantes e Intervalos, Centre culturel Belem, Lisbonne Du 27 mai au 21 ao\u00fbt 2005 Exposition produite par LisboaPhoto et le Centre Culturel de Bel\u00e9m Commissaires : S\u00e9rgio Mah et Raymond Bellour Exposition colective avec des oeuvres de : Thierry Kuntzel, Jeff Wall, James Coleman, Michael Snow, Chantal &hellip; <a href=\"https:\/\/jlggb.net\/jlb\/expositions-personnelles-et-collectives\/2005-centre-culturel-belem-lisbonne-states-of-the-images\/\" class=\"more-link\">Continuer la lecture de <span class=\"screen-reader-text\">2005 States of the Images Centre culturel Belem Lisbonne<\/span><\/a><\/p>\n","protected":false},"author":2,"featured_media":0,"parent":650,"menu_order":2005,"comment_status":"closed","ping_status":"closed","template":"","meta":{"footnotes":""},"class_list":["post-987","page","type-page","status-publish","hentry"],"_links":{"self":[{"href":"https:\/\/jlggb.net\/jlb\/wp-json\/wp\/v2\/pages\/987","targetHints":{"allow":["GET"]}}],"collection":[{"href":"https:\/\/jlggb.net\/jlb\/wp-json\/wp\/v2\/pages"}],"about":[{"href":"https:\/\/jlggb.net\/jlb\/wp-json\/wp\/v2\/types\/page"}],"author":[{"embeddable":true,"href":"https:\/\/jlggb.net\/jlb\/wp-json\/wp\/v2\/users\/2"}],"replies":[{"embeddable":true,"href":"https:\/\/jlggb.net\/jlb\/wp-json\/wp\/v2\/comments?post=987"}],"version-history":[{"count":15,"href":"https:\/\/jlggb.net\/jlb\/wp-json\/wp\/v2\/pages\/987\/revisions"}],"predecessor-version":[{"id":3557,"href":"https:\/\/jlggb.net\/jlb\/wp-json\/wp\/v2\/pages\/987\/revisions\/3557"}],"up":[{"embeddable":true,"href":"https:\/\/jlggb.net\/jlb\/wp-json\/wp\/v2\/pages\/650"}],"wp:attachment":[{"href":"https:\/\/jlggb.net\/jlb\/wp-json\/wp\/v2\/media?parent=987"}],"curies":[{"name":"wp","href":"https:\/\/api.w.org\/{rel}","templated":true}]}}