{"id":94,"date":"2009-09-08T20:42:18","date_gmt":"2009-09-08T19:42:18","guid":{"rendered":"http:\/\/jlggb.net\/jlb\/?page_id=94"},"modified":"2025-06-28T22:19:56","modified_gmt":"2025-06-28T20:19:56","slug":"le-bus","status":"publish","type":"page","link":"https:\/\/jlggb.net\/jlb\/travaux\/le-bus\/","title":{"rendered":"1985 Le Bus"},"content":{"rendered":"<p>1984-1985 \/ 2023<\/p>\n<p>Reconstitution en 2023 \u00e0 la demande du MNAM CCI Centre Pompidou Nouveaux m\u00e9dias<br \/>\nMontage et dispositif : Jean-Louis Boissier<br \/>\nProgrammation : Jean-No\u00ebl Lafargue<\/p>\n<p><a href=\"http:\/\/jlggb.net\/blog8\/wp-content\/uploads\/2023\/07\/LeBus_immateriaux_-1985_jlb_full-scaled.jpg\" data-rel=\"lightbox-image-0\" data-imagelightbox=\"0\" data-rl_title=\"\" data-rl_caption=\"\" title=\"\"><img loading=\"lazy\" decoding=\"async\" class=\"alignnone size-full wp-image-2644\" src=\"http:\/\/jlggb.net\/blog8\/wp-content\/uploads\/2023\/07\/LeBus_immateriaux_-1985_jlb_full-scaled.jpg\" alt=\"\" width=\"800\" height=\"600\" \/><\/a><br \/>\n<a href=\"http:\/\/jlggb.net\/blog8\/wp-content\/uploads\/2023\/07\/LeBus_new_20230706_full-scaled.jpg\" data-rel=\"lightbox-image-1\" data-imagelightbox=\"1\" data-rl_title=\"\" data-rl_caption=\"\" title=\"\"><img loading=\"lazy\" decoding=\"async\" class=\"alignnone size-full wp-image-2645\" src=\"http:\/\/jlggb.net\/blog8\/wp-content\/uploads\/2023\/07\/LeBus_new_20230706_full-scaled.jpg\" alt=\"\" width=\"800\" height=\"600\" \/><\/a><\/p>\n<p>Mercredi 5 juillet 2023, 18h. Exposition <em>\u00ab Les Immat\u00e9riaux \u00bb Aper\u00e7us d&rsquo;une manifestation postmoderne <\/em>, Espace des Collections film, vid\u00e9o, son et \u0153uvres num\u00e9riques, Mus\u00e9e, niveau 4, Centre Pompidou. Reconstitution de l\u2019installation vid\u00e9o interactive <em>Le Bus ou l\u2019Exercice de la d\u00e9couverte<\/em> de l&rsquo;exposition <em>Les Immat\u00e9riaux<\/em>, 1985, incluant une vitrine de documents, y compris le vid\u00e9odisque (laserdisc) et le floppy disk d&rsquo;origine. Photo de la version de 1985, Centre Pompidou.<\/p>\n<p><a href=\"https:\/\/jlggb.net\/jlb\/wp-content\/uploads\/2009\/09\/le-bus-immateriaux-1985-jlb-blog.jpg\" data-rel=\"lightbox-image-2\" data-imagelightbox=\"2\" data-rl_title=\"\" data-rl_caption=\"\" title=\"\"><img loading=\"lazy\" decoding=\"async\" class=\"alignnone wp-image-1251\" src=\"https:\/\/jlggb.net\/jlb\/wp-content\/uploads\/2009\/09\/le-bus-immateriaux-1985-jlb-blog.jpg\" alt=\"le bus immateriaux 1985 jlb blog\" width=\"800\" height=\"533\" srcset=\"https:\/\/jlggb.net\/jlb\/wp-content\/uploads\/2009\/09\/le-bus-immateriaux-1985-jlb-blog.jpg 2000w, https:\/\/jlggb.net\/jlb\/wp-content\/uploads\/2009\/09\/le-bus-immateriaux-1985-jlb-blog-300x200.jpg 300w, https:\/\/jlggb.net\/jlb\/wp-content\/uploads\/2009\/09\/le-bus-immateriaux-1985-jlb-blog-1024x682.jpg 1024w, https:\/\/jlggb.net\/jlb\/wp-content\/uploads\/2009\/09\/le-bus-immateriaux-1985-jlb-blog-150x100.jpg 150w\" sizes=\"auto, (max-width: 800px) 100vw, 800px\" \/><\/a><\/p>\n<p><em>Le Bus<\/em>, installation vid\u00e9o-interactive, 1985. Version initiale pour l&rsquo;exposition <em>Les Immat\u00e9riaux<\/em>, Centre Pompidou, 1985. Maquette d&rsquo;un autobus parisien RATP. Trois petits moniteurs vid\u00e9o sont dispos\u00e9s derri\u00e8re trois fen\u00eatres du bus. Photo jlb 1985<\/p>\n<p><a href=\"https:\/\/jlggb.net\/jlb\/wp-content\/uploads\/2009\/09\/LeBus_interface.jpg\" data-rel=\"lightbox-image-3\" data-imagelightbox=\"3\" data-rl_title=\"\" data-rl_caption=\"\"><img loading=\"lazy\" decoding=\"async\" class=\"alignnone wp-image-110\" title=\"\" src=\"https:\/\/jlggb.net\/jlb\/wp-content\/uploads\/2009\/09\/LeBus_interface.jpg\" alt=\"LeBus_interface\" width=\"800\" height=\"600\" srcset=\"https:\/\/jlggb.net\/jlb\/wp-content\/uploads\/2009\/09\/LeBus_interface.jpg 1024w, https:\/\/jlggb.net\/jlb\/wp-content\/uploads\/2009\/09\/LeBus_interface-300x225.jpg 300w\" sizes=\"auto, (max-width: 800px) 100vw, 800px\" \/><\/a><\/p>\n<p><em>Le Bus<\/em>, installation vid\u00e9o-interactive, 1985. Interface : pi\u00e8ces authentiques d&rsquo;un autobus parisien (Arr\u00eat demand\u00e9). Photo jlb<\/p>\n<p><img loading=\"lazy\" decoding=\"async\" class=\"alignnone wp-image-95\" title=\"bus_1990_montage2\" src=\"https:\/\/jlggb.net\/jlb\/wp-content\/uploads\/2009\/09\/bus_1990_montage2.jpg\" alt=\"bus_1990_montage2\" width=\"800\" height=\"600\" srcset=\"https:\/\/jlggb.net\/jlb\/wp-content\/uploads\/2009\/09\/bus_1990_montage2.jpg 1024w, https:\/\/jlggb.net\/jlb\/wp-content\/uploads\/2009\/09\/bus_1990_montage2-300x225.jpg 300w\" sizes=\"auto, (max-width: 800px) 100vw, 800px\" \/><\/p>\n<p>Le Bus, installation vid\u00e9o-interactive, 1985. Version pour <em>Artifices 1<\/em>, Saint-Denis, 1990. Photo jlb 1990<\/p>\n<p><img loading=\"lazy\" decoding=\"async\" class=\"alignnone size-full wp-image-97\" title=\"LeBus_dessin_2008\" src=\"https:\/\/jlggb.net\/jlb\/wp-content\/uploads\/2009\/09\/LeBus_dessin_2008.jpg\" alt=\"LeBus_dessin_2008\" width=\"640\" height=\"480\" srcset=\"https:\/\/jlggb.net\/jlb\/wp-content\/uploads\/2009\/09\/LeBus_dessin_2008.jpg 1024w, https:\/\/jlggb.net\/jlb\/wp-content\/uploads\/2009\/09\/LeBus_dessin_2008-300x225.jpg 300w\" sizes=\"auto, (max-width: 640px) 100vw, 640px\" \/><\/p>\n<p><em>Le Bus<\/em>, installation vid\u00e9o-interactive, 1985. Version pour<em> L&rsquo;Image n&rsquo;est pas seule<\/em>, Saint-Denis, 1998. Dessin jlb 2003<\/p>\n<div style=\"padding:75% 0 0 0;position:relative;\"><iframe src=\"https:\/\/player.vimeo.com\/video\/150599084?badge=0&amp;autopause=0&amp;player_id=0&amp;app_id=58479\" frameborder=\"0\" allow=\"autoplay; fullscreen; picture-in-picture; clipboard-write; encrypted-media; web-share\" style=\"position:absolute;top:0;left:0;width:100%;height:100%;\" title=\"LeBus_1985_MINUTE\"><\/iframe><\/div>\n<p><script src=\"https:\/\/player.vimeo.com\/api\/player.js\"><\/script><\/p>\n<p><em>Le Bus<\/em>, extrait de la partie vid\u00e9o, vue de l&rsquo;autobus, 1 mn sur les 10 mn totales.<\/p>\n<div style=\"padding:62.5% 0 0 0;position:relative;\"><iframe src=\"https:\/\/player.vimeo.com\/video\/150599665?badge=0&amp;autopause=0&amp;player_id=0&amp;app_id=58479\" frameborder=\"0\" allow=\"autoplay; fullscreen; picture-in-picture; clipboard-write; encrypted-media; web-share\" style=\"position:absolute;top:0;left:0;width:100%;height:100%;\" title=\"LeBus-personnes-extrait\"><\/iframe><\/div>\n<p><script src=\"https:\/\/player.vimeo.com\/api\/player.js\"><\/script><\/p>\n<p><em>Le Bus<\/em>, exemples de photographies vues \u00e0 partir d&rsquo;\u00ab\u00a0arr\u00eats demand\u00e9s\u00a0\u00bb.<\/p>\n<p><a href=\"https:\/\/jlggb.net\/jlb\/wp-content\/uploads\/2009\/09\/lebus-carte.jpg\" data-rel=\"lightbox-image-4\" data-imagelightbox=\"4\" data-rl_title=\"\" data-rl_caption=\"\"><img loading=\"lazy\" decoding=\"async\" class=\"alignnone wp-image-346\" title=\"\" src=\"https:\/\/jlggb.net\/jlb\/wp-content\/uploads\/2009\/09\/lebus-carte.jpg\" alt=\"lebus-carte\" width=\"800\" height=\"600\" srcset=\"https:\/\/jlggb.net\/jlb\/wp-content\/uploads\/2009\/09\/lebus-carte.jpg 848w, https:\/\/jlggb.net\/jlb\/wp-content\/uploads\/2009\/09\/lebus-carte-300x224.jpg 300w\" sizes=\"auto, (max-width: 800px) 100vw, 800px\" \/><\/a><br \/>\n<em>Le Bus<\/em>, carte d\u00e9signant le trajet r\u00e9el d&rsquo;une ligne fictive, sur les communes de Saint-Denis, Pierrefitte et Stains (Seine Saint-Denis), 1984.<\/p>\n<p>FICHE TECHNIQUE<br \/>\nPi\u00e8ces d&rsquo;un autobus parisien, lecteur de vid\u00e9odisque, moniteur vid\u00e9o, haut-parleurs, ordinateur Macintosh SE (version 1990), vid\u00e9odisque (laserdisc), programme HyperCard.<\/p>\n<p>FICHE G\u00c9N\u00c9RIQUE<br \/>\n<em>Le Bus<\/em>, installation vid\u00e9o-interactive avec vid\u00e9odisque, 1985<br \/>\nVersions pour l\u2019exposition <em>Les Immat\u00e9riaux au <\/em>Centre Pompidou, 1985, pour la biennale <em>Artifices<\/em>, 1990 et pour l\u2019exposition L\u2019image n\u2019est pas seule, biblioth\u00e8que Universit\u00e9 Paris 8, 1998<br \/>\nConception et direction de la r\u00e9alisation : Jean-Louis Boissier.<br \/>\nCoordination de la production : Thierry Chaput,<br \/>\nMartine Castro, Annick Graton.<br \/>\nPhotographies : Herv\u00e9 Abbadie, Jean-Louis Boissier, Bruno Brusa, Pascaline Ceccaldi, Shuen-Git Chow, Patrick Delamotte, Gilbert Delanoue, Catherine Floc\u2019hlay, Fr\u00e9d\u00e9rique Jouval, Isabelle Lebois, Janine Le Collinet, Maria-Jos\u00e9 Ramos, Jo\u00ebl Requil\u00e9, Fran\u00e7oise Saur.<br \/>\nOp\u00e9rateur vid\u00e9o : Jacques Nibert.<br \/>\nOp\u00e9rateur son : Nicolas Joly.<br \/>\nProgrammation informatique : Im\u00e9dia, Sylvain Aubin, Patrick Merissert-Coffini\u00e8res (version 1985), \u00c9tienne Per\u00e9ny (version 1990), Christian Laroche (version 1998).<br \/>\nProduction : Centre Pompidou pour l\u2019exposition <em>Les Immat\u00e9riaux<\/em> et Universit\u00e9 Paris 8.<\/p>\n<p><a href=\"https:\/\/jlggb.net\/jlb\/wp-content\/uploads\/2009\/09\/immateriaux_carton.jpg\" data-rel=\"lightbox-image-5\" data-imagelightbox=\"5\" data-rl_title=\"\" data-rl_caption=\"\"><img loading=\"lazy\" decoding=\"async\" class=\"alignnone size-full wp-image-352\" title=\"\" src=\"https:\/\/jlggb.net\/jlb\/wp-content\/uploads\/2009\/09\/immateriaux_carton.jpg\" alt=\"immateriaux_carton\" width=\"240\" height=\"340\" srcset=\"https:\/\/jlggb.net\/jlb\/wp-content\/uploads\/2009\/09\/immateriaux_carton.jpg 450w, https:\/\/jlggb.net\/jlb\/wp-content\/uploads\/2009\/09\/immateriaux_carton-211x300.jpg 211w\" sizes=\"auto, (max-width: 240px) 100vw, 240px\" \/><\/a><\/p>\n<p><em>Les Immat\u00e9riaux<\/em>, exposition du Centre Pompidou, 1985, commissariat : Jean-Fran\u00e7ois Lyotard, Thierry Chaput.<br \/>\nCarton d&rsquo;invitation, design : Luc Maillet\/Grafibus, 1985.<\/p>\n<p><a href=\"https:\/\/jlggb.net\/jlb\/wp-content\/uploads\/2009\/09\/le-bus-lang-1985-1024.jpg\" data-rel=\"lightbox-image-6\" data-imagelightbox=\"6\" data-rl_title=\"\" data-rl_caption=\"\"><img loading=\"lazy\" decoding=\"async\" class=\"alignnone wp-image-812\" title=\"\" src=\"https:\/\/jlggb.net\/jlb\/wp-content\/uploads\/2009\/09\/le-bus-lang-1985-1024.jpg\" alt=\"\" width=\"800\" height=\"534\" srcset=\"https:\/\/jlggb.net\/jlb\/wp-content\/uploads\/2009\/09\/le-bus-lang-1985-1024.jpg 1024w, https:\/\/jlggb.net\/jlb\/wp-content\/uploads\/2009\/09\/le-bus-lang-1985-1024-300x200.jpg 300w\" sizes=\"auto, (max-width: 800px) 100vw, 800px\" \/><\/a><\/p>\n<p>Mars 1985, Centre Pompidou, 5e \u00e9tage, inauguration des <em>Immat\u00e9riaux<\/em>. Jean Maheu, pr\u00e9sident du Centre, Jack Lang, ministre de la culture, Thierry Chaput, commissaire, devant l&rsquo;installation <em>Le Bus<\/em>. Photo Jean-Claude Planchet \u2014 Centre Pompidou<\/p>\n<p><a href=\"https:\/\/jlggb.net\/jlb\/wp-content\/uploads\/2009\/09\/immat\u00e9riaux-lebus-11.jpg\" data-rel=\"lightbox-image-7\" data-imagelightbox=\"7\" data-rl_title=\"\" data-rl_caption=\"\"><img loading=\"lazy\" decoding=\"async\" class=\"alignnone wp-image-447\" title=\"\" src=\"https:\/\/jlggb.net\/jlb\/wp-content\/uploads\/2009\/09\/immat\u00e9riaux-lebus-11.jpg\" alt=\"\" width=\"800\" height=\"533\" srcset=\"https:\/\/jlggb.net\/jlb\/wp-content\/uploads\/2009\/09\/immat\u00e9riaux-lebus-11.jpg 1200w, https:\/\/jlggb.net\/jlb\/wp-content\/uploads\/2009\/09\/immat\u00e9riaux-lebus-11-300x200.jpg 300w, https:\/\/jlggb.net\/jlb\/wp-content\/uploads\/2009\/09\/immat\u00e9riaux-lebus-11-1024x682.jpg 1024w\" sizes=\"auto, (max-width: 800px) 100vw, 800px\" \/><\/a><br \/>\n<a href=\"https:\/\/jlggb.net\/jlb\/wp-content\/uploads\/2009\/09\/immat\u00e9riaux-lebus-21.jpg\" data-rel=\"lightbox-image-8\" data-imagelightbox=\"8\" data-rl_title=\"\" data-rl_caption=\"\"><img loading=\"lazy\" decoding=\"async\" class=\"alignnone wp-image-448\" title=\"\" src=\"https:\/\/jlggb.net\/jlb\/wp-content\/uploads\/2009\/09\/immat\u00e9riaux-lebus-21.jpg\" alt=\"\" width=\"800\" height=\"533\" srcset=\"https:\/\/jlggb.net\/jlb\/wp-content\/uploads\/2009\/09\/immat\u00e9riaux-lebus-21.jpg 1200w, https:\/\/jlggb.net\/jlb\/wp-content\/uploads\/2009\/09\/immat\u00e9riaux-lebus-21-300x200.jpg 300w, https:\/\/jlggb.net\/jlb\/wp-content\/uploads\/2009\/09\/immat\u00e9riaux-lebus-21-1024x682.jpg 1024w\" sizes=\"auto, (max-width: 800px) 100vw, 800px\" \/><\/a><\/p>\n<p>Recto et verso de la fiche \u00ab Visites simul\u00e9es \u00bb du catalogue <em>Les Immat\u00e9riaux<\/em>, 1985.<\/p>\n<p><a href=\"https:\/\/jlggb.net\/jlb\/wp-content\/uploads\/2021\/06\/01-Herve-Abbadie.jpg\" data-rel=\"lightbox-image-9\" data-imagelightbox=\"9\" data-rl_title=\"\" data-rl_caption=\"\" title=\"\"><img loading=\"lazy\" decoding=\"async\" class=\"alignnone wp-image-3027 size-medium\" src=\"https:\/\/jlggb.net\/jlb\/wp-content\/uploads\/2021\/06\/01-Herve-Abbadie-300x233.jpg\" alt=\"\" width=\"300\" height=\"233\" srcset=\"https:\/\/jlggb.net\/jlb\/wp-content\/uploads\/2021\/06\/01-Herve-Abbadie-300x233.jpg 300w, https:\/\/jlggb.net\/jlb\/wp-content\/uploads\/2021\/06\/01-Herve-Abbadie-1024x797.jpg 1024w, https:\/\/jlggb.net\/jlb\/wp-content\/uploads\/2021\/06\/01-Herve-Abbadie-768x597.jpg 768w, https:\/\/jlggb.net\/jlb\/wp-content\/uploads\/2021\/06\/01-Herve-Abbadie-1536x1195.jpg 1536w, https:\/\/jlggb.net\/jlb\/wp-content\/uploads\/2021\/06\/01-Herve-Abbadie-2048x1593.jpg 2048w, https:\/\/jlggb.net\/jlb\/wp-content\/uploads\/2021\/06\/01-Herve-Abbadie-150x117.jpg 150w\" sizes=\"auto, (max-width: 300px) 100vw, 300px\" \/><\/a><br \/>\n<a href=\"https:\/\/jlggb.net\/jlb\/wp-content\/uploads\/2021\/06\/02-Jean-Louis-Boissier.jpg\" data-rel=\"lightbox-image-10\" data-imagelightbox=\"10\" data-rl_title=\"\" data-rl_caption=\"\" title=\"\"><img loading=\"lazy\" decoding=\"async\" class=\"alignnone wp-image-3028 size-medium\" src=\"https:\/\/jlggb.net\/jlb\/wp-content\/uploads\/2021\/06\/02-Jean-Louis-Boissier-300x233.jpg\" alt=\"\" width=\"300\" height=\"233\" srcset=\"https:\/\/jlggb.net\/jlb\/wp-content\/uploads\/2021\/06\/02-Jean-Louis-Boissier-300x233.jpg 300w, https:\/\/jlggb.net\/jlb\/wp-content\/uploads\/2021\/06\/02-Jean-Louis-Boissier-1024x797.jpg 1024w, https:\/\/jlggb.net\/jlb\/wp-content\/uploads\/2021\/06\/02-Jean-Louis-Boissier-768x597.jpg 768w, https:\/\/jlggb.net\/jlb\/wp-content\/uploads\/2021\/06\/02-Jean-Louis-Boissier-1536x1195.jpg 1536w, https:\/\/jlggb.net\/jlb\/wp-content\/uploads\/2021\/06\/02-Jean-Louis-Boissier-2048x1593.jpg 2048w, https:\/\/jlggb.net\/jlb\/wp-content\/uploads\/2021\/06\/02-Jean-Louis-Boissier-150x117.jpg 150w\" sizes=\"auto, (max-width: 300px) 100vw, 300px\" \/><\/a><br \/>\n<a href=\"https:\/\/jlggb.net\/jlb\/wp-content\/uploads\/2021\/06\/03-Bruno-Brusa.jpg\" data-rel=\"lightbox-image-11\" data-imagelightbox=\"11\" data-rl_title=\"\" data-rl_caption=\"\" title=\"\"><img loading=\"lazy\" decoding=\"async\" class=\"alignnone wp-image-3029 size-medium\" src=\"https:\/\/jlggb.net\/jlb\/wp-content\/uploads\/2021\/06\/03-Bruno-Brusa-300x233.jpg\" alt=\"\" width=\"300\" height=\"233\" srcset=\"https:\/\/jlggb.net\/jlb\/wp-content\/uploads\/2021\/06\/03-Bruno-Brusa-300x233.jpg 300w, https:\/\/jlggb.net\/jlb\/wp-content\/uploads\/2021\/06\/03-Bruno-Brusa-1024x797.jpg 1024w, https:\/\/jlggb.net\/jlb\/wp-content\/uploads\/2021\/06\/03-Bruno-Brusa-768x597.jpg 768w, https:\/\/jlggb.net\/jlb\/wp-content\/uploads\/2021\/06\/03-Bruno-Brusa-1536x1195.jpg 1536w, https:\/\/jlggb.net\/jlb\/wp-content\/uploads\/2021\/06\/03-Bruno-Brusa-2048x1593.jpg 2048w, https:\/\/jlggb.net\/jlb\/wp-content\/uploads\/2021\/06\/03-Bruno-Brusa-150x117.jpg 150w\" sizes=\"auto, (max-width: 300px) 100vw, 300px\" \/><\/a><br \/>\n<a href=\"https:\/\/jlggb.net\/jlb\/wp-content\/uploads\/2021\/06\/04-Pascaline-Ceccaldi.jpg\" data-rel=\"lightbox-image-12\" data-imagelightbox=\"12\" data-rl_title=\"\" data-rl_caption=\"\" title=\"\"><img loading=\"lazy\" decoding=\"async\" class=\"alignnone wp-image-3030 size-medium\" src=\"https:\/\/jlggb.net\/jlb\/wp-content\/uploads\/2021\/06\/04-Pascaline-Ceccaldi-300x233.jpg\" alt=\"\" width=\"300\" height=\"233\" srcset=\"https:\/\/jlggb.net\/jlb\/wp-content\/uploads\/2021\/06\/04-Pascaline-Ceccaldi-300x233.jpg 300w, https:\/\/jlggb.net\/jlb\/wp-content\/uploads\/2021\/06\/04-Pascaline-Ceccaldi-1024x797.jpg 1024w, https:\/\/jlggb.net\/jlb\/wp-content\/uploads\/2021\/06\/04-Pascaline-Ceccaldi-768x597.jpg 768w, https:\/\/jlggb.net\/jlb\/wp-content\/uploads\/2021\/06\/04-Pascaline-Ceccaldi-1536x1195.jpg 1536w, https:\/\/jlggb.net\/jlb\/wp-content\/uploads\/2021\/06\/04-Pascaline-Ceccaldi-2048x1593.jpg 2048w, https:\/\/jlggb.net\/jlb\/wp-content\/uploads\/2021\/06\/04-Pascaline-Ceccaldi-150x117.jpg 150w\" sizes=\"auto, (max-width: 300px) 100vw, 300px\" \/><\/a><br \/>\n<a href=\"https:\/\/jlggb.net\/jlb\/wp-content\/uploads\/2021\/06\/05-Shuen-Git-Chow.jpg\" data-rel=\"lightbox-image-13\" data-imagelightbox=\"13\" data-rl_title=\"\" data-rl_caption=\"\" title=\"\"><img loading=\"lazy\" decoding=\"async\" class=\"alignnone wp-image-3031 size-medium\" src=\"https:\/\/jlggb.net\/jlb\/wp-content\/uploads\/2021\/06\/05-Shuen-Git-Chow-300x233.jpg\" alt=\"\" width=\"300\" height=\"233\" srcset=\"https:\/\/jlggb.net\/jlb\/wp-content\/uploads\/2021\/06\/05-Shuen-Git-Chow-300x233.jpg 300w, https:\/\/jlggb.net\/jlb\/wp-content\/uploads\/2021\/06\/05-Shuen-Git-Chow-1024x797.jpg 1024w, https:\/\/jlggb.net\/jlb\/wp-content\/uploads\/2021\/06\/05-Shuen-Git-Chow-768x597.jpg 768w, https:\/\/jlggb.net\/jlb\/wp-content\/uploads\/2021\/06\/05-Shuen-Git-Chow-1536x1195.jpg 1536w, https:\/\/jlggb.net\/jlb\/wp-content\/uploads\/2021\/06\/05-Shuen-Git-Chow-2048x1593.jpg 2048w, https:\/\/jlggb.net\/jlb\/wp-content\/uploads\/2021\/06\/05-Shuen-Git-Chow-150x117.jpg 150w\" sizes=\"auto, (max-width: 300px) 100vw, 300px\" \/><\/a><br \/>\n<a href=\"https:\/\/jlggb.net\/jlb\/wp-content\/uploads\/2021\/06\/06-Patrick-Delamotte.jpg\" data-rel=\"lightbox-image-14\" data-imagelightbox=\"14\" data-rl_title=\"\" data-rl_caption=\"\" title=\"\"><img loading=\"lazy\" decoding=\"async\" class=\"alignnone wp-image-3032 size-medium\" src=\"https:\/\/jlggb.net\/jlb\/wp-content\/uploads\/2021\/06\/06-Patrick-Delamotte-300x233.jpg\" alt=\"\" width=\"300\" height=\"233\" srcset=\"https:\/\/jlggb.net\/jlb\/wp-content\/uploads\/2021\/06\/06-Patrick-Delamotte-300x233.jpg 300w, https:\/\/jlggb.net\/jlb\/wp-content\/uploads\/2021\/06\/06-Patrick-Delamotte-1024x797.jpg 1024w, https:\/\/jlggb.net\/jlb\/wp-content\/uploads\/2021\/06\/06-Patrick-Delamotte-768x597.jpg 768w, https:\/\/jlggb.net\/jlb\/wp-content\/uploads\/2021\/06\/06-Patrick-Delamotte-1536x1195.jpg 1536w, https:\/\/jlggb.net\/jlb\/wp-content\/uploads\/2021\/06\/06-Patrick-Delamotte-2048x1593.jpg 2048w, https:\/\/jlggb.net\/jlb\/wp-content\/uploads\/2021\/06\/06-Patrick-Delamotte-150x117.jpg 150w\" sizes=\"auto, (max-width: 300px) 100vw, 300px\" \/><\/a><br \/>\n<a href=\"https:\/\/jlggb.net\/jlb\/wp-content\/uploads\/2021\/06\/07-Gilbert-Delanoue.jpg\" data-rel=\"lightbox-image-15\" data-imagelightbox=\"15\" data-rl_title=\"\" data-rl_caption=\"\" title=\"\"><img loading=\"lazy\" decoding=\"async\" class=\"alignnone wp-image-3033 size-medium\" src=\"https:\/\/jlggb.net\/jlb\/wp-content\/uploads\/2021\/06\/07-Gilbert-Delanoue-300x233.jpg\" alt=\"\" width=\"300\" height=\"233\" srcset=\"https:\/\/jlggb.net\/jlb\/wp-content\/uploads\/2021\/06\/07-Gilbert-Delanoue-300x233.jpg 300w, https:\/\/jlggb.net\/jlb\/wp-content\/uploads\/2021\/06\/07-Gilbert-Delanoue-1024x797.jpg 1024w, https:\/\/jlggb.net\/jlb\/wp-content\/uploads\/2021\/06\/07-Gilbert-Delanoue-768x597.jpg 768w, https:\/\/jlggb.net\/jlb\/wp-content\/uploads\/2021\/06\/07-Gilbert-Delanoue-1536x1195.jpg 1536w, https:\/\/jlggb.net\/jlb\/wp-content\/uploads\/2021\/06\/07-Gilbert-Delanoue-2048x1593.jpg 2048w, https:\/\/jlggb.net\/jlb\/wp-content\/uploads\/2021\/06\/07-Gilbert-Delanoue-150x117.jpg 150w\" sizes=\"auto, (max-width: 300px) 100vw, 300px\" \/><\/a><br \/>\n<a href=\"https:\/\/jlggb.net\/jlb\/wp-content\/uploads\/2021\/06\/08-Catherine-Flochlay.jpg\" data-rel=\"lightbox-image-16\" data-imagelightbox=\"16\" data-rl_title=\"\" data-rl_caption=\"\" title=\"\"><img loading=\"lazy\" decoding=\"async\" class=\"alignnone wp-image-3034 size-medium\" src=\"https:\/\/jlggb.net\/jlb\/wp-content\/uploads\/2021\/06\/08-Catherine-Flochlay-300x233.jpg\" alt=\"\" width=\"300\" height=\"233\" srcset=\"https:\/\/jlggb.net\/jlb\/wp-content\/uploads\/2021\/06\/08-Catherine-Flochlay-300x233.jpg 300w, https:\/\/jlggb.net\/jlb\/wp-content\/uploads\/2021\/06\/08-Catherine-Flochlay-1024x797.jpg 1024w, https:\/\/jlggb.net\/jlb\/wp-content\/uploads\/2021\/06\/08-Catherine-Flochlay-768x597.jpg 768w, https:\/\/jlggb.net\/jlb\/wp-content\/uploads\/2021\/06\/08-Catherine-Flochlay-1536x1195.jpg 1536w, https:\/\/jlggb.net\/jlb\/wp-content\/uploads\/2021\/06\/08-Catherine-Flochlay-2048x1593.jpg 2048w, https:\/\/jlggb.net\/jlb\/wp-content\/uploads\/2021\/06\/08-Catherine-Flochlay-150x117.jpg 150w\" sizes=\"auto, (max-width: 300px) 100vw, 300px\" \/><\/a><br \/>\n<a href=\"https:\/\/jlggb.net\/jlb\/wp-content\/uploads\/2021\/06\/09-Frederique-Jouval.jpg\" data-rel=\"lightbox-image-17\" data-imagelightbox=\"17\" data-rl_title=\"\" data-rl_caption=\"\" title=\"\"><img loading=\"lazy\" decoding=\"async\" class=\"alignnone wp-image-3035 size-medium\" src=\"https:\/\/jlggb.net\/jlb\/wp-content\/uploads\/2021\/06\/09-Frederique-Jouval-300x233.jpg\" alt=\"\" width=\"300\" height=\"233\" srcset=\"https:\/\/jlggb.net\/jlb\/wp-content\/uploads\/2021\/06\/09-Frederique-Jouval-300x233.jpg 300w, https:\/\/jlggb.net\/jlb\/wp-content\/uploads\/2021\/06\/09-Frederique-Jouval-1024x797.jpg 1024w, https:\/\/jlggb.net\/jlb\/wp-content\/uploads\/2021\/06\/09-Frederique-Jouval-768x597.jpg 768w, https:\/\/jlggb.net\/jlb\/wp-content\/uploads\/2021\/06\/09-Frederique-Jouval-1536x1195.jpg 1536w, https:\/\/jlggb.net\/jlb\/wp-content\/uploads\/2021\/06\/09-Frederique-Jouval-2048x1593.jpg 2048w, https:\/\/jlggb.net\/jlb\/wp-content\/uploads\/2021\/06\/09-Frederique-Jouval-150x117.jpg 150w\" sizes=\"auto, (max-width: 300px) 100vw, 300px\" \/><\/a><br \/>\n<a href=\"https:\/\/jlggb.net\/jlb\/wp-content\/uploads\/2021\/06\/10-Isabelle-Lebois.jpg\" data-rel=\"lightbox-image-18\" data-imagelightbox=\"18\" data-rl_title=\"\" data-rl_caption=\"\" title=\"\"><img loading=\"lazy\" decoding=\"async\" class=\"alignnone wp-image-3036 size-medium\" src=\"https:\/\/jlggb.net\/jlb\/wp-content\/uploads\/2021\/06\/10-Isabelle-Lebois-300x233.jpg\" alt=\"\" width=\"300\" height=\"233\" srcset=\"https:\/\/jlggb.net\/jlb\/wp-content\/uploads\/2021\/06\/10-Isabelle-Lebois-300x233.jpg 300w, https:\/\/jlggb.net\/jlb\/wp-content\/uploads\/2021\/06\/10-Isabelle-Lebois-1024x797.jpg 1024w, https:\/\/jlggb.net\/jlb\/wp-content\/uploads\/2021\/06\/10-Isabelle-Lebois-768x597.jpg 768w, https:\/\/jlggb.net\/jlb\/wp-content\/uploads\/2021\/06\/10-Isabelle-Lebois-1536x1195.jpg 1536w, https:\/\/jlggb.net\/jlb\/wp-content\/uploads\/2021\/06\/10-Isabelle-Lebois-2048x1593.jpg 2048w, https:\/\/jlggb.net\/jlb\/wp-content\/uploads\/2021\/06\/10-Isabelle-Lebois-150x117.jpg 150w\" sizes=\"auto, (max-width: 300px) 100vw, 300px\" \/><\/a><br \/>\n<a href=\"https:\/\/jlggb.net\/jlb\/wp-content\/uploads\/2021\/06\/11-Janine-Le-Collinet.jpg\" data-rel=\"lightbox-image-19\" data-imagelightbox=\"19\" data-rl_title=\"\" data-rl_caption=\"\" title=\"\"><img loading=\"lazy\" decoding=\"async\" class=\"alignnone wp-image-3037 size-medium\" src=\"https:\/\/jlggb.net\/jlb\/wp-content\/uploads\/2021\/06\/11-Janine-Le-Collinet-300x233.jpg\" alt=\"\" width=\"300\" height=\"233\" srcset=\"https:\/\/jlggb.net\/jlb\/wp-content\/uploads\/2021\/06\/11-Janine-Le-Collinet-300x233.jpg 300w, https:\/\/jlggb.net\/jlb\/wp-content\/uploads\/2021\/06\/11-Janine-Le-Collinet-1024x797.jpg 1024w, https:\/\/jlggb.net\/jlb\/wp-content\/uploads\/2021\/06\/11-Janine-Le-Collinet-768x597.jpg 768w, https:\/\/jlggb.net\/jlb\/wp-content\/uploads\/2021\/06\/11-Janine-Le-Collinet-1536x1195.jpg 1536w, https:\/\/jlggb.net\/jlb\/wp-content\/uploads\/2021\/06\/11-Janine-Le-Collinet-2048x1593.jpg 2048w, https:\/\/jlggb.net\/jlb\/wp-content\/uploads\/2021\/06\/11-Janine-Le-Collinet-150x117.jpg 150w\" sizes=\"auto, (max-width: 300px) 100vw, 300px\" \/><\/a><br \/>\n<a href=\"https:\/\/jlggb.net\/jlb\/wp-content\/uploads\/2021\/06\/12-Maria-Jose-Ramos.jpg\" data-rel=\"lightbox-image-20\" data-imagelightbox=\"20\" data-rl_title=\"\" data-rl_caption=\"\" title=\"\"><img loading=\"lazy\" decoding=\"async\" class=\"alignnone wp-image-3038 size-medium\" src=\"https:\/\/jlggb.net\/jlb\/wp-content\/uploads\/2021\/06\/12-Maria-Jose-Ramos-300x233.jpg\" alt=\"\" width=\"300\" height=\"233\" srcset=\"https:\/\/jlggb.net\/jlb\/wp-content\/uploads\/2021\/06\/12-Maria-Jose-Ramos-300x233.jpg 300w, https:\/\/jlggb.net\/jlb\/wp-content\/uploads\/2021\/06\/12-Maria-Jose-Ramos-1024x797.jpg 1024w, https:\/\/jlggb.net\/jlb\/wp-content\/uploads\/2021\/06\/12-Maria-Jose-Ramos-768x597.jpg 768w, https:\/\/jlggb.net\/jlb\/wp-content\/uploads\/2021\/06\/12-Maria-Jose-Ramos-1536x1195.jpg 1536w, https:\/\/jlggb.net\/jlb\/wp-content\/uploads\/2021\/06\/12-Maria-Jose-Ramos-2048x1593.jpg 2048w, https:\/\/jlggb.net\/jlb\/wp-content\/uploads\/2021\/06\/12-Maria-Jose-Ramos-150x117.jpg 150w\" sizes=\"auto, (max-width: 300px) 100vw, 300px\" \/><\/a><br \/>\n<a href=\"https:\/\/jlggb.net\/jlb\/wp-content\/uploads\/2021\/06\/13-Joel-Requile.jpg\" data-rel=\"lightbox-image-21\" data-imagelightbox=\"21\" data-rl_title=\"\" data-rl_caption=\"\" title=\"\"><img loading=\"lazy\" decoding=\"async\" class=\"alignnone wp-image-3039 size-medium\" src=\"https:\/\/jlggb.net\/jlb\/wp-content\/uploads\/2021\/06\/13-Joel-Requile-300x233.jpg\" alt=\"\" width=\"300\" height=\"233\" srcset=\"https:\/\/jlggb.net\/jlb\/wp-content\/uploads\/2021\/06\/13-Joel-Requile-300x233.jpg 300w, https:\/\/jlggb.net\/jlb\/wp-content\/uploads\/2021\/06\/13-Joel-Requile-1024x797.jpg 1024w, https:\/\/jlggb.net\/jlb\/wp-content\/uploads\/2021\/06\/13-Joel-Requile-768x597.jpg 768w, https:\/\/jlggb.net\/jlb\/wp-content\/uploads\/2021\/06\/13-Joel-Requile-1536x1195.jpg 1536w, https:\/\/jlggb.net\/jlb\/wp-content\/uploads\/2021\/06\/13-Joel-Requile-2048x1593.jpg 2048w, https:\/\/jlggb.net\/jlb\/wp-content\/uploads\/2021\/06\/13-Joel-Requile-150x117.jpg 150w\" sizes=\"auto, (max-width: 300px) 100vw, 300px\" \/><\/a><br \/>\n<a href=\"https:\/\/jlggb.net\/jlb\/wp-content\/uploads\/2021\/06\/14-Francoise-Saur.jpg\" data-rel=\"lightbox-image-22\" data-imagelightbox=\"22\" data-rl_title=\"\" data-rl_caption=\"\" title=\"\"><img loading=\"lazy\" decoding=\"async\" class=\"alignnone wp-image-3040 size-medium\" src=\"https:\/\/jlggb.net\/jlb\/wp-content\/uploads\/2021\/06\/14-Francoise-Saur-300x233.jpg\" alt=\"\" width=\"300\" height=\"233\" srcset=\"https:\/\/jlggb.net\/jlb\/wp-content\/uploads\/2021\/06\/14-Francoise-Saur-300x233.jpg 300w, https:\/\/jlggb.net\/jlb\/wp-content\/uploads\/2021\/06\/14-Francoise-Saur-1024x797.jpg 1024w, https:\/\/jlggb.net\/jlb\/wp-content\/uploads\/2021\/06\/14-Francoise-Saur-768x597.jpg 768w, https:\/\/jlggb.net\/jlb\/wp-content\/uploads\/2021\/06\/14-Francoise-Saur-1536x1195.jpg 1536w, https:\/\/jlggb.net\/jlb\/wp-content\/uploads\/2021\/06\/14-Francoise-Saur-2048x1593.jpg 2048w, https:\/\/jlggb.net\/jlb\/wp-content\/uploads\/2021\/06\/14-Francoise-Saur-150x117.jpg 150w\" sizes=\"auto, (max-width: 300px) 100vw, 300px\" \/><\/a><\/p>\n<p>Les photographes : Herv\u00e9 Abbadie, Jean-Louis Boissier, Bruno Brusa, Pascaline Ceccaldi, Shuen-Git Chow, Patrick Delamotte, Gilbert Delanoue, Catherine Floc\u2019hlay, Fr\u00e9d\u00e9rique Jouval, Isabelle Lebois, Janine Le Collinet, Maria-Jos\u00e9 Ramos, Jo\u00ebl Requil\u00e9, Fran\u00e7oise Saur, tels qu&rsquo;ils peuvent appara\u00eetre dans le vid\u00e9odisque, 1984.<\/p>\n<p><a href=\"https:\/\/jlggb.net\/jlb\/wp-content\/uploads\/2021\/06\/bus-travelling-02-3200-scaled.jpg\" data-rel=\"lightbox-image-23\" data-imagelightbox=\"23\" data-rl_title=\"\" data-rl_caption=\"\" title=\"\"><img loading=\"lazy\" decoding=\"async\" class=\"alignnone wp-image-3046\" src=\"https:\/\/jlggb.net\/jlb\/wp-content\/uploads\/2021\/06\/bus-travelling-02-3200-scaled.jpg\" alt=\"\" width=\"800\" height=\"533\" srcset=\"https:\/\/jlggb.net\/jlb\/wp-content\/uploads\/2021\/06\/bus-travelling-02-3200-scaled.jpg 2560w, https:\/\/jlggb.net\/jlb\/wp-content\/uploads\/2021\/06\/bus-travelling-02-3200-300x200.jpg 300w, https:\/\/jlggb.net\/jlb\/wp-content\/uploads\/2021\/06\/bus-travelling-02-3200-1024x682.jpg 1024w, https:\/\/jlggb.net\/jlb\/wp-content\/uploads\/2021\/06\/bus-travelling-02-3200-768x512.jpg 768w, https:\/\/jlggb.net\/jlb\/wp-content\/uploads\/2021\/06\/bus-travelling-02-3200-1536x1023.jpg 1536w, https:\/\/jlggb.net\/jlb\/wp-content\/uploads\/2021\/06\/bus-travelling-02-3200-2048x1364.jpg 2048w, https:\/\/jlggb.net\/jlb\/wp-content\/uploads\/2021\/06\/bus-travelling-02-3200-150x100.jpg 150w\" sizes=\"auto, (max-width: 800px) 100vw, 800px\" \/><\/a><\/p>\n<p><a href=\"https:\/\/jlggb.net\/jlb\/wp-content\/uploads\/2021\/06\/bus-travelling-01-3200-scaled.jpg\" data-rel=\"lightbox-image-24\" data-imagelightbox=\"24\" data-rl_title=\"\" data-rl_caption=\"\" title=\"\"><img loading=\"lazy\" decoding=\"async\" class=\"alignnone wp-image-3043\" src=\"https:\/\/jlggb.net\/jlb\/wp-content\/uploads\/2021\/06\/bus-travelling-01-3200-scaled.jpg\" alt=\"\" width=\"800\" height=\"533\" srcset=\"https:\/\/jlggb.net\/jlb\/wp-content\/uploads\/2021\/06\/bus-travelling-01-3200-scaled.jpg 2560w, https:\/\/jlggb.net\/jlb\/wp-content\/uploads\/2021\/06\/bus-travelling-01-3200-300x200.jpg 300w, https:\/\/jlggb.net\/jlb\/wp-content\/uploads\/2021\/06\/bus-travelling-01-3200-1024x683.jpg 1024w, https:\/\/jlggb.net\/jlb\/wp-content\/uploads\/2021\/06\/bus-travelling-01-3200-768x512.jpg 768w, https:\/\/jlggb.net\/jlb\/wp-content\/uploads\/2021\/06\/bus-travelling-01-3200-1536x1024.jpg 1536w, https:\/\/jlggb.net\/jlb\/wp-content\/uploads\/2021\/06\/bus-travelling-01-3200-2048x1365.jpg 2048w, https:\/\/jlggb.net\/jlb\/wp-content\/uploads\/2021\/06\/bus-travelling-01-3200-150x100.jpg 150w\" sizes=\"auto, (max-width: 800px) 100vw, 800px\" \/><\/a><\/p>\n<p>Tournage du travelling du trajet, Saint-Denis, Pierrefitte, Stains, 25 juin 1984.<\/p>\n<p><a href=\"https:\/\/jlggb.net\/jlb\/wp-content\/uploads\/2021\/06\/exemple-liste-bus-006-3200-scaled.jpg\" data-rel=\"lightbox-image-25\" data-imagelightbox=\"25\" data-rl_title=\"\" data-rl_caption=\"\" title=\"\"><img loading=\"lazy\" decoding=\"async\" class=\"alignnone wp-image-3048\" src=\"https:\/\/jlggb.net\/jlb\/wp-content\/uploads\/2021\/06\/exemple-liste-bus-006-3200-scaled.jpg\" alt=\"\" width=\"582\" height=\"800\" srcset=\"https:\/\/jlggb.net\/jlb\/wp-content\/uploads\/2021\/06\/exemple-liste-bus-006-3200-scaled.jpg 1861w, https:\/\/jlggb.net\/jlb\/wp-content\/uploads\/2021\/06\/exemple-liste-bus-006-3200-218x300.jpg 218w, https:\/\/jlggb.net\/jlb\/wp-content\/uploads\/2021\/06\/exemple-liste-bus-006-3200-744x1024.jpg 744w, https:\/\/jlggb.net\/jlb\/wp-content\/uploads\/2021\/06\/exemple-liste-bus-006-3200-768x1057.jpg 768w, https:\/\/jlggb.net\/jlb\/wp-content\/uploads\/2021\/06\/exemple-liste-bus-006-3200-1116x1536.jpg 1116w, https:\/\/jlggb.net\/jlb\/wp-content\/uploads\/2021\/06\/exemple-liste-bus-006-3200-1489x2048.jpg 1489w, https:\/\/jlggb.net\/jlb\/wp-content\/uploads\/2021\/06\/exemple-liste-bus-006-3200-109x150.jpg 109w\" sizes=\"auto, (max-width: 582px) 100vw, 582px\" \/><\/a><\/p>\n<p>Extrait des listes d&rsquo;adresses et de donn\u00e9es \u00e0 destination de la programmation.<\/p>\n<p><a href=\"https:\/\/jlggb.net\/jlb\/wp-content\/uploads\/2021\/06\/le-bus-videodisque-et-diskette-1985-scaled.jpg\" data-rel=\"lightbox-image-26\" data-imagelightbox=\"26\" data-rl_title=\"\" data-rl_caption=\"\" title=\"\"><img loading=\"lazy\" decoding=\"async\" class=\"alignnone wp-image-3052\" src=\"https:\/\/jlggb.net\/jlb\/wp-content\/uploads\/2021\/06\/le-bus-videodisque-et-diskette-1985-scaled.jpg\" alt=\"\" width=\"800\" height=\"600\" srcset=\"https:\/\/jlggb.net\/jlb\/wp-content\/uploads\/2021\/06\/le-bus-videodisque-et-diskette-1985-scaled.jpg 2560w, https:\/\/jlggb.net\/jlb\/wp-content\/uploads\/2021\/06\/le-bus-videodisque-et-diskette-1985-300x225.jpg 300w, https:\/\/jlggb.net\/jlb\/wp-content\/uploads\/2021\/06\/le-bus-videodisque-et-diskette-1985-1024x768.jpg 1024w, https:\/\/jlggb.net\/jlb\/wp-content\/uploads\/2021\/06\/le-bus-videodisque-et-diskette-1985-768x576.jpg 768w, https:\/\/jlggb.net\/jlb\/wp-content\/uploads\/2021\/06\/le-bus-videodisque-et-diskette-1985-1536x1152.jpg 1536w, https:\/\/jlggb.net\/jlb\/wp-content\/uploads\/2021\/06\/le-bus-videodisque-et-diskette-1985-2048x1536.jpg 2048w, https:\/\/jlggb.net\/jlb\/wp-content\/uploads\/2021\/06\/le-bus-videodisque-et-diskette-1985-150x113.jpg 150w\" sizes=\"auto, (max-width: 800px) 100vw, 800px\" \/><\/a><\/p>\n<p>Diskette (programme de consultation) et vid\u00e9odisque (images vid\u00e9o PAL) <em>Les Immat\u00e9riaux\/Le Bus<\/em>, 1985 (coll. JLB).<\/p>\n","protected":false},"excerpt":{"rendered":"<p>1984-1985 \/ 2023 Reconstitution en 2023 \u00e0 la demande du MNAM CCI Centre Pompidou Nouveaux m\u00e9dias Montage et dispositif : Jean-Louis Boissier Programmation : Jean-No\u00ebl Lafargue Mercredi 5 juillet 2023, 18h. Exposition \u00ab Les Immat\u00e9riaux \u00bb Aper\u00e7us d&rsquo;une manifestation postmoderne , Espace des Collections film, vid\u00e9o, son et \u0153uvres num\u00e9riques, Mus\u00e9e, niveau 4, Centre Pompidou. &hellip; <a href=\"https:\/\/jlggb.net\/jlb\/travaux\/le-bus\/\" class=\"more-link\">Continuer la lecture de <span class=\"screen-reader-text\">1985 Le Bus<\/span><\/a><\/p>\n","protected":false},"author":2,"featured_media":0,"parent":556,"menu_order":11,"comment_status":"closed","ping_status":"closed","template":"","meta":{"footnotes":""},"class_list":["post-94","page","type-page","status-publish","hentry"],"_links":{"self":[{"href":"https:\/\/jlggb.net\/jlb\/wp-json\/wp\/v2\/pages\/94","targetHints":{"allow":["GET"]}}],"collection":[{"href":"https:\/\/jlggb.net\/jlb\/wp-json\/wp\/v2\/pages"}],"about":[{"href":"https:\/\/jlggb.net\/jlb\/wp-json\/wp\/v2\/types\/page"}],"author":[{"embeddable":true,"href":"https:\/\/jlggb.net\/jlb\/wp-json\/wp\/v2\/users\/2"}],"replies":[{"embeddable":true,"href":"https:\/\/jlggb.net\/jlb\/wp-json\/wp\/v2\/comments?post=94"}],"version-history":[{"count":37,"href":"https:\/\/jlggb.net\/jlb\/wp-json\/wp\/v2\/pages\/94\/revisions"}],"predecessor-version":[{"id":3635,"href":"https:\/\/jlggb.net\/jlb\/wp-json\/wp\/v2\/pages\/94\/revisions\/3635"}],"up":[{"embeddable":true,"href":"https:\/\/jlggb.net\/jlb\/wp-json\/wp\/v2\/pages\/556"}],"wp:attachment":[{"href":"https:\/\/jlggb.net\/jlb\/wp-json\/wp\/v2\/media?parent=94"}],"curies":[{"name":"wp","href":"https:\/\/api.w.org\/{rel}","templated":true}]}}