{"id":639,"date":"2010-07-14T23:35:22","date_gmt":"2010-07-14T22:35:22","guid":{"rendered":"http:\/\/jlggb.net\/jlb\/?page_id=639"},"modified":"2026-01-25T17:58:32","modified_gmt":"2026-01-25T16:58:32","slug":"1991-faire-image","status":"publish","type":"page","link":"https:\/\/jlggb.net\/jlb\/livres\/1991-faire-image\/","title":{"rendered":"1989 Faire Image"},"content":{"rendered":"<p><a href=\"https:\/\/jlggb.net\/jlb\/wp-content\/uploads\/2018\/04\/faire-image-detour.jpg\" data-rel=\"lightbox-image-0\" data-imagelightbox=\"0\" data-rl_title=\"\" data-rl_caption=\"\" title=\"\"><img loading=\"lazy\" decoding=\"async\" class=\"alignnone wp-image-2345\" src=\"https:\/\/jlggb.net\/jlb\/wp-content\/uploads\/2018\/04\/faire-image-detour.jpg\" alt=\"\" width=\"320\" height=\"676\" \/><\/a><\/p>\n<p><em>Les Cahiers de Paris 8<br \/>\nFaire Image<br \/>\n<\/em>\u00ab \u00c9crits sur le faire de l&rsquo;image ou l&rsquo;image du faire, sur l&rsquo;image faite ou \u00e0 faire, \u00e0 peindre, \u00e0 saisir, \u00e0 calculer ou \u00e0 \u00e9crire. \u00bb<br \/>\nDirection de l&rsquo;ouvrage collectif :\u00a0Jean-Louis\u00a0Boissier<br \/>\nAuteur(s) :\u00a0Jean-Louis\u00a0Boissier\u00a0| Jean\u00a0Borreil | Edmond\u00a0Couchot | Sylvaine\u00a0Dampierre | Bernard\u00a0Gomez | Michel\u00a0Launay | Frank\u00a0Popper | Andr\u00e9\u00a0Rouill\u00e9 | Michel\u00a0S\u00e9m\u00e9niako | Paul\u00a0Virilio<br \/>\nPresses universitaires de Vincennes, 1989<br \/>\n208 pages<br \/>\nISBN 2-903981-57-4<br \/>\n<em>Les Cahiers de Paris VIII<\/em> :\u00a0<a href=\"https:\/\/www.puv-editions.fr\/collections\/les-cahiers-de-paris-viii-recherche-21-1.html\">https:\/\/www.puv-editions.fr\/collections\/les-cahiers-de-paris-viii-recherche-21-1.html<\/a><\/p>\n<p>&nbsp;<\/p>\n<p>Ce livre peut, depuis 2015 car il est \u00e9puis\u00e9, \u00eatre command\u00e9 en version num\u00e9rique, produite \u00e0 l&rsquo;initiative de la BNF :<\/p>\n<p><a href=\"https:\/\/www.placedeslibraires.fr\/ebook\/9782402039840-faire-image-borreil\/\">https:\/\/www.placedeslibraires.fr\/ebook\/9782402039840-faire-image-borreil\/<\/a><\/p>\n<p>Boreil est l&rsquo;un des auteur mais l&rsquo;ouvrage est Boissier (\u00e9d.)<\/p>\n<p>Extraits sur Gallica :\u00a0<a href=\"http:\/\/gallica.bnf.fr\/services\/engine\/search\/sru?operation=searchRetrieve&amp;exactSearch=false&amp;collapsing=true&amp;version=1.2&amp;query=((dc.creator%20all%20%22Boissier%20jean%20louis%22%20or%20dc.contributor%20all%20%22Boissier%20jean%20louis%22%20)%20and%20dc.title%20all%20%22Faire%20Image%22%20)%20&amp;suggest=10\"><em>Faire Image<\/em><\/a><\/p>\n<p>Notice compl\u00e8te SUR GALLICA<\/p>\n<p>Titre\u00a0: Faire image \/ \u00e9d. et maquette, Jean &#8211; Louis Boissier<br \/>\n\u00c9diteur\u00a0: Presses universitaires de Vincennes (Saint-Denis)<br \/>\nDate d&rsquo;\u00e9dition\u00a0: 1989<br \/>\nContributeur\u00a0: Boissier, Jean &#8211; Louis (1945-&#8230;.). \u00c9diteur scientifique<br \/>\nSujet\u00a0: S\u00e9miotique et art\u00a0<span class=\"result-desc link-desc \"><a class=\"ajaxLink\" href=\"https:\/\/gallica.bnf.fr\/services\/engine\/search\/sru?operation=searchRetrieve&amp;version=1.2&amp;query=dc.subject%20adj%20%22s%C3%A9miotique%20et%20art%22\" data-href=\"https:\/\/gallica.bnf.fr\/services\/engine\/search\/ajax\/sru?operation=searchRetrieve&amp;version=1.2&amp;query=dc.subject%20adj%20%22s%C3%A9miotique%20et%20art%22\">Relancer la recherche sur ce sujet dans Gallica <\/a><\/span><br \/>\nSujet\u00a0: Art et litt\u00e9rature\u00a0<span class=\"result-desc link-desc \"><a class=\"ajaxLink\" href=\"https:\/\/gallica.bnf.fr\/services\/engine\/search\/sru?operation=searchRetrieve&amp;version=1.2&amp;query=dc.subject%20adj%20%22art%20et%20litt%C3%A9rature%22\" data-href=\"https:\/\/gallica.bnf.fr\/services\/engine\/search\/ajax\/sru?operation=searchRetrieve&amp;version=1.2&amp;query=dc.subject%20adj%20%22art%20et%20litt%C3%A9rature%22\">Relancer la recherche sur ce sujet dans Gallica <\/a><\/span><br \/>\nNotice du catalogue\u00a0: <a title=\"http:\/\/catalogue.bnf.fr\/ark:\/12148\/cb35031442z (Nouvelle fen\u00eatre)\" href=\"http:\/\/catalogue.bnf.fr\/ark:\/12148\/cb35031442z\" target=\"_blank\" rel=\"noopener\">http:\/\/catalogue.bnf.fr\/ark:\/12148\/cb35031442z<\/a><br \/>\nType :\u00a0<span id=\"descriptionCollapseChild\">monographie imprim\u00e9e<\/span><span id=\"descriptionCollapseChild2\" class=\"sr-only\"><\/span><br \/>\nLangue\u00a0: fran\u00e7ais<br \/>\nFormat : 1 vol. (203 p.) : ill. ; 24 cm\u00a0<span id=\"descriptionCollapseChild2\" class=\"sr-only\"><\/span>Format\u00a0:<br \/>\n<span id=\"descriptionCollapseChild\">Collection : Les Cahiers de Paris VIII<br \/>\n<\/span><span id=\"descriptionCollapseChild\">Contient une table des mati\u00e8res<br \/>\n<\/span><span id=\"descriptionCollapseChild\">Avec mode texte<\/span><span id=\"descriptionCollapseChild2\" class=\"sr-only\"><br \/>\nDroits\u00a0: conditions sp\u00e9cifiques d&rsquo;utilisation &#8211; Projet de num\u00e9risation des indisponibles<br \/>\nDroits\u00a0: restricted use<br \/>\nIdentifiant\u00a0: <a title=\"ark:\/12148\/bpt6k3322679x (Nouvelle fen\u00eatre)\" href=\"https:\/\/gallica.bnf.fr\/ark:\/12148\/bpt6k3322679x?rk=21459;2\" target=\"_blank\" rel=\"noopener\">ark:\/12148\/bpt6k3322679x<\/a><br \/>\nSource\u00a0: <a title=\"Biblioth\u00e8que nationale de France, d\u00e9partement Litt\u00e9rature et art, 8-Z-54986 (2) \" href=\"https:\/\/gallica.bnf.fr\/edit\/und\/null\" target=\"_blank\" rel=\"noopener\">Biblioth\u00e8que nationale de France, d\u00e9partement Litt\u00e9rature et art, 8-Z-54986 (2)<\/a><br \/>\nConservation num\u00e9rique\u00a0: Biblioth\u00e8que nationale de France<br \/>\nDate de mise en ligne\u00a0: 18\/04\/2016<\/span><\/p>\n","protected":false},"excerpt":{"rendered":"<p>Les Cahiers de Paris 8 Faire Image \u00ab \u00c9crits sur le faire de l&rsquo;image ou l&rsquo;image du faire, sur l&rsquo;image faite ou \u00e0 faire, \u00e0 peindre, \u00e0 saisir, \u00e0 calculer ou \u00e0 \u00e9crire. \u00bb Direction de l&rsquo;ouvrage collectif :\u00a0Jean-Louis\u00a0Boissier Auteur(s) :\u00a0Jean-Louis\u00a0Boissier\u00a0| Jean\u00a0Borreil | Edmond\u00a0Couchot | Sylvaine\u00a0Dampierre | Bernard\u00a0Gomez | Michel\u00a0Launay | Frank\u00a0Popper | Andr\u00e9\u00a0Rouill\u00e9 | &hellip; <a href=\"https:\/\/jlggb.net\/jlb\/livres\/1991-faire-image\/\" class=\"more-link\">Continuer la lecture de <span class=\"screen-reader-text\">1989 Faire Image<\/span><\/a><\/p>\n","protected":false},"author":2,"featured_media":0,"parent":637,"menu_order":3,"comment_status":"closed","ping_status":"closed","template":"","meta":{"footnotes":""},"class_list":["post-639","page","type-page","status-publish","hentry"],"_links":{"self":[{"href":"https:\/\/jlggb.net\/jlb\/wp-json\/wp\/v2\/pages\/639","targetHints":{"allow":["GET"]}}],"collection":[{"href":"https:\/\/jlggb.net\/jlb\/wp-json\/wp\/v2\/pages"}],"about":[{"href":"https:\/\/jlggb.net\/jlb\/wp-json\/wp\/v2\/types\/page"}],"author":[{"embeddable":true,"href":"https:\/\/jlggb.net\/jlb\/wp-json\/wp\/v2\/users\/2"}],"replies":[{"embeddable":true,"href":"https:\/\/jlggb.net\/jlb\/wp-json\/wp\/v2\/comments?post=639"}],"version-history":[{"count":27,"href":"https:\/\/jlggb.net\/jlb\/wp-json\/wp\/v2\/pages\/639\/revisions"}],"predecessor-version":[{"id":3883,"href":"https:\/\/jlggb.net\/jlb\/wp-json\/wp\/v2\/pages\/639\/revisions\/3883"}],"up":[{"embeddable":true,"href":"https:\/\/jlggb.net\/jlb\/wp-json\/wp\/v2\/pages\/637"}],"wp:attachment":[{"href":"https:\/\/jlggb.net\/jlb\/wp-json\/wp\/v2\/media?parent=639"}],"curies":[{"name":"wp","href":"https:\/\/api.w.org\/{rel}","templated":true}]}}