{"id":624,"date":"2010-07-14T23:24:21","date_gmt":"2010-07-14T22:24:21","guid":{"rendered":"http:\/\/jlggb.net\/jlb\/?page_id=624"},"modified":"2025-07-04T00:26:43","modified_gmt":"2025-07-03T22:26:43","slug":"1983-electra","status":"publish","type":"page","link":"https:\/\/jlggb.net\/jlb\/commissariat\/1983-electra\/","title":{"rendered":"1983 Electra"},"content":{"rendered":"<p><em>Electra. L&rsquo;\u00e9lectricit\u00e9 et l&rsquo;\u00e9lectronique dans l&rsquo;art au XXe si\u00e8cle<\/em>. Mus\u00e9e d&rsquo;art moderne de la Ville de Paris, 10 d\u00e9cembre 1983 \u2014 5 f\u00e9vrier 1984. Commissariat : Frank Popper, Marie-Odile Briot.<\/p>\n<p><img loading=\"lazy\" decoding=\"async\" class=\"alignnone size-full wp-image-882\" src=\"https:\/\/jlggb.net\/jlb\/wp-content\/uploads\/2010\/07\/electra_catalogue_couv.jpg\" alt=\"electra_catalogue_couv\" width=\"640\" height=\"710\" srcset=\"https:\/\/jlggb.net\/jlb\/wp-content\/uploads\/2010\/07\/electra_catalogue_couv.jpg 1441w, https:\/\/jlggb.net\/jlb\/wp-content\/uploads\/2010\/07\/electra_catalogue_couv-270x300.jpg 270w, https:\/\/jlggb.net\/jlb\/wp-content\/uploads\/2010\/07\/electra_catalogue_couv-922x1024.jpg 922w, https:\/\/jlggb.net\/jlb\/wp-content\/uploads\/2010\/07\/electra_catalogue_couv-135x150.jpg 135w\" sizes=\"auto, (max-width: 640px) 100vw, 640px\" \/><\/p>\n<p>JLB : Contribution \u00e0 la sc\u00e9nographie g\u00e9n\u00e9rale, commissariat de la section \u00ab Electra Graphie \u00bb, r\u00e9alisation compl\u00e8te du catalogue (bilingue fran\u00e7ais-anglais, 464 pages) et de la communication.<\/p>\n<p><img loading=\"lazy\" decoding=\"async\" class=\"alignnone size-full wp-image-885\" src=\"https:\/\/jlggb.net\/jlb\/wp-content\/uploads\/2010\/07\/Electra-invitation-Boissier.jpg\" alt=\"Electra-invitation-Boissier\" width=\"400\" height=\"534\" srcset=\"https:\/\/jlggb.net\/jlb\/wp-content\/uploads\/2010\/07\/Electra-invitation-Boissier.jpg 1200w, https:\/\/jlggb.net\/jlb\/wp-content\/uploads\/2010\/07\/Electra-invitation-Boissier-224x300.jpg 224w, https:\/\/jlggb.net\/jlb\/wp-content\/uploads\/2010\/07\/Electra-invitation-Boissier-767x1024.jpg 767w, https:\/\/jlggb.net\/jlb\/wp-content\/uploads\/2010\/07\/Electra-invitation-Boissier-112x150.jpg 112w\" sizes=\"auto, (max-width: 400px) 100vw, 400px\" \/><\/p>\n<p>Inviation. \u0152uvre de Dani Karavan, photographie de Gabriel Lopp\u00e9, 1902 (Fonds Eiffel conserv\u00e9 \u00e0 l&rsquo;\u00e9poque au Palais de Tokyo, plus tard au Mus\u00e9e d&rsquo;Orsay), maquette de Jean-Louis Boissier.<\/p>\n<p><img loading=\"lazy\" decoding=\"async\" class=\"alignnone size-full wp-image-888\" src=\"https:\/\/jlggb.net\/jlb\/wp-content\/uploads\/2010\/07\/Frank-Popper-1983-Boissier.jpg\" alt=\"Frank-Popper-1983-Boissier\" width=\"640\" height=\"426\" srcset=\"https:\/\/jlggb.net\/jlb\/wp-content\/uploads\/2010\/07\/Frank-Popper-1983-Boissier.jpg 1600w, https:\/\/jlggb.net\/jlb\/wp-content\/uploads\/2010\/07\/Frank-Popper-1983-Boissier-300x200.jpg 300w, https:\/\/jlggb.net\/jlb\/wp-content\/uploads\/2010\/07\/Frank-Popper-1983-Boissier-1024x682.jpg 1024w, https:\/\/jlggb.net\/jlb\/wp-content\/uploads\/2010\/07\/Frank-Popper-1983-Boissier-150x100.jpg 150w\" sizes=\"auto, (max-width: 640px) 100vw, 640px\" \/><\/p>\n<p>Frank Popper au Mus\u00e9e d&rsquo;art moderne de la Ville de Paris, 6 octobre 1983, photographie \u00a9\u00a0Jean-Louis Boissier 1983.<\/p>\n<p><a href=\"https:\/\/jlggb.net\/jlb\/wp-content\/uploads\/2021\/01\/popper-couchot-briot-etc-1983-rect.jpg\" data-rel=\"lightbox-image-0\" data-imagelightbox=\"0\" data-rl_title=\"\" data-rl_caption=\"\" title=\"\"><img loading=\"lazy\" decoding=\"async\" class=\"alignnone wp-image-2882\" src=\"https:\/\/jlggb.net\/jlb\/wp-content\/uploads\/2021\/01\/popper-couchot-briot-etc-1983-rect.jpg\" alt=\"\" width=\"640\" height=\"427\" srcset=\"https:\/\/jlggb.net\/jlb\/wp-content\/uploads\/2021\/01\/popper-couchot-briot-etc-1983-rect.jpg 1599w, https:\/\/jlggb.net\/jlb\/wp-content\/uploads\/2021\/01\/popper-couchot-briot-etc-1983-rect-300x200.jpg 300w, https:\/\/jlggb.net\/jlb\/wp-content\/uploads\/2021\/01\/popper-couchot-briot-etc-1983-rect-1024x683.jpg 1024w, https:\/\/jlggb.net\/jlb\/wp-content\/uploads\/2021\/01\/popper-couchot-briot-etc-1983-rect-768x512.jpg 768w, https:\/\/jlggb.net\/jlb\/wp-content\/uploads\/2021\/01\/popper-couchot-briot-etc-1983-rect-1536x1024.jpg 1536w, https:\/\/jlggb.net\/jlb\/wp-content\/uploads\/2021\/01\/popper-couchot-briot-etc-1983-rect-150x100.jpg 150w\" sizes=\"auto, (max-width: 640px) 100vw, 640px\" \/><\/a><br \/>\nDeux producteurs\u00a0de la Sodel, Marie-Odile Briot, Frank Popper, Sylvain Lecombre, Edmond Couchot, Jean-Louis Boissier, pr\u00e9paration du catalogue <em>Electra<\/em>, Mus\u00e9e d&rsquo;art moderne de la Ville de Paris, d\u00e9cembre 1983-f\u00e9vrier 1984, 7 octobre 1983, chez Edmond Couchot, photographie \u00a9\u00a0Jean-Louis Boissier 1983.<\/p>\n<p><a href=\"https:\/\/jlggb.net\/jlb\/wp-content\/uploads\/2021\/01\/chaput-boissier-couchot-1983-jlggb-scaled.jpg\" data-rel=\"lightbox-image-1\" data-imagelightbox=\"1\" data-rl_title=\"\" data-rl_caption=\"\" title=\"\"><img loading=\"lazy\" decoding=\"async\" class=\"alignnone wp-image-2911\" src=\"https:\/\/jlggb.net\/jlb\/wp-content\/uploads\/2021\/01\/chaput-boissier-couchot-1983-jlggb-scaled.jpg\" alt=\"\" width=\"640\" height=\"427\" srcset=\"https:\/\/jlggb.net\/jlb\/wp-content\/uploads\/2021\/01\/chaput-boissier-couchot-1983-jlggb-scaled.jpg 2560w, https:\/\/jlggb.net\/jlb\/wp-content\/uploads\/2021\/01\/chaput-boissier-couchot-1983-jlggb-300x200.jpg 300w, https:\/\/jlggb.net\/jlb\/wp-content\/uploads\/2021\/01\/chaput-boissier-couchot-1983-jlggb-1024x683.jpg 1024w, https:\/\/jlggb.net\/jlb\/wp-content\/uploads\/2021\/01\/chaput-boissier-couchot-1983-jlggb-768x512.jpg 768w, https:\/\/jlggb.net\/jlb\/wp-content\/uploads\/2021\/01\/chaput-boissier-couchot-1983-jlggb-1536x1024.jpg 1536w, https:\/\/jlggb.net\/jlb\/wp-content\/uploads\/2021\/01\/chaput-boissier-couchot-1983-jlggb-2048x1365.jpg 2048w, https:\/\/jlggb.net\/jlb\/wp-content\/uploads\/2021\/01\/chaput-boissier-couchot-1983-jlggb-150x100.jpg 150w\" sizes=\"auto, (max-width: 640px) 100vw, 640px\" \/><\/a><\/p>\n<p><em><a href=\"https:\/\/jlggb.net\/jlb\/wp-content\/uploads\/2021\/01\/couchot-1983-jlggb-scaled.jpg\" data-rel=\"lightbox-image-2\" data-imagelightbox=\"2\" data-rl_title=\"\" data-rl_caption=\"\" title=\"\"><img loading=\"lazy\" decoding=\"async\" class=\"alignnone wp-image-2912\" src=\"https:\/\/jlggb.net\/jlb\/wp-content\/uploads\/2021\/01\/couchot-1983-jlggb-scaled.jpg\" alt=\"\" width=\"640\" height=\"427\" srcset=\"https:\/\/jlggb.net\/jlb\/wp-content\/uploads\/2021\/01\/couchot-1983-jlggb-scaled.jpg 2560w, https:\/\/jlggb.net\/jlb\/wp-content\/uploads\/2021\/01\/couchot-1983-jlggb-300x200.jpg 300w, https:\/\/jlggb.net\/jlb\/wp-content\/uploads\/2021\/01\/couchot-1983-jlggb-1024x683.jpg 1024w, https:\/\/jlggb.net\/jlb\/wp-content\/uploads\/2021\/01\/couchot-1983-jlggb-768x512.jpg 768w, https:\/\/jlggb.net\/jlb\/wp-content\/uploads\/2021\/01\/couchot-1983-jlggb-1536x1024.jpg 1536w, https:\/\/jlggb.net\/jlb\/wp-content\/uploads\/2021\/01\/couchot-1983-jlggb-2048x1365.jpg 2048w, https:\/\/jlggb.net\/jlb\/wp-content\/uploads\/2021\/01\/couchot-1983-jlggb-150x100.jpg 150w\" sizes=\"auto, (max-width: 640px) 100vw, 640px\" \/><\/a><\/em><\/p>\n<p>R\u00e9union chez Edmond Couchot pour parler des <em>Immat\u00e9riaux<\/em>, \u00e0 venir au Centre Pompidou en 1985, avec Thierry Chaput, octobre 1983.<\/p>\n","protected":false},"excerpt":{"rendered":"<p>Electra. L&rsquo;\u00e9lectricit\u00e9 et l&rsquo;\u00e9lectronique dans l&rsquo;art au XXe si\u00e8cle. Mus\u00e9e d&rsquo;art moderne de la Ville de Paris, 10 d\u00e9cembre 1983 \u2014 5 f\u00e9vrier 1984. Commissariat : Frank Popper, Marie-Odile Briot. JLB : Contribution \u00e0 la sc\u00e9nographie g\u00e9n\u00e9rale, commissariat de la section \u00ab Electra Graphie \u00bb, r\u00e9alisation compl\u00e8te du catalogue (bilingue fran\u00e7ais-anglais, 464 pages) et de &hellip; <a href=\"https:\/\/jlggb.net\/jlb\/commissariat\/1983-electra\/\" class=\"more-link\">Continuer la lecture de <span class=\"screen-reader-text\">1983 Electra<\/span><\/a><\/p>\n","protected":false},"author":2,"featured_media":0,"parent":593,"menu_order":11,"comment_status":"closed","ping_status":"closed","template":"","meta":{"footnotes":""},"class_list":["post-624","page","type-page","status-publish","hentry"],"_links":{"self":[{"href":"https:\/\/jlggb.net\/jlb\/wp-json\/wp\/v2\/pages\/624","targetHints":{"allow":["GET"]}}],"collection":[{"href":"https:\/\/jlggb.net\/jlb\/wp-json\/wp\/v2\/pages"}],"about":[{"href":"https:\/\/jlggb.net\/jlb\/wp-json\/wp\/v2\/types\/page"}],"author":[{"embeddable":true,"href":"https:\/\/jlggb.net\/jlb\/wp-json\/wp\/v2\/users\/2"}],"replies":[{"embeddable":true,"href":"https:\/\/jlggb.net\/jlb\/wp-json\/wp\/v2\/comments?post=624"}],"version-history":[{"count":5,"href":"https:\/\/jlggb.net\/jlb\/wp-json\/wp\/v2\/pages\/624\/revisions"}],"predecessor-version":[{"id":3667,"href":"https:\/\/jlggb.net\/jlb\/wp-json\/wp\/v2\/pages\/624\/revisions\/3667"}],"up":[{"embeddable":true,"href":"https:\/\/jlggb.net\/jlb\/wp-json\/wp\/v2\/pages\/593"}],"wp:attachment":[{"href":"https:\/\/jlggb.net\/jlb\/wp-json\/wp\/v2\/media?parent=624"}],"curies":[{"name":"wp","href":"https:\/\/api.w.org\/{rel}","templated":true}]}}