{"id":598,"date":"2010-07-14T23:11:14","date_gmt":"2010-07-14T22:11:14","guid":{"rendered":"http:\/\/jlggb.net\/jlb\/?page_id=598"},"modified":"2026-02-22T16:20:55","modified_gmt":"2026-02-22T15:20:55","slug":"1968-cinetisme-spectacle-environnement","status":"publish","type":"page","link":"https:\/\/jlggb.net\/jlb\/commissariat\/1968-cinetisme-spectacle-environnement\/","title":{"rendered":"1968 Cin\u00e9tisme-Spectacle-Environnement"},"content":{"rendered":"<p>R\u00e9alisation du catalogue et de sa maquette. Image de Carlos Cruz-Diez.<\/p>\n<p><a href=\"https:\/\/jlggb.net\/jlb\/wp-pdf\/cinetisme-spectacle-environnement_1968_2026.pdf\"><img loading=\"lazy\" decoding=\"async\" class=\"alignnone wp-image-3917 size-full\" src=\"https:\/\/jlggb.net\/jlb\/wp-content\/uploads\/2026\/02\/cse-1968-2018-couverture.jpg\" alt=\"\" width=\"1762\" height=\"2400\" srcset=\"https:\/\/jlggb.net\/jlb\/wp-content\/uploads\/2026\/02\/cse-1968-2018-couverture.jpg 1762w, https:\/\/jlggb.net\/jlb\/wp-content\/uploads\/2026\/02\/cse-1968-2018-couverture-220x300.jpg 220w, https:\/\/jlggb.net\/jlb\/wp-content\/uploads\/2026\/02\/cse-1968-2018-couverture-752x1024.jpg 752w, https:\/\/jlggb.net\/jlb\/wp-content\/uploads\/2026\/02\/cse-1968-2018-couverture-768x1046.jpg 768w, https:\/\/jlggb.net\/jlb\/wp-content\/uploads\/2026\/02\/cse-1968-2018-couverture-1128x1536.jpg 1128w, https:\/\/jlggb.net\/jlb\/wp-content\/uploads\/2026\/02\/cse-1968-2018-couverture-1504x2048.jpg 1504w\" sizes=\"auto, (max-width: 1762px) 100vw, 1762px\" \/><\/a><\/p>\n<p>Version .PDF de ce catalogue : <a href=\"https:\/\/jlggb.net\/jlb\/wp-pdf\/cinetisme-spectacle-environnement_1968_2026.pdf\">t\u00e9l\u00e9charger<\/a><\/p>\n<p><a href=\"https:\/\/jlggb.net\/jlb\/wp-content\/uploads\/2026\/02\/cse_flyer_1968_web_2026-scaled.jpg\" data-rel=\"lightbox-image-0\" data-imagelightbox=\"0\" data-rl_title=\"\" data-rl_caption=\"\" title=\"\"><img loading=\"lazy\" decoding=\"async\" class=\"alignnone size-full wp-image-3921\" src=\"https:\/\/jlggb.net\/jlb\/wp-content\/uploads\/2026\/02\/cse_flyer_1968_web_2026-scaled.jpg\" alt=\"\" width=\"1703\" height=\"2560\" srcset=\"https:\/\/jlggb.net\/jlb\/wp-content\/uploads\/2026\/02\/cse_flyer_1968_web_2026-scaled.jpg 1703w, https:\/\/jlggb.net\/jlb\/wp-content\/uploads\/2026\/02\/cse_flyer_1968_web_2026-200x300.jpg 200w, https:\/\/jlggb.net\/jlb\/wp-content\/uploads\/2026\/02\/cse_flyer_1968_web_2026-681x1024.jpg 681w, https:\/\/jlggb.net\/jlb\/wp-content\/uploads\/2026\/02\/cse_flyer_1968_web_2026-768x1155.jpg 768w, https:\/\/jlggb.net\/jlb\/wp-content\/uploads\/2026\/02\/cse_flyer_1968_web_2026-1022x1536.jpg 1022w, https:\/\/jlggb.net\/jlb\/wp-content\/uploads\/2026\/02\/cse_flyer_1968_web_2026-1362x2048.jpg 1362w\" sizes=\"auto, (max-width: 1703px) 100vw, 1703px\" \/><\/a><\/p>\n<p>Grenoble, Maison de la culture mai 1968 \u2014 puis juillet et ao\u00fbt 1968.<br \/>\nCommissariat : Frank Popper.<br \/>\nParticipation \u00e0 la sc\u00e9nographie, r\u00e9alisation du catalogue et de l&rsquo;affiche, assistant de Frank Popper.<br \/>\n(\u00c0 compl\u00e9ter)<\/p>\n<p><a href=\"http:\/\/www.ina.fr\/video\/LXC9612235797\"><img loading=\"lazy\" decoding=\"async\" class=\"alignnone size-full wp-image-2176\" src=\"https:\/\/jlggb.net\/jlb\/wp-content\/uploads\/2010\/07\/MC-grenoble-1968-INA.jpg\" alt=\"\" width=\"640\" height=\"480\" srcset=\"https:\/\/jlggb.net\/jlb\/wp-content\/uploads\/2010\/07\/MC-grenoble-1968-INA.jpg 2000w, https:\/\/jlggb.net\/jlb\/wp-content\/uploads\/2010\/07\/MC-grenoble-1968-INA-300x225.jpg 300w, https:\/\/jlggb.net\/jlb\/wp-content\/uploads\/2010\/07\/MC-grenoble-1968-INA-768x576.jpg 768w, https:\/\/jlggb.net\/jlb\/wp-content\/uploads\/2010\/07\/MC-grenoble-1968-INA-1024x768.jpg 1024w, https:\/\/jlggb.net\/jlb\/wp-content\/uploads\/2010\/07\/MC-grenoble-1968-INA-150x113.jpg 150w\" sizes=\"auto, (max-width: 640px) 100vw, 640px\" \/><\/a><br \/>\n<a href=\"http:\/\/www.ina.fr\/video\/LXC9612235797\" target=\"_blank\" rel=\"noopener\">http:\/\/www.ina.fr\/video\/LXC9612235797<br \/>\n<\/a>Vid\u00e9o INA du 3 f\u00e9vrier 1968, inauguration de la Maison de la culture de Grenoble.<\/p>\n","protected":false},"excerpt":{"rendered":"<p>R\u00e9alisation du catalogue et de sa maquette. Image de Carlos Cruz-Diez. Version .PDF de ce catalogue : t\u00e9l\u00e9charger Grenoble, Maison de la culture mai 1968 \u2014 puis juillet et ao\u00fbt 1968. Commissariat : Frank Popper. Participation \u00e0 la sc\u00e9nographie, r\u00e9alisation du catalogue et de l&rsquo;affiche, assistant de Frank Popper. (\u00c0 compl\u00e9ter) http:\/\/www.ina.fr\/video\/LXC9612235797 Vid\u00e9o INA du &hellip; <a href=\"https:\/\/jlggb.net\/jlb\/commissariat\/1968-cinetisme-spectacle-environnement\/\" class=\"more-link\">Continuer la lecture de <span class=\"screen-reader-text\">1968 Cin\u00e9tisme-Spectacle-Environnement<\/span><\/a><\/p>\n","protected":false},"author":2,"featured_media":0,"parent":593,"menu_order":9,"comment_status":"closed","ping_status":"closed","template":"","meta":{"footnotes":""},"class_list":["post-598","page","type-page","status-publish","hentry"],"_links":{"self":[{"href":"https:\/\/jlggb.net\/jlb\/wp-json\/wp\/v2\/pages\/598","targetHints":{"allow":["GET"]}}],"collection":[{"href":"https:\/\/jlggb.net\/jlb\/wp-json\/wp\/v2\/pages"}],"about":[{"href":"https:\/\/jlggb.net\/jlb\/wp-json\/wp\/v2\/types\/page"}],"author":[{"embeddable":true,"href":"https:\/\/jlggb.net\/jlb\/wp-json\/wp\/v2\/users\/2"}],"replies":[{"embeddable":true,"href":"https:\/\/jlggb.net\/jlb\/wp-json\/wp\/v2\/comments?post=598"}],"version-history":[{"count":18,"href":"https:\/\/jlggb.net\/jlb\/wp-json\/wp\/v2\/pages\/598\/revisions"}],"predecessor-version":[{"id":3922,"href":"https:\/\/jlggb.net\/jlb\/wp-json\/wp\/v2\/pages\/598\/revisions\/3922"}],"up":[{"embeddable":true,"href":"https:\/\/jlggb.net\/jlb\/wp-json\/wp\/v2\/pages\/593"}],"wp:attachment":[{"href":"https:\/\/jlggb.net\/jlb\/wp-json\/wp\/v2\/media?parent=598"}],"curies":[{"name":"wp","href":"https:\/\/api.w.org\/{rel}","templated":true}]}}