{"id":533,"date":"2010-01-18T00:00:59","date_gmt":"2010-01-17T23:00:59","guid":{"rendered":"http:\/\/jlggb.net\/jlb\/?page_id=533"},"modified":"2020-03-30T12:11:56","modified_gmt":"2020-03-30T10:11:56","slug":"1969-f3-une-lecon-dobservation","status":"publish","type":"page","link":"https:\/\/jlggb.net\/jlb\/travaux\/1969-f3-une-lecon-dobservation\/","title":{"rendered":"1969 F3 Une le\u00e7on d&rsquo;observation"},"content":{"rendered":"<p><a href=\"https:\/\/jlggb.net\/jlb\/wp-content\/uploads\/2018\/04\/F3-chambre-1970-mjd.jpg\" data-rel=\"lightbox-image-0\" data-imagelightbox=\"0\" data-rl_title=\"\" data-rl_caption=\"\" title=\"\"><img loading=\"lazy\" decoding=\"async\" class=\"alignnone size-full wp-image-2299\" src=\"https:\/\/jlggb.net\/jlb\/wp-content\/uploads\/2018\/04\/F3-chambre-1970-mjd.jpg\" alt=\"\" width=\"640\" height=\"480\" srcset=\"https:\/\/jlggb.net\/jlb\/wp-content\/uploads\/2018\/04\/F3-chambre-1970-mjd.jpg 2000w, https:\/\/jlggb.net\/jlb\/wp-content\/uploads\/2018\/04\/F3-chambre-1970-mjd-300x225.jpg 300w, https:\/\/jlggb.net\/jlb\/wp-content\/uploads\/2018\/04\/F3-chambre-1970-mjd-768x576.jpg 768w, https:\/\/jlggb.net\/jlb\/wp-content\/uploads\/2018\/04\/F3-chambre-1970-mjd-1024x768.jpg 1024w, https:\/\/jlggb.net\/jlb\/wp-content\/uploads\/2018\/04\/F3-chambre-1970-mjd-150x113.jpg 150w\" sizes=\"auto, (max-width: 640px) 100vw, 640px\" \/><\/a><br \/>\n<em>F3<\/em>, Ce <em>spectacle-environnement<\/em> consiste en la visite, sur le mode de la \u00ab\u00a0le\u00e7on d\u2019observation\u00a0\u00bb, de l\u2019mage d\u2019un appartement populaire. Il utilise des images projet\u00e9es, des sons, des films, avec une volont\u00e9 d\u2019associer arts plastiques, cin\u00e9ma et th\u00e9\u00e2tre. Sous la conduite d&rsquo;un com\u00e9dien et pour une quinzaine de personnes, cette visite dure environ 30 mn. Repr\u00e9sentations du 3 au 24 mai 1969 au Th\u00e9\u00e2tre Les Drapiers, Strasbourg puis du 21 janvier au 18 f\u00e9vrier 1970 \u00e0 la Maison de la culturede Grenoble. Photo Marie-J\u00e9sus Diaz.<\/p>\n<p><a href=\"https:\/\/jlggb.net\/jlb\/wp-content\/uploads\/2018\/04\/F3-invitation-1969-jlggb.jpg\" data-rel=\"lightbox-image-1\" data-imagelightbox=\"1\" data-rl_title=\"\" data-rl_caption=\"\" title=\"\"><img loading=\"lazy\" decoding=\"async\" class=\"alignnone wp-image-2297\" src=\"https:\/\/jlggb.net\/jlb\/wp-content\/uploads\/2018\/04\/F3-invitation-1969-jlggb.jpg\" alt=\"\" width=\"640\" height=\"465\" srcset=\"https:\/\/jlggb.net\/jlb\/wp-content\/uploads\/2018\/04\/F3-invitation-1969-jlggb.jpg 2000w, https:\/\/jlggb.net\/jlb\/wp-content\/uploads\/2018\/04\/F3-invitation-1969-jlggb-300x218.jpg 300w, https:\/\/jlggb.net\/jlb\/wp-content\/uploads\/2018\/04\/F3-invitation-1969-jlggb-768x558.jpg 768w, https:\/\/jlggb.net\/jlb\/wp-content\/uploads\/2018\/04\/F3-invitation-1969-jlggb-1024x743.jpg 1024w, https:\/\/jlggb.net\/jlb\/wp-content\/uploads\/2018\/04\/F3-invitation-1969-jlggb-150x109.jpg 150w\" sizes=\"auto, (max-width: 640px) 100vw, 640px\" \/><\/a><br \/>\nCarton d&rsquo;annonce de <em>F3-Une le\u00e7on d&rsquo;observation<\/em>. SPECTACLE-ENVIRONNEMENT : LES SPECTATEURS VISITENT L\u2019IMAGE D\u2019UN APPARTEMENT BOISSIER &#8211; BOUCHER &#8211; S\u00c9M\u00c9NIAKO<br \/>\nTh\u00e9\u00e2tre de recherche. Direction Gaston Jung. LES DRAPIERS. Comit\u00e9 artistique Jean Garcia &#8211; Claude Petitpierre &#8211; Andr\u00e9 Pomarat. Le spectacle-environnement \u00ab\u00a0F3\u00a0\u00bb ou \u00ab\u00a0Une le\u00e7on d\u2019observation\u00a0\u00bb est un ensemble programm\u00e9 de propositions plastiques constituant l\u2019image d\u2019un appartement et de son histoire. Les spectateurs sont invit\u00e9s \u00e0 la visiter par groupes de 15 sous la conduite d\u2019un com\u00e9dien-d\u00e9monstrateur. R\u00e9alisation : Jean-Louis Boissier ; Jean-Louis Boucher ; S\u00e9m\u00e9niako. R\u00e9gie : Herv\u00e9 Berthelot. D\u00e9monstrateur : Gilles Trystram. \u00c9lectronique et son : Jean-Pierre Bonsant. Assist\u00e9 de : Marcelle Rideau et Jacques Rouch\u00e9. Administration : Claudine Giron\u00e8s. 1, rue Sainte-H\u00e9l\u00e8ne \u00e0 Strasbourg. Du 3 au 24 mai 1969 ; s\u00e9ances \u00e0 19, 20 et 21 heures sauf le dimanche. Entr\u00e9e : 4 F. Location \u00e0 la librairie Les Id\u00e9es et les Arts place Brant.<\/p>\n<p><a href=\"https:\/\/jlggb.net\/jlb\/wp-content\/uploads\/2018\/04\/F3-strasbourg-x-er-jlb-ms-jlggb.jpg\" data-rel=\"lightbox-image-2\" data-imagelightbox=\"2\" data-rl_title=\"\" data-rl_caption=\"\" title=\"\"><img loading=\"lazy\" decoding=\"async\" class=\"alignnone wp-image-2295\" src=\"https:\/\/jlggb.net\/jlb\/wp-content\/uploads\/2018\/04\/F3-strasbourg-x-er-jlb-ms-jlggb.jpg\" alt=\"\" width=\"641\" height=\"427\" srcset=\"https:\/\/jlggb.net\/jlb\/wp-content\/uploads\/2018\/04\/F3-strasbourg-x-er-jlb-ms-jlggb.jpg 2400w, https:\/\/jlggb.net\/jlb\/wp-content\/uploads\/2018\/04\/F3-strasbourg-x-er-jlb-ms-jlggb-300x200.jpg 300w, https:\/\/jlggb.net\/jlb\/wp-content\/uploads\/2018\/04\/F3-strasbourg-x-er-jlb-ms-jlggb-768x512.jpg 768w, https:\/\/jlggb.net\/jlb\/wp-content\/uploads\/2018\/04\/F3-strasbourg-x-er-jlb-ms-jlggb-1024x683.jpg 1024w, https:\/\/jlggb.net\/jlb\/wp-content\/uploads\/2018\/04\/F3-strasbourg-x-er-jlb-ms-jlggb-150x100.jpg 150w\" sizes=\"auto, (max-width: 641px) 100vw, 641px\" \/><\/a><br \/>\nConstruction, fin avril 1969. Jean-Louis Boucher, Michel S\u00e9m\u00e9niako. Photo Jean-Louis Boissier<\/p>\n<p><a href=\"https:\/\/jlggb.net\/jlb\/wp-content\/uploads\/2018\/04\/F3-projection-1970-mjd.jpg\" data-rel=\"lightbox-image-3\" data-imagelightbox=\"3\" data-rl_title=\"\" data-rl_caption=\"\" title=\"\"><img loading=\"lazy\" decoding=\"async\" class=\"alignnone size-full wp-image-2298\" src=\"https:\/\/jlggb.net\/jlb\/wp-content\/uploads\/2018\/04\/F3-projection-1970-mjd.jpg\" alt=\"\" width=\"640\" height=\"480\" srcset=\"https:\/\/jlggb.net\/jlb\/wp-content\/uploads\/2018\/04\/F3-projection-1970-mjd.jpg 2000w, https:\/\/jlggb.net\/jlb\/wp-content\/uploads\/2018\/04\/F3-projection-1970-mjd-300x225.jpg 300w, https:\/\/jlggb.net\/jlb\/wp-content\/uploads\/2018\/04\/F3-projection-1970-mjd-768x576.jpg 768w, https:\/\/jlggb.net\/jlb\/wp-content\/uploads\/2018\/04\/F3-projection-1970-mjd-1024x768.jpg 1024w, https:\/\/jlggb.net\/jlb\/wp-content\/uploads\/2018\/04\/F3-projection-1970-mjd-150x113.jpg 150w\" sizes=\"auto, (max-width: 640px) 100vw, 640px\" \/><\/a><br \/>\nSalle de s\u00e9jour con\u00e7ue par Jean-Louis Boissier, volume inclin\u00e9, porte fen\u00eatre de sortie faisant \u00e9cran de projection pour un film, si\u00e8ges de cin\u00e9ma, murs imprim\u00e9s en s\u00e9rigraphie, tourne-disque o\u00f9 est jou\u00e9 l&rsquo;air des Moody Blues <em>Nights in White Satin<\/em> interrompu par le d\u00e9monstrateur.\u00a0Photo Marie-J\u00e9sus Diaz.<\/p>\n<p><a href=\"https:\/\/jlggb.net\/jlb\/wp-content\/uploads\/2018\/04\/F3-drappiers-1969-jacinthe-jlggb.jpg\" data-rel=\"lightbox-image-4\" data-imagelightbox=\"4\" data-rl_title=\"\" data-rl_caption=\"\" title=\"\"><img loading=\"lazy\" decoding=\"async\" class=\"alignnone wp-image-2294\" src=\"https:\/\/jlggb.net\/jlb\/wp-content\/uploads\/2018\/04\/F3-drappiers-1969-jacinthe-jlggb.jpg\" alt=\"\" width=\"400\" height=\"533\" srcset=\"https:\/\/jlggb.net\/jlb\/wp-content\/uploads\/2018\/04\/F3-drappiers-1969-jacinthe-jlggb.jpg 1500w, https:\/\/jlggb.net\/jlb\/wp-content\/uploads\/2018\/04\/F3-drappiers-1969-jacinthe-jlggb-225x300.jpg 225w, https:\/\/jlggb.net\/jlb\/wp-content\/uploads\/2018\/04\/F3-drappiers-1969-jacinthe-jlggb-768x1024.jpg 768w, https:\/\/jlggb.net\/jlb\/wp-content\/uploads\/2018\/04\/F3-drappiers-1969-jacinthe-jlggb-113x150.jpg 113w\" sizes=\"auto, (max-width: 400px) 100vw, 400px\" \/><\/a><br \/>\nPhotos de la croissance d&rsquo;une jacinthe pour la \u00ab tapisserie \u00bb de la salle de s\u00e9jour.<\/p>\n<p><a href=\"https:\/\/jlggb.net\/jlb\/wp-content\/uploads\/2018\/04\/F3-strasbourg-x-er-jlggb.jpg\" data-rel=\"lightbox-image-5\" data-imagelightbox=\"5\" data-rl_title=\"\" data-rl_caption=\"\" title=\"\"><img loading=\"lazy\" decoding=\"async\" class=\"alignnone wp-image-2296\" src=\"https:\/\/jlggb.net\/jlb\/wp-content\/uploads\/2018\/04\/F3-strasbourg-x-er-jlggb.jpg\" alt=\"\" width=\"400\" height=\"600\" srcset=\"https:\/\/jlggb.net\/jlb\/wp-content\/uploads\/2018\/04\/F3-strasbourg-x-er-jlggb.jpg 1599w, https:\/\/jlggb.net\/jlb\/wp-content\/uploads\/2018\/04\/F3-strasbourg-x-er-jlggb-200x300.jpg 200w, https:\/\/jlggb.net\/jlb\/wp-content\/uploads\/2018\/04\/F3-strasbourg-x-er-jlggb-768x1153.jpg 768w, https:\/\/jlggb.net\/jlb\/wp-content\/uploads\/2018\/04\/F3-strasbourg-x-er-jlggb-682x1024.jpg 682w, https:\/\/jlggb.net\/jlb\/wp-content\/uploads\/2018\/04\/F3-strasbourg-x-er-jlggb-100x150.jpg 100w\" sizes=\"auto, (max-width: 400px) 100vw, 400px\" \/><br \/>\n<\/a>\u00c9coutes et \u00e9changes par le biais d&rsquo;une tuyauterie.<\/p>\n<p><a href=\"https:\/\/jlggb.net\/jlb\/wp-content\/uploads\/2018\/04\/F3-drapiers-1969-jlggb.jpg\" data-rel=\"lightbox-image-6\" data-imagelightbox=\"6\" data-rl_title=\"\" data-rl_caption=\"\" title=\"\"><img loading=\"lazy\" decoding=\"async\" class=\"alignnone wp-image-2300\" src=\"https:\/\/jlggb.net\/jlb\/wp-content\/uploads\/2018\/04\/F3-drapiers-1969-jlggb.jpg\" alt=\"\" width=\"400\" height=\"600\" srcset=\"https:\/\/jlggb.net\/jlb\/wp-content\/uploads\/2018\/04\/F3-drapiers-1969-jlggb.jpg 1600w, https:\/\/jlggb.net\/jlb\/wp-content\/uploads\/2018\/04\/F3-drapiers-1969-jlggb-200x300.jpg 200w, https:\/\/jlggb.net\/jlb\/wp-content\/uploads\/2018\/04\/F3-drapiers-1969-jlggb-768x1152.jpg 768w, https:\/\/jlggb.net\/jlb\/wp-content\/uploads\/2018\/04\/F3-drapiers-1969-jlggb-683x1024.jpg 683w, https:\/\/jlggb.net\/jlb\/wp-content\/uploads\/2018\/04\/F3-drapiers-1969-jlggb-100x150.jpg 100w\" sizes=\"auto, (max-width: 400px) 100vw, 400px\" \/><br \/>\n<\/a>Photo pour l&rsquo;affiche de <em>F3-Une le\u00e7on d&rsquo;observation<\/em> au Th\u00e9\u00e2tre des Drapiers, Strasbourg, mai 1969. Conception et r\u00e9alisation : Jean-Louis Boissier, Jean-Louis Boucher, Michel S\u00e9m\u00e9niako.<\/p>\n<p><a href=\"https:\/\/jlggb.net\/jlb\/wp-content\/uploads\/2018\/04\/F3-Drappiers-1969-plan-jlggb.jpg\" data-rel=\"lightbox-image-7\" data-imagelightbox=\"7\" data-rl_title=\"\" data-rl_caption=\"\" title=\"\"><img loading=\"lazy\" decoding=\"async\" class=\"alignnone wp-image-2293\" src=\"https:\/\/jlggb.net\/jlb\/wp-content\/uploads\/2018\/04\/F3-Drappiers-1969-plan-jlggb.jpg\" alt=\"\" width=\"640\" height=\"480\" srcset=\"https:\/\/jlggb.net\/jlb\/wp-content\/uploads\/2018\/04\/F3-Drappiers-1969-plan-jlggb.jpg 2000w, https:\/\/jlggb.net\/jlb\/wp-content\/uploads\/2018\/04\/F3-Drappiers-1969-plan-jlggb-300x225.jpg 300w, https:\/\/jlggb.net\/jlb\/wp-content\/uploads\/2018\/04\/F3-Drappiers-1969-plan-jlggb-768x576.jpg 768w, https:\/\/jlggb.net\/jlb\/wp-content\/uploads\/2018\/04\/F3-Drappiers-1969-plan-jlggb-1024x768.jpg 1024w, https:\/\/jlggb.net\/jlb\/wp-content\/uploads\/2018\/04\/F3-Drappiers-1969-plan-jlggb-150x113.jpg 150w\" sizes=\"auto, (max-width: 640px) 100vw, 640px\" \/><br \/>\n<\/a>Plan provisoire, mars-avril 1969.<\/p>\n<p>PRESSE<\/p>\n<p><a href=\"https:\/\/jlggb.net\/jlb\/wp-content\/uploads\/2018\/04\/F3-Drappiers-dna-critique-1200.jpg\" data-rel=\"lightbox-image-8\" data-imagelightbox=\"8\" data-rl_title=\"\" data-rl_caption=\"\" title=\"\"><img loading=\"lazy\" decoding=\"async\" class=\"alignnone wp-image-2322\" src=\"https:\/\/jlggb.net\/jlb\/wp-content\/uploads\/2018\/04\/F3-Drappiers-dna-critique-1200.jpg\" alt=\"\" width=\"640\" height=\"910\" srcset=\"https:\/\/jlggb.net\/jlb\/wp-content\/uploads\/2018\/04\/F3-Drappiers-dna-critique-1200.jpg 1200w, https:\/\/jlggb.net\/jlb\/wp-content\/uploads\/2018\/04\/F3-Drappiers-dna-critique-1200-211x300.jpg 211w, https:\/\/jlggb.net\/jlb\/wp-content\/uploads\/2018\/04\/F3-Drappiers-dna-critique-1200-768x1092.jpg 768w, https:\/\/jlggb.net\/jlb\/wp-content\/uploads\/2018\/04\/F3-Drappiers-dna-critique-1200-720x1024.jpg 720w, https:\/\/jlggb.net\/jlb\/wp-content\/uploads\/2018\/04\/F3-Drappiers-dna-critique-1200-106x150.jpg 106w\" sizes=\"auto, (max-width: 640px) 100vw, 640px\" \/><\/a><br \/>\n<em>Les Derni\u00e8res Nouvelles d&rsquo;Alsace<\/em>, 3 mai 1969<\/p>\n<p><a href=\"https:\/\/jlggb.net\/jlb\/wp-content\/uploads\/2018\/04\/F3-Drappiers-saisons-d_Alsace-critique-1971-1200.jpg\" data-rel=\"lightbox-image-9\" data-imagelightbox=\"9\" data-rl_title=\"\" data-rl_caption=\"\" title=\"\"><img loading=\"lazy\" decoding=\"async\" class=\"alignnone wp-image-2323\" src=\"https:\/\/jlggb.net\/jlb\/wp-content\/uploads\/2018\/04\/F3-Drappiers-saisons-d_Alsace-critique-1971-1200.jpg\" alt=\"\" width=\"640\" height=\"836\" srcset=\"https:\/\/jlggb.net\/jlb\/wp-content\/uploads\/2018\/04\/F3-Drappiers-saisons-d_Alsace-critique-1971-1200.jpg 1200w, https:\/\/jlggb.net\/jlb\/wp-content\/uploads\/2018\/04\/F3-Drappiers-saisons-d_Alsace-critique-1971-1200-230x300.jpg 230w, https:\/\/jlggb.net\/jlb\/wp-content\/uploads\/2018\/04\/F3-Drappiers-saisons-d_Alsace-critique-1971-1200-768x1003.jpg 768w, https:\/\/jlggb.net\/jlb\/wp-content\/uploads\/2018\/04\/F3-Drappiers-saisons-d_Alsace-critique-1971-1200-784x1024.jpg 784w, https:\/\/jlggb.net\/jlb\/wp-content\/uploads\/2018\/04\/F3-Drappiers-saisons-d_Alsace-critique-1971-1200-115x150.jpg 115w\" sizes=\"auto, (max-width: 640px) 100vw, 640px\" \/><\/a><br \/>\n<em>Saisons d&rsquo;Alsace<\/em>, 1971 (extrait d&rsquo;un texte sur Les Drapiers)<\/p>\n","protected":false},"excerpt":{"rendered":"<p>F3, Ce spectacle-environnement consiste en la visite, sur le mode de la \u00ab\u00a0le\u00e7on d\u2019observation\u00a0\u00bb, de l\u2019mage d\u2019un appartement populaire. Il utilise des images projet\u00e9es, des sons, des films, avec une volont\u00e9 d\u2019associer arts plastiques, cin\u00e9ma et th\u00e9\u00e2tre. Sous la conduite d&rsquo;un com\u00e9dien et pour une quinzaine de personnes, cette visite dure environ 30 mn. Repr\u00e9sentations &hellip; <a href=\"https:\/\/jlggb.net\/jlb\/travaux\/1969-f3-une-lecon-dobservation\/\" class=\"more-link\">Continuer la lecture de <span class=\"screen-reader-text\">1969 F3 Une le\u00e7on d&rsquo;observation<\/span><\/a><\/p>\n","protected":false},"author":2,"featured_media":0,"parent":556,"menu_order":10,"comment_status":"closed","ping_status":"closed","template":"","meta":{"footnotes":""},"class_list":["post-533","page","type-page","status-publish","hentry"],"_links":{"self":[{"href":"https:\/\/jlggb.net\/jlb\/wp-json\/wp\/v2\/pages\/533","targetHints":{"allow":["GET"]}}],"collection":[{"href":"https:\/\/jlggb.net\/jlb\/wp-json\/wp\/v2\/pages"}],"about":[{"href":"https:\/\/jlggb.net\/jlb\/wp-json\/wp\/v2\/types\/page"}],"author":[{"embeddable":true,"href":"https:\/\/jlggb.net\/jlb\/wp-json\/wp\/v2\/users\/2"}],"replies":[{"embeddable":true,"href":"https:\/\/jlggb.net\/jlb\/wp-json\/wp\/v2\/comments?post=533"}],"version-history":[{"count":26,"href":"https:\/\/jlggb.net\/jlb\/wp-json\/wp\/v2\/pages\/533\/revisions"}],"predecessor-version":[{"id":2325,"href":"https:\/\/jlggb.net\/jlb\/wp-json\/wp\/v2\/pages\/533\/revisions\/2325"}],"up":[{"embeddable":true,"href":"https:\/\/jlggb.net\/jlb\/wp-json\/wp\/v2\/pages\/556"}],"wp:attachment":[{"href":"https:\/\/jlggb.net\/jlb\/wp-json\/wp\/v2\/media?parent=533"}],"curies":[{"name":"wp","href":"https:\/\/api.w.org\/{rel}","templated":true}]}}