{"id":2793,"date":"2020-11-26T22:32:52","date_gmt":"2020-11-26T21:32:52","guid":{"rendered":"http:\/\/jlggb.net\/jlb\/?page_id=2793"},"modified":"2025-04-16T22:31:55","modified_gmt":"2025-04-16T20:31:55","slug":"2010-chronique-la-couleur-des-jours","status":"publish","type":"page","link":"https:\/\/jlggb.net\/jlb\/curiculum-vit%c3%a6\/2010-chronique-la-couleur-des-jours\/","title":{"rendered":"2011-2025 La Couleur des jours"},"content":{"rendered":"<p>Depuis le num\u00e9ro 1, \u00e0 l&rsquo;automne 2011, chronique de J.-L.B. dans le trimestriel <em>La Couleur des jours<\/em>, Gen\u00e8ve,<br \/>\n\u00e0 partir du choix, par la r\u00e9daction, de billets du blog jlggbblog, <a href=\"http:\/\/jlggb.net\">http:\/\/jlggb.net<\/a><\/p>\n<p><a href=\"http:\/\/www.lacouleurdesjours.ch\/index.php\">http:\/\/www.lacouleurdesjours.ch\/index.php<\/a><\/p>\n<p><a href=\"http:\/\/jlggb.net\/blog7\/wp-content\/uploads\/2020\/11\/lcdj_14.jpg\" data-rel=\"lightbox-image-0\" data-imagelightbox=\"0\" data-rl_title=\"\" data-rl_caption=\"\" title=\"\"><img loading=\"lazy\" decoding=\"async\" class=\"alignnone wp-image-1609\" src=\"http:\/\/jlggb.net\/blog7\/wp-content\/uploads\/2020\/11\/lcdj_14.jpg\" alt=\"\" width=\"300\" height=\"450\" \/><\/a> <a href=\"http:\/\/jlggb.net\/blog7\/wp-content\/uploads\/2020\/11\/lcdj_28.jpg\" data-rel=\"lightbox-image-1\" data-imagelightbox=\"1\" data-rl_title=\"\" data-rl_caption=\"\" title=\"\"><img loading=\"lazy\" decoding=\"async\" class=\"alignnone wp-image-1608\" src=\"http:\/\/jlggb.net\/blog7\/wp-content\/uploads\/2020\/11\/lcdj_28.jpg\" alt=\"\" width=\"300\" height=\"450\" \/><\/a><br \/>\nDeux textes sur les films de Jean-Luc Godard, <em>Adieu au langage et\u00a0Le Livre d&rsquo;image<\/em>.<\/p>\n<div><\/div>\n<div><\/div>\n<div><img loading=\"lazy\" decoding=\"async\" class=\"alignnone wp-image-1616 size-full\" src=\"http:\/\/jlggb.net\/blog7\/wp-content\/uploads\/2020\/11\/33_10_dessau.jpg\" alt=\"\" width=\"100\" height=\"100\" \/><\/div>\n<div id=\"titre_article\" class=\"titre2\">Un jour dans les\u00a0couleurs<\/div>\n<div id=\"infos_article\">[33] <em>pages 34-35<\/em><br \/>\nEn 2019, pour le centenaire du Bauhaus, nous avons tent\u00e9 un voyage, pas seulement dans nos t\u00eates, o\u00f9 notre histoire s\u2019inscrit comme un \u00e9pisode dans une histoire dure, qui n\u2019en \ufb01nit pas, mais tellement riche de ses contradictions. Nous retiendrons le moment de couleurs musicales qu\u2019a \u00e9t\u00e9 la maison Paul\u00a0Klee \u00e0\u00a0Dessau.<\/p>\n<div><img loading=\"lazy\" decoding=\"async\" class=\"alignnone wp-image-1618 size-full\" src=\"http:\/\/jlggb.net\/blog7\/wp-content\/uploads\/2020\/11\/28_14_godard.jpg\" alt=\"\" width=\"100\" height=\"100\" \/><\/div>\n<div id=\"titre_article\" class=\"titre2\">Compter sur ses doigts<\/div>\n<div id=\"infos_article\">[28] <em>pages 50-52<\/em><br \/>\n<em>Le Livre d\u2019image<\/em> est le nom d\u2019un \u00e9v\u00e9nement po\u00e9tique dont Lausanne conna\u00eet les suites d\u00e8s novembre 2018. Film \u00e9nigmatique, \ufb01lm r\u00e9volutionnaire, supr\u00eame objet d\u2019art, il aura connu une condition de pauvret\u00e9 transform\u00e9e en situation de fortune. Son auteur, Jean-Luc Godard, s\u2019est vu d\u00e9cerner, au festival de Cannes, une \u00abpalme d\u2019or sp\u00e9ciale\u00bb, attribut sans pr\u00e9c\u00e9dent. Le rappel d\u2019un parcours d\u2019une inventivit\u00e9 magistrale, pas plus que la dissection du \ufb01lm, ne sauraient fournir les cl\u00e9s d\u2019une telle singularit\u00e9. Godard l\u2019\u00e9nonce lui-m\u00eame: \u00abDire c\u2019est la cl\u00e9, c\u2019est oublier la serrure, c\u2019est oublier l\u2019image.\u00bb Essayons de former une suite d\u2019images.<\/p>\n<div><img loading=\"lazy\" decoding=\"async\" class=\"alignnone wp-image-1620 size-full\" src=\"http:\/\/jlggb.net\/blog7\/wp-content\/uploads\/2020\/11\/28_01_palerme.jpg\" alt=\"\" width=\"100\" height=\"100\" \/><\/div>\n<div id=\"titre_article\" class=\"titre2\">Palerme, jardin du monde<\/div>\n<div id=\"infos_article\">[28] <em>pages 3-6<\/em><br \/>\navec Elisabeth Chardon<br \/>\nVoyageant \u00e0 travers l\u2019Europe et l\u2019Am\u00e9rique du Sud et survivant \u00e0 la violence des hommes comme aux catastrophes naturelles, le Candide de Voltaire \ufb01nit, par une longue cha\u00eene de causes \u00e0 effets, dans une m\u00e9tairie en Turquie, se d\u00e9lectant de c\u00e9drats con\ufb01ts et de pistaches. Et r\u00e9p\u00e9tant \u00e0 qui veut l\u2019entendre la le\u00e7on qu\u2019il tient d\u2019un vieux paysan: \u00abIl faut cultiver son jardin\u00bb. Sous-entendu, cela vaut mieux que de se m\u00ealer des affaires du monde. Cet \u00e9t\u00e9, en Sicile, o\u00f9 le c\u00e9drat et la pistache embaument les recettes, Manifesta 12 nous invite \u00e0 cultiver ensemble le jardin plan\u00e9taire.<\/p>\n<div><img loading=\"lazy\" decoding=\"async\" class=\"alignnone wp-image-1629 size-full\" src=\"http:\/\/jlggb.net\/blog7\/wp-content\/uploads\/2020\/11\/20_04_tati_bis.jpg\" alt=\"\" width=\"100\" height=\"100\" \/><\/div>\n<div id=\"titre_article\" class=\"titre2\">L\u2019\u00e9cran comme mobile<\/div>\n<div id=\"infos_article\">[20] <em>page 14<\/em><br \/>\nCommen\u00e7ons par un souvenir d\u2019enfance, l\u2019un des premiers films vus, avec <em>L\u2019\u00c9cole buissonni\u00e8re<\/em> et <em>La Belle et la B\u00eate<\/em>. Le cin\u00e9ma ambulant, sous un petit chapiteau de toile ray\u00e9e, est le c\u0153ur de <em>Jour de f\u00eate<\/em>, 1949, film de Jacques Tati. Le \u00abdocumentaire\u00bb qui y est projet\u00e9, montrant les exploits des postiers am\u00e9ricains, leurs muscles et leur vitesse, leurs motos et leurs h\u00e9licopt\u00e8res, marque l\u2019int\u00e9gralit\u00e9 du film, en contrepoint du village, de la campagne, de la f\u00eate foraine.<br \/>\n&gt; <em>L&rsquo;\u00e9cran comme mobile<\/em> (\u00c9ditions du Mamco)<\/p>\n<div><img loading=\"lazy\" decoding=\"async\" class=\"alignnone wp-image-1623 size-full\" src=\"http:\/\/jlggb.net\/blog7\/wp-content\/uploads\/2020\/11\/14_06_roxy.jpg\" alt=\"\" width=\"100\" height=\"100\" \/><\/div>\n<div id=\"titre_article\" class=\"titre2\">Godard et son truchement<\/div>\n<div id=\"infos_article\">[14] <em>pages 23-29<\/em><br \/>\nEngag\u00e9 \u00e0 \u00e9crire dans <em>La Couleur des jours<\/em> sur <em>Adieu au langage<\/em>, j\u2019entends \u00abadieu au langage\u00bb non comme une disparition mais comme le salut familier \u00e0 une connaissance de passage. \u00abAdieu! Langage\u00bb. J\u2019ai dix jours pour cette entreprise. Je vais me mobiliser, compter sur les circonstances. Constater que, d\u00e8s lors, les occasions vont se multiplier, qui me rapportent \u00e0 Godard. Je suis entr\u00e9 dans le film, je suis port\u00e9 par le film.<\/p>\n<div><img loading=\"lazy\" decoding=\"async\" class=\"alignnone wp-image-1625 size-full\" src=\"http:\/\/jlggb.net\/blog7\/wp-content\/uploads\/2020\/11\/09_10_markerseuil.jpg\" alt=\"\" width=\"100\" height=\"100\" \/><\/div>\n<div id=\"titre_article\" class=\"titre2\">Chris Marker et l\u2019\u00e9dition<\/div>\n<div id=\"infos_article\">[9] <em>pages 32-34<\/em><br \/>\navec Herv\u00e9 Serry<br \/>\nLe cin\u00e9aste a eu une fructueuse collaboration avec les \u00e9ditions du Seuil durant une d\u00e9cennie.<\/p>\n<div><img loading=\"lazy\" decoding=\"async\" class=\"alignnone wp-image-1627 size-full\" src=\"http:\/\/jlggb.net\/blog7\/wp-content\/uploads\/2020\/11\/04_03_aeroports.jpg\" alt=\"\" width=\"100\" height=\"100\" \/><\/div>\n<div id=\"titre_article\" class=\"titre2\">Habiter les a\u00e9roports<\/div>\n<div id=\"infos_article\">[4] <em>pages 14-17<\/em><br \/>\navec\u00a0St\u00e9phane\u00a0Degoutin et\u00a0Gwenola\u00a0Wagon<br \/>\nStructure d\u00e9termin\u00e9e par le mouvement des avions qui le relient \u00e0 la globalit\u00e9 du monde, l\u2019a\u00e9roport croise diff\u00e9rentes\u00a0formes de mobilit\u00e9s, physiques ou virtuelles. Dans une juxtaposition de libert\u00e9 et de surveillance, il cristallise\u00a0les sentiments les plus contradictoires. Deux points de vue entre r\u00e9flexion et exp\u00e9rimentation.<br \/>\n&gt; <em>Habiter les a\u00e9roports<\/em> (\u00c9ditions M\u00e9tisPresses)<\/div>\n<\/div>\n<\/div>\n<\/div>\n<\/div>\n<\/div>\n<\/div>\n","protected":false},"excerpt":{"rendered":"<p>Depuis le num\u00e9ro 1, \u00e0 l&rsquo;automne 2011, chronique de J.-L.B. dans le trimestriel La Couleur des jours, Gen\u00e8ve, \u00e0 partir du choix, par la r\u00e9daction, de billets du blog jlggbblog, http:\/\/jlggb.net http:\/\/www.lacouleurdesjours.ch\/index.php Deux textes sur les films de Jean-Luc Godard, Adieu au langage et\u00a0Le Livre d&rsquo;image. Un jour dans les\u00a0couleurs [33] pages 34-35 En 2019, &hellip; <a href=\"https:\/\/jlggb.net\/jlb\/curiculum-vit%c3%a6\/2010-chronique-la-couleur-des-jours\/\" class=\"more-link\">Continuer la lecture de <span class=\"screen-reader-text\">2011-2025 La Couleur des jours<\/span><\/a><\/p>\n","protected":false},"author":2,"featured_media":0,"parent":558,"menu_order":0,"comment_status":"closed","ping_status":"closed","template":"","meta":{"footnotes":""},"class_list":["post-2793","page","type-page","status-publish","hentry"],"_links":{"self":[{"href":"https:\/\/jlggb.net\/jlb\/wp-json\/wp\/v2\/pages\/2793","targetHints":{"allow":["GET"]}}],"collection":[{"href":"https:\/\/jlggb.net\/jlb\/wp-json\/wp\/v2\/pages"}],"about":[{"href":"https:\/\/jlggb.net\/jlb\/wp-json\/wp\/v2\/types\/page"}],"author":[{"embeddable":true,"href":"https:\/\/jlggb.net\/jlb\/wp-json\/wp\/v2\/users\/2"}],"replies":[{"embeddable":true,"href":"https:\/\/jlggb.net\/jlb\/wp-json\/wp\/v2\/comments?post=2793"}],"version-history":[{"count":19,"href":"https:\/\/jlggb.net\/jlb\/wp-json\/wp\/v2\/pages\/2793\/revisions"}],"predecessor-version":[{"id":3518,"href":"https:\/\/jlggb.net\/jlb\/wp-json\/wp\/v2\/pages\/2793\/revisions\/3518"}],"up":[{"embeddable":true,"href":"https:\/\/jlggb.net\/jlb\/wp-json\/wp\/v2\/pages\/558"}],"wp:attachment":[{"href":"https:\/\/jlggb.net\/jlb\/wp-json\/wp\/v2\/media?parent=2793"}],"curies":[{"name":"wp","href":"https:\/\/api.w.org\/{rel}","templated":true}]}}