{"id":2708,"date":"2019-12-11T16:37:54","date_gmt":"2019-12-11T15:37:54","guid":{"rendered":"http:\/\/jlggb.net\/jlb\/?page_id=2708"},"modified":"2025-04-17T00:01:34","modified_gmt":"2025-04-16T22:01:34","slug":"historique-de-workshops","status":"publish","type":"page","link":"https:\/\/jlggb.net\/jlb\/workshops\/historique-de-workshops\/","title":{"rendered":"Historique de workshops"},"content":{"rendered":"<p>Lieux de workshops 1990\u20142025 (\u00e0 compl\u00e9ter)<\/p>\n<p>Le Fresnoy, Tourcoing<br \/>\nEnsad, Paris<br \/>\nENSP, Arles<br \/>\n\u00c9cole des beaux-arts d&rsquo;Amiens<br \/>\n\u00c9cole des beaux-arts de Valence<br \/>\n\u00c9cole des beaux-arts de Grenoble<br \/>\n\u00c9cole des beaux-arts d&rsquo;Angoul\u00eame<br \/>\n\u00c9cole des beaux-arts de Nancy<br \/>\n\u00c9cole des beaux-arts d&rsquo;Aix en Provence<br \/>\n\u00c9cole des beaux-arts du Havre<br \/>\n\u00c9cole des beaux-arts de Nantes<br \/>\n\u00c9cole des beaux-arts du Mans<br \/>\n\u00c9cole des beaux-arts d&rsquo;Orl\u00e9ans<\/p>\n<p>\u00c9cole d&rsquo;art de Monte Carlo<\/p>\n<p>Haute \u00e9cole d&rsquo;art et de design de Gen\u00e8ve, Suisse<\/p>\n<p>Universit\u00e9 Cornell, Ithaca, \u00c9tats unis<br \/>\nUniversit\u00e9 de Californie \u00e0 Santa Barbara<\/p>\n<p>Universit\u00e9 Q\u012bnghua, P\u00e9kin, Chine<br \/>\nUniversit\u00e9 de la communication de P\u00e9kin<br \/>\n\u00c9cole des beaux-arts de Xian<br \/>\n\u00c9cole des beaux-arts de Hangzhou<\/p>\n<p>Universit\u00e9 des arts de Ta\u00efpei, Taiwan<\/p>\n<p>Universit\u00e9 Iamas, Gifu, Japon<br \/>\n\u00c9cole des beaux-arts de la ville de Kyoto<br \/>\nUniversit\u00e9 Seian de Kyoto<br \/>\nUniversit\u00e9 Doshisha de Kyoto<br \/>\nUniversit\u00e9 Saga de Kyoto<br \/>\nUniversit\u00e9 des arts de Tokyo et Yokohama<br \/>\nFuture University de Hakodate<br \/>\nUniversit\u00e9 d&rsquo;art et design de Nagoya<\/p>\n<p>Universit\u00e9 Royale des Beaux-Arts de Phnom Penh, Cambodge<\/p>\n<p><a href=\"https:\/\/jlggb.net\/jlb\/wp-content\/uploads\/2010\/03\/doshisha-workshop-2011.jpg\" data-rel=\"lightbox-image-0\" data-imagelightbox=\"0\" data-rl_title=\"\" data-rl_caption=\"\"><img loading=\"lazy\" decoding=\"async\" class=\"alignnone size-full wp-image-810\" title=\"\" src=\"https:\/\/jlggb.net\/jlb\/wp-content\/uploads\/2010\/03\/doshisha-workshop-2011.jpg\" alt=\"\" width=\"640\" height=\"480\" srcset=\"https:\/\/jlggb.net\/jlb\/wp-content\/uploads\/2010\/03\/doshisha-workshop-2011.jpg 1280w, https:\/\/jlggb.net\/jlb\/wp-content\/uploads\/2010\/03\/doshisha-workshop-2011-300x225.jpg 300w, https:\/\/jlggb.net\/jlb\/wp-content\/uploads\/2010\/03\/doshisha-workshop-2011-1024x768.jpg 1024w\" sizes=\"auto, (max-width: 640px) 100vw, 640px\" \/><\/a><br \/>\n25 juin 2011, Universit\u00e9 Doshisha, campus de Kyotanabe (sud de Kyoto), Women\u2019s College, Media Design. Workshop consacr\u00e9 \u00e0 une cr\u00e9ation pour iPad (projet iMask) pour 26 \u00e9tudiantes, de 10h \u00e0 18h, atelier Mori + Takeuchi.<\/p>\n<p><a href=\"https:\/\/jlggb.net\/jlb\/wp-content\/uploads\/2010\/03\/wrkshp-1.jpg\" data-rel=\"lightbox-image-1\" data-imagelightbox=\"1\" data-rl_title=\"\" data-rl_caption=\"\"><img loading=\"lazy\" decoding=\"async\" class=\"alignnone size-full wp-image-808\" title=\"\" src=\"https:\/\/jlggb.net\/jlb\/wp-content\/uploads\/2010\/03\/wrkshp-1.jpg\" alt=\"\" width=\"640\" height=\"480\" srcset=\"https:\/\/jlggb.net\/jlb\/wp-content\/uploads\/2010\/03\/wrkshp-1.jpg 1280w, https:\/\/jlggb.net\/jlb\/wp-content\/uploads\/2010\/03\/wrkshp-1-300x225.jpg 300w, https:\/\/jlggb.net\/jlb\/wp-content\/uploads\/2010\/03\/wrkshp-1-1024x768.jpg 1024w\" sizes=\"auto, (max-width: 640px) 100vw, 640px\" \/><\/a><br \/>\n<a href=\"https:\/\/jlggb.net\/jlb\/wp-content\/uploads\/2010\/03\/wrkshp-2.jpg\" data-rel=\"lightbox-image-2\" data-imagelightbox=\"2\" data-rl_title=\"\" data-rl_caption=\"\"><img loading=\"lazy\" decoding=\"async\" class=\"alignnone size-full wp-image-807\" title=\"\" src=\"https:\/\/jlggb.net\/jlb\/wp-content\/uploads\/2010\/03\/wrkshp-2.jpg\" alt=\"\" width=\"640\" height=\"480\" srcset=\"https:\/\/jlggb.net\/jlb\/wp-content\/uploads\/2010\/03\/wrkshp-2.jpg 1280w, https:\/\/jlggb.net\/jlb\/wp-content\/uploads\/2010\/03\/wrkshp-2-300x225.jpg 300w, https:\/\/jlggb.net\/jlb\/wp-content\/uploads\/2010\/03\/wrkshp-2-1024x768.jpg 1024w\" sizes=\"auto, (max-width: 640px) 100vw, 640px\" \/><\/a><br \/>\n8 f\u00e9vrier 2011, workshop \u00ab\u00a0R\u00e9cits pour \u00e9crans mobiles \u00bb, Media Design, Universit\u00e9 des arts de Nagoya, atelier de Hajime Takeuchi.<\/p>\n<p><a href=\"https:\/\/jlggb.net\/jlb\/wp-content\/uploads\/2010\/03\/head-mobilizing-2.jpg\" data-rel=\"lightbox-image-3\" data-imagelightbox=\"3\" data-rl_title=\"\" data-rl_caption=\"\" title=\"\"><img loading=\"lazy\" decoding=\"async\" class=\"size-full wp-image-1322\" src=\"https:\/\/jlggb.net\/jlb\/wp-content\/uploads\/2010\/03\/head-mobilizing-2.jpg\" alt=\"Exif_JPEG_PICTURE\" width=\"640\" height=\"480\" srcset=\"https:\/\/jlggb.net\/jlb\/wp-content\/uploads\/2010\/03\/head-mobilizing-2.jpg 1280w, https:\/\/jlggb.net\/jlb\/wp-content\/uploads\/2010\/03\/head-mobilizing-2-300x225.jpg 300w, https:\/\/jlggb.net\/jlb\/wp-content\/uploads\/2010\/03\/head-mobilizing-2-1024x768.jpg 1024w, https:\/\/jlggb.net\/jlb\/wp-content\/uploads\/2010\/03\/head-mobilizing-2-150x113.jpg 150w\" sizes=\"auto, (max-width: 640px) 100vw, 640px\" \/><\/a><br \/>\n<a href=\"https:\/\/jlggb.net\/jlb\/wp-content\/uploads\/2010\/03\/head-mobilizing-1.jpg\" data-rel=\"lightbox-image-4\" data-imagelightbox=\"4\" data-rl_title=\"\" data-rl_caption=\"\" title=\"\"><img loading=\"lazy\" decoding=\"async\" class=\"size-full wp-image-1323\" src=\"https:\/\/jlggb.net\/jlb\/wp-content\/uploads\/2010\/03\/head-mobilizing-1.jpg\" alt=\"Exif_JPEG_PICTURE\" width=\"640\" height=\"480\" srcset=\"https:\/\/jlggb.net\/jlb\/wp-content\/uploads\/2010\/03\/head-mobilizing-1.jpg 1280w, https:\/\/jlggb.net\/jlb\/wp-content\/uploads\/2010\/03\/head-mobilizing-1-300x225.jpg 300w, https:\/\/jlggb.net\/jlb\/wp-content\/uploads\/2010\/03\/head-mobilizing-1-1024x768.jpg 1024w, https:\/\/jlggb.net\/jlb\/wp-content\/uploads\/2010\/03\/head-mobilizing-1-150x113.jpg 150w\" sizes=\"auto, (max-width: 640px) 100vw, 640px\" \/><\/a><br \/>\n7-11 mars 2011 : Workshop par Dominique Cunin (avec une introduction par Jean-Louis Boissier) \u00e0 la HEAD-Gen\u00e8ve, sur l\u2019outil logiciel Mobilizing pour \u00e9crans mobiles d\u00e9velopp\u00e9 au sein du programme \u00ab Formes de la mobilit\u00e9 \u00bb dans EnsadLab.<\/p>\n<p><a href=\"https:\/\/jlggb.net\/jlb\/wp-content\/uploads\/2010\/03\/mai2008-yokohama.jpg\" data-rel=\"lightbox-image-5\" data-imagelightbox=\"5\" data-rl_title=\"\" data-rl_caption=\"\"><img loading=\"lazy\" decoding=\"async\" class=\"alignnone size-full wp-image-804\" title=\"\" src=\"https:\/\/jlggb.net\/jlb\/wp-content\/uploads\/2010\/03\/mai2008-yokohama.jpg\" alt=\"\" width=\"640\" height=\"480\" srcset=\"https:\/\/jlggb.net\/jlb\/wp-content\/uploads\/2010\/03\/mai2008-yokohama.jpg 1024w, https:\/\/jlggb.net\/jlb\/wp-content\/uploads\/2010\/03\/mai2008-yokohama-300x225.jpg 300w\" sizes=\"auto, (max-width: 640px) 100vw, 640px\" \/><\/a><br \/>\n3 mai 2008, Yokohama, workshop pour la Graduate School of Film and New Media (Gedai), atelier de Masaki Fujihata.<\/p>\n<p><a href=\"http:\/\/jlggb.net\/blog2\/wp-content\/uploads\/2011\/11\/ntua-above.jpg\" data-rel=\"lightbox-image-6\" data-imagelightbox=\"6\" data-rl_title=\"\" data-rl_caption=\"\"><img loading=\"lazy\" decoding=\"async\" class=\"alignnone size-full wp-image-7446\" title=\"\" src=\"http:\/\/jlggb.net\/blog2\/wp-content\/uploads\/2011\/11\/ntua-above.jpg\" alt=\"\" width=\"640\" height=\"480\" \/><\/a><br \/>\nVendredi 4 novembre 2011, 15h30, Taipei, Universit\u00e9 nationale des arts de Ta\u00efwan. L&rsquo;atelier <em>Microfictions sans fin<\/em> s&rsquo;ach\u00e8ve.<\/p>\n<p><a href=\"https:\/\/jlggb.net\/jlb\/wp-content\/uploads\/2010\/03\/installation-urba-12-01-2013.jpg\" data-rel=\"lightbox-image-7\" data-imagelightbox=\"7\" data-rl_title=\"\" data-rl_caption=\"\" title=\"\"><img loading=\"lazy\" decoding=\"async\" class=\"alignnone size-full wp-image-1319\" src=\"https:\/\/jlggb.net\/jlb\/wp-content\/uploads\/2010\/03\/installation-urba-12-01-2013.jpg\" alt=\"installation-urba-12-01-2013\" width=\"640\" height=\"480\" srcset=\"https:\/\/jlggb.net\/jlb\/wp-content\/uploads\/2010\/03\/installation-urba-12-01-2013.jpg 1600w, https:\/\/jlggb.net\/jlb\/wp-content\/uploads\/2010\/03\/installation-urba-12-01-2013-300x225.jpg 300w, https:\/\/jlggb.net\/jlb\/wp-content\/uploads\/2010\/03\/installation-urba-12-01-2013-1024x768.jpg 1024w, https:\/\/jlggb.net\/jlb\/wp-content\/uploads\/2010\/03\/installation-urba-12-01-2013-150x113.jpg 150w\" sizes=\"auto, (max-width: 640px) 100vw, 640px\" \/><\/a><br \/>\n<a href=\"https:\/\/jlggb.net\/jlb\/wp-content\/uploads\/2010\/03\/workshop-urba-12-01-2013.jpg\" data-rel=\"lightbox-image-8\" data-imagelightbox=\"8\" data-rl_title=\"\" data-rl_caption=\"\" title=\"\"><img loading=\"lazy\" decoding=\"async\" class=\"alignnone size-full wp-image-1320\" src=\"https:\/\/jlggb.net\/jlb\/wp-content\/uploads\/2010\/03\/workshop-urba-12-01-2013.jpg\" alt=\"workshop-urba-12-01-2013\" width=\"640\" height=\"480\" srcset=\"https:\/\/jlggb.net\/jlb\/wp-content\/uploads\/2010\/03\/workshop-urba-12-01-2013.jpg 1600w, https:\/\/jlggb.net\/jlb\/wp-content\/uploads\/2010\/03\/workshop-urba-12-01-2013-300x225.jpg 300w, https:\/\/jlggb.net\/jlb\/wp-content\/uploads\/2010\/03\/workshop-urba-12-01-2013-1024x768.jpg 1024w, https:\/\/jlggb.net\/jlb\/wp-content\/uploads\/2010\/03\/workshop-urba-12-01-2013-150x113.jpg 150w\" sizes=\"auto, (max-width: 640px) 100vw, 640px\" \/><\/a><br \/>\n\u00c9change entre l\u2019Universit\u00e9 Paris 8 et l\u2019Universit\u00e9 Royale des Beaux-Arts de Phnom Penh, workshop \u00e0 l\u2019URBA du 7 au 12 janvier 2013, \u00ab Arch\u00e9ologie du moment pr\u00e9sent \u00bb.<\/p>\n","protected":false},"excerpt":{"rendered":"<p>Lieux de workshops 1990\u20142025 (\u00e0 compl\u00e9ter) Le Fresnoy, Tourcoing Ensad, Paris ENSP, Arles \u00c9cole des beaux-arts d&rsquo;Amiens \u00c9cole des beaux-arts de Valence \u00c9cole des beaux-arts de Grenoble \u00c9cole des beaux-arts d&rsquo;Angoul\u00eame \u00c9cole des beaux-arts de Nancy \u00c9cole des beaux-arts d&rsquo;Aix en Provence \u00c9cole des beaux-arts du Havre \u00c9cole des beaux-arts de Nantes \u00c9cole des beaux-arts &hellip; <a href=\"https:\/\/jlggb.net\/jlb\/workshops\/historique-de-workshops\/\" class=\"more-link\">Continuer la lecture de <span class=\"screen-reader-text\">Historique de workshops<\/span><\/a><\/p>\n","protected":false},"author":2,"featured_media":0,"parent":529,"menu_order":1,"comment_status":"closed","ping_status":"closed","template":"","meta":{"footnotes":""},"class_list":["post-2708","page","type-page","status-publish","hentry"],"_links":{"self":[{"href":"https:\/\/jlggb.net\/jlb\/wp-json\/wp\/v2\/pages\/2708","targetHints":{"allow":["GET"]}}],"collection":[{"href":"https:\/\/jlggb.net\/jlb\/wp-json\/wp\/v2\/pages"}],"about":[{"href":"https:\/\/jlggb.net\/jlb\/wp-json\/wp\/v2\/types\/page"}],"author":[{"embeddable":true,"href":"https:\/\/jlggb.net\/jlb\/wp-json\/wp\/v2\/users\/2"}],"replies":[{"embeddable":true,"href":"https:\/\/jlggb.net\/jlb\/wp-json\/wp\/v2\/comments?post=2708"}],"version-history":[{"count":13,"href":"https:\/\/jlggb.net\/jlb\/wp-json\/wp\/v2\/pages\/2708\/revisions"}],"predecessor-version":[{"id":3526,"href":"https:\/\/jlggb.net\/jlb\/wp-json\/wp\/v2\/pages\/2708\/revisions\/3526"}],"up":[{"embeddable":true,"href":"https:\/\/jlggb.net\/jlb\/wp-json\/wp\/v2\/pages\/529"}],"wp:attachment":[{"href":"https:\/\/jlggb.net\/jlb\/wp-json\/wp\/v2\/media?parent=2708"}],"curies":[{"name":"wp","href":"https:\/\/api.w.org\/{rel}","templated":true}]}}