{"id":234,"date":"2009-10-03T16:50:00","date_gmt":"2009-10-03T15:50:00","guid":{"rendered":"http:\/\/jlggb.net\/jlb\/?page_id=234"},"modified":"2026-02-21T10:56:03","modified_gmt":"2026-02-21T09:56:03","slug":"biographie","status":"publish","type":"page","link":"https:\/\/jlggb.net\/jlb\/","title":{"rendered":"Actualit\u00e9 \/ News"},"content":{"rendered":"<p>F\u00e9vrier 2026 : ce site est toujours en cours de r\u00e9daction.<br \/>\n<span style=\"color: #ffffff;\">\u2014<\/span><\/p>\n<h1>Actualit\u00e9 2025<\/h1>\n<p>&nbsp;<\/p>\n<p><a href=\"https:\/\/jlggb.net\/jlb\/wp-content\/uploads\/2025\/12\/kyoto_terminal_jlb_20251212.jpg\" data-rel=\"lightbox-image-0\" data-imagelightbox=\"0\" data-rl_title=\"\" data-rl_caption=\"\" title=\"\"><img loading=\"lazy\" decoding=\"async\" class=\"alignnone size-full wp-image-3811\" src=\"https:\/\/jlggb.net\/jlb\/wp-content\/uploads\/2025\/12\/kyoto_terminal_jlb_20251212.jpg\" alt=\"\" width=\"2384\" height=\"2384\" srcset=\"https:\/\/jlggb.net\/jlb\/wp-content\/uploads\/2025\/12\/kyoto_terminal_jlb_20251212.jpg 2384w, https:\/\/jlggb.net\/jlb\/wp-content\/uploads\/2025\/12\/kyoto_terminal_jlb_20251212-300x300.jpg 300w, https:\/\/jlggb.net\/jlb\/wp-content\/uploads\/2025\/12\/kyoto_terminal_jlb_20251212-1024x1024.jpg 1024w, https:\/\/jlggb.net\/jlb\/wp-content\/uploads\/2025\/12\/kyoto_terminal_jlb_20251212-150x150.jpg 150w, https:\/\/jlggb.net\/jlb\/wp-content\/uploads\/2025\/12\/kyoto_terminal_jlb_20251212-768x768.jpg 768w, https:\/\/jlggb.net\/jlb\/wp-content\/uploads\/2025\/12\/kyoto_terminal_jlb_20251212-1536x1536.jpg 1536w, https:\/\/jlggb.net\/jlb\/wp-content\/uploads\/2025\/12\/kyoto_terminal_jlb_20251212-2048x2048.jpg 2048w\" sizes=\"auto, (max-width: 2384px) 100vw, 2384px\" \/><\/a><\/p>\n<p><em>Crassula ubiquiste<\/em>. Version japonaise, assembl\u00e9e en novembre 2023.<\/p>\n<p>Exposition \u77f3\u306b\u8a71\u3059\u3053\u3068\u3092\u6559\u3048\u308b\u2015\u2015\u751f\u306e\u3008\u6280\u8853\u3009<br \/>\n<i>Teaching a Stone to Talk: The Technique of Living<\/i><i><\/i><\/p>\n<p>Lieu : The Terminal KYOTO, 424 Iwatoyama-cho, Shimogyo-ku, Kyoto 600-8445 <a href=\"https:\/\/kyoto.theterminal.jp\/\">https:\/\/kyoto.theterminal.jp\/<\/a>, du 12 au 27 d\u00e9cembre 2025<\/p>\n<p>Exposant(e)s : Masayuki AKAMATSU, Tomoya ISHIBASHI, Yukichi INOU\u00c9, Tomomi GOTO, Alina ZHDANOVA, Kyoko SUGIURA, Atsushi FUKUSHIMA, Sonomi HORI, Jean-Louis BOISSIER, Florian GADENNE<\/p>\n<p>Commissaire : Miki OKUBO<\/p>\n<p>Organisation : art-sensibilisation. Avec le soutien de : Fondation pour la Promotion de l\u2019Art de POLA, Fondation Yoshino Gypsum pour l\u2019Art, Fondation culturelle du journal <i>Asahi Shimbun<\/i>. En collaboration avec\u00a0: IAMAS (Institute of Advanced Media Arts and Sciences)<\/p>\n<p>&nbsp;<\/p>\n<p><a href=\"https:\/\/jlggb.net\/jlb\/wp-content\/uploads\/2025\/04\/cahiers_couverture_20250416-scaled.jpg\" data-rel=\"lightbox-image-1\" data-imagelightbox=\"1\" data-rl_title=\"\" data-rl_caption=\"\" title=\"\"><img loading=\"lazy\" decoding=\"async\" class=\"alignnone size-full wp-image-3508\" src=\"https:\/\/jlggb.net\/jlb\/wp-content\/uploads\/2025\/04\/cahiers_couverture_20250416-scaled.jpg\" alt=\"\" width=\"2560\" height=\"1920\" srcset=\"https:\/\/jlggb.net\/jlb\/wp-content\/uploads\/2025\/04\/cahiers_couverture_20250416-scaled.jpg 2560w, https:\/\/jlggb.net\/jlb\/wp-content\/uploads\/2025\/04\/cahiers_couverture_20250416-300x225.jpg 300w, https:\/\/jlggb.net\/jlb\/wp-content\/uploads\/2025\/04\/cahiers_couverture_20250416-1024x768.jpg 1024w, https:\/\/jlggb.net\/jlb\/wp-content\/uploads\/2025\/04\/cahiers_couverture_20250416-768x576.jpg 768w, https:\/\/jlggb.net\/jlb\/wp-content\/uploads\/2025\/04\/cahiers_couverture_20250416-1536x1152.jpg 1536w, https:\/\/jlggb.net\/jlb\/wp-content\/uploads\/2025\/04\/cahiers_couverture_20250416-2048x1536.jpg 2048w\" sizes=\"auto, (max-width: 2560px) 100vw, 2560px\" \/><\/a><\/p>\n<p><a href=\"https:\/\/jlggb.net\/jlb\/wp-content\/uploads\/2025\/04\/cahiers_interieur_20250416-scaled.jpg\" data-rel=\"lightbox-image-2\" data-imagelightbox=\"2\" data-rl_title=\"\" data-rl_caption=\"\" title=\"\"><img loading=\"lazy\" decoding=\"async\" class=\"alignnone size-full wp-image-3509\" src=\"https:\/\/jlggb.net\/jlb\/wp-content\/uploads\/2025\/04\/cahiers_interieur_20250416-scaled.jpg\" alt=\"\" width=\"2560\" height=\"1920\" srcset=\"https:\/\/jlggb.net\/jlb\/wp-content\/uploads\/2025\/04\/cahiers_interieur_20250416-scaled.jpg 2560w, https:\/\/jlggb.net\/jlb\/wp-content\/uploads\/2025\/04\/cahiers_interieur_20250416-300x225.jpg 300w, https:\/\/jlggb.net\/jlb\/wp-content\/uploads\/2025\/04\/cahiers_interieur_20250416-1024x768.jpg 1024w, https:\/\/jlggb.net\/jlb\/wp-content\/uploads\/2025\/04\/cahiers_interieur_20250416-768x576.jpg 768w, https:\/\/jlggb.net\/jlb\/wp-content\/uploads\/2025\/04\/cahiers_interieur_20250416-1536x1152.jpg 1536w, https:\/\/jlggb.net\/jlb\/wp-content\/uploads\/2025\/04\/cahiers_interieur_20250416-2048x1536.jpg 2048w\" sizes=\"auto, (max-width: 2560px) 100vw, 2560px\" \/><\/a><\/p>\n<p>Mars 2025, parution des <em>Cahiers du Mus\u00e9e national d&rsquo;art moderne<\/em>, num\u00e9ro 170, \u00ab Centre de cr\u00e9ation industrielle 1969-1992 \u00bb.<br \/>\nAu sommaire : Marcella Lista et Philippe Bettinelli, \u00ab Travers\u00e9es du virtuel\u00a0\u00bb, entretien avec Jean-Louis Boissier.<br \/>\nSont \u00e9voqu\u00e9es, pour la p\u00e9riode de 1982 \u00e0 1992, les expositions du CCI et du Mnam-CCI \u00ab Bandes dessin\u00e9es chinoises \u00bb (1982), \u00ab Les Immat\u00e9riaux \u00bb (1985), \u00ab Revue virtuelle \u00bb (1992-1996), en relation avec \u00ab Electra \u00bb (1983-1984) au Mus\u00e9e d&rsquo;art moderne de la Ville de Paris, \u00ab Image calcul\u00e9e \u00bb (1988) \u00e0 la Cit\u00e9 des sciences et de l&rsquo;industrie, \u00ab Passages de l&rsquo;image \u00bb (1990) au Mus\u00e9e national d&rsquo;art moderne, biennale \u00ab Artifices \u00bb \u00e0 Saint-Denis (1990-1996), ainsi que des recherches conduites dans l&rsquo;UFR Arts et Philosophie de l&rsquo;Universit\u00e9 Paris 8-Vincennes \u00e0 Saint-Denis.<\/p>\n<p><a href=\"https:\/\/jlggb.net\/jlb\/wp-content\/uploads\/2025\/03\/hashtag_jlb_iamas_square_hauteur_20250103-scaled.jpg\" data-rel=\"lightbox-image-3\" data-imagelightbox=\"3\" data-rl_title=\"\" data-rl_caption=\"\" title=\"\"><img loading=\"lazy\" decoding=\"async\" class=\"alignnone size-full wp-image-3501\" src=\"https:\/\/jlggb.net\/jlb\/wp-content\/uploads\/2025\/03\/hashtag_jlb_iamas_square_hauteur_20250103-scaled.jpg\" alt=\"\" width=\"2560\" height=\"2560\" srcset=\"https:\/\/jlggb.net\/jlb\/wp-content\/uploads\/2025\/03\/hashtag_jlb_iamas_square_hauteur_20250103-scaled.jpg 2560w, https:\/\/jlggb.net\/jlb\/wp-content\/uploads\/2025\/03\/hashtag_jlb_iamas_square_hauteur_20250103-300x300.jpg 300w, https:\/\/jlggb.net\/jlb\/wp-content\/uploads\/2025\/03\/hashtag_jlb_iamas_square_hauteur_20250103-1024x1024.jpg 1024w, https:\/\/jlggb.net\/jlb\/wp-content\/uploads\/2025\/03\/hashtag_jlb_iamas_square_hauteur_20250103-150x150.jpg 150w, https:\/\/jlggb.net\/jlb\/wp-content\/uploads\/2025\/03\/hashtag_jlb_iamas_square_hauteur_20250103-768x768.jpg 768w, https:\/\/jlggb.net\/jlb\/wp-content\/uploads\/2025\/03\/hashtag_jlb_iamas_square_hauteur_20250103-1536x1536.jpg 1536w, https:\/\/jlggb.net\/jlb\/wp-content\/uploads\/2025\/03\/hashtag_jlb_iamas_square_hauteur_20250103-2048x2048.jpg 2048w\" sizes=\"auto, (max-width: 2560px) 100vw, 2560px\" \/><\/a><\/p>\n<p><a href=\"https:\/\/jlggb.net\/jlb\/wp-content\/uploads\/2025\/03\/vue_square_expo_00-scaled.jpg\" data-rel=\"lightbox-image-4\" data-imagelightbox=\"4\" data-rl_title=\"\" data-rl_caption=\"\" title=\"\"><img loading=\"lazy\" decoding=\"async\" class=\"alignnone size-full wp-image-3487\" src=\"https:\/\/jlggb.net\/jlb\/wp-content\/uploads\/2025\/03\/vue_square_expo_00-scaled.jpg\" alt=\"\" width=\"2560\" height=\"2560\" srcset=\"https:\/\/jlggb.net\/jlb\/wp-content\/uploads\/2025\/03\/vue_square_expo_00-scaled.jpg 2560w, https:\/\/jlggb.net\/jlb\/wp-content\/uploads\/2025\/03\/vue_square_expo_00-300x300.jpg 300w, https:\/\/jlggb.net\/jlb\/wp-content\/uploads\/2025\/03\/vue_square_expo_00-1024x1024.jpg 1024w, https:\/\/jlggb.net\/jlb\/wp-content\/uploads\/2025\/03\/vue_square_expo_00-150x150.jpg 150w, https:\/\/jlggb.net\/jlb\/wp-content\/uploads\/2025\/03\/vue_square_expo_00-768x768.jpg 768w, https:\/\/jlggb.net\/jlb\/wp-content\/uploads\/2025\/03\/vue_square_expo_00-1536x1536.jpg 1536w, https:\/\/jlggb.net\/jlb\/wp-content\/uploads\/2025\/03\/vue_square_expo_00-2048x2048.jpg 2048w\" sizes=\"auto, (max-width: 2560px) 100vw, 2560px\" \/><\/a><\/p>\n<p><a href=\"https:\/\/jlggb.net\/jlb\/wp-content\/uploads\/2025\/03\/expo_nancy_square_s06-scaled.jpg\" data-rel=\"lightbox-image-5\" data-imagelightbox=\"5\" data-rl_title=\"\" data-rl_caption=\"\" title=\"\"><img loading=\"lazy\" decoding=\"async\" class=\"alignnone size-full wp-image-3488\" src=\"https:\/\/jlggb.net\/jlb\/wp-content\/uploads\/2025\/03\/expo_nancy_square_s06-scaled.jpg\" alt=\"\" width=\"2560\" height=\"2560\" srcset=\"https:\/\/jlggb.net\/jlb\/wp-content\/uploads\/2025\/03\/expo_nancy_square_s06-scaled.jpg 2560w, https:\/\/jlggb.net\/jlb\/wp-content\/uploads\/2025\/03\/expo_nancy_square_s06-300x300.jpg 300w, https:\/\/jlggb.net\/jlb\/wp-content\/uploads\/2025\/03\/expo_nancy_square_s06-1024x1024.jpg 1024w, https:\/\/jlggb.net\/jlb\/wp-content\/uploads\/2025\/03\/expo_nancy_square_s06-150x150.jpg 150w, https:\/\/jlggb.net\/jlb\/wp-content\/uploads\/2025\/03\/expo_nancy_square_s06-768x768.jpg 768w, https:\/\/jlggb.net\/jlb\/wp-content\/uploads\/2025\/03\/expo_nancy_square_s06-1536x1536.jpg 1536w, https:\/\/jlggb.net\/jlb\/wp-content\/uploads\/2025\/03\/expo_nancy_square_s06-2048x2048.jpg 2048w\" sizes=\"auto, (max-width: 2560px) 100vw, 2560px\" \/><\/a><\/p>\n<p>Installation <em>R\u00e9cit de (digital) Soba Choko<\/em>, Jean-Louis Boissier, 2024,<br \/>\npour l&rsquo;exposition \u00ab IAMAS ARTIST FILE \uff0310 COCOON Thinking Ecology through Technics \u00bb. Commissaires : Miki Okubo, Institute of Advanced Media Arts and Sciences et Toko Toba, Mus\u00e9e d&rsquo;art contemporain de la pr\u00e9fecture de Gifu, Gifu, Japon. Du 10 janvier au 9 mars 2025.<br \/>\nT\u00e9l\u00e9charger le livret :\u00a0<a href=\"http:\/\/jlggb.net\/collection\/wp-pdf\/recit(d)SC_1.04_jlggb.pdf\">http:\/\/jlggb.net\/collection\/wp-pdf\/recit(d)SC_1.04_jlggb.pdf<\/a><\/p>\n<h1>Actualit\u00e9 2024<\/h1>\n<p><span style=\"color: #ffffff;\">\u2014<\/span><br \/>\n<a href=\"https:\/\/jlggb.net\/blog9\/wp-content\/uploads\/2024\/06\/leBus_installation_pompidou_2024-scaled.jpg\" data-rel=\"lightbox-image-6\" data-imagelightbox=\"6\" data-rl_title=\"\" data-rl_caption=\"\" title=\"\"><img loading=\"lazy\" decoding=\"async\" class=\"alignnone size-full wp-image-1160\" src=\"https:\/\/jlggb.net\/blog9\/wp-content\/uploads\/2024\/06\/leBus_installation_pompidou_2024-scaled.jpg\" alt=\"\" width=\"2560\" height=\"2560\" \/><\/a><\/p>\n<p><em>Le Bus<\/em> a 40 ans. Le 25 juin 1984, sur un trajet invent\u00e9 qui va de Saint-Denis \u00e0 Stains, en passant par Pierrefitte, un travelling de 10 minutes, aller et retour, est enregistr\u00e9, pour conduire aux portraits photographiques de 120 \u00eatres vivants, selon l&rsquo;\u00ab\u00a0ARR\u00caT DEMAND\u00c9 \u00bb. Cette installation pour l&rsquo;exposition \u00ab\u00a0Les Immat\u00e9riaux\u00a0\u00bb, <em>Le Bus ou l&rsquo;Exercice de la d\u00e9couverte<\/em>, fond\u00e9e sur un vid\u00e9odisque, a aujourd&rsquo;hui, dans une forme reconstitu\u00e9e, rejoint les collections du Mus\u00e9e national d&rsquo;art moderne \u2014 Centre Pompidou.<\/p>\n<h1>Actualit\u00e9 2023<\/h1>\n<p><span style=\"color: #ffffff;\">\u2014<\/span><\/p>\n<p><a href=\"http:\/\/jlggb.net\/blog9\/wp-content\/uploads\/2024\/01\/lesigne_salle_casiers_20231214-scaled.jpg\" data-rel=\"lightbox-image-7\" data-imagelightbox=\"7\" data-rl_title=\"\" data-rl_caption=\"\" title=\"\"><img loading=\"lazy\" decoding=\"async\" class=\"alignnone size-full wp-image-200\" src=\"http:\/\/jlggb.net\/blog9\/wp-content\/uploads\/2024\/01\/lesigne_salle_casiers_20231214-scaled.jpg\" alt=\"\" width=\"640\" height=\"480\" \/><\/a><\/p>\n<p><a href=\"http:\/\/jlggb.net\/blog9\/wp-content\/uploads\/2024\/01\/lesigne_salle_table6_20231214-scaled.jpg\" data-rel=\"lightbox-image-8\" data-imagelightbox=\"8\" data-rl_title=\"\" data-rl_caption=\"\" title=\"\"><img loading=\"lazy\" decoding=\"async\" class=\"alignnone size-full wp-image-201\" src=\"http:\/\/jlggb.net\/blog9\/wp-content\/uploads\/2024\/01\/lesigne_salle_table6_20231214-scaled.jpg\" alt=\"\" width=\"640\" height=\"480\" \/><\/a><\/p>\n<p><a href=\"http:\/\/jlggb.net\/blog9\/wp-content\/uploads\/2024\/01\/lesigne_table6_volute_20231214-scaled.jpg\" data-rel=\"lightbox-image-9\" data-imagelightbox=\"9\" data-rl_title=\"\" data-rl_caption=\"\" title=\"\"><img loading=\"lazy\" decoding=\"async\" class=\"alignnone size-full wp-image-202\" src=\"http:\/\/jlggb.net\/blog9\/wp-content\/uploads\/2024\/01\/lesigne_table6_volute_20231214-scaled.jpg\" alt=\"\" width=\"640\" height=\"480\" \/><\/a><br \/>\nVendredi 15 d\u00e9cembre 2023, 17h, Centre national du graphisme, Le Signe, Chaumont, Haute-Marne. <em>(digital) Soba Choko<\/em>, mont\u00e9e au Centre C\u00e9ramique contemporaine La Borne il y a un an, conserve ici ses 6 casiers avec 216 c\u00e9ramiques soba choko et gobelets. L&rsquo;exposition compl\u00e8te ses 8 tables de gobelets de type soba choko r\u00e9alis\u00e9es pour l&rsquo;occasion lors de workshops d&rsquo;\u00e9coles d&rsquo;art et de groupes de c\u00e9ramistes et de peintres, s&rsquo;adjoint une suite historique d&rsquo;objets et une projection formant <em>L&rsquo;Atlas du gobelet<\/em>, et encore un robot qui dessine sur des gobelets, une vitrine arch\u00e9ologique, des livres. Le gobelet japonais montre en quoi il a, depuis quelque 300 ans, g\u00e9n\u00e9r\u00e9 et port\u00e9 une encyclop\u00e9die, un tr\u00e8s vaste album de motifs graphiques.<br \/>\nEn gros plan : l&rsquo;exp\u00e9rience imagin\u00e9e d\u00e8s 2013, au vu du soba choko de l&rsquo;atelier Keizan, Arita, d\u00e9cor\u00e9 de volutes \u00e0 zig zag, d&rsquo;une fabrication robotis\u00e9e par branchement sur le corps. Le gobelet de carton est au pinceau \u00e0 la main, le dernier, en porcelaine au bleu de cobalt, \u00e0 la machine con\u00e7ue par Alexandre Brugnoni \u00e0 Nancy, pr\u00e9sente dans l&rsquo;exposition.<\/p>\n<p>&nbsp;<\/p>\n<p><a href=\"https:\/\/jlggb.net\/jlb\/wp-content\/uploads\/2024\/05\/biennal_inha_livre_2023-scaled.jpg\" data-rel=\"lightbox-image-10\" data-imagelightbox=\"10\" data-rl_title=\"\" data-rl_caption=\"\" title=\"\"><img loading=\"lazy\" decoding=\"async\" class=\"alignnone wp-image-3383\" src=\"https:\/\/jlggb.net\/jlb\/wp-content\/uploads\/2024\/05\/biennal_inha_livre_2023-scaled.jpg\" alt=\"\" width=\"640\" height=\"401\" srcset=\"https:\/\/jlggb.net\/jlb\/wp-content\/uploads\/2024\/05\/biennal_inha_livre_2023-scaled.jpg 2560w, https:\/\/jlggb.net\/jlb\/wp-content\/uploads\/2024\/05\/biennal_inha_livre_2023-300x188.jpg 300w, https:\/\/jlggb.net\/jlb\/wp-content\/uploads\/2024\/05\/biennal_inha_livre_2023-1024x642.jpg 1024w, https:\/\/jlggb.net\/jlb\/wp-content\/uploads\/2024\/05\/biennal_inha_livre_2023-768x482.jpg 768w, https:\/\/jlggb.net\/jlb\/wp-content\/uploads\/2024\/05\/biennal_inha_livre_2023-1536x963.jpg 1536w, https:\/\/jlggb.net\/jlb\/wp-content\/uploads\/2024\/05\/biennal_inha_livre_2023-2048x1284.jpg 2048w, https:\/\/jlggb.net\/jlb\/wp-content\/uploads\/2024\/05\/biennal_inha_livre_2023-150x94.jpg 150w\" sizes=\"auto, (max-width: 640px) 100vw, 640px\" \/><\/a><br \/>\n<a href=\"https:\/\/jlggb.net\/jlb\/wp-content\/uploads\/2024\/04\/LAtelier-du-spectateur.png\" data-rel=\"lightbox-image-11\" data-imagelightbox=\"11\" data-rl_title=\"\" data-rl_caption=\"\" title=\"\"><img loading=\"lazy\" decoding=\"async\" class=\"alignnone wp-image-3356\" src=\"https:\/\/jlggb.net\/jlb\/wp-content\/uploads\/2024\/04\/LAtelier-du-spectateur.png\" alt=\"\" width=\"640\" height=\"453\" srcset=\"https:\/\/jlggb.net\/jlb\/wp-content\/uploads\/2024\/04\/LAtelier-du-spectateur.png 3258w, https:\/\/jlggb.net\/jlb\/wp-content\/uploads\/2024\/04\/LAtelier-du-spectateur-300x213.png 300w, https:\/\/jlggb.net\/jlb\/wp-content\/uploads\/2024\/04\/LAtelier-du-spectateur-1024x725.png 1024w, https:\/\/jlggb.net\/jlb\/wp-content\/uploads\/2024\/04\/LAtelier-du-spectateur-768x544.png 768w, https:\/\/jlggb.net\/jlb\/wp-content\/uploads\/2024\/04\/LAtelier-du-spectateur-1536x1088.png 1536w, https:\/\/jlggb.net\/jlb\/wp-content\/uploads\/2024\/04\/LAtelier-du-spectateur-2048x1451.png 2048w, https:\/\/jlggb.net\/jlb\/wp-content\/uploads\/2024\/04\/LAtelier-du-spectateur-150x106.png 150w\" sizes=\"auto, (max-width: 640px) 100vw, 640px\" \/><\/a><br \/>\n\u00ab L&rsquo;Atelier du spectateur. La participation en question \u00bb<br \/>\n<i>La Biennale internationale des jeunes artistes. Paris (1959-1985). <\/i>Co\u00e9dition Institut national d&rsquo;histoire de l&rsquo;art \/ Les Presses du r\u00e9el. Sous la direction de Elitza Dulguerova<br \/>\n<a href=\"https:\/\/www.lespressesdureel.com\/ouvrage.php?id=10134&amp;menu=1\" target=\"_blank\" rel=\"noopener\">https:\/\/www.lespressesdureel.com\/ouvrage.php?id=10134&amp;menu=1<\/a><\/p>\n<p>&nbsp;<\/p>\n<p><span style=\"color: #ffffff;\">\u2014<\/span><\/p>\n<p><a href=\"http:\/\/jlggb.net\/blog8\/wp-content\/uploads\/2023\/07\/LeBus_immateriaux_-1985_jlb_full-scaled.jpg\" data-rel=\"lightbox-image-12\" data-imagelightbox=\"12\" data-rl_title=\"\" data-rl_caption=\"\" title=\"\"><img loading=\"lazy\" decoding=\"async\" class=\"alignnone size-full wp-image-2644\" src=\"http:\/\/jlggb.net\/blog8\/wp-content\/uploads\/2023\/07\/LeBus_immateriaux_-1985_jlb_full-scaled.jpg\" alt=\"\" width=\"640\" height=\"480\" \/><\/a><\/p>\n<p><a href=\"http:\/\/jlggb.net\/blog8\/wp-content\/uploads\/2023\/07\/LeBus_new_20230706_full-scaled.jpg\" data-rel=\"lightbox-image-13\" data-imagelightbox=\"13\" data-rl_title=\"\" data-rl_caption=\"\" title=\"\"><img loading=\"lazy\" decoding=\"async\" class=\"alignnone size-full wp-image-2645\" src=\"http:\/\/jlggb.net\/blog8\/wp-content\/uploads\/2023\/07\/LeBus_new_20230706_full-scaled.jpg\" alt=\"\" width=\"640\" height=\"480\" \/><\/a><\/p>\n<p>Mercredi 5 juillet 2023, 18h. Exposition <em>\u00ab Les Immat\u00e9riaux \u00bb Aper\u00e7us d&rsquo;une manifestation postmoderne <\/em>, Espace des Collections film, vid\u00e9o, son et \u0153uvres num\u00e9riques, Mus\u00e9e, niveau 4, Centre Pompidou. Reconstitution de l\u2019installation vid\u00e9o interactive <em>Le Bus ou l\u2019Exercice de la d\u00e9couverte<\/em> de l&rsquo;exposition <em>Les Immat\u00e9riaux<\/em>, 1985, incluant une vitrine de documents, y compris le vid\u00e9odisque (laserdisc) et le floppy disk d&rsquo;origine. Photo de la version de 1985, Centre Pompidou.<\/p>\n<p><a href=\"https:\/\/jlggb.net\/jlb\/wp-content\/uploads\/2024\/03\/moviment_20230708_jlb_LeBus-scaled.jpg\" data-rel=\"lightbox-image-14\" data-imagelightbox=\"14\" data-rl_title=\"\" data-rl_caption=\"\" title=\"\"><img loading=\"lazy\" decoding=\"async\" class=\"alignnone wp-image-3351\" src=\"https:\/\/jlggb.net\/jlb\/wp-content\/uploads\/2024\/03\/moviment_20230708_jlb_LeBus-scaled.jpg\" alt=\"\" width=\"320\" height=\"180\" srcset=\"https:\/\/jlggb.net\/jlb\/wp-content\/uploads\/2024\/03\/moviment_20230708_jlb_LeBus-scaled.jpg 2560w, https:\/\/jlggb.net\/jlb\/wp-content\/uploads\/2024\/03\/moviment_20230708_jlb_LeBus-300x169.jpg 300w, https:\/\/jlggb.net\/jlb\/wp-content\/uploads\/2024\/03\/moviment_20230708_jlb_LeBus-1024x576.jpg 1024w, https:\/\/jlggb.net\/jlb\/wp-content\/uploads\/2024\/03\/moviment_20230708_jlb_LeBus-768x432.jpg 768w, https:\/\/jlggb.net\/jlb\/wp-content\/uploads\/2024\/03\/moviment_20230708_jlb_LeBus-1536x864.jpg 1536w, https:\/\/jlggb.net\/jlb\/wp-content\/uploads\/2024\/03\/moviment_20230708_jlb_LeBus-2048x1152.jpg 2048w, https:\/\/jlggb.net\/jlb\/wp-content\/uploads\/2024\/03\/moviment_20230708_jlb_LeBus-150x84.jpg 150w\" sizes=\"auto, (max-width: 320px) 100vw, 320px\" \/><\/a><br \/>\n\u00ab Les Immat\u00e9riaux \u00bb : Artistes et historiens en conversation. Moviment, chapitre 9 : Par-del\u00e0 la mati\u00e8re. 08-07-2023<br \/>\nCaptation, 1h42 : <a href=\"https:\/\/www.centrepompidou.fr\/fr\/ressources\/media\/UBYzC1O\">https:\/\/www.centrepompidou.fr\/fr\/ressources\/media\/UBYzC1O<\/a><\/p>\n<h1>Actualit\u00e9 2022<\/h1>\n<p>&nbsp;<\/p>\n<p><a href=\"https:\/\/jlggb.net\/jlb\/wp-content\/uploads\/2022\/12\/dSC-vue-20221126-scaled.jpg\" data-rel=\"lightbox-image-15\" data-imagelightbox=\"15\" data-rl_title=\"\" data-rl_caption=\"\" title=\"\"><img loading=\"lazy\" decoding=\"async\" class=\"alignnone size-full wp-image-3132\" src=\"https:\/\/jlggb.net\/jlb\/wp-content\/uploads\/2022\/12\/dSC-vue-20221126-scaled.jpg\" alt=\"\" width=\"640\" height=\"480\" srcset=\"https:\/\/jlggb.net\/jlb\/wp-content\/uploads\/2022\/12\/dSC-vue-20221126-scaled.jpg 2560w, https:\/\/jlggb.net\/jlb\/wp-content\/uploads\/2022\/12\/dSC-vue-20221126-300x225.jpg 300w, https:\/\/jlggb.net\/jlb\/wp-content\/uploads\/2022\/12\/dSC-vue-20221126-1024x768.jpg 1024w, https:\/\/jlggb.net\/jlb\/wp-content\/uploads\/2022\/12\/dSC-vue-20221126-768x576.jpg 768w, https:\/\/jlggb.net\/jlb\/wp-content\/uploads\/2022\/12\/dSC-vue-20221126-1536x1152.jpg 1536w, https:\/\/jlggb.net\/jlb\/wp-content\/uploads\/2022\/12\/dSC-vue-20221126-2048x1536.jpg 2048w, https:\/\/jlggb.net\/jlb\/wp-content\/uploads\/2022\/12\/dSC-vue-20221126-150x113.jpg 150w\" sizes=\"auto, (max-width: 640px) 100vw, 640px\" \/><\/a><\/p>\n<p><a href=\"https:\/\/jlggb.net\/jlb\/wp-content\/uploads\/2022\/12\/drunat-boissier-la-borne-20221126-scaled.jpg\" data-rel=\"lightbox-image-16\" data-imagelightbox=\"16\" data-rl_title=\"\" data-rl_caption=\"\" title=\"\"><img loading=\"lazy\" decoding=\"async\" class=\"alignnone size-full wp-image-3131\" src=\"https:\/\/jlggb.net\/jlb\/wp-content\/uploads\/2022\/12\/drunat-boissier-la-borne-20221126-scaled.jpg\" alt=\"\" width=\"640\" height=\"480\" srcset=\"https:\/\/jlggb.net\/jlb\/wp-content\/uploads\/2022\/12\/drunat-boissier-la-borne-20221126-scaled.jpg 2560w, https:\/\/jlggb.net\/jlb\/wp-content\/uploads\/2022\/12\/drunat-boissier-la-borne-20221126-300x225.jpg 300w, https:\/\/jlggb.net\/jlb\/wp-content\/uploads\/2022\/12\/drunat-boissier-la-borne-20221126-1024x768.jpg 1024w, https:\/\/jlggb.net\/jlb\/wp-content\/uploads\/2022\/12\/drunat-boissier-la-borne-20221126-768x576.jpg 768w, https:\/\/jlggb.net\/jlb\/wp-content\/uploads\/2022\/12\/drunat-boissier-la-borne-20221126-1536x1152.jpg 1536w, https:\/\/jlggb.net\/jlb\/wp-content\/uploads\/2022\/12\/drunat-boissier-la-borne-20221126-2048x1536.jpg 2048w, https:\/\/jlggb.net\/jlb\/wp-content\/uploads\/2022\/12\/drunat-boissier-la-borne-20221126-150x113.jpg 150w\" sizes=\"auto, (max-width: 640px) 100vw, 640px\" \/><\/a><\/p>\n<p>L\u00e9gende : Samedi 26 novembre 2022, Centre c\u00e9ramique contemporaine La Borne, Inauguration des expositions dont \u00ab\u00a0(digital) Soba Choko \u00bb.<\/p>\n<p>Voir : (digital) Soba Choko a un site sp\u00e9cifique :<span style=\"color: #ff0000;\"> <a style=\"color: #ff0000;\" href=\"http:\/\/jlggb.net\/collection\/\" target=\"_blank\" rel=\"noopener\">http:\/\/jlggb.net\/collection\/<\/a><\/span><\/p>\n<p><a href=\"https:\/\/jlggb.net\/jlb\/wp-content\/uploads\/2024\/05\/wexner-center-2024-scaled.jpg\" data-rel=\"lightbox-image-17\" data-imagelightbox=\"17\" data-rl_title=\"\" data-rl_caption=\"\" title=\"\"><img loading=\"lazy\" decoding=\"async\" class=\"alignnone wp-image-3376\" src=\"https:\/\/jlggb.net\/jlb\/wp-content\/uploads\/2024\/05\/wexner-center-2024-scaled.jpg\" alt=\"\" width=\"640\" height=\"426\" srcset=\"https:\/\/jlggb.net\/jlb\/wp-content\/uploads\/2024\/05\/wexner-center-2024-scaled.jpg 2560w, https:\/\/jlggb.net\/jlb\/wp-content\/uploads\/2024\/05\/wexner-center-2024-300x199.jpg 300w, https:\/\/jlggb.net\/jlb\/wp-content\/uploads\/2024\/05\/wexner-center-2024-1024x681.jpg 1024w, https:\/\/jlggb.net\/jlb\/wp-content\/uploads\/2024\/05\/wexner-center-2024-768x510.jpg 768w, https:\/\/jlggb.net\/jlb\/wp-content\/uploads\/2024\/05\/wexner-center-2024-1536x1021.jpg 1536w, https:\/\/jlggb.net\/jlb\/wp-content\/uploads\/2024\/05\/wexner-center-2024-2048x1361.jpg 2048w, https:\/\/jlggb.net\/jlb\/wp-content\/uploads\/2024\/05\/wexner-center-2024-150x100.jpg 150w\" sizes=\"auto, (max-width: 640px) 100vw, 640px\" \/><\/a><\/p>\n<p>Wexner Center for the Arts, The Ohio State University, Columbus, Ohio. <span lang=\"EN-US\">February 3\u2013April 28, 2024, <\/span><em><span lang=\"EN-US\">Sarah Maldoror: Tricontinental Cinema<\/span><\/em><span lang=\"EN-US\">.<\/span> Voir Palais de Tokyo, 25 novembre 2021 \u2014 13 mars 2022.<\/p>\n<p><a href=\"https:\/\/jlggb.net\/jlb\/wp-content\/uploads\/2022\/03\/metz_D4S3922-jlggb-scaled.jpg\" data-rel=\"lightbox-image-18\" data-imagelightbox=\"18\" data-rl_title=\"\" data-rl_caption=\"\" title=\"\"><img loading=\"lazy\" decoding=\"async\" class=\"alignnone wp-image-3100\" src=\"https:\/\/jlggb.net\/jlb\/wp-content\/uploads\/2022\/03\/metz_D4S3922-jlggb-scaled.jpg\" alt=\"\" width=\"640\" height=\"427\" srcset=\"https:\/\/jlggb.net\/jlb\/wp-content\/uploads\/2022\/03\/metz_D4S3922-jlggb-scaled.jpg 2560w, https:\/\/jlggb.net\/jlb\/wp-content\/uploads\/2022\/03\/metz_D4S3922-jlggb-300x200.jpg 300w, https:\/\/jlggb.net\/jlb\/wp-content\/uploads\/2022\/03\/metz_D4S3922-jlggb-1024x683.jpg 1024w, https:\/\/jlggb.net\/jlb\/wp-content\/uploads\/2022\/03\/metz_D4S3922-jlggb-768x512.jpg 768w, https:\/\/jlggb.net\/jlb\/wp-content\/uploads\/2022\/03\/metz_D4S3922-jlggb-1536x1024.jpg 1536w, https:\/\/jlggb.net\/jlb\/wp-content\/uploads\/2022\/03\/metz_D4S3922-jlggb-2048x1365.jpg 2048w, https:\/\/jlggb.net\/jlb\/wp-content\/uploads\/2022\/03\/metz_D4S3922-jlggb-150x100.jpg 150w\" sizes=\"auto, (max-width: 640px) 100vw, 640px\" \/><\/a><\/p>\n<p><a href=\"https:\/\/jlggb.net\/jlb\/wp-content\/uploads\/2022\/03\/metz_D4S3920-jlggb-scaled.jpg\" data-rel=\"lightbox-image-19\" data-imagelightbox=\"19\" data-rl_title=\"\" data-rl_caption=\"\" title=\"\"><img loading=\"lazy\" decoding=\"async\" class=\"alignnone wp-image-3099\" src=\"https:\/\/jlggb.net\/jlb\/wp-content\/uploads\/2022\/03\/metz_D4S3920-jlggb-scaled.jpg\" alt=\"\" width=\"640\" height=\"427\" srcset=\"https:\/\/jlggb.net\/jlb\/wp-content\/uploads\/2022\/03\/metz_D4S3920-jlggb-scaled.jpg 2560w, https:\/\/jlggb.net\/jlb\/wp-content\/uploads\/2022\/03\/metz_D4S3920-jlggb-300x200.jpg 300w, https:\/\/jlggb.net\/jlb\/wp-content\/uploads\/2022\/03\/metz_D4S3920-jlggb-1024x683.jpg 1024w, https:\/\/jlggb.net\/jlb\/wp-content\/uploads\/2022\/03\/metz_D4S3920-jlggb-768x512.jpg 768w, https:\/\/jlggb.net\/jlb\/wp-content\/uploads\/2022\/03\/metz_D4S3920-jlggb-1536x1024.jpg 1536w, https:\/\/jlggb.net\/jlb\/wp-content\/uploads\/2022\/03\/metz_D4S3920-jlggb-2048x1365.jpg 2048w, https:\/\/jlggb.net\/jlb\/wp-content\/uploads\/2022\/03\/metz_D4S3920-jlggb-150x100.jpg 150w\" sizes=\"auto, (max-width: 640px) 100vw, 640px\" \/><\/a><\/p>\n<p>L\u00e9gende : Atelier de s\u00e9rigraphie, arts plastiques, universit\u00e9 Paris 8 \u2014 Vincennes \u2013 Assez !, 1971 \u2013 Lettre ouverte \u00e0 Madame Binoche, maire du 18e, 1972 \u2013 Nixon, Vietnam, 1972 \u2013 Martinique, mai 1848, 1972 \u2013 Lyc\u00e9ens \u00e9tudiants contre la s\u00e9lection de classe, 1973 \u2013 Solidarit\u00e9, Sonacotra, Montreuil, 1976 \u2013 Calendrier 1977 pour les foyers Sonacotra en gr\u00e8ve, 1976 \u2013 Jean-Louis Boissier, Impression en s\u00e9rigraphie d\u2019une affiche pour les foyers Sonacotra en gr\u00e8ve, 1976 et Affiche Vincennes \u00ab ou le d\u00e9sir d\u2019apprendre \u00bb, 1979 \u2013 Paris, collection Jean-Louis Boissier et Liliane Terrier \u00a9 Centre Pompidou-Metz \/ Photo Marc Domage \/ 2022<\/p>\n<p><a href=\"https:\/\/jlggb.net\/jlb\/wp-content\/uploads\/2022\/03\/CET-1972-13.38.27.jpg\" data-rel=\"lightbox-image-20\" data-imagelightbox=\"20\" data-rl_title=\"\" data-rl_caption=\"\" title=\"\"><img loading=\"lazy\" decoding=\"async\" class=\"alignnone wp-image-3098\" src=\"https:\/\/jlggb.net\/jlb\/wp-content\/uploads\/2022\/03\/CET-1972-13.38.27.jpg\" alt=\"\" width=\"640\" height=\"473\" srcset=\"https:\/\/jlggb.net\/jlb\/wp-content\/uploads\/2022\/03\/CET-1972-13.38.27.jpg 2048w, https:\/\/jlggb.net\/jlb\/wp-content\/uploads\/2022\/03\/CET-1972-13.38.27-300x221.jpg 300w, https:\/\/jlggb.net\/jlb\/wp-content\/uploads\/2022\/03\/CET-1972-13.38.27-1024x756.jpg 1024w, https:\/\/jlggb.net\/jlb\/wp-content\/uploads\/2022\/03\/CET-1972-13.38.27-768x567.jpg 768w, https:\/\/jlggb.net\/jlb\/wp-content\/uploads\/2022\/03\/CET-1972-13.38.27-1536x1134.jpg 1536w, https:\/\/jlggb.net\/jlb\/wp-content\/uploads\/2022\/03\/CET-1972-13.38.27-150x111.jpg 150w\" sizes=\"auto, (max-width: 640px) 100vw, 640px\" \/><\/a><\/p>\n<p>L\u00e9gende : Liliane Terrier et Jean-Louis Boissier, <em>Jeunes filles \u00e9l\u00e8ves du CET de Vaux-le-P\u00e9nil, 1972<\/em>, film 16 mm num\u00e9ris\u00e9 par le CNC en 2015, 10 mn<\/p>\n<p>Centre Pompidou, Metz<br \/>\nL&rsquo;Art d&rsquo;apprendre. Une \u00e9cole des cr\u00e9ateurs<br \/>\nExposition du 5 f\u00e9vrier au 29 ao\u00fbt 2022<\/p>\n<p>L\u2019exposition L&rsquo;Art d&rsquo;apprendre. Une \u00e9cole des cr\u00e9ateurs aborde la question de la p\u00e9dagogie depuis l\u2019\u00e9cole d\u2019art, pour ensuite basculer dans le grand bain des apprentissages que chacun.e m\u00e8ne tout au long de sa vie. Dans un premier temps, il s\u2019agit donc d\u2019observer comment les artistes apprennent \u00e0 faire de l\u2019art, et comment cet apprentissage, qu\u2019il soit accompagn\u00e9 ou autodidacte, devient parfois une forme d\u2019art \u00e0 part enti\u00e8re, ainsi qu\u2019une amorce de r\u00e9flexion sur l\u2019\u00e9ducation en g\u00e9n\u00e9ral. Point de d\u00e9part de l\u2019exposition, la g\u00e9n\u00e9ration de Mai 68, nourrie par les lectures de C\u00e9lestin Freinet, d\u2019Alexander Sutherland Neill (Libres enfants de Summerhill, 1960), d\u2019Ivan Illich (Une soci\u00e9t\u00e9 sans \u00e9cole, 1970) ou de Paulo Freire (P\u00e9dagogie des opprim\u00e9s, 1970), pense la formation d\u2019abord en termes de lib\u00e9ration et de d\u00e9conditionnement.<br \/>\nDes happenings Fluxus aux exp\u00e9riences de conscientisation f\u00e9ministes, des hypergraphies lettristes aux navigations hyperliens, de l\u2019enseignement mutuel aux auto-constructions de l\u2019anti-design italien, des jardins d\u2019enfants aux ateliers de permaculture, L\u2019Art d\u2019apprendre parcourt de multiples mod\u00e8les d\u2019apprentissage, parfois activ\u00e9s au sein d\u2019installations praticables, et offre aux visiteurs un espace pour accueillir divers groupes d\u2019usagers, formations exp\u00e9rimentales, scolaires et extrascolaires.<\/p>\n<p>Commissaires d&rsquo;exposition : H\u00e9l\u00e8ne Meisel<\/p>\n<p>Texte du catalogue<br \/>\nR\u00e9volution Vincennes. Jean-Louis Boissier, Liliane Terrier et leurs objets didactiques<br \/>\nH\u00e9l\u00e8ne Meisel<\/p>\n<p><em>Appel\u00e9e dans un premier temps Centre universitaire exp\u00e9rimental de Vincennes, l\u2019universit\u00e9 Paris\u00a08 ouvre en janvier\u00a01969 dans la foul\u00e9e imm\u00e9diate de Mai-68, dont certaines revendications impr\u00e8gnent la loi d\u2019orientation de l\u2019enseignement sup\u00e9rieur de novembre\u00a01968, notamment une plus grande pluridisciplinarit\u00e9 et une participation renforc\u00e9e aux conseils d\u2019universit\u00e9. Edgar Faure, ministre de l\u2019\u00c9ducation nationale, songe aussi qu\u2019excentrer et concentrer les contestataires \u00e0 Vincennes pourrait mener, sinon \u00e0 leur dissolution, du moins \u00e0 une accalmie. Avant que ses locaux ne soient brutalement d\u00e9truits et l\u2019universit\u00e9 transf\u00e9r\u00e9e \u00e0 Saint-Denis, en 1980, Vincennes exp\u00e9rimente dix ans une p\u00e9dagogie r\u00e9volutionnaire, marqu\u00e9e par la volont\u00e9 de d\u00e9cloisonner les savoirs et de d\u00e9mocratiser l\u2019acc\u00e8s \u00e0 l\u2019enseignement sup\u00e9rieur.<\/em><br \/>\n<em>Hospitali\u00e8re et non s\u00e9lective, elle accueille parmi ses \u00e9tudiants des non-bacheliers, des travailleurs, des ch\u00f4meurs, des \u00e9trangers, des m\u00e8res c\u00e9libataires. Lieu de vie, elle int\u00e8gre aussi une cr\u00e8che, une \u00e9cole primaire et m\u00eame des tables de vente, le souk. D\u00e9sirant faire de l\u2019universit\u00e9 un lieu d\u2019\u00e9ducation permanente, Vincennes syst\u00e9matise les cours du soir et inaugure, en 1972, la formation continue. Inspir\u00e9e du mod\u00e8le am\u00e9ricain des \u00ab\u00a0cr\u00e9dits\u00a0\u00bb, l\u2019universit\u00e9 met en place les \u00ab\u00a0unit\u00e9s de valeurs\u00a0\u00bb (UV), qui permettent de moduler les mati\u00e8res \u00e0 la carte. Les distinctions entre les \u00e9tudiants et les enseignants, parfois du m\u00eame \u00e2ge, entre le personnel administratif, les techniciens et les agents d\u2019entretien tentent d\u2019\u00eatre abolies. Gr\u00e8ves, occupations et assembl\u00e9es g\u00e9n\u00e9rales sont le quotidien de l\u2019universit\u00e9, qui se d\u00e9grade vite malgr\u00e9 son cadre idyllique.<\/em><br \/>\n<em>Au-del\u00e0 d\u2019\u00eatre une \u00ab\u00a0r\u00e9serve de militants r\u00e9volutionnaires\u00a0\u00bb o\u00f9 cohabitent communistes et gauchistes, Vincennes est aussi une formidable \u00ab\u00a0vitrine de nouveaut\u00e9s intellectuelles1.\u00a0\u00bb Co-fondatrice de l\u2019universit\u00e9, H\u00e9l\u00e8ne Cixous y cr\u00e9e, en 1974, le premier centre d\u2019\u00e9tudes f\u00e9minines int\u00e9grant une universit\u00e9 europ\u00e9enne. Les plus grands philosophes s\u2019y retrouvent\u00a0: Alain Badiou, Fran\u00e7ois Ch\u00e2telet, Gilles Deleuze, Michel Foucault, Jean-Fran\u00e7ois Lyotard, Jacques Ranci\u00e8re\u2026 Certains y enseignent de mani\u00e8re plus collaborative, \u00ab\u00a0\u00e9labor[ent] leur pens\u00e9e en enseignant2\u00a0\u00bb, admettant qu\u2019\u00ab\u00a0il n\u2019y a pas de savoir, que de la recherche3\u00a0\u00bb. De nouvelles disciplines y sont introduites, comme les sciences de l\u2019\u00e9ducation, la psychanalyse, l\u2019informatique, les arts, dont les arts plastiques, la musique, le th\u00e9\u00e2tre ou les \u00e9tudes cin\u00e9matographiques et audiovisuelles.<\/em><br \/>\n<em>Vincennes prend le contre-pied de la Sorbonne. Son d\u00e9partement Arts plastiques se d\u00e9marque des \u00e9coles des beaux-arts, en pratiquant une \u00ab\u00a0analyse critique du monde actuel\u00a0\u00bb et en misant sur \u00ab\u00a0la compl\u00e9mentarit\u00e9 de la pratique et de la th\u00e9orie, de la cr\u00e9ation et de la r\u00e9flexion\u00a0\u00bb4. L\u2019atelier de s\u00e9rigraphie initi\u00e9 en 1971 par Jean-Louis Boissier (n\u00e9 en 1945) se distingue par exemple des ateliers populaires de Mai-68. On y travaille une esth\u00e9tique autre, proche parfois du photojournalisme et de l\u2019agit-prop, tr\u00e8s au fait de l\u2019imagerie chinoise. Tir\u00e9es sur des formats d\u2019imprimerie standard (60\u00a0\u00d7\u00a080\u00a0cm) et souvent en monochromie, ses affiches se distinguent aussi par leurs sujets. Avec des textes qui s\u2019\u00e9talent en placard plut\u00f4t qu\u2019en slogans, elles traitent de luttes situ\u00e9es, d\u00e9passant les seules probl\u00e9matiques \u00e9tudiantes\u00a0: les conditions de vie des travailleurs immigr\u00e9s dans les foyers Sonacotra, l\u2019obtention d\u2019un statut pour les \u00ab\u00a0travailleurs du nettoyage\u00a0\u00bb de l\u2019universit\u00e9, la solidarit\u00e9 avec les mouvements ouvriers ou paysans, avec la lutte du peuple palestinien, du peuple vietnamien, etc.<\/em><br \/>\n<em>Le film Jeunes filles \u00e9l\u00e8ves du CET de Vaux-le-P\u00e9nil, r\u00e9alis\u00e9 en 1972 par Liliane Terrier (n\u00e9e en 1946) et Jean-Louis Boissier (n\u00e9 en 1945) est exemplaire d\u2019une p\u00e9dagogie d\u00e9hi\u00e9rarchis\u00e9e et collaborative. Suivant \u00e0 Vincennes le cours \u00ab\u00a0Mouvement de la jeunesse\u00a0\u00bb, commun aux d\u00e9partements Cin\u00e9ma et Arts-Plastiques, Liliane Terrier est professeur de fran\u00e7ais dans un coll\u00e8ge d\u2019enseignement technique (CET) proche de Melun. En collaboration avec Jean-Louis Boissier, elle laisse s\u2019exprimer librement, sur un fond de verdure, cinq de ses \u00e9l\u00e8ves. Tr\u00e8s peu directive, cette discussion m\u00e8ne les jeunes femmes \u00e0 s\u2019interroger elles-m\u00eames sur l\u2019orientation et l\u2019apprentissage qu\u2019on leur destine\u00a0: broderie, aide maternelle ou couture. R\u00e9el \u00ab\u00a0objet didactique\u00a0\u00bb, tel que Jean-Louis Boissier l\u2019avait exp\u00e9riment\u00e9, avant Vincennes, dans le champ du th\u00e9\u00e2tre avec les pi\u00e8ces didactiques de Bertold Brecht (Lehrst\u00fcck), ou dans les arts plastiques avec la Machine pseudo-didactique (1961) de Piotr Kowalski, ce film est d\u2019abord destin\u00e9 \u00e0 apprendre \u00e0 participer \u00e0 ses participantes.<\/em><\/p>\n<p><em>Notes<\/em><br \/>\n<em>1. Jacques Ranci\u00e8re dans le film de Katharina Bellan Le Vent de Vincennes, VLR Productions, 2005, 53\u2019, http:\/\/www.archives-video.univ-paris8.fr\/video.php?recordID=129<\/em><br \/>\n<em>2. \u00c9lisabeth Roudinesco dans le film de Virginie Linhart Vincennes, l\u2019universit\u00e9 perdue, Blaq out, 2018.<\/em><br \/>\n<em>3. H\u00e9l\u00e8ne Cixous dans le film de Katharina Bellan, op.\u00a0cit.<\/em><br \/>\n<em>4. Universit\u00e9 Paris 8, \u00ab\u00a0Guide de l\u2019\u00e9tudiant 1978-1979\u00a0\u00bb, Biblioth\u00e8que num\u00e9rique Paris\u00a08, p.\u00a0256, https\u00a0:\/\/www.bibliotheque-numerique-paris8.fr\/document\/FVNG0008, consult\u00e9 le 22\u00a0ao\u00fbt\u00a02021.<\/em><\/p>\n<p>&nbsp;<\/p>\n<h1>Actualit\u00e9 2021<\/h1>\n<p><span style=\"color: #ffffff;\">\u2014<\/span><\/p>\n<p><a href=\"https:\/\/jlggb.net\/jlb\/wp-content\/uploads\/2023\/04\/immateriaux_boissier_TLC_monory.jpg\" data-rel=\"lightbox-image-21\" data-imagelightbox=\"21\" data-rl_title=\"\" data-rl_caption=\"\" title=\"\"><img loading=\"lazy\" decoding=\"async\" class=\"alignnone wp-image-3243\" src=\"https:\/\/jlggb.net\/jlb\/wp-content\/uploads\/2023\/04\/immateriaux_boissier_TLC_monory.jpg\" alt=\"\" width=\"640\" height=\"427\" srcset=\"https:\/\/jlggb.net\/jlb\/wp-content\/uploads\/2023\/04\/immateriaux_boissier_TLC_monory.jpg 2400w, https:\/\/jlggb.net\/jlb\/wp-content\/uploads\/2023\/04\/immateriaux_boissier_TLC_monory-300x200.jpg 300w, https:\/\/jlggb.net\/jlb\/wp-content\/uploads\/2023\/04\/immateriaux_boissier_TLC_monory-1024x683.jpg 1024w, https:\/\/jlggb.net\/jlb\/wp-content\/uploads\/2023\/04\/immateriaux_boissier_TLC_monory-768x512.jpg 768w, https:\/\/jlggb.net\/jlb\/wp-content\/uploads\/2023\/04\/immateriaux_boissier_TLC_monory-1536x1024.jpg 1536w, https:\/\/jlggb.net\/jlb\/wp-content\/uploads\/2023\/04\/immateriaux_boissier_TLC_monory-2048x1365.jpg 2048w, https:\/\/jlggb.net\/jlb\/wp-content\/uploads\/2023\/04\/immateriaux_boissier_TLC_monory-150x100.jpg 150w\" sizes=\"auto, (max-width: 640px) 100vw, 640px\" \/><\/a><\/p>\n<p>Site \u00ab Toutes les copies \u00bb dans <em>Les Immat\u00e9riaux<\/em>, Centre Georges Pompidou, 1985, Liliane Terrier et des \u00e9tudiantes et \u00e9tudiants de l&rsquo;Universit\u00e9 Paris 8.<br \/>\n<span style=\"color: #ffffff;\">\u2014<\/span><br \/>\nColloque X\u00e9rographie-Artistes femmes, 1965-1990, INHA, Paris, 18 et 19 novembre 2021<\/p>\n<p><iframe loading=\"lazy\" title=\"Colloque l X\u00e9rographie  : Artistes-femmes\" width=\"660\" height=\"371\" src=\"https:\/\/www.youtube.com\/embed\/videoseries?list=PLsl8NWzVv6T0M4nTs10_F9VSo_Fxm0i_T\" frameborder=\"0\" allow=\"accelerometer; autoplay; clipboard-write; encrypted-media; gyroscope; picture-in-picture; web-share\" referrerpolicy=\"strict-origin-when-cross-origin\" allowfullscreen><\/iframe><\/p>\n<p>Session 4\/4, Pratiques curatoriales. Mod\u00e9ration : Julie Jones, Centre Georges Pompidou<br \/>\nContribution de Jean-Louis Boissier : \u00ab Toutes les copies \u00bb dans <em>Les Immat\u00e9riaux<\/em>, 1985<\/p>\n<p><iframe loading=\"lazy\" title=\"Colloque l X\u00e9rographie-Artistes femmes, 1965-1990. Session 4 \/ 4\" width=\"660\" height=\"371\" src=\"https:\/\/www.youtube.com\/embed\/uQ80sygE9Qk?start=323&#038;feature=oembed\" frameborder=\"0\" allow=\"accelerometer; autoplay; clipboard-write; encrypted-media; gyroscope; picture-in-picture; web-share\" referrerpolicy=\"strict-origin-when-cross-origin\" allowfullscreen><\/iframe><\/p>\n<p><span style=\"color: #ffffff;\">\u2014<\/span><\/p>\n<p><a href=\"https:\/\/jlggb.net\/jlb\/wp-content\/uploads\/2022\/04\/sonac-pdt-panneau-20211125-jlggb-scaled-1.jpg\" data-rel=\"lightbox-image-22\" data-imagelightbox=\"22\" data-rl_title=\"\" data-rl_caption=\"\" title=\"\"><img loading=\"lazy\" decoding=\"async\" class=\"alignnone wp-image-3109\" src=\"https:\/\/jlggb.net\/jlb\/wp-content\/uploads\/2022\/04\/sonac-pdt-panneau-20211125-jlggb-scaled-1.jpg\" alt=\"\" width=\"640\" height=\"480\" srcset=\"https:\/\/jlggb.net\/jlb\/wp-content\/uploads\/2022\/04\/sonac-pdt-panneau-20211125-jlggb-scaled-1.jpg 2560w, https:\/\/jlggb.net\/jlb\/wp-content\/uploads\/2022\/04\/sonac-pdt-panneau-20211125-jlggb-scaled-1-300x225.jpg 300w, https:\/\/jlggb.net\/jlb\/wp-content\/uploads\/2022\/04\/sonac-pdt-panneau-20211125-jlggb-scaled-1-1024x768.jpg 1024w, https:\/\/jlggb.net\/jlb\/wp-content\/uploads\/2022\/04\/sonac-pdt-panneau-20211125-jlggb-scaled-1-768x576.jpg 768w, https:\/\/jlggb.net\/jlb\/wp-content\/uploads\/2022\/04\/sonac-pdt-panneau-20211125-jlggb-scaled-1-1536x1152.jpg 1536w, https:\/\/jlggb.net\/jlb\/wp-content\/uploads\/2022\/04\/sonac-pdt-panneau-20211125-jlggb-scaled-1-2048x1536.jpg 2048w, https:\/\/jlggb.net\/jlb\/wp-content\/uploads\/2022\/04\/sonac-pdt-panneau-20211125-jlggb-scaled-1-150x113.jpg 150w\" sizes=\"auto, (max-width: 640px) 100vw, 640px\" \/><\/a><\/p>\n<p><a href=\"https:\/\/jlggb.net\/jlb\/wp-content\/uploads\/2022\/04\/sonac-pdt-panneau-agent-20211125-jlggb-scaled-1.jpg\" data-rel=\"lightbox-image-23\" data-imagelightbox=\"23\" data-rl_title=\"\" data-rl_caption=\"\" title=\"\"><img loading=\"lazy\" decoding=\"async\" class=\"alignnone wp-image-3110\" src=\"https:\/\/jlggb.net\/jlb\/wp-content\/uploads\/2022\/04\/sonac-pdt-panneau-agent-20211125-jlggb-scaled-1.jpg\" alt=\"\" width=\"640\" height=\"480\" srcset=\"https:\/\/jlggb.net\/jlb\/wp-content\/uploads\/2022\/04\/sonac-pdt-panneau-agent-20211125-jlggb-scaled-1.jpg 2560w, https:\/\/jlggb.net\/jlb\/wp-content\/uploads\/2022\/04\/sonac-pdt-panneau-agent-20211125-jlggb-scaled-1-300x225.jpg 300w, https:\/\/jlggb.net\/jlb\/wp-content\/uploads\/2022\/04\/sonac-pdt-panneau-agent-20211125-jlggb-scaled-1-1024x768.jpg 1024w, https:\/\/jlggb.net\/jlb\/wp-content\/uploads\/2022\/04\/sonac-pdt-panneau-agent-20211125-jlggb-scaled-1-768x576.jpg 768w, https:\/\/jlggb.net\/jlb\/wp-content\/uploads\/2022\/04\/sonac-pdt-panneau-agent-20211125-jlggb-scaled-1-1536x1152.jpg 1536w, https:\/\/jlggb.net\/jlb\/wp-content\/uploads\/2022\/04\/sonac-pdt-panneau-agent-20211125-jlggb-scaled-1-2048x1536.jpg 2048w, https:\/\/jlggb.net\/jlb\/wp-content\/uploads\/2022\/04\/sonac-pdt-panneau-agent-20211125-jlggb-scaled-1-150x113.jpg 150w\" sizes=\"auto, (max-width: 640px) 100vw, 640px\" \/><\/a><\/p>\n<p><a href=\"https:\/\/jlggb.net\/jlb\/wp-content\/uploads\/2022\/04\/sonac-pdt-panneau-ecran-20211125-jlggb-scaled-1.jpg\" data-rel=\"lightbox-image-24\" data-imagelightbox=\"24\" data-rl_title=\"\" data-rl_caption=\"\" title=\"\"><img loading=\"lazy\" decoding=\"async\" class=\"alignnone wp-image-3111\" src=\"https:\/\/jlggb.net\/jlb\/wp-content\/uploads\/2022\/04\/sonac-pdt-panneau-ecran-20211125-jlggb-scaled-1.jpg\" alt=\"\" width=\"640\" height=\"480\" srcset=\"https:\/\/jlggb.net\/jlb\/wp-content\/uploads\/2022\/04\/sonac-pdt-panneau-ecran-20211125-jlggb-scaled-1.jpg 2560w, https:\/\/jlggb.net\/jlb\/wp-content\/uploads\/2022\/04\/sonac-pdt-panneau-ecran-20211125-jlggb-scaled-1-300x225.jpg 300w, https:\/\/jlggb.net\/jlb\/wp-content\/uploads\/2022\/04\/sonac-pdt-panneau-ecran-20211125-jlggb-scaled-1-1024x768.jpg 1024w, https:\/\/jlggb.net\/jlb\/wp-content\/uploads\/2022\/04\/sonac-pdt-panneau-ecran-20211125-jlggb-scaled-1-768x576.jpg 768w, https:\/\/jlggb.net\/jlb\/wp-content\/uploads\/2022\/04\/sonac-pdt-panneau-ecran-20211125-jlggb-scaled-1-1536x1152.jpg 1536w, https:\/\/jlggb.net\/jlb\/wp-content\/uploads\/2022\/04\/sonac-pdt-panneau-ecran-20211125-jlggb-scaled-1-2048x1536.jpg 2048w, https:\/\/jlggb.net\/jlb\/wp-content\/uploads\/2022\/04\/sonac-pdt-panneau-ecran-20211125-jlggb-scaled-1-150x113.jpg 150w\" sizes=\"auto, (max-width: 640px) 100vw, 640px\" \/><\/a><\/p>\n<p>Palais de Tokyo, 25 novembre 2021 \u2014 13 mars 2022, exposition <em>Sarah Maldoror, cin\u00e9ma tricontinental,<\/em> con\u00e7ue par Fran\u00e7ois Piron et Cyrile Fauq. Des s\u00e9rigraphies et un diaporama montrent la gr\u00e8ve des r\u00e9sidents des foyers Sonacotra, de 1975 \u00e0 1979, et comment un soutien artistique fut conduit, appuy\u00e9 sur des ateliers de l\u2019Universit\u00e9 Paris8-Vincennes. Collection et r\u00e9alisation : Jean-Louis Boissier et Liliane Terrier.<\/p>\n<p>Texte sur le panneau<\/p>\n<p><em>UN DESSERT POUR CONSTANCE, 1980<\/em><br \/>\n<em>Sarah Maldoror choisit l\u2019arme de l\u2019humour pour r\u00e9aliser cette fiction produite par la t\u00e9l\u00e9vision fran\u00e7aise, qui ne fut diffus\u00e9e qu\u2019une fois, \u00e0 20h30, le 12 f\u00e9vrier 1981. Adapt\u00e9e par l\u2019\u00e9crivain Maurice Pons d\u2019une nouvelle de Daniel Boulanger, elle raconte l\u2019histoire de deux employ\u00e9s africains de la voirie parisienne qui deviennent des experts &#8211; th\u00e9oriques &#8211; de la cuisine fran\u00e7aise, et s\u2019inscrivent \u00e0 un jeu t\u00e9l\u00e9vis\u00e9 dans le but d\u2019aider un de leurs camarades \u00e0 rentrer au pays. \u00c0 travers les tribulations de ces deux personnages d\u00e9bonnaires, Sarah Maldoror fait un portrait satirique du racisme fran\u00e7ais, sur fond de traces coloniales dans l\u2019architecture parisienne. Elle filme aussi longuement les conditions de vie et de travail de ces travailleurs invisibles, a fortiori \u00e0 la t\u00e9l\u00e9vision, et notamment leur foyer, choisissant d\u00e9lib\u00e9r\u00e9ment d\u2019en faire un lieu plut\u00f4t attrayant, \u00e0 vrai dire \u00e9loign\u00e9 des conditions r\u00e9elles de vie dans les foyers de travailleurs, et notamment dans les foyers Sonacotra. Cet int\u00e9r\u00eat de Sarah Maldoror \u00e0 rendre visible ces formes de vie s\u2019inscrit effectivement au terme de presque une d\u00e9cennie de lutte des locataires des foyers Sonacotra (Soci\u00e9t\u00e9 nationale de construction de logements pour travailleurs), une entit\u00e9 cr\u00e9\u00e9e en 1956 par le Minist\u00e8re de l\u2019int\u00e9rieur fran\u00e7ais pour loger la main-d\u2019\u0153uvre \u00e9trang\u00e8re sollicit\u00e9e par les grands travaux en France, mais aussi pour contr\u00f4ler la diffusion des id\u00e9es ind\u00e9pendantistes parmi les travailleurs alg\u00e9riens, population la plus nombreuse parmi les travailleurs immigr\u00e9s. Les foyers Sonacotra sont notamment dirig\u00e9s par des militaires en retraite, n\u2019autorisent ni les visites ni les r\u00e9unions. Un mouvement de gr\u00e8ve des loyers et d\u2019occupation des locaux va na\u00eetre au d\u00e9but des ann\u00e9es 1970, et s\u2019amplifier au fil des expulsions de certains responsables associatifs. Les documents pr\u00e9sent\u00e9s sur ce panneau \u00e9voquent la collaboration continue entre les gr\u00e9vistes et l\u2019atelier de s\u00e9rigraphie de l\u2019Universit\u00e9 de Paris 8-Vincennes et la part qu\u2019y prirent les enseignant-es Jean-Louis Boissier et Liliane Terrier, qui ont conserv\u00e9 ces affiches et r\u00e9alis\u00e9 ce diaporama.<\/em><\/p>\n<p>&nbsp;<\/p>\n<p><a href=\"https:\/\/jlggb.net\/jlb\/wp-content\/uploads\/2021\/09\/10-juin-2021-9-1536x1152-1.jpg\" data-rel=\"lightbox-image-25\" data-imagelightbox=\"25\" data-rl_title=\"\" data-rl_caption=\"\" title=\"\"><img loading=\"lazy\" decoding=\"async\" class=\"alignnone wp-image-3067\" src=\"https:\/\/jlggb.net\/jlb\/wp-content\/uploads\/2021\/09\/10-juin-2021-9-1536x1152-1.jpg\" alt=\"\" width=\"640\" height=\"480\" srcset=\"https:\/\/jlggb.net\/jlb\/wp-content\/uploads\/2021\/09\/10-juin-2021-9-1536x1152-1.jpg 1536w, https:\/\/jlggb.net\/jlb\/wp-content\/uploads\/2021\/09\/10-juin-2021-9-1536x1152-1-300x225.jpg 300w, https:\/\/jlggb.net\/jlb\/wp-content\/uploads\/2021\/09\/10-juin-2021-9-1536x1152-1-1024x768.jpg 1024w, https:\/\/jlggb.net\/jlb\/wp-content\/uploads\/2021\/09\/10-juin-2021-9-1536x1152-1-768x576.jpg 768w, https:\/\/jlggb.net\/jlb\/wp-content\/uploads\/2021\/09\/10-juin-2021-9-1536x1152-1-150x113.jpg 150w\" sizes=\"auto, (max-width: 640px) 100vw, 640px\" \/><\/a><\/p>\n<p>Dans le cadre du programme de recherche men\u00e9 \u00e0 l&rsquo;INHA \u00ab\u00a01959-1985, au prisme de la Biennale de Paris\u00a0\u00bb, une exposition a lieu au sein des collections permanentes du Mus\u00e9e national d&rsquo;art moderne &#8211; Centre Georges Pompidou (salles 2, 5 et 7 du 4e \u00e9tage du mus\u00e9e).<br \/>\nIntitul\u00e9e \u00ab\u00a0Un espace pour autre chose : la Biennale de Paris, 1959-1985\u00a0\u00bb, elle a \u00e9t\u00e9 con\u00e7ue collectivement, par Elitza Dulguerova, Mica Gherghescu (Biblioth\u00e8que Kandinsky du MNAM-Cci), avec l&rsquo;aide de Federica Milano et le regard documental de franck leibovici, et en \u00e9troite collaboration avec les Archives de la critique d&rsquo;art \u00e0 Rennes.<br \/>\nElle est en place jusqu&rsquo;au 31 d\u00e9cembre 2021.<\/p>\n<p>Plus de d\u00e9tails : <a href=\"https:\/\/www.inha.fr\/fr\/actualites\/actualites-de-l-inha\/en-2021\/un-espace-pour-autre-chose-la-biennale-de-paris-1959-1985.html\">ici<\/a><\/p>\n<p>Contribution de Jean-Louis Boissier : \u00ab L&rsquo;Atelier du spectateur \u00bb, Biennale de 1969;<\/p>\n<p>Remerciements : \u00c9ric de Chassey, France Nerlich, Bernard Blist\u00e8ne, Nicolas Liucci-Goutnikov, pour leur soutien ; l\u2019\u00e9quipe de production du MNAM-CCI\/Centre Pompidou ; Aurore Buffetault et Julia Raymond, pour leurs recherches et apports pr\u00e9cieux ; le comit\u00e9 scientifique du programme \u00ab 1959-1985, au prisme de la Biennale de Paris \u00bb, pour ses conseils avis\u00e9s (Mathilde Arnoux, Paula Barreiro-L\u00f3pez, J\u00e9r\u00f4me Bazin, Nathalie Boulouch, Pauline Chevalier, Sophie Derrot, Catherine Gonnard, Antje Kramer-Mallordy) ; tous les intervenants du s\u00e9minaire et auteurs du livre issu du programme de recherche et, en particulier, pour l\u2019inspiration iconographique, Cl\u00e9lia Barbut, Jean-Louis Boissier, Juliane Debeusscher, Lilian Froger, Justine Jean, H\u00e9l\u00e8ne Meisel, Jean-Marc Poinsot, Annabela Tournon, Anne Zeitz ; Antoine Courtin, Pierre-Yves Laborde, Sonia Descamps, C\u00e9line Heytens, Marianne Tricoire, pour le suivi de la base de donn\u00e9es et du portail num\u00e9rique ; Julien Blaine, Jacques Charlier, Goran \u0110or\u0111evi\u0107, Daniel Abadie, Bernard Borgeaud, Michel Claura et Catherine Millet, pour leur bienveillance au projet. Les Archives de la critique d\u2019art remercient Sophie Blanchard, Marc Le Jeune, le CREA (Centre de ressources et d\u2019\u00e9tudes audiovisuelles) Universit\u00e9 Rennes 2 , F\u00e9lix Drouet, M\u00e9lissa Lalouette.<\/p>\n<p><span style=\"color: #ffffff;\">\u2014<\/span><\/p>\n<h1>Actualit\u00e9 2020<\/h1>\n<p><span style=\"color: #ffffff;\">\u2014<\/span><br \/>\n<a href=\"https:\/\/jlggb.net\/jlb\/wp-content\/uploads\/2020\/12\/emma.jpg\" data-rel=\"lightbox-image-26\" data-imagelightbox=\"26\" data-rl_title=\"\" data-rl_caption=\"\" title=\"\"><img loading=\"lazy\" decoding=\"async\" class=\"alignnone wp-image-2656\" src=\"https:\/\/jlggb.net\/jlb\/wp-content\/uploads\/2020\/12\/emma.jpg\" alt=\"\" width=\"640\" height=\"905\" \/><\/a><\/p>\n<p>Recherches iconographiques, datation, localisation. Mercredi 30 d\u00e9cembre 2020. Archives, photos personnelles. Apr\u00e8s une investigation minutieuse*, il se confirme qu&rsquo;il s&rsquo;agit l\u00e0 d&rsquo;un portrait d&rsquo;Emma, 20 ans, 1933, chez Matraire, Le Rivier, Cognin les Gorges, Is\u00e8re. *Indice d\u00e9cisif : segment de <em>skyline<\/em>.<br \/>\n<span style=\"color: #ffffff;\">\u2014<\/span><\/p>\n<h1>Actualit\u00e9 2019<\/h1>\n<p><span style=\"color: #ffffff;\">\u2014<\/span><br \/>\n<a href=\"http:\/\/jlggb.net\/blog7\/wp-content\/uploads\/2019\/12\/panier-e-20191207-instagram.jpg\" data-rel=\"lightbox-image-27\" data-imagelightbox=\"27\" data-rl_title=\"\" data-rl_caption=\"\" title=\"\"><img loading=\"lazy\" decoding=\"async\" class=\"alignnone size-full wp-image-91\" src=\"http:\/\/jlggb.net\/blog7\/wp-content\/uploads\/2019\/12\/panier-e-20191207-instagram.jpg\" alt=\"\" width=\"640\" height=\"640\" \/><\/a><\/p>\n<p>1er d\u00e9cembre 2019. D\u00e9but du N\u00b07 de jlggbblog. Le N\u00b01 a \u00e9t\u00e9 ouvert le 1er d\u00e9cembre 2007. Ensuite, un nouveau num\u00e9ro tous les deux ans.<\/p>\n<p>Liens pour consulter ces blogs :<\/p>\n<h1 style=\"text-align: center;\"><a href=\"http:\/\/jlggb.net\/blog\/\">2007-2009 jlggbblog1<\/a><\/h1>\n<p style=\"text-align: center;\">1284 images \u2014 476 articles<\/p>\n<h1 style=\"text-align: center;\"><a href=\"http:\/\/jlggb.net\/blog2\/\">2009-2011 jlggbblog2<\/a><\/h1>\n<p style=\"text-align: center;\">1435 images \u2014 658 articles<\/p>\n<h1 style=\"text-align: center;\"><a href=\"http:\/\/jlggb.net\/blog3\/\">2011-2013 jlggbblog3<\/a><\/h1>\n<p style=\"text-align: center;\">1217 images \u2014 595 articles<\/p>\n<h1 style=\"text-align: center;\"><a href=\"http:\/\/jlggb.net\/blog4\/\">2013-2015 jlggbblog4<\/a><\/h1>\n<p style=\"text-align: center;\">586 images \u2014 381 articles<\/p>\n<h1 style=\"text-align: center;\"><a href=\"http:\/\/jlggb.net\/blog5\/\">2015-2017 jlggbblog5<\/a><\/h1>\n<p style=\"text-align: center;\">498 images \u2014 353 articles<\/p>\n<h1 style=\"text-align: center;\"><a href=\"http:\/\/jlggb.net\/blog6\/\">2017-2019 jlggbblog6<\/a><\/h1>\n<p style=\"text-align: center;\">640 images \u2014 424 articles<\/p>\n<h1 style=\"text-align: center;\"><a href=\"http:\/\/jlggb.net\/blog7\/\">2019 &gt; jlggbblog7<\/a><\/h1>\n<p>&nbsp;<\/p>\n<h1 style=\"text-align: center;\"><a href=\"http:\/\/jlggb.net\/blog8\/\">2021-2023 &gt; jlggbblog8<\/a><\/h1>\n<p>&nbsp;<\/p>\n<p style=\"text-align: center;\">en cours depuis le 1er d\u00e9cembre 2021<\/p>\n<p><span style=\"color: #ffffff;\">\u2014<\/span><br \/>\n<a href=\"https:\/\/jlggb.net\/jlb\/wp-content\/uploads\/2019\/11\/edesta_25102019.jpg\" data-rel=\"lightbox-image-28\" data-imagelightbox=\"28\" data-rl_title=\"\" data-rl_caption=\"\" title=\"\"><img loading=\"lazy\" decoding=\"async\" class=\"alignnone wp-image-2656\" src=\"https:\/\/jlggb.net\/jlb\/wp-content\/uploads\/2019\/11\/edesta_25102019.jpg\" alt=\"\" width=\"640\" height=\"905\" srcset=\"https:\/\/jlggb.net\/jlb\/wp-content\/uploads\/2019\/11\/edesta_25102019.jpg 3508w, https:\/\/jlggb.net\/jlb\/wp-content\/uploads\/2019\/11\/edesta_25102019-212x300.jpg 212w, https:\/\/jlggb.net\/jlb\/wp-content\/uploads\/2019\/11\/edesta_25102019-768x1086.jpg 768w, https:\/\/jlggb.net\/jlb\/wp-content\/uploads\/2019\/11\/edesta_25102019-724x1024.jpg 724w, https:\/\/jlggb.net\/jlb\/wp-content\/uploads\/2019\/11\/edesta_25102019-106x150.jpg 106w\" sizes=\"auto, (max-width: 640px) 100vw, 640px\" \/><\/a><\/p>\n<p>25 octobre 2019, INHA, Jean-Louis Boissier avec Gwenola Wagon<br \/>\nLa rencontre \u00ab Moments et temps r\u00e9el \u00bb se propose de montrer comment le travail artistique de Jean-Louis Boissier a toujours \u00e9t\u00e9 associ\u00e9 \u00e0 une investigation th\u00e9orique et \u00e0 une exp\u00e9rimentation. Ses installations impliquent des prises de vues et des dispositifs num\u00e9riques de consultation. Ce sont donc des objets temporels programm\u00e9s qui associent visibilit\u00e9 et lisibilit\u00e9, mais aussi diverses formes de jouabilit\u00e9.\u00a0Sa d\u00e9finition d\u2019un moment interactif s\u2019appuie sur la notion de moment telle qu\u2019elle existe en physique mais aussi chez Jean-Jacques Rousseau, comme l\u2019actualisation d\u2019un virtuel dans la r\u00e9p\u00e9tition, la diff\u00e9rence et l\u2019ubiquit\u00e9. Condition de l\u2019interaction, le temps r\u00e9el, temps de r\u00e9ponse compatible avec un processus en cours, incite \u00e0 l\u2019invention d\u2019artifices propres \u00e0 le faire \u00e9chapper \u00e0 la servitude d\u2019un synchronisme g\u00e9n\u00e9ralis\u00e9.<br \/>\n<span style=\"color: #ffffff;\">\u2014<\/span><br \/>\n<a href=\"https:\/\/jlggb.net\/jlb\/wp-content\/uploads\/2019\/10\/biennale-1969-catalog-instagram.jpg\" data-rel=\"lightbox-image-29\" data-imagelightbox=\"29\" data-rl_title=\"\" data-rl_caption=\"\" title=\"\"><img loading=\"lazy\" decoding=\"async\" class=\"alignnone wp-image-2642\" src=\"https:\/\/jlggb.net\/jlb\/wp-content\/uploads\/2019\/10\/biennale-1969-catalog-instagram.jpg\" alt=\"\" width=\"640\" height=\"640\" srcset=\"https:\/\/jlggb.net\/jlb\/wp-content\/uploads\/2019\/10\/biennale-1969-catalog-instagram.jpg 2400w, https:\/\/jlggb.net\/jlb\/wp-content\/uploads\/2019\/10\/biennale-1969-catalog-instagram-150x150.jpg 150w, https:\/\/jlggb.net\/jlb\/wp-content\/uploads\/2019\/10\/biennale-1969-catalog-instagram-300x300.jpg 300w, https:\/\/jlggb.net\/jlb\/wp-content\/uploads\/2019\/10\/biennale-1969-catalog-instagram-768x768.jpg 768w, https:\/\/jlggb.net\/jlb\/wp-content\/uploads\/2019\/10\/biennale-1969-catalog-instagram-1024x1024.jpg 1024w\" sizes=\"auto, (max-width: 640px) 100vw, 640px\" \/><\/a><\/p>\n<p><a href=\"https:\/\/jlggb.net\/jlb\/wp-content\/uploads\/2019\/10\/biennale-1969-popper-catalog-instagram.jpg\" data-rel=\"lightbox-image-30\" data-imagelightbox=\"30\" data-rl_title=\"\" data-rl_caption=\"\" title=\"\"><img loading=\"lazy\" decoding=\"async\" class=\"alignnone wp-image-2644\" src=\"https:\/\/jlggb.net\/jlb\/wp-content\/uploads\/2019\/10\/biennale-1969-popper-catalog-instagram.jpg\" alt=\"\" width=\"640\" height=\"640\" srcset=\"https:\/\/jlggb.net\/jlb\/wp-content\/uploads\/2019\/10\/biennale-1969-popper-catalog-instagram.jpg 2400w, https:\/\/jlggb.net\/jlb\/wp-content\/uploads\/2019\/10\/biennale-1969-popper-catalog-instagram-150x150.jpg 150w, https:\/\/jlggb.net\/jlb\/wp-content\/uploads\/2019\/10\/biennale-1969-popper-catalog-instagram-300x300.jpg 300w, https:\/\/jlggb.net\/jlb\/wp-content\/uploads\/2019\/10\/biennale-1969-popper-catalog-instagram-768x768.jpg 768w, https:\/\/jlggb.net\/jlb\/wp-content\/uploads\/2019\/10\/biennale-1969-popper-catalog-instagram-1024x1024.jpg 1024w\" sizes=\"auto, (max-width: 640px) 100vw, 640px\" \/><\/a><\/p>\n<p><a href=\"https:\/\/jlggb.net\/jlb\/wp-content\/uploads\/2019\/10\/biennale-1969-monde-instagram.jpg\" data-rel=\"lightbox-image-31\" data-imagelightbox=\"31\" data-rl_title=\"\" data-rl_caption=\"\" title=\"\"><img loading=\"lazy\" decoding=\"async\" class=\"alignnone wp-image-2645\" src=\"https:\/\/jlggb.net\/jlb\/wp-content\/uploads\/2019\/10\/biennale-1969-monde-instagram.jpg\" alt=\"\" width=\"640\" height=\"640\" srcset=\"https:\/\/jlggb.net\/jlb\/wp-content\/uploads\/2019\/10\/biennale-1969-monde-instagram.jpg 2400w, https:\/\/jlggb.net\/jlb\/wp-content\/uploads\/2019\/10\/biennale-1969-monde-instagram-150x150.jpg 150w, https:\/\/jlggb.net\/jlb\/wp-content\/uploads\/2019\/10\/biennale-1969-monde-instagram-300x300.jpg 300w, https:\/\/jlggb.net\/jlb\/wp-content\/uploads\/2019\/10\/biennale-1969-monde-instagram-768x768.jpg 768w, https:\/\/jlggb.net\/jlb\/wp-content\/uploads\/2019\/10\/biennale-1969-monde-instagram-1024x1024.jpg 1024w\" sizes=\"auto, (max-width: 640px) 100vw, 640px\" \/><\/a><\/p>\n<p><a href=\"https:\/\/jlggb.net\/jlb\/wp-content\/uploads\/2019\/10\/biennale-1969-agenda-jlb-instagram.jpg\" data-rel=\"lightbox-image-32\" data-imagelightbox=\"32\" data-rl_title=\"\" data-rl_caption=\"\" title=\"\"><img loading=\"lazy\" decoding=\"async\" class=\"alignnone wp-image-2643\" src=\"https:\/\/jlggb.net\/jlb\/wp-content\/uploads\/2019\/10\/biennale-1969-agenda-jlb-instagram.jpg\" alt=\"\" width=\"640\" height=\"640\" srcset=\"https:\/\/jlggb.net\/jlb\/wp-content\/uploads\/2019\/10\/biennale-1969-agenda-jlb-instagram.jpg 2400w, https:\/\/jlggb.net\/jlb\/wp-content\/uploads\/2019\/10\/biennale-1969-agenda-jlb-instagram-150x150.jpg 150w, https:\/\/jlggb.net\/jlb\/wp-content\/uploads\/2019\/10\/biennale-1969-agenda-jlb-instagram-300x300.jpg 300w, https:\/\/jlggb.net\/jlb\/wp-content\/uploads\/2019\/10\/biennale-1969-agenda-jlb-instagram-768x768.jpg 768w, https:\/\/jlggb.net\/jlb\/wp-content\/uploads\/2019\/10\/biennale-1969-agenda-jlb-instagram-1024x1024.jpg 1024w\" sizes=\"auto, (max-width: 640px) 100vw, 640px\" \/><\/a><br \/>\n2 octobre 2019.\u00a0DES ARCHIVES \/ 50 ANS. L&rsquo;installation\u00a0<em>D\u00e9lai sonore<\/em> pr\u00e9vue pour l&rsquo;Atelier du spectateur n&rsquo;aura pas lieu. Le 2 octobre, jour de l&rsquo;ouverture au palais Galliera, la \u00ab participation \u00bb est une manifestation qui provoque la fermeture. \u00ab L&rsquo;Atelier du spectateur. La participation en question \u00bb est une intervention \u00e0 l&rsquo;INHA\u00a0dans le cadre du programme de recherche \u00ab\u00a01959-1985, au prisme de la Biennale de Paris\u00a0\u00bb, en partenariat avec les Archives de la critique d&rsquo;art, la Biblioth\u00e8que Kandinsky du Centre Pompidou et l&rsquo;Institut national de l&rsquo;audiovisuel, s\u00e9minaire mensuel de recherche international d&rsquo;octobre 2017 \u00e0 juin 2019. Elle donne lieu \u00e0 un texte \u00e0 para\u00eetre dans\u00a0<i>La Biennale internationale des jeunes artistes<\/i> \u2013 <i>Paris (1959-1985<\/i>), INHA \/ Presses du r\u00e9el, 2024.<\/p>\n<p><span style=\"color: #ffffff;\">\u2014<\/span><br \/>\n<a href=\"https:\/\/jlggb.net\/jlb\/wp-content\/uploads\/2019\/05\/F3-1969-affiche.jpg\" data-rel=\"lightbox-image-33\" data-imagelightbox=\"33\" data-rl_title=\"\" data-rl_caption=\"\" title=\"\"><img loading=\"lazy\" decoding=\"async\" class=\"alignnone wp-image-2575\" src=\"https:\/\/jlggb.net\/jlb\/wp-content\/uploads\/2019\/05\/F3-1969-affiche.jpg\" alt=\"\" width=\"640\" height=\"640\" srcset=\"https:\/\/jlggb.net\/jlb\/wp-content\/uploads\/2019\/05\/F3-1969-affiche.jpg 2400w, https:\/\/jlggb.net\/jlb\/wp-content\/uploads\/2019\/05\/F3-1969-affiche-150x150.jpg 150w, https:\/\/jlggb.net\/jlb\/wp-content\/uploads\/2019\/05\/F3-1969-affiche-300x300.jpg 300w, https:\/\/jlggb.net\/jlb\/wp-content\/uploads\/2019\/05\/F3-1969-affiche-768x768.jpg 768w, https:\/\/jlggb.net\/jlb\/wp-content\/uploads\/2019\/05\/F3-1969-affiche-1024x1024.jpg 1024w\" sizes=\"auto, (max-width: 640px) 100vw, 640px\" \/><\/a><\/p>\n<p>3 mai 2019.\u00a0DES ARCHIVES \/ 50 ANS. <em>Spectacle environnement F3<\/em>, th\u00e9\u00e2tre de recherche Les Drapiers, Strasbourg.<br \/>\n<span style=\"color: #ffffff;\">\u2014<\/span><br \/>\n<a href=\"https:\/\/jlggb.net\/jlb\/wp-content\/uploads\/2024\/03\/4-catalogues-pour-adnm-scaled.jpg\" data-rel=\"lightbox-image-34\" data-imagelightbox=\"34\" data-rl_title=\"\" data-rl_caption=\"\" title=\"\"><img loading=\"lazy\" decoding=\"async\" class=\"alignnone wp-image-3335\" src=\"https:\/\/jlggb.net\/jlb\/wp-content\/uploads\/2024\/03\/4-catalogues-pour-adnm-scaled.jpg\" alt=\"\" width=\"640\" height=\"480\" srcset=\"https:\/\/jlggb.net\/jlb\/wp-content\/uploads\/2024\/03\/4-catalogues-pour-adnm-scaled.jpg 2560w, https:\/\/jlggb.net\/jlb\/wp-content\/uploads\/2024\/03\/4-catalogues-pour-adnm-300x225.jpg 300w, https:\/\/jlggb.net\/jlb\/wp-content\/uploads\/2024\/03\/4-catalogues-pour-adnm-1024x768.jpg 1024w, https:\/\/jlggb.net\/jlb\/wp-content\/uploads\/2024\/03\/4-catalogues-pour-adnm-768x576.jpg 768w, https:\/\/jlggb.net\/jlb\/wp-content\/uploads\/2024\/03\/4-catalogues-pour-adnm-1536x1152.jpg 1536w, https:\/\/jlggb.net\/jlb\/wp-content\/uploads\/2024\/03\/4-catalogues-pour-adnm-2048x1536.jpg 2048w, https:\/\/jlggb.net\/jlb\/wp-content\/uploads\/2024\/03\/4-catalogues-pour-adnm-150x113.jpg 150w\" sizes=\"auto, (max-width: 640px) 100vw, 640px\" \/><\/a><\/p>\n<p>Mai 2019, Artifices, salle de la l\u00e9gion d\u2019honneur \u00e0 Saint-Denis, 50 ans de Paris 8.<br \/>\nLa salle de la l\u00e9gion d\u2019honneur de la ville de Saint-Denis fut le lieu de la biennale <em>Artifices<\/em> en 1990, 1992, 1994, 1996.<br \/>\nLes 4 catalogues sont en ligne :<br \/>\n<a href=\"http:\/\/www.ciren.org\/artifice\/artifices_1\/index.html\">http:\/\/www.ciren.org\/artifice\/artifices_1\/index.html<\/a><br \/>\n<a href=\"http:\/\/www.ciren.org\/artifice\/artifices_2\/index.html\">http:\/\/www.ciren.org\/artifice\/artifices_2\/index.html<\/a><br \/>\n<a href=\"http:\/\/www.ciren.org\/artifice\/artifices_3\/index.html\">http:\/\/www.ciren.org\/artifice\/artifices_3\/index.html<\/a><br \/>\n<a href=\"http:\/\/www.ciren.org\/artifice\/artifices_4\/index.html\">http:\/\/www.ciren.org\/artifice\/artifices_4\/index.html<\/a><br \/>\n<span style=\"color: #ffffff;\">\u2014<\/span><br \/>\n<a href=\"https:\/\/jlggb.net\/jlb\/wp-content\/uploads\/2019\/01\/moscou-affiches-2018-2019-jlggb.jpg\" data-rel=\"lightbox-image-35\" data-imagelightbox=\"35\" data-rl_title=\"\" data-rl_caption=\"\" title=\"\"><img loading=\"lazy\" decoding=\"async\" class=\"alignnone wp-image-2541\" src=\"https:\/\/jlggb.net\/jlb\/wp-content\/uploads\/2019\/01\/moscou-affiches-2018-2019-jlggb.jpg\" alt=\"\" width=\"640\" height=\"480\" srcset=\"https:\/\/jlggb.net\/jlb\/wp-content\/uploads\/2019\/01\/moscou-affiches-2018-2019-jlggb.jpg 2025w, https:\/\/jlggb.net\/jlb\/wp-content\/uploads\/2019\/01\/moscou-affiches-2018-2019-jlggb-300x225.jpg 300w, https:\/\/jlggb.net\/jlb\/wp-content\/uploads\/2019\/01\/moscou-affiches-2018-2019-jlggb-768x576.jpg 768w, https:\/\/jlggb.net\/jlb\/wp-content\/uploads\/2019\/01\/moscou-affiches-2018-2019-jlggb-1024x768.jpg 1024w, https:\/\/jlggb.net\/jlb\/wp-content\/uploads\/2019\/01\/moscou-affiches-2018-2019-jlggb-150x113.jpg 150w\" sizes=\"auto, (max-width: 640px) 100vw, 640px\" \/><\/a><br \/>\n<em>Il est interdit d&rsquo;interdire<\/em>, exposition, Mus\u00e9e d&rsquo;art moderne de Moscou, 12 d\u00e9cembre 2018 &#8211; 10 f\u00e9vrier 2019, Natalia Smolianskaia commissaire. Contribution avec des entretiens film\u00e9s et avec un choix de 10 affiches dont celle faite avec Jean-Louis Boucher \u00e0 Grenoble pour l&rsquo;affaire Langlois (ci-dessous) et neuf autres faites en s\u00e9rigraphie \u00e0 l&rsquo;Universit\u00e9 de Vincennes entre 1971 et 1976.<br \/>\n<a href=\"http:\/\/www.mmoma.ru\/en\/exhibitions\/ermolaevsky\/it_s_forbidden_to_forbid_br_il_est_interdit_d_interdire\/\">http:\/\/www.mmoma.ru\/en\/exhibitions\/ermolaevsky\/it_s_forbidden_to_forbid_br_il_est_interdit_d_interdire\/<\/a><\/p>\n<p>&nbsp;<\/p>\n<h1>Actualit\u00e9 2018<\/h1>\n<p><span style=\"color: #ffffff;\">\u2014<\/span><\/p>\n<p><img loading=\"lazy\" decoding=\"async\" class=\"alignnone wp-image-2588\" src=\"https:\/\/jlggb.net\/jlb\/wp-content\/uploads\/2019\/07\/b42-71-rouffineau-1-1024x683.jpg\" alt=\"\" width=\"640\" height=\"480\" srcset=\"https:\/\/jlggb.net\/jlb\/wp-content\/uploads\/2019\/07\/b42-71-rouffineau-1-1024x683.jpg 688w, https:\/\/jlggb.net\/jlb\/wp-content\/uploads\/2019\/07\/b42-71-rouffineau-1-1024x683-300x225.jpg 300w, https:\/\/jlggb.net\/jlb\/wp-content\/uploads\/2019\/07\/b42-71-rouffineau-1-1024x683-150x113.jpg 150w\" sizes=\"auto, (max-width: 640px) 100vw, 640px\" \/><\/p>\n<p>Gilles Rouffineau<br \/>\n<em>\u00c9ditions off-line. Projet critique de publications num\u00e9riques 1989-2001<\/em><br \/>\n\u00c9ditions B42<br \/>\nCollection Esth\u00e9tique des donn\u00e9es, dirig\u00e9e par Nicolas Th\u00e9ly<br \/>\nOuvrage publi\u00e9 avec le concours de l\u2019universit\u00e9 Rennes 2 et de l\u2019Esad Grenoble Valence.<br \/>\nParution en octobre 2018<br \/>\n204 pages, 10 euros<br \/>\n<em>\u00c0 l\u2019intersection des humanit\u00e9s num\u00e9riques et de l\u2019arch\u00e9ologie des m\u00e9dias, cet essai propose un projet critique des \u00e9ditions de CDrom d\u2019auteur des ann\u00e9es 1990. En s\u2019appuyant sur une contextualisation socio-technique \u00e9rudite de ces supports de stockages num\u00e9riques prometteurs et sur de fines descriptions des interfaces et des parcours au sein de ces univers clos, Gilles Rouffineau livre de pr\u00e9cieuses analyses d\u2019objets \u00e9ditoriaux qui ont marqu\u00e9 la d\u00e9cennie et qui sont aujourd\u2019hui difficilement consultables. Reprise d\u2019une recherche doctorale en sciences de l\u2019art rendue publique en 2006, la d\u00e9marche scientifique de cet amateur de CDrom \u00e9clair\u00e9 pose la question d\u2019un d\u00e9sir de transmission des donn\u00e9es et d\u2019un partage d\u2019exp\u00e9riences contrari\u00e9 par l\u2019obsolescence technique et le caract\u00e8re incertain de ces objets culturels.<\/em><br \/>\nCette \u00e9tude cite largement des ouvrages et propositions th\u00e9oriques de Jean-Louis Boissier.<\/p>\n<p><span style=\"color: #ffffff;\">\u2014<\/span><br \/>\n<a href=\"https:\/\/jlggb.net\/jlb\/wp-content\/uploads\/2018\/09\/cdj_boissier_godard_instagaram.jpg\" data-rel=\"lightbox-image-36\" data-imagelightbox=\"36\" data-rl_title=\"\" data-rl_caption=\"\" title=\"\"><img loading=\"lazy\" decoding=\"async\" class=\"alignnone wp-image-2431\" src=\"https:\/\/jlggb.net\/jlb\/wp-content\/uploads\/2018\/09\/cdj_boissier_godard_instagaram.jpg\" alt=\"\" width=\"640\" height=\"640\" srcset=\"https:\/\/jlggb.net\/jlb\/wp-content\/uploads\/2018\/09\/cdj_boissier_godard_instagaram.jpg 2400w, https:\/\/jlggb.net\/jlb\/wp-content\/uploads\/2018\/09\/cdj_boissier_godard_instagaram-150x150.jpg 150w, https:\/\/jlggb.net\/jlb\/wp-content\/uploads\/2018\/09\/cdj_boissier_godard_instagaram-300x300.jpg 300w, https:\/\/jlggb.net\/jlb\/wp-content\/uploads\/2018\/09\/cdj_boissier_godard_instagaram-768x768.jpg 768w, https:\/\/jlggb.net\/jlb\/wp-content\/uploads\/2018\/09\/cdj_boissier_godard_instagaram-1024x1024.jpg 1024w\" sizes=\"auto, (max-width: 640px) 100vw, 640px\" \/><\/a><\/p>\n<p>Paru dans le N\u00b0 28 de <em>La Couleurs des jours<\/em>, automne 2018, <a href=\"http:\/\/www.lacouleurdesjours.ch\/\">http:\/\/www.lacouleurdesjours.ch\/<\/a>, JLB, \u00ab\u00a0Compter sur ses doigts Godard\u00a0\u00bb, un texte d&rsquo;introduction au dernier film de Jean-Luc Godard, <em>Le Livre d&rsquo;image<\/em> \u2014 dont la substance est l&rsquo;image \u2014, palme d&rsquo;or sp\u00e9ciale au Festival de Cannes 2018.<br \/>\n<span style=\"color: #ffffff;\">\u2014<\/span><br \/>\n<a href=\"http:\/\/jlggb.net\/blog6\/wp-content\/uploads\/2018\/07\/aragno-montage-godard-20180720.jpg\" data-rel=\"lightbox-image-37\" data-imagelightbox=\"37\" data-rl_title=\"\" data-rl_caption=\"\" title=\"\"><img loading=\"lazy\" decoding=\"async\" class=\"alignnone size-full wp-image-1291\" src=\"http:\/\/jlggb.net\/blog6\/wp-content\/uploads\/2018\/07\/aragno-montage-godard-20180720.jpg\" alt=\"\" width=\"640\" height=\"480\" \/><\/a><\/p>\n<p>Vendredi 20 juillet 2018, 16h13, Lausanne. Dans son studio de Casa Azul Films, Fabrice Aragno montre, sp\u00e9cialement pour nous, Elisabeth et JLB \u2014 pour <em>La Couleurs des jours \u2014<\/em>, le dernier film de Godard, <em>Le Livre d&rsquo;image<\/em>, dont il est le principal artisan mais aussi le producteur, avec Mitra Farahani. Structur\u00e9 comme \u00ab les cinq doigts de la main \u00bb, le film ouvre sa cinqui\u00e8me partie avec le titre \u00ab La r\u00e9gion centrale \u00bb. Il emprunte ici bri\u00e8vement des images au film de Michael Snow, <em>La R\u00e9gion centrale<\/em>, 1970, trois heures d&rsquo;une exploration panoramique de l&rsquo;environnement, depuis le point o\u00f9 la cam\u00e9ra-robot r\u00e9pond \u00e0 un programme de mouvements.<br \/>\n<span style=\"color: #ffffff;\">\u2014<\/span><br \/>\n<a href=\"http:\/\/jlggb.net\/blog6\/wp-content\/uploads\/2018\/07\/godard-farahani-20180720.jpg\" data-rel=\"lightbox-image-38\" data-imagelightbox=\"38\" data-rl_title=\"\" data-rl_caption=\"\" title=\"\"><img loading=\"lazy\" decoding=\"async\" class=\"alignnone wp-image-1507\" src=\"http:\/\/jlggb.net\/blog6\/wp-content\/uploads\/2018\/07\/godard-farahani-20180720.jpg\" alt=\"\" width=\"640\" height=\"145\" \/><\/a><\/p>\n<p>Fabrice Aragno a saisi le moment, au d\u00e9but de l&rsquo;ann\u00e9e 2018, o\u00f9 Mitra Farahani rend visite \u00e0 Godard pour qu&rsquo;il lui explique le plan de son film.<br \/>\n<span style=\"color: #ffffff;\">\u2014<\/span><br \/>\n<a href=\"https:\/\/jlggb.net\/jlb\/wp-content\/uploads\/2018\/09\/cdj_le_livre_dimage_2021_jlggb.jpg\" data-rel=\"lightbox-image-39\" data-imagelightbox=\"39\" data-rl_title=\"\" data-rl_caption=\"\" title=\"\"><img loading=\"lazy\" decoding=\"async\" class=\"wp-image-2422\" src=\"https:\/\/jlggb.net\/jlb\/wp-content\/uploads\/2018\/09\/cdj_le_livre_dimage_2021_jlggb.jpg\" alt=\"\" width=\"640\" height=\"480\" \/><\/a><\/p>\n<p>Jean-Luc Godard, livre sc\u00e9nario bilingue du film <em>Le Livre d&rsquo;image<\/em>, 2018.<br \/>\n<span style=\"color: #ffffff;\">\u2014<\/span><\/p>\n<p>&nbsp;<\/p>\n<p><a href=\"https:\/\/jlggb.net\/jlb\/wp-content\/uploads\/2018\/06\/papyrus_rudiments_sat_20180531.jpg\" data-rel=\"lightbox-image-40\" data-imagelightbox=\"40\" data-rl_title=\"\" data-rl_caption=\"\" title=\"\"><img loading=\"lazy\" decoding=\"async\" class=\"alignnone wp-image-2384\" src=\"https:\/\/jlggb.net\/jlb\/wp-content\/uploads\/2018\/06\/papyrus_rudiments_sat_20180531.jpg\" alt=\"\" width=\"640\" height=\"480\" srcset=\"https:\/\/jlggb.net\/jlb\/wp-content\/uploads\/2018\/06\/papyrus_rudiments_sat_20180531.jpg 2400w, https:\/\/jlggb.net\/jlb\/wp-content\/uploads\/2018\/06\/papyrus_rudiments_sat_20180531-300x225.jpg 300w, https:\/\/jlggb.net\/jlb\/wp-content\/uploads\/2018\/06\/papyrus_rudiments_sat_20180531-768x576.jpg 768w, https:\/\/jlggb.net\/jlb\/wp-content\/uploads\/2018\/06\/papyrus_rudiments_sat_20180531-1024x768.jpg 1024w, https:\/\/jlggb.net\/jlb\/wp-content\/uploads\/2018\/06\/papyrus_rudiments_sat_20180531-150x113.jpg 150w\" sizes=\"auto, (max-width: 640px) 100vw, 640px\" \/><\/a><\/p>\n<p>Sur une invitation de Luc Courchesne, dans l&rsquo;exposition <em>iX Immersion-Experience<\/em> de la SAT \u2014 Soci\u00e9t\u00e9 des arts technologiques de Montr\u00e9al \u2014 le dispositif <em>Papyrus Rudiments<\/em> est expos\u00e9 du 29 mai au 2 juin 2018.<br \/>\n<span style=\"color: #ffffff;\">\u2014<\/span><br \/>\n<a href=\"https:\/\/jlggb.net\/jlb\/wp-content\/uploads\/2018\/05\/papyrus-abaque-ar-iX-jlggb.jpg\" data-rel=\"lightbox-image-41\" data-imagelightbox=\"41\" data-rl_title=\"\" data-rl_caption=\"\" title=\"\"><img loading=\"lazy\" decoding=\"async\" class=\"alignnone wp-image-2370\" src=\"https:\/\/jlggb.net\/jlb\/wp-content\/uploads\/2018\/05\/papyrus-abaque-ar-iX-jlggb.jpg\" alt=\"\" width=\"427\" height=\"640\" srcset=\"https:\/\/jlggb.net\/jlb\/wp-content\/uploads\/2018\/05\/papyrus-abaque-ar-iX-jlggb.jpg 1600w, https:\/\/jlggb.net\/jlb\/wp-content\/uploads\/2018\/05\/papyrus-abaque-ar-iX-jlggb-200x300.jpg 200w, https:\/\/jlggb.net\/jlb\/wp-content\/uploads\/2018\/05\/papyrus-abaque-ar-iX-jlggb-768x1152.jpg 768w, https:\/\/jlggb.net\/jlb\/wp-content\/uploads\/2018\/05\/papyrus-abaque-ar-iX-jlggb-683x1024.jpg 683w, https:\/\/jlggb.net\/jlb\/wp-content\/uploads\/2018\/05\/papyrus-abaque-ar-iX-jlggb-100x150.jpg 100w\" sizes=\"auto, (max-width: 427px) 100vw, 427px\" \/><\/a><br \/>\n<em>Papyrus Rudiments<\/em> AR 2018. Premi\u00e8re page du clipboard imprim\u00e9 donnant acc\u00e8s aux films de reconnaissance de ces signes dans les papyrus.<\/p>\n<p><iframe loading=\"lazy\" src=\"http:\/\/player.vimeo.com\/video\/272121036?byline=0&amp;portrait=0&amp;color=ffffff\" width=\"640\" height=\"360\" frameborder=\"0\"><\/iframe><\/p>\n<p>Exemple d&rsquo;une vid\u00e9o vue en r\u00e9alit\u00e9 augment\u00e9e.<\/p>\n<p>Symposium iX (l\u2019eXp\u00e9rience Immersive), \u00ab\u00a0La conqu\u00eate du R\u00e9el\u00a0\u00bb du 29 mai au 2 juin 2018, Soci\u00e9t\u00e9 des arts technologiques, Montr\u00e9al<br \/>\nProgramme : <a href=\"http:\/\/ix.sat.qc.ca\/2018\/programmation-grille?language=fr\" target=\"_blank\" rel=\"noopener noreferrer\">http:\/\/ix.sat.qc.ca\/2018\/programmation-grille?language=fr<\/a><br \/>\nVersion 2018 avec r\u00e9alit\u00e9 augment\u00e9e de <em>Papyrus Rudiments<br \/>\n<\/em>Conception et r\u00e9alisation : Jean-Louis Boissier<br \/>\nProduction : \u00c9cole nationale sup\u00e9rieure de la photographie, Arles, laboratoire de recherche de Caroline Bernard, avec le concours du Labex Arts-H2H et de l&rsquo;association Transports, Paris<br \/>\nD\u00e9veloppement : Matthieu Cherubini et Takehisa Mashimo.<\/p>\n<p>Argument<br \/>\nLes papyrus comportent des signes qui rel\u00e8vent de leurs apparences mais qui renvoient plus fondamentalement \u00e0 leurs architectures, \u00e0 leurs croissances, \u00e0 leurs comportements, \u00e0 leurs \u00e9changes. Ce sont des signes qui g\u00e9om\u00e9trisent des relations : rencontres, croisements, s\u00e9parations, bifurcations, r\u00e9p\u00e9titions, sym\u00e9tries, etc. Ces pictogrammes d\u2019articulations relationnelles sont per\u00e7us sp\u00e9cifiquement par le cerveau o\u00f9 ils instaurent un syst\u00e8me d\u2019intellection, un langage de signes non verbal, tendant vers une \u00e9criture. Une application de capture photographique donne \u00e0 exercer la reconnaissance de ces syst\u00e8mes et \u00e0 en collecter des \u00e9l\u00e9ments qui peuvent s\u2019inscrire en forme de livres de lecture pour l\u2019apprentissage de ces rudiments. Cette proposition exp\u00e9rimentale et embl\u00e9matique a conduit \u00e0 concevoir une cam\u00e9ra dont le d\u00e9clenchement est subordonn\u00e9 \u00e0 la reconnaissance de signes graphiques et \u00e0 d\u00e9velopper une application compatible avec des smartphones performants mais standards. Ce dispositif et sa probl\u00e9matique sont ainsi propos\u00e9s dans un esprit d\u2019investigation artistique, analytique et critique d\u2019une intelligence artificielle situ\u00e9e \u00e0 la rencontre immersive de l\u2019actuel et du virtuel.<br \/>\n<span style=\"color: #ffffff;\">\u2014<\/span><br \/>\n<a href=\"https:\/\/jlggb.net\/jlb\/wp-content\/uploads\/2018\/04\/EcM6-bus-stdenis-gris.jpg\" data-rel=\"lightbox-image-42\" data-imagelightbox=\"42\" data-rl_title=\"\" data-rl_caption=\"\" title=\"\"><img loading=\"lazy\" decoding=\"async\" class=\"alignnone wp-image-2330\" src=\"https:\/\/jlggb.net\/jlb\/wp-content\/uploads\/2018\/04\/EcM6-bus-stdenis-gris.jpg\" alt=\"\" width=\"641\" height=\"427\" srcset=\"https:\/\/jlggb.net\/jlb\/wp-content\/uploads\/2018\/04\/EcM6-bus-stdenis-gris.jpg 3600w, https:\/\/jlggb.net\/jlb\/wp-content\/uploads\/2018\/04\/EcM6-bus-stdenis-gris-300x200.jpg 300w, https:\/\/jlggb.net\/jlb\/wp-content\/uploads\/2018\/04\/EcM6-bus-stdenis-gris-768x512.jpg 768w, https:\/\/jlggb.net\/jlb\/wp-content\/uploads\/2018\/04\/EcM6-bus-stdenis-gris-1024x683.jpg 1024w, https:\/\/jlggb.net\/jlb\/wp-content\/uploads\/2018\/04\/EcM6-bus-stdenis-gris-150x100.jpg 150w\" sizes=\"auto, (max-width: 641px) 100vw, 641px\" \/><\/a><\/p>\n<p>Dernier exemple pr\u00e9sent\u00e9, le plus ancien : <em>Le Bus<\/em>, 1984-1985<br \/>\n<span style=\"color: #ffffff;\">\u2014<\/span><br \/>\n<em>Puissances esth\u00e9tiques du virtuel : dispositif, forme, pens\u00e9e<\/em><br \/>\nColloque \u00e0 l&rsquo;INHA, les 28, 29 et 30 mars 2018, organis\u00e9 par l\u2019IRCAV, Universit\u00e9 Sorbonne Nouvelle \u2013 Paris 3, sous la direction d\u2019Olga Kobryn et Massimo Olivero.<br \/>\n<a href=\"https:\/\/jlggb.net\/jlb\/wp-pdf\/Programme colloque Virtuel.pdf\">Programme pdf<\/a><br \/>\nQu\u2019est-ce que le virtuel et qu\u2019est-ce que l\u2019esth\u00e9tique du virtuel, au-del\u00e0 m\u00eame de leur manifestation \u00e0 travers l\u2019innovation technologique et de leur incarnation par le biais des nouveaux m\u00e9dias ? Quelle est leur g\u00e9n\u00e9alogie et quelle est cette pens\u00e9e du r\u00e9el et de l\u2019art qui s\u2019incarne au juste avec les avanc\u00e9es technologiques, quels sont leurs enjeux aussi bien esth\u00e9tiques, qu\u2019\u00e9thiques, politiques, m\u00e9diatiques et plus profond\u00e9ment philosophiques ?<br \/>\nVendredi 30 mars 2018, INHA, salle Vasari, communication de JLB, \u00ab Virtualit\u00e9s relationnelles : exp\u00e9rimentations artistiques et propositions th\u00e9oriques \u00bb.<\/p>\n<p><a href=\"https:\/\/jlggb.net\/jlb\/wp-content\/uploads\/2018\/04\/jlb-inha-20180330.jpg\" data-rel=\"lightbox-image-43\" data-imagelightbox=\"43\" data-rl_title=\"\" data-rl_caption=\"\" title=\"\"><img loading=\"lazy\" decoding=\"async\" class=\"alignnone wp-image-2338\" src=\"https:\/\/jlggb.net\/jlb\/wp-content\/uploads\/2018\/04\/jlb-inha-20180330.jpg\" alt=\"\" width=\"400\" height=\"300\" srcset=\"https:\/\/jlggb.net\/jlb\/wp-content\/uploads\/2018\/04\/jlb-inha-20180330.jpg 1200w, https:\/\/jlggb.net\/jlb\/wp-content\/uploads\/2018\/04\/jlb-inha-20180330-300x225.jpg 300w, https:\/\/jlggb.net\/jlb\/wp-content\/uploads\/2018\/04\/jlb-inha-20180330-768x576.jpg 768w, https:\/\/jlggb.net\/jlb\/wp-content\/uploads\/2018\/04\/jlb-inha-20180330-1024x768.jpg 1024w, https:\/\/jlggb.net\/jlb\/wp-content\/uploads\/2018\/04\/jlb-inha-20180330-150x113.jpg 150w\" sizes=\"auto, (max-width: 400px) 100vw, 400px\" \/><\/a><\/p>\n<p>Pratique d&rsquo;un \u00ab\u00a0cin\u00e9ma matriciel\u00a0\u00bb, 2006<\/p>\n<p><span style=\"color: #ffffff;\">\u2014<\/span><br \/>\n<a href=\"https:\/\/jlggb.net\/jlb\/wp-content\/uploads\/2018\/03\/21_03_1968_affiche_langlois_grenoble_jlggb_2018.jpg\" data-rel=\"lightbox-image-44\" data-imagelightbox=\"44\" data-rl_title=\"\" data-rl_caption=\"\" title=\"\"><img loading=\"lazy\" decoding=\"async\" class=\"alignnone wp-image-2289\" src=\"https:\/\/jlggb.net\/jlb\/wp-content\/uploads\/2018\/03\/21_03_1968_affiche_langlois_grenoble_jlggb_2018.jpg\" alt=\"\" width=\"640\" height=\"433\" srcset=\"https:\/\/jlggb.net\/jlb\/wp-content\/uploads\/2018\/03\/21_03_1968_affiche_langlois_grenoble_jlggb_2018.jpg 2667w, https:\/\/jlggb.net\/jlb\/wp-content\/uploads\/2018\/03\/21_03_1968_affiche_langlois_grenoble_jlggb_2018-300x203.jpg 300w, https:\/\/jlggb.net\/jlb\/wp-content\/uploads\/2018\/03\/21_03_1968_affiche_langlois_grenoble_jlggb_2018-768x520.jpg 768w, https:\/\/jlggb.net\/jlb\/wp-content\/uploads\/2018\/03\/21_03_1968_affiche_langlois_grenoble_jlggb_2018-1024x693.jpg 1024w, https:\/\/jlggb.net\/jlb\/wp-content\/uploads\/2018\/03\/21_03_1968_affiche_langlois_grenoble_jlggb_2018-150x102.jpg 150w\" sizes=\"auto, (max-width: 640px) 100vw, 640px\" \/><br \/>\n<\/a><\/p>\n<p>21 mars 2018. DES ARCHIVES \/ 50 ANS. Affiche sign\u00e9e Boissier + Boucher.<\/p>\n<p><a href=\"https:\/\/jlggb.net\/jlb\/wp-content\/uploads\/2018\/09\/9782343122038r.jpg\" data-rel=\"lightbox-image-45\" data-imagelightbox=\"45\" data-rl_title=\"\" data-rl_caption=\"\" title=\"\"><img loading=\"lazy\" decoding=\"async\" class=\"alignnone wp-image-2405\" src=\"https:\/\/jlggb.net\/jlb\/wp-content\/uploads\/2018\/09\/9782343122038r.jpg\" alt=\"\" width=\"400\" height=\"651\" srcset=\"https:\/\/jlggb.net\/jlb\/wp-content\/uploads\/2018\/09\/9782343122038r.jpg 1600w, https:\/\/jlggb.net\/jlb\/wp-content\/uploads\/2018\/09\/9782343122038r-184x300.jpg 184w, https:\/\/jlggb.net\/jlb\/wp-content\/uploads\/2018\/09\/9782343122038r-768x1249.jpg 768w, https:\/\/jlggb.net\/jlb\/wp-content\/uploads\/2018\/09\/9782343122038r-630x1024.jpg 630w, https:\/\/jlggb.net\/jlb\/wp-content\/uploads\/2018\/09\/9782343122038r-92x150.jpg 92w\" sizes=\"auto, (max-width: 400px) 100vw, 400px\" \/><\/a><\/p>\n<p>Mardi 6 f\u00e9vrier 2018 \u00e0 19h, auditorium de la Maison de L\u2019Am\u00e9rique Latine, 217 boulevard Saint-Germain, 75007 Paris.<br \/>\n<span class=\"\">\u00c0 l\u2019occasion de la sortie de l&rsquo;ouvrage collectif <i class=\"\">De l\u2019art cin\u00e9tique \u00e0 l\u2019art num\u00e9rique : Hommage \u00e0 Frank Popper<\/i>, dirig\u00e9 par Fran\u00e7oise Py, L\u2019Harmattan, 2017, par Stephen Bann, Dominique Berthet, Jean-Louis Boissier, Michel Bret, Pascal Bonafoux, Nathalie Boulouch, Gr\u00e9gory Chatonsky, J\u00fcrgen Claus, Edmond Couchot, Carlos Cruz Diez, Aline Dallier, Daniel Dan\u00e9tis, Jacques Delon, Jean-Paul Fourmentraux, Giovanni Joppolo, Dieter Jung, Jean-Clarence Lambert, Gilbert Lascault, Lizzie Laurenti, Julio Le Parc, Joseph Nechvatal, Ren\u00e9 Passeron, Francesco Poli, Fran\u00e7oise Py, Fran\u00e7ois Soulages, Marie-H\u00e9l\u00e8ne Tramus, Germain Viatte.<\/span><\/p>\n<p><span style=\"color: #ffffff;\">\u2014<\/span><br \/>\n<a href=\"https:\/\/jlggb.net\/jlb\/wp-content\/uploads\/2018\/01\/popper-1967-ina.jpg\" data-rel=\"lightbox-image-46\" data-imagelightbox=\"46\" data-rl_title=\"\" data-rl_caption=\"\" title=\"\"><img loading=\"lazy\" decoding=\"async\" class=\"alignnone size-full wp-image-2222\" src=\"https:\/\/jlggb.net\/jlb\/wp-content\/uploads\/2018\/01\/popper-1967-ina.jpg\" alt=\"\" width=\"640\" height=\"640\" srcset=\"https:\/\/jlggb.net\/jlb\/wp-content\/uploads\/2018\/01\/popper-1967-ina.jpg 2400w, https:\/\/jlggb.net\/jlb\/wp-content\/uploads\/2018\/01\/popper-1967-ina-150x150.jpg 150w, https:\/\/jlggb.net\/jlb\/wp-content\/uploads\/2018\/01\/popper-1967-ina-300x300.jpg 300w, https:\/\/jlggb.net\/jlb\/wp-content\/uploads\/2018\/01\/popper-1967-ina-768x768.jpg 768w, https:\/\/jlggb.net\/jlb\/wp-content\/uploads\/2018\/01\/popper-1967-ina-1024x1024.jpg 1024w\" sizes=\"auto, (max-width: 640px) 100vw, 640px\" \/><\/a><\/p>\n<p>DES ARCHIVES \/ 50 ANS. Frank Popper (1918 \u2014), interview de la t\u00e9l\u00e9vision fran\u00e7aise, Biennale de Paris 1967, 4 Novembre 1967. Archives INA. Le moment o\u00f9 je commence \u00e0 travailler avec lui.<br \/>\n<span style=\"color: #ffffff;\">\u2014<\/span><br \/>\n<a href=\"https:\/\/jlggb.net\/jlb\/wp-content\/uploads\/2018\/01\/jlb-inha-20180116.jpg\" data-rel=\"lightbox-image-47\" data-imagelightbox=\"47\" data-rl_title=\"\" data-rl_caption=\"\" title=\"\"><img loading=\"lazy\" decoding=\"async\" class=\"alignnone wp-image-2241\" src=\"https:\/\/jlggb.net\/jlb\/wp-content\/uploads\/2018\/01\/jlb-inha-20180116.jpg\" alt=\"\" width=\"640\" height=\"480\" srcset=\"https:\/\/jlggb.net\/jlb\/wp-content\/uploads\/2018\/01\/jlb-inha-20180116.jpg 3200w, https:\/\/jlggb.net\/jlb\/wp-content\/uploads\/2018\/01\/jlb-inha-20180116-300x225.jpg 300w, https:\/\/jlggb.net\/jlb\/wp-content\/uploads\/2018\/01\/jlb-inha-20180116-768x576.jpg 768w, https:\/\/jlggb.net\/jlb\/wp-content\/uploads\/2018\/01\/jlb-inha-20180116-1024x768.jpg 1024w, https:\/\/jlggb.net\/jlb\/wp-content\/uploads\/2018\/01\/jlb-inha-20180116-150x113.jpg 150w\" sizes=\"auto, (max-width: 640px) 100vw, 640px\" \/><br \/>\n<\/a><\/p>\n<p>JLB (photo Miki Okubo)<br \/>\nMardi 16 janvier 2018, Inha, 17h-20h, s\u00e9minaire\u00a0<span class=\"content-subtitle\">\u00ab 1959-1985, au prisme de la Biennale de Paris \u00bb\u00a0<\/span>coordonn\u00e9 par\u00a0Elitza Dulguerova (Inha) : \u00ab La participation, figures et \u00e9checs (autour du GRAV et de Frank Popper) \u00bb, avec Marion Hohlfeldt (Universit\u00e9 Rennes 2) et Jean-Louis Boissier (Universit\u00e9 de Paris 8), autour d&rsquo;un sujet qui \u00e9tait au c\u0153ur de la premi\u00e8re d\u00e9cennie de la Biennale de Paris.<br \/>\n<a href=\"https:\/\/www.inha.fr\/fr\/agenda\/parcourir-par-annee\/en-2018\/janvier-2018-1\/la-participation-figures-et-echecs.html\">https:\/\/www.inha.fr\/fr\/agenda\/parcourir-par-annee\/en-2018\/janvier-2018-1\/la-participation-figures-et-echecs.html<\/a><br \/>\n<em>D\u00e8s ses d\u00e9buts, et tout au long des ann\u00e9es 1960, la Biennale de Paris \u00e9nonce le souhait de voir pr\u00e9sent\u00e9es des \u0153uvres collectives, des \u00ab travaux d\u2019\u00e9quipe \u00bb r\u00e9alis\u00e9s en collaboration par des artistes de diff\u00e9rentes disciplines et requ\u00e9rant une r\u00e9ception active, \u00e0 la fois ludique et critique. Cette s\u00e9ance s\u2019articule autour de deux moments qui font cristalliser \u00e0 la fois ce d\u00e9sir de faire participer le public, et les limites qui lui sont inh\u00e9rentes. D\u2019un c\u00f4t\u00e9, le premier labyrinthe pr\u00e9sent\u00e9 par le Groupe de Recherche d\u2019Art Visuel \u00e0 la Biennale de 1963 permettra d\u2019\u00e9voquer le r\u00f4le du jeu dans la transgression des attitudes spectatoriales. De l\u2019autre, le travail de Frank Popper sera l\u2019occasion de confronter sa r\u00e9flexion sur la participation du public aux exp\u00e9riences qu\u2019il a men\u00e9es \u00e0 l\u2019\u00e9poque, et en particulier lors des biennales de 1967 et 1969.<\/em><br \/>\n<span style=\"color: #ffffff;\">\u2014<\/span><br \/>\n<span style=\"color: #ffffff;\">\u2014<\/span><br \/>\n<a href=\"https:\/\/jlggb.net\/jlb\/wp-content\/uploads\/2018\/01\/butor-1968-square-2400.jpg\" data-rel=\"lightbox-image-48\" data-imagelightbox=\"48\" data-rl_title=\"\" data-rl_caption=\"\" title=\"\"><img loading=\"lazy\" decoding=\"async\" class=\"alignnone size-full wp-image-2229\" src=\"https:\/\/jlggb.net\/jlb\/wp-content\/uploads\/2018\/01\/butor-1968-square-2400.jpg\" alt=\"\" width=\"640\" height=\"640\" srcset=\"https:\/\/jlggb.net\/jlb\/wp-content\/uploads\/2018\/01\/butor-1968-square-2400.jpg 2400w, https:\/\/jlggb.net\/jlb\/wp-content\/uploads\/2018\/01\/butor-1968-square-2400-150x150.jpg 150w, https:\/\/jlggb.net\/jlb\/wp-content\/uploads\/2018\/01\/butor-1968-square-2400-300x300.jpg 300w, https:\/\/jlggb.net\/jlb\/wp-content\/uploads\/2018\/01\/butor-1968-square-2400-768x768.jpg 768w, https:\/\/jlggb.net\/jlb\/wp-content\/uploads\/2018\/01\/butor-1968-square-2400-1024x1024.jpg 1024w\" sizes=\"auto, (max-width: 640px) 100vw, 640px\" \/><\/a><\/p>\n<p>DES ARCHIVES \/ 50 ANS. Le matin du lundi 8 janvier 1968, j&rsquo;ai rendez-vous \u00e0 la Maison de la culture de Grenoble avec Michel Butor. Nous allons pr\u00e9parer ensemble le journal qui accompagne la cr\u00e9ation, dans le Th\u00e9\u00e2tre mobile, de sa pi\u00e8ce <em>6 810 000 litres d&rsquo;eau par seconde<\/em>, dont je vais r\u00e9aliser la mise en pages comportant plusieurs entr\u00e9es distingu\u00e9es par les couleurs et la typographie. Ici un fragment de l&rsquo;une des quatre pages de format 330 x 500 mm. Imprimerie Dardelet, Grenoble, 7000 exemplaires.<\/p>\n<h1>Actualit\u00e9 2017<\/h1>\n<p><span style=\"color: #ffffff;\">\u2014<\/span><\/p>\n<p><a href=\"https:\/\/jlggb.net\/jlb\/wp-content\/uploads\/2019\/07\/couverture.jpg\" data-rel=\"lightbox-image-49\" data-imagelightbox=\"49\" data-rl_title=\"\" data-rl_caption=\"\" title=\"\"><img loading=\"lazy\" decoding=\"async\" class=\"alignnone wp-image-2594\" src=\"https:\/\/jlggb.net\/jlb\/wp-content\/uploads\/2019\/07\/couverture.jpg\" alt=\"\" width=\"400\" height=\"600\" srcset=\"https:\/\/jlggb.net\/jlb\/wp-content\/uploads\/2019\/07\/couverture.jpg 1604w, https:\/\/jlggb.net\/jlb\/wp-content\/uploads\/2019\/07\/couverture-200x300.jpg 200w, https:\/\/jlggb.net\/jlb\/wp-content\/uploads\/2019\/07\/couverture-768x1152.jpg 768w, https:\/\/jlggb.net\/jlb\/wp-content\/uploads\/2019\/07\/couverture-683x1024.jpg 683w, https:\/\/jlggb.net\/jlb\/wp-content\/uploads\/2019\/07\/couverture-100x150.jpg 100w\" sizes=\"auto, (max-width: 400px) 100vw, 400px\" \/><\/a><\/p>\n<p>Bruno Lessard<br \/>\n<em>The Art of Subtraction: Digital Adaptation and the Object<\/em><br \/>\nUniversity of Toronto Press, Scholarly Publishing Division<br \/>\n248 pages<br \/>\n2017<br \/>\n<em>The Art of Subtraction is the first full-length study on the CD-ROM as a creative platform. Bruno Lessard traces the rise and relatively rapid fall of the CD-ROM in the 1980s and 1990s and its impact as a creative platform for media artists such as Jean-Louis Boissier, Zoe Beloff, Adriene Jenik, and Chris Marker. Although the CD-ROM was not a lasting commercial success it was a vibrant medium that allowed for experimentation in adapting literary works. Building on the work of Gilles Deleuze and Michele Foucault, Lessard establishes a comparative framework for linking digital adaptations with innovative concepts such as &lsquo;subtractive adaptation&rsquo; and the &lsquo;object image&rsquo; that will be of interest to researchers examining literary adaptations on other digital platforms such as websites, smart phones, tablets, and digital games. The Art of Subtraction is a fascinating study of intermediality in the late twentieth century and it provides the first chapter in the yet unwritten history of digital adaptation.<\/em><\/p>\n<p>Dans cette \u00e9tude, le CD-Rom Jean-Louis Boissier, <em>Moments de Jean-Jacques Rousseau<\/em> tient une large part, ainsi que le notions d&rsquo;image-relation et de chronophotographie interactive.<\/p>\n<p><span style=\"color: #ffffff;\">\u2014<\/span><\/p>\n<p>&nbsp;<\/p>\n<p><iframe loading=\"lazy\" src=\"http:\/\/player.vimeo.com\/video\/246513823?byline=0&amp;portrait=0&amp;color=ffffff\" width=\"640\" height=\"400\" frameborder=\"0\"><\/iframe><\/p>\n<p>Extrait de la consultation de <em>Moments de Jean-Jacques Rousseau<\/em><br \/>\nAuditorium de l&rsquo;Institut national d&rsquo;histoire de l&rsquo;art, Paris, 7 d\u00e9cembre 2017. Colloque \u00ab\u00a0Art num\u00e9rique et post\u00e9rit\u00e9\u00a0\u00bb, Labex Arts-H2H : Jean-Louis Boissier, expos\u00e9 sur la r\u00e9alisation du CD-ROM <em>Moments de Jean-Jacques Rousseau<\/em>, \u00e9dit\u00e9 par Gallimard en 2000.<\/p>\n<p>&nbsp;<\/p>\n<p><a href=\"https:\/\/jlggb.net\/jlb\/wp-content\/uploads\/2017\/03\/livres-jlb-2017-librairie.jpg\" data-rel=\"lightbox-image-50\" data-imagelightbox=\"50\" data-rl_title=\"\" data-rl_caption=\"\" title=\"\"><img loading=\"lazy\" decoding=\"async\" class=\"alignnone wp-image-2116\" src=\"https:\/\/jlggb.net\/jlb\/wp-content\/uploads\/2017\/03\/livres-jlb-2017-librairie.jpg\" alt=\"\" width=\"640\" height=\"480\" srcset=\"https:\/\/jlggb.net\/jlb\/wp-content\/uploads\/2017\/03\/livres-jlb-2017-librairie.jpg 2400w, https:\/\/jlggb.net\/jlb\/wp-content\/uploads\/2017\/03\/livres-jlb-2017-librairie-300x225.jpg 300w, https:\/\/jlggb.net\/jlb\/wp-content\/uploads\/2017\/03\/livres-jlb-2017-librairie-768x576.jpg 768w, https:\/\/jlggb.net\/jlb\/wp-content\/uploads\/2017\/03\/livres-jlb-2017-librairie-1024x768.jpg 1024w, https:\/\/jlggb.net\/jlb\/wp-content\/uploads\/2017\/03\/livres-jlb-2017-librairie-150x113.jpg 150w\" sizes=\"auto, (max-width: 640px) 100vw, 640px\" \/><br \/>\n<\/a><\/p>\n<p><em>L&rsquo;\u00c9cran comme mobile<\/em> <a href=\"http:\/\/www.lespressesdureel.com\/ouvrage.php?id=5028\">http:\/\/www.lespressesdureel.com\/ouvrage.php?id=5028<\/a>. Organis\u00e9e par la librairie, une rencontre avec Jean-Louis Boissier le 28 mars 2017, 19h00 &#8211; 20h00, Jeu de Paume, Paris. Conversation avec Thierry Davila et Emanuele Quinz.<br \/>\nD\u00e9tails : <a href=\"http:\/\/www.jeudepaume.org\/index.php?page=article&amp;idArt=2838\">http:\/\/www.jeudepaume.org\/index.php?page=article&amp;idArt=2838<br \/>\n<\/a>\u00c9galement en rayon : <em>Practicable<\/em> <a href=\"https:\/\/mitpress.mit.edu\/books\/practicable\">https:\/\/mitpress.mit.edu\/books\/practicable<\/a> ; <em>La Relation comme forme<\/em>, Mamco, 2009 ; <em>Images interactives<\/em> <a href=\"http:\/\/www.lettrevolee.com\/spip.php?article2099\">http:\/\/www.lettrevolee.com\/spip.php?article2099<\/a><br \/>\n<span style=\"color: #ffffff;\">\u2014<\/span><br \/>\n<a href=\"https:\/\/jlggb.net\/jlb\/wp-content\/uploads\/2021\/08\/C73rC4nXkAEXMBD.jpeg\" data-rel=\"lightbox-image-51\" data-imagelightbox=\"51\" data-rl_title=\"\" data-rl_caption=\"\" title=\"\"><img loading=\"lazy\" decoding=\"async\" class=\"alignnone wp-image-3057\" src=\"https:\/\/jlggb.net\/jlb\/wp-content\/uploads\/2021\/08\/C73rC4nXkAEXMBD.jpeg\" alt=\"\" width=\"640\" height=\"908\" srcset=\"https:\/\/jlggb.net\/jlb\/wp-content\/uploads\/2021\/08\/C73rC4nXkAEXMBD.jpeg 874w, https:\/\/jlggb.net\/jlb\/wp-content\/uploads\/2021\/08\/C73rC4nXkAEXMBD-211x300.jpeg 211w, https:\/\/jlggb.net\/jlb\/wp-content\/uploads\/2021\/08\/C73rC4nXkAEXMBD-722x1024.jpeg 722w, https:\/\/jlggb.net\/jlb\/wp-content\/uploads\/2021\/08\/C73rC4nXkAEXMBD-768x1090.jpeg 768w, https:\/\/jlggb.net\/jlb\/wp-content\/uploads\/2021\/08\/C73rC4nXkAEXMBD-106x150.jpeg 106w\" sizes=\"auto, (max-width: 640px) 100vw, 640px\" \/><\/a><\/p>\n<div class=\"page\" title=\"Page 1\">\n<div class=\"layoutArea\">\n<div class=\"column\"><span style=\"color: #ffffff;\">\u2014<\/span><\/div>\n<div class=\"column\"><a href=\"https:\/\/jlggb.net\/jlb\/wp-content\/uploads\/2009\/10\/vincennes-1975-serigraphie-sonacotra-20170225.jpg\" data-rel=\"lightbox-image-52\" data-imagelightbox=\"52\" data-rl_title=\"\" data-rl_caption=\"\" title=\"\"><img loading=\"lazy\" decoding=\"async\" class=\"alignnone wp-image-2109\" src=\"https:\/\/jlggb.net\/jlb\/wp-content\/uploads\/2009\/10\/vincennes-1975-serigraphie-sonacotra-20170225.jpg\" width=\"640\" height=\"427\" srcset=\"https:\/\/jlggb.net\/jlb\/wp-content\/uploads\/2009\/10\/vincennes-1975-serigraphie-sonacotra-20170225.jpg 2000w, https:\/\/jlggb.net\/jlb\/wp-content\/uploads\/2009\/10\/vincennes-1975-serigraphie-sonacotra-20170225-300x200.jpg 300w, https:\/\/jlggb.net\/jlb\/wp-content\/uploads\/2009\/10\/vincennes-1975-serigraphie-sonacotra-20170225-768x512.jpg 768w, https:\/\/jlggb.net\/jlb\/wp-content\/uploads\/2009\/10\/vincennes-1975-serigraphie-sonacotra-20170225-1024x682.jpg 1024w, https:\/\/jlggb.net\/jlb\/wp-content\/uploads\/2009\/10\/vincennes-1975-serigraphie-sonacotra-20170225-150x100.jpg 150w\" sizes=\"auto, (max-width: 640px) 100vw, 640px\" \/><\/a><\/div>\n<div class=\"column\"><em>L&rsquo;esprit fran\u00e7ais. Contre-cultures 1969-1989<\/em>,\u00a0exposition de la Maison rouge, Paris, 24 f\u00e9vrier \u2014\u00a021 mai 2017.\u00a0 N\u00b0 167. Affiche de soutien \u00e0 la gr\u00e8ve des r\u00e9sidents des foyers Sonacotra, 1975,\u00a0atelier de s\u00e9rigraphie de l\u2019Universit\u00e9 Paris 8-Vincennes. Photographie et archives JLB.<\/div>\n<p><span style=\"color: #ffffff;\">\u2014<\/span><\/p>\n<div class=\"page\" title=\"Page 1\">\n<div class=\"layoutArea\">\n<div class=\"column\"><a href=\"https:\/\/jlggb.net\/jlb\/wp-content\/uploads\/2017\/01\/papyrus-ygrec-jlb-20170120.jpg\" data-rel=\"lightbox-image-53\" data-imagelightbox=\"53\" data-rl_title=\"\" data-rl_caption=\"\" title=\"\"><img loading=\"lazy\" decoding=\"async\" class=\"alignnone size-full wp-image-2058\" src=\"https:\/\/jlggb.net\/jlb\/wp-content\/uploads\/2017\/01\/papyrus-ygrec-jlb-20170120.jpg\" alt=\"\" width=\"640\" height=\"480\" \/><\/a><\/div>\n<div class=\"column\"><em>Papyrus rudiments<\/em><br \/>\nReconnaissance de signes, 2017<br \/>\nPremi\u00e8re pr\u00e9sentation dans l&rsquo;exposition <em>Haunted by Algorythms<\/em> (commissaires : Jeff Guess et Gwenola Wagon), galerie Ygrec, Les Grands Voisins, Paris, 21 janvier \u2014 5 mars 2017.<br \/>\n<a href=\"http:\/\/www.labex-arts-h2h.fr\/haunted-by-algorithms.html\">http:\/\/www.labex-arts-h2h.fr\/haunted-by-algorithms.html<\/a><br \/>\nD\u00e9tails : <a href=\"https:\/\/jlggb.net\/jlb\/?page_id=2049\">https:\/\/jlggb.net\/jlb\/?page_id=2049<\/a><\/div>\n<\/div>\n<\/div>\n<h1><\/h1>\n<h1><\/h1>\n<h1>Actualit\u00e9 2016<\/h1>\n<p><span style=\"color: #ffffff;\">\u2014<\/span><\/p>\n<p>8 d\u00e9cembre 2016 \u00e0 la BnF, site Fran\u00e7ois-Mitterrand, Salle 70<br \/>\nContribution \u00e0 la mod\u00e9lisation de la description des \u0153uvres d&rsquo;art num\u00e9rique pour leur pr\u00e9servation<br \/>\nSyst\u00e8mes th\u00e9oriques et processus de cr\u00e9ation\/r\u00e9ception<\/p>\n<p>Dans le cadre de la recherche \u00ab Art num\u00e9rique et post\u00e9rit\u00e9 \u00bb<\/p>\n<p>Projet Labex Arts-H2H en partenariat avec : BnF, Lab. INREV de l\u2019Universit\u00e9 Paris 8, Living Art Lab.<\/p>\n<p><a href=\"https:\/\/jlggb.net\/jlb\/wp-content\/uploads\/2009\/10\/Boissier-Globus-oculi-1992-1995.jpg\" data-rel=\"lightbox-image-54\" data-imagelightbox=\"54\" data-rl_title=\"\" data-rl_caption=\"\" title=\"\"><img loading=\"lazy\" decoding=\"async\" class=\"alignnone wp-image-1809\" src=\"https:\/\/jlggb.net\/jlb\/wp-content\/uploads\/2009\/10\/Boissier-Globus-oculi-1992-1995.jpg\" alt=\"boissier-globus-oculi-1992-1995\" width=\"640\" height=\"427\" srcset=\"https:\/\/jlggb.net\/jlb\/wp-content\/uploads\/2009\/10\/Boissier-Globus-oculi-1992-1995.jpg 3000w, https:\/\/jlggb.net\/jlb\/wp-content\/uploads\/2009\/10\/Boissier-Globus-oculi-1992-1995-300x200.jpg 300w, https:\/\/jlggb.net\/jlb\/wp-content\/uploads\/2009\/10\/Boissier-Globus-oculi-1992-1995-768x512.jpg 768w, https:\/\/jlggb.net\/jlb\/wp-content\/uploads\/2009\/10\/Boissier-Globus-oculi-1992-1995-1024x683.jpg 1024w, https:\/\/jlggb.net\/jlb\/wp-content\/uploads\/2009\/10\/Boissier-Globus-oculi-1992-1995-150x100.jpg 150w\" sizes=\"auto, (max-width: 640px) 100vw, 640px\" \/><\/a><\/p>\n<p><a href=\"https:\/\/jlggb.net\/jlb\/wp-content\/uploads\/2009\/10\/Boissier-Flora-petrinsularis-2013-2015.jpg\" data-rel=\"lightbox-image-55\" data-imagelightbox=\"55\" data-rl_title=\"\" data-rl_caption=\"\" title=\"\"><img loading=\"lazy\" decoding=\"async\" class=\"alignnone wp-image-1810\" src=\"https:\/\/jlggb.net\/jlb\/wp-content\/uploads\/2009\/10\/Boissier-Flora-petrinsularis-2013-2015.jpg\" alt=\"boissier-flora-petrinsularis-2013-2015\" width=\"640\" height=\"427\" srcset=\"https:\/\/jlggb.net\/jlb\/wp-content\/uploads\/2009\/10\/Boissier-Flora-petrinsularis-2013-2015.jpg 3000w, https:\/\/jlggb.net\/jlb\/wp-content\/uploads\/2009\/10\/Boissier-Flora-petrinsularis-2013-2015-300x200.jpg 300w, https:\/\/jlggb.net\/jlb\/wp-content\/uploads\/2009\/10\/Boissier-Flora-petrinsularis-2013-2015-768x512.jpg 768w, https:\/\/jlggb.net\/jlb\/wp-content\/uploads\/2009\/10\/Boissier-Flora-petrinsularis-2013-2015-1024x683.jpg 1024w, https:\/\/jlggb.net\/jlb\/wp-content\/uploads\/2009\/10\/Boissier-Flora-petrinsularis-2013-2015-150x100.jpg 150w\" sizes=\"auto, (max-width: 640px) 100vw, 640px\" \/><\/a><\/p>\n<p>Pr\u00e9sentation, par Jean-Louis Boissier, de <em>Globus oculi,<\/em> 1992-1993 et de <em>Flora petrinsularis<\/em>, 1993-1994.<\/p>\n<p><span style=\"color: #ffffff;\">\u2014<\/span><\/p>\n<p><a href=\"https:\/\/jlggb.net\/jlb\/wp-content\/uploads\/2016\/09\/EcM-couverture-copie-150.jpg\" data-rel=\"lightbox-image-56\" data-imagelightbox=\"56\" data-rl_title=\"\" data-rl_caption=\"\" title=\"\"><img loading=\"lazy\" decoding=\"async\" class=\"alignnone wp-image-1581\" src=\"https:\/\/jlggb.net\/jlb\/wp-content\/uploads\/2016\/09\/EcM-couverture-copie-150.jpg\" alt=\"ecm-couverture-copie-150\" width=\"640\" height=\"429\" srcset=\"https:\/\/jlggb.net\/jlb\/wp-content\/uploads\/2016\/09\/EcM-couverture-copie-150.jpg 2000w, https:\/\/jlggb.net\/jlb\/wp-content\/uploads\/2016\/09\/EcM-couverture-copie-150-300x201.jpg 300w, https:\/\/jlggb.net\/jlb\/wp-content\/uploads\/2016\/09\/EcM-couverture-copie-150-768x515.jpg 768w, https:\/\/jlggb.net\/jlb\/wp-content\/uploads\/2016\/09\/EcM-couverture-copie-150-1024x687.jpg 1024w, https:\/\/jlggb.net\/jlb\/wp-content\/uploads\/2016\/09\/EcM-couverture-copie-150-150x101.jpg 150w\" sizes=\"auto, (max-width: 640px) 100vw, 640px\" \/><\/a><\/p>\n<p>Parution le 3 octobre 2016 : <em>L&rsquo;\u00c9cran comme mobile<\/em>, Mamco-Gen\u00e8ve, 240 pages, 16 photographies.<br \/>\nDistribution : Presses du r\u00e9el, <strong>22 euros<\/strong> <a href=\"http:\/\/www.lespressesdureel.com\/ouvrage.php?id=5028\">http:\/\/www.lespressesdureel.com\/ouvrage.php?id=5028<\/a><\/p>\n<p>Faisant suite \u00e0 <em>La Relation comme forme<\/em>. <em>L\u2019interactivit\u00e9 en art<\/em>, d\u00e9j\u00e0 publi\u00e9 par le Mamco, ce second volume des \u00e9crits de Jean-Louis Boissier s\u2019attache \u00e0 l\u2019analyse technique et esth\u00e9tique des devenirs de l\u2019\u00e9cran. Ce dernier, omnipr\u00e9sent dans notre environnement, devenu mobile et mobilisable, conduit \u00e0 d\u2019autres formes de relations. Ces implications artistiques de la mobilit\u00e9 effective, Jean-Louis Boissier en retrace l\u2019histoire et l\u2019actualit\u00e9 et en interroge implicitement le futur, en s\u2019appuyant sur sa propre pratique exp\u00e9rimentale. Cela sur le mode d\u2019un r\u00e9cit personnel dans lequel des figures essentielles comme celles de Jean-Luc Godard et de Chris Marker c\u00f4toient celle de Masaki Fujihata, artiste inventeur de m\u00e9diums.<\/p>\n<p>&nbsp;<\/p>\n<p><span style=\"color: #ffffff;\">&#8211;<\/span><br \/>\n<a href=\"https:\/\/jlggb.net\/jlb\/wp-content\/uploads\/2014\/05\/crassula-ubiquiste-epa-32-2016.jpg\" data-rel=\"lightbox-image-57\" data-imagelightbox=\"57\" data-rl_title=\"\" data-rl_caption=\"\" title=\"\"><img loading=\"lazy\" decoding=\"async\" class=\"alignnone wp-image-1602\" src=\"https:\/\/jlggb.net\/jlb\/wp-content\/uploads\/2014\/05\/crassula-ubiquiste-epa-32-2016.jpg\" width=\"640\" height=\"480\" srcset=\"https:\/\/jlggb.net\/jlb\/wp-content\/uploads\/2014\/05\/crassula-ubiquiste-epa-32-2016.jpg 2000w, https:\/\/jlggb.net\/jlb\/wp-content\/uploads\/2014\/05\/crassula-ubiquiste-epa-32-2016-300x225.jpg 300w, https:\/\/jlggb.net\/jlb\/wp-content\/uploads\/2014\/05\/crassula-ubiquiste-epa-32-2016-768x576.jpg 768w, https:\/\/jlggb.net\/jlb\/wp-content\/uploads\/2014\/05\/crassula-ubiquiste-epa-32-2016-1024x768.jpg 1024w, https:\/\/jlggb.net\/jlb\/wp-content\/uploads\/2014\/05\/crassula-ubiquiste-epa-32-2016-150x113.jpg 150w\" sizes=\"auto, (max-width: 640px) 100vw, 640px\" \/><\/a><\/p>\n<p><a href=\"https:\/\/jlggb.net\/jlb\/wp-content\/uploads\/2014\/05\/crassula-ubiquiste-epa-captures-2016.jpg\" data-rel=\"lightbox-image-58\" data-imagelightbox=\"58\" data-rl_title=\"\" data-rl_caption=\"\" title=\"\"><img loading=\"lazy\" decoding=\"async\" class=\"alignnone wp-image-1603\" src=\"https:\/\/jlggb.net\/jlb\/wp-content\/uploads\/2014\/05\/crassula-ubiquiste-epa-captures-2016.jpg\" width=\"640\" height=\"480\" srcset=\"https:\/\/jlggb.net\/jlb\/wp-content\/uploads\/2014\/05\/crassula-ubiquiste-epa-captures-2016.jpg 2000w, https:\/\/jlggb.net\/jlb\/wp-content\/uploads\/2014\/05\/crassula-ubiquiste-epa-captures-2016-300x225.jpg 300w, https:\/\/jlggb.net\/jlb\/wp-content\/uploads\/2014\/05\/crassula-ubiquiste-epa-captures-2016-768x576.jpg 768w, https:\/\/jlggb.net\/jlb\/wp-content\/uploads\/2014\/05\/crassula-ubiquiste-epa-captures-2016-1024x768.jpg 1024w, https:\/\/jlggb.net\/jlb\/wp-content\/uploads\/2014\/05\/crassula-ubiquiste-epa-captures-2016-150x113.jpg 150w\" sizes=\"auto, (max-width: 640px) 100vw, 640px\" \/><\/a><\/p>\n<p><em>Crassula ubiquiste<\/em>, version 2016, expos\u00e9e \u00e0 l&rsquo;Espace pour l&rsquo;art (Laetitia Talbot), Arles, 13 octobre &#8211; 10 novembre 2016. Vernissage le 12 octobre. <a href=\"https:\/\/espacepourlart.org\/archives\/\">https:\/\/espacepourlart.org\/archives\/<\/a><br \/>\nUne liste des 32 origines, deux tables de 16 plantes, 2 (96 &#8211; 96 &#8211; 96 cm), deux lampes fluorescentes 7000 K, une webcam, un haut-parleur. Diffusion de quatre textes, 12 mn (Sophie Daste, Miki Okubo, Tugce Oklay, Anne Zeitz).<\/p>\n<p><a href=\"https:\/\/jlggb.net\/jlb\/wp-content\/uploads\/2016\/11\/Ubiquite_Semaine_2016_10-1.jpg\" data-rel=\"lightbox-image-59\" data-imagelightbox=\"59\" data-rl_title=\"\" data-rl_caption=\"\" title=\"\"><img loading=\"lazy\" decoding=\"async\" class=\"alignnone wp-image-1692\" src=\"https:\/\/jlggb.net\/jlb\/wp-content\/uploads\/2016\/11\/Ubiquite_Semaine_2016_10-1.jpg\" alt=\"ubiquite_semaine_2016_10-1\" width=\"400\" height=\"565\" srcset=\"https:\/\/jlggb.net\/jlb\/wp-content\/uploads\/2016\/11\/Ubiquite_Semaine_2016_10-1.jpg 1700w, https:\/\/jlggb.net\/jlb\/wp-content\/uploads\/2016\/11\/Ubiquite_Semaine_2016_10-1-213x300.jpg 213w, https:\/\/jlggb.net\/jlb\/wp-content\/uploads\/2016\/11\/Ubiquite_Semaine_2016_10-1-768x1084.jpg 768w, https:\/\/jlggb.net\/jlb\/wp-content\/uploads\/2016\/11\/Ubiquite_Semaine_2016_10-1-725x1024.jpg 725w, https:\/\/jlggb.net\/jlb\/wp-content\/uploads\/2016\/11\/Ubiquite_Semaine_2016_10-1-106x150.jpg 106w\" sizes=\"auto, (max-width: 400px) 100vw, 400px\" \/><\/a><span style=\"color: #ffffff;\">&#8211;<\/span><\/p>\n<p><span style=\"color: #ffffff;\"><br \/>\n<\/span>Exposition et workshop <em>UBIQUIT\u00c9<\/em> (avec Caroline Bernard), galerie Arena, \u00c9cole nationale sup\u00e9rieure de la photographie, Arles.<\/p>\n<p><em>Camargue cod\u00e9e<\/em>, 2016. D\u00e9tails : <a href=\"https:\/\/jlggb.net\/jlb\/?page_id=1706\">https:\/\/jlggb.net\/jlb\/?page_id=1706<br \/>\n<\/a><em>Bambou ubiquiste<\/em>. D\u00e9tails : <a href=\"https:\/\/jlggb.net\/jlb\/?page_id=1640\">https:\/\/jlggb.net\/jlb\/?page_id=1640<\/a><\/p>\n<p>Application #Ubiquit\u00e9 con\u00e7ue par Matthieu Cherubini pour l\u2019op\u00e9ration \u00ab\u00a0Ubiquit\u00e9 Reconnaissance des formes\u00a0\u00bb, exp\u00e9rimentations, expositions, workshops, Laboratoire Prospectives de l\u2019image, Caroline Bernard, \u00c9cole nationale sup\u00e9rieure de la photographie, Arles.<\/p>\n<p>Vernissage le 12 octobre 2016.<br \/>\nNum\u00e9ro \u00ab Ubiquit\u00e9 \u00bb de <em>Semaine<\/em>, \u00e9dit\u00e9 par Analogues, <a href=\"http:\/\/www.analogues.fr\/?p=8605\">http:\/\/www.analogues.fr\/?p=8605<\/a>. <a href=\"https:\/\/jlggb.net\/jlb\/wp-pdf\/Ubiquite_Semaine_2016_10.pdf\" target=\"_blank\" rel=\"noopener noreferrer\">Ubiquite_Semaine_2016_10.pdf<\/a><\/p>\n<p><span style=\"color: #ffffff;\">\u2014<\/span><\/p>\n<p><a href=\"https:\/\/jlggb.net\/jlb\/wp-content\/uploads\/2009\/10\/ddd-kyoto-sept-2016.jpg\" data-rel=\"lightbox-image-60\" data-imagelightbox=\"60\" data-rl_title=\"\" data-rl_caption=\"\" title=\"\"><img loading=\"lazy\" decoding=\"async\" class=\"alignnone wp-image-1586\" src=\"https:\/\/jlggb.net\/jlb\/wp-content\/uploads\/2009\/10\/ddd-kyoto-sept-2016.jpg\" alt=\"ddd-kyoto-sept-2016\" width=\"640\" height=\"905\" srcset=\"https:\/\/jlggb.net\/jlb\/wp-content\/uploads\/2009\/10\/ddd-kyoto-sept-2016.jpg 914w, https:\/\/jlggb.net\/jlb\/wp-content\/uploads\/2009\/10\/ddd-kyoto-sept-2016-212x300.jpg 212w, https:\/\/jlggb.net\/jlb\/wp-content\/uploads\/2009\/10\/ddd-kyoto-sept-2016-768x1086.jpg 768w, https:\/\/jlggb.net\/jlb\/wp-content\/uploads\/2009\/10\/ddd-kyoto-sept-2016-724x1024.jpg 724w, https:\/\/jlggb.net\/jlb\/wp-content\/uploads\/2009\/10\/ddd-kyoto-sept-2016-106x150.jpg 106w\" sizes=\"auto, (max-width: 640px) 100vw, 640px\" \/><br \/>\n<\/a>Exposition <em>Materiality-Immateriality<\/em> (curatrice : Murielle Hladik), galerie ddd, Kyoto, 8 septembre &#8211; 29 octobre 2016. Performance puis installation <em>Bambou ubiquiste<\/em>, Kyoto, mai 2016, prises de vues avec l&rsquo;application de reconnaissance #Ubiquit\u00e9, exposition en r\u00e9alit\u00e9 augment\u00e9e. Installation <em>Bambou ubiquiste<\/em>, voir : <a href=\"https:\/\/jlggb.net\/jlb\/?page_id=1640\">https:\/\/jlggb.net\/jlb\/?page_id=1640<\/a><\/p>\n<p>&nbsp;<\/p>\n<h1>Actualit\u00e9 2015<\/h1>\n<p><span style=\"color: #ffffff;\">\u2014<\/span><\/p>\n<p><a href=\"https:\/\/www.centrepompidou.fr\/cpv\/resource\/cyXpbr7\/rMbpa9x\" target=\"_blank\" rel=\"noopener noreferrer\"><img loading=\"lazy\" decoding=\"async\" class=\"alignnone size-full wp-image-1500\" src=\"https:\/\/jlggb.net\/jlb\/wp-content\/uploads\/2009\/10\/pompidou-logo.jpg\" alt=\"pompidou-logo\" width=\"81\" height=\"41\" \/><\/a><\/p>\n<p class=\"notice\"><img loading=\"lazy\" decoding=\"async\" class=\"alignnone wp-image-1507\" src=\"https:\/\/jlggb.net\/jlb\/wp-content\/uploads\/2009\/10\/moments-jlb-cnacgp.png\" alt=\"moments-jlb-cnacgp\" width=\"640\" height=\"145\" srcset=\"https:\/\/jlggb.net\/jlb\/wp-content\/uploads\/2009\/10\/moments-jlb-cnacgp.png 787w, https:\/\/jlggb.net\/jlb\/wp-content\/uploads\/2009\/10\/moments-jlb-cnacgp-300x68.png 300w, https:\/\/jlggb.net\/jlb\/wp-content\/uploads\/2009\/10\/moments-jlb-cnacgp-150x34.png 150w\" sizes=\"auto, (max-width: 640px) 100vw, 640px\" \/><br \/>\n16 novembre 2015, \u00e0 19h<br \/>\nCin\u00e9ma 2 &#8211; Centre Pompidou, Paris<br \/>\nEntr\u00e9e libre<\/p>\n<div class=\"DivNotice2\">\n<div id=\"normal1\">\n<div class=\"notice\">\n<p class=\"notice\"><a href=\"https:\/\/jlggb.net\/jlb\/wp-content\/uploads\/2009\/10\/emeri-miki-emile-blog.jpg\" data-rel=\"lightbox-image-61\" data-imagelightbox=\"61\" data-rl_title=\"\" data-rl_caption=\"\" title=\"\"><img loading=\"lazy\" decoding=\"async\" class=\"alignnone size-full wp-image-1503\" src=\"https:\/\/jlggb.net\/jlb\/wp-content\/uploads\/2009\/10\/emeri-miki-emile-blog.jpg\" alt=\"LdR-miki-emile-blog\" width=\"640\" height=\"480\" srcset=\"https:\/\/jlggb.net\/jlb\/wp-content\/uploads\/2009\/10\/emeri-miki-emile-blog.jpg 1600w, https:\/\/jlggb.net\/jlb\/wp-content\/uploads\/2009\/10\/emeri-miki-emile-blog-300x225.jpg 300w, https:\/\/jlggb.net\/jlb\/wp-content\/uploads\/2009\/10\/emeri-miki-emile-blog-1024x768.jpg 1024w, https:\/\/jlggb.net\/jlb\/wp-content\/uploads\/2009\/10\/emeri-miki-emile-blog-150x113.jpg 150w\" sizes=\"auto, (max-width: 640px) 100vw, 640px\" \/><\/a><br \/>\n<em>Les Vigilambules\/Lumi\u00e8res de Rousseau<\/em>, Miki Okubo, 2012.<\/p>\n<p>\u00ab Exposer mon itin\u00e9raire ? Je pr\u00e9f\u00e8re parler des transitions : de la physique \u00e0 l\u2019animation de cin\u00e9-clubs, de la photographie au th\u00e9\u00e2tre et au cin\u00e9ma, de l\u2019imprimerie \u00e0 l\u2019agit-prop et \u00e0 la Chine, de la peinture chinoise \u00e0 l\u2019image calcul\u00e9e et au virtuel, de la saisie \u00e0 l\u2019interactivit\u00e9 et au mobile. J\u2019ai cherch\u00e9 \u00e0 agencer le livre et l\u2019\u00e9cran, \u00e0 faire que les expositions soient des lieux de consultation. Mais <em>transition <\/em>c\u2019est aussi <em>moment<\/em>, une dur\u00e9e qui a un d\u00e9but et une fin, un ant\u00e9c\u00e9dent et une suite, une force, un vecteur, une quantit\u00e9 de mouvement. Une <em>jouabilit\u00e9 <\/em>du cin\u00e9ma m\u2019a conduit \u00e0 l\u2019id\u00e9e de <em>moment interactif<\/em> : la rencontre d\u2019un objet technique que j\u2019avais le sentiment de d\u00e9couvrir et de Jean-Jacques Rousseau. De la bifurcation, je suis pass\u00e9 \u00e0 l\u2019image-relation, aux perspecteurs, aux vigilambules, \u00e0 l\u2019\u00e9cran mobilisable. \u00bb J.-L.B.<\/p>\n<p>S\u00e9ance pr\u00e9sent\u00e9e par Jean-Louis Boissier, artiste, r\u00e9alisateur, professeur \u00e9m\u00e9rite en art \u00e0 l\u2019Universit\u00e9 Paris 8 Vincennes Saint-Denis, avec le concours de Tugce Okley, Miki Okubo, Anne Zeitz.<\/p>\n<p>Projection\/conf\u00e9rence r\u00e9alis\u00e9e dans le cadre du programme de recherche \u00ab Cin\u00e9ma\/vid\u00e9o, art et politique en France depuis 1968 : dispositifs, archives, num\u00e9rique \u00bb du Labex Arts-H2H en partenariat avec l\u2019Universit\u00e9 Paris 8, de la BnF et du CNC, H\u00e9l\u00e8ne Fleckinger.<\/p>\n<p>\u00ab Vid\u00e9o et apr\u00e8s\u00bb est un cycle de rencontres avec des artistes et des historiens de l\u2019art proposant projections, conf\u00e9rences, performances et discussions. Parcourant l\u2019histoire des pratiques artistiques li\u00e9es \u00e0 la vid\u00e9o et au son, depuis le d\u00e9but des ann\u00e9es 1960 jusqu\u2019\u00e0 nos jours, \u00ab\u00a0Vid\u00e9o et apr\u00e8s\u00a0\u00bb se consacre essentiellement aux vid\u00e9os d\u2019artistes de la collection du Mus\u00e9e national d\u2019art moderne.<\/p>\n<div class=\"DivNotice2\">\n<p>Commissaire : Mnam\/Cci, Nouveaux m\u00e9dias, Etienne Sandrin.<\/p>\n<p>Enregistrement : <a href=\"http:\/\/www.dailymotion.com\/video\/x4q8nh9\">http:\/\/www.dailymotion.com\/video\/x4q8nh9<\/a><\/p>\n<div class=\"DivNotice2\"><a href=\"https:\/\/jlggb.net\/jlb\/wp-content\/uploads\/2009\/10\/moments-de-jlb-pompidou-2015-11-16.jpg\" data-rel=\"lightbox-image-62\" data-imagelightbox=\"62\" data-rl_title=\"\" data-rl_caption=\"\" title=\"\"><img loading=\"lazy\" decoding=\"async\" class=\"alignnone wp-image-1993\" src=\"https:\/\/jlggb.net\/jlb\/wp-content\/uploads\/2009\/10\/moments-de-jlb-pompidou-2015-11-16.jpg\" width=\"640\" height=\"360\" srcset=\"https:\/\/jlggb.net\/jlb\/wp-content\/uploads\/2009\/10\/moments-de-jlb-pompidou-2015-11-16.jpg 1124w, https:\/\/jlggb.net\/jlb\/wp-content\/uploads\/2009\/10\/moments-de-jlb-pompidou-2015-11-16-300x169.jpg 300w, https:\/\/jlggb.net\/jlb\/wp-content\/uploads\/2009\/10\/moments-de-jlb-pompidou-2015-11-16-768x432.jpg 768w, https:\/\/jlggb.net\/jlb\/wp-content\/uploads\/2009\/10\/moments-de-jlb-pompidou-2015-11-16-1024x576.jpg 1024w, https:\/\/jlggb.net\/jlb\/wp-content\/uploads\/2009\/10\/moments-de-jlb-pompidou-2015-11-16-150x84.jpg 150w\" sizes=\"auto, (max-width: 640px) 100vw, 640px\" \/><\/a><\/div>\n<p><em>\u00a0<\/em><\/p>\n<h1>P\u00e9kin pour m\u00e9moire<\/h1>\n<p>1985-2015<br \/>\nInstallation, vid\u00e9odisque interactif (version avec ordinateur et vid\u00e9o-projecteur)<\/p>\n<p>Ars Electronica, Linz, septembre 2015,\u00a0<em>Campus Exhibition: Universit\u00e9 Paris 8 <\/em><a href=\"http:\/\/www.aec.at\/postcity\/campus-paris\/\">http:\/\/www.aec.at\/postcity\/campus-paris\/<br \/>\n<\/a>Vid\u00e9odisque expos\u00e9 pour la premi\u00e8re fois \u00e0 la Biennale de Venise : <a href=\"https:\/\/jlggb.net\/jlb\/?page_id=113\" target=\"_blank\" rel=\"noopener noreferrer\">https:\/\/jlggb.net\/jlb\/?page_id=113<br \/>\n<\/a>Autres pr\u00e9sentations : Festival d&rsquo;Automne, Th\u00e9\u00e2tre de Chaillot, Paris, 1986; Espace Chine, Paris, 1988; Rencontres de la photographie d&rsquo;Arles, 1988; Mus\u00e9e de l&rsquo;\u00c9lys\u00e9e, Lausanne, 1990.<\/p>\n<p>G\u00e9n\u00e9rique de la version 2015 :<br \/>\nJean-Louis Boissier, conception et r\u00e9alisation<br \/>\nJean-No\u00ebl Lafargue, programmation<br \/>\nYe Xin, calligraphie<\/p>\n<p><a href=\"https:\/\/jlggb.net\/jlb\/wp-content\/uploads\/2009\/10\/ppm-linz-install-projec-2015.jpg\" data-rel=\"lightbox-image-63\" data-imagelightbox=\"63\" data-rl_title=\"\" data-rl_caption=\"\" title=\"\"><img loading=\"lazy\" decoding=\"async\" class=\"alignnone size-full wp-image-1456\" src=\"https:\/\/jlggb.net\/jlb\/wp-content\/uploads\/2009\/10\/ppm-linz-install-projec-2015.jpg\" alt=\"ppm 2015 table\" width=\"640\" height=\"480\" srcset=\"https:\/\/jlggb.net\/jlb\/wp-content\/uploads\/2009\/10\/ppm-linz-install-projec-2015.jpg 2000w, https:\/\/jlggb.net\/jlb\/wp-content\/uploads\/2009\/10\/ppm-linz-install-projec-2015-300x225.jpg 300w, https:\/\/jlggb.net\/jlb\/wp-content\/uploads\/2009\/10\/ppm-linz-install-projec-2015-1024x768.jpg 1024w, https:\/\/jlggb.net\/jlb\/wp-content\/uploads\/2009\/10\/ppm-linz-install-projec-2015-150x113.jpg 150w\" sizes=\"auto, (max-width: 640px) 100vw, 640px\" \/><\/a><br \/>\n<a href=\"https:\/\/jlggb.net\/jlb\/wp-content\/uploads\/2009\/10\/ppm-linz-doigt-2015.jpg\" data-rel=\"lightbox-image-64\" data-imagelightbox=\"64\" data-rl_title=\"\" data-rl_caption=\"\" title=\"\"><img loading=\"lazy\" decoding=\"async\" class=\"alignnone size-full wp-image-1457\" src=\"https:\/\/jlggb.net\/jlb\/wp-content\/uploads\/2009\/10\/ppm-linz-doigt-2015.jpg\" alt=\"ppm 2015 doigt\" width=\"640\" height=\"480\" srcset=\"https:\/\/jlggb.net\/jlb\/wp-content\/uploads\/2009\/10\/ppm-linz-doigt-2015.jpg 2000w, https:\/\/jlggb.net\/jlb\/wp-content\/uploads\/2009\/10\/ppm-linz-doigt-2015-300x225.jpg 300w, https:\/\/jlggb.net\/jlb\/wp-content\/uploads\/2009\/10\/ppm-linz-doigt-2015-1024x768.jpg 1024w, https:\/\/jlggb.net\/jlb\/wp-content\/uploads\/2009\/10\/ppm-linz-doigt-2015-150x113.jpg 150w\" sizes=\"auto, (max-width: 640px) 100vw, 640px\" \/><\/a><\/p>\n<p>Jean-Louis Boissier, <em>P\u00e9kin pour m\u00e9moire<\/em>, 1985-2015, installation vid\u00e9o interactive.<br \/>\nVersion pour Ars Electronica 2015, Campus Exhibition: Universit\u00e9 Paris 8, Linz, 3-7 septembre 2015.<br \/>\nPhotos haute r\u00e9solution : <a href=\"https:\/\/jlggb.net\/jlb\/?page_id=1434\" target=\"_blank\" rel=\"noopener noreferrer\">https:\/\/jlggb.net\/jlb\/?page_id=1434<\/a><\/p>\n<p>En septembre 1985, une marche de douze heures relie les temples de P\u00e9kin, aux quatre points cardinaux\u00a0: la Terre, le Soleil, le Ciel, la Lune. Une photo par minute \u2014 les appareils inscrivent l\u2019heure dans l\u2019image \u2014 pour saisir ce trajet, mais aussi un deuxi\u00e8me appareil \u00e0 la recherche de vues pittoresques. Le vid\u00e9odisque inaugure la gestion programm\u00e9e des collections d\u2019images. La performance en produit le diagramme logique. Interactivit\u00e9 minimaliste\u00a0: aux coins d\u2019une table carr\u00e9e chinoise, quatre boutons pour les points de d\u00e9part et au centre un bouton pour prendre une photo.<\/p>\n<p>Mode d\u2019emploi<br \/>\nAppuyer sur l\u2019un des quatre boutons d\u2019angles de la table pour projeter la s\u00e9rie de photographies d\u2019un trajet.<br \/>\nAppuyer sur le bouton du centre pour afficher la derni\u00e8re des photographies pittoresques prise au m\u00eame moment.<\/p>\n<p><em>Manual<\/em><br \/>\n<em> Press one of the four table angles buttons to project pictures of a path.<\/em><br \/>\n<em> Press the center button to display the last picturesque photograph taken at the same time.<\/em><br \/>\n<span style=\"color: #ffffff;\">&#8211;<\/span><br \/>\n<a href=\"https:\/\/jlggb.net\/jlb\/wp-content\/uploads\/2009\/10\/pekin_pour_memoire_installation@jean-louis_boissier_web.jpg\" data-rel=\"lightbox-image-65\" data-imagelightbox=\"65\" data-rl_title=\"\" data-rl_caption=\"\" title=\"\"><img loading=\"lazy\" decoding=\"async\" class=\"alignnone size-full wp-image-1424\" src=\"https:\/\/jlggb.net\/jlb\/wp-content\/uploads\/2009\/10\/pekin_pour_memoire_installation@jean-louis_boissier_web.jpg\" alt=\"0002m.Pekin [Converti]\" width=\"640\" height=\"480\" srcset=\"https:\/\/jlggb.net\/jlb\/wp-content\/uploads\/2009\/10\/pekin_pour_memoire_installation@jean-louis_boissier_web.jpg 2000w, https:\/\/jlggb.net\/jlb\/wp-content\/uploads\/2009\/10\/pekin_pour_memoire_installation@jean-louis_boissier_web-300x225.jpg 300w, https:\/\/jlggb.net\/jlb\/wp-content\/uploads\/2009\/10\/pekin_pour_memoire_installation@jean-louis_boissier_web-1024x768.jpg 1024w, https:\/\/jlggb.net\/jlb\/wp-content\/uploads\/2009\/10\/pekin_pour_memoire_installation@jean-louis_boissier_web-150x113.jpg 150w\" sizes=\"auto, (max-width: 640px) 100vw, 640px\" \/><br \/>\n<\/a>Installation version 2015, table avec cinq boutons, ordinateur et vid\u00e9oprojecteur.<\/p>\n<p><a href=\"https:\/\/jlggb.net\/jlb\/wp-content\/uploads\/2009\/10\/pekin_pour_memoire_02_1280800.jpg\" data-rel=\"lightbox-image-66\" data-imagelightbox=\"66\" data-rl_title=\"\" data-rl_caption=\"\" title=\"\"><img loading=\"lazy\" decoding=\"async\" class=\"alignnone wp-image-1425\" src=\"https:\/\/jlggb.net\/jlb\/wp-content\/uploads\/2009\/10\/pekin_pour_memoire_02_1280800.jpg\" alt=\"pekin_pour_memoire_02_1280*800\" width=\"640\" height=\"400\" srcset=\"https:\/\/jlggb.net\/jlb\/wp-content\/uploads\/2009\/10\/pekin_pour_memoire_02_1280800.jpg 1280w, https:\/\/jlggb.net\/jlb\/wp-content\/uploads\/2009\/10\/pekin_pour_memoire_02_1280800-300x188.jpg 300w, https:\/\/jlggb.net\/jlb\/wp-content\/uploads\/2009\/10\/pekin_pour_memoire_02_1280800-1024x640.jpg 1024w, https:\/\/jlggb.net\/jlb\/wp-content\/uploads\/2009\/10\/pekin_pour_memoire_02_1280800-150x94.jpg 150w\" sizes=\"auto, (max-width: 640px) 100vw, 640px\" \/><\/a><\/p>\n<p><a href=\"https:\/\/jlggb.net\/jlb\/wp-content\/uploads\/2009\/10\/pekin_pour_memoire_03_1280800.jpg\" data-rel=\"lightbox-image-67\" data-imagelightbox=\"67\" data-rl_title=\"\" data-rl_caption=\"\" title=\"\"><img loading=\"lazy\" decoding=\"async\" class=\"alignnone wp-image-1426\" src=\"https:\/\/jlggb.net\/jlb\/wp-content\/uploads\/2009\/10\/pekin_pour_memoire_03_1280800.jpg\" alt=\"pekin_pour_memoire_03_1280*800\" width=\"640\" height=\"400\" srcset=\"https:\/\/jlggb.net\/jlb\/wp-content\/uploads\/2009\/10\/pekin_pour_memoire_03_1280800.jpg 1280w, https:\/\/jlggb.net\/jlb\/wp-content\/uploads\/2009\/10\/pekin_pour_memoire_03_1280800-300x188.jpg 300w, https:\/\/jlggb.net\/jlb\/wp-content\/uploads\/2009\/10\/pekin_pour_memoire_03_1280800-1024x640.jpg 1024w, https:\/\/jlggb.net\/jlb\/wp-content\/uploads\/2009\/10\/pekin_pour_memoire_03_1280800-150x94.jpg 150w\" sizes=\"auto, (max-width: 640px) 100vw, 640px\" \/><\/a><br \/>\nExemple de deux photographies prises dans la m\u00eame minute, de la s\u00e9rie des quatre trajets, de la s\u00e9ries des images \u00ab pittoresques \u00bb.<\/p>\n<p>&nbsp;<\/p>\n<p><a href=\"http:\/\/jlggb.net\/blog4\/\" target=\"_blank\" rel=\"noopener noreferrer\"><img loading=\"lazy\" decoding=\"async\" class=\"alignnone wp-image-1443\" src=\"https:\/\/jlggb.net\/jlb\/wp-content\/uploads\/2009\/10\/jlggb-t21_10.34.jpg\" alt=\"jlggb-t21_10.34\" width=\"400\" height=\"267\" srcset=\"https:\/\/jlggb.net\/jlb\/wp-content\/uploads\/2009\/10\/jlggb-t21_10.34.jpg 2000w, https:\/\/jlggb.net\/jlb\/wp-content\/uploads\/2009\/10\/jlggb-t21_10.34-300x200.jpg 300w, https:\/\/jlggb.net\/jlb\/wp-content\/uploads\/2009\/10\/jlggb-t21_10.34-1024x682.jpg 1024w, https:\/\/jlggb.net\/jlb\/wp-content\/uploads\/2009\/10\/jlggb-t21_10.34-150x100.jpg 150w\" sizes=\"auto, (max-width: 400px) 100vw, 400px\" \/><\/a><\/p>\n<p>Autres documents sur le blog jlggbblog4 : <a href=\"http:\/\/jlggb.net\/blog4\/\" target=\"_blank\" rel=\"noopener noreferrer\">http:\/\/jlggb.net\/blog4\/<\/a><\/p>\n<p><a href=\"https:\/\/jlggb.net\/jlb\/wp-content\/uploads\/2009\/09\/Ppm-1985-plan-schema.jpg\" data-rel=\"lightbox-image-68\" data-imagelightbox=\"68\" data-rl_title=\"\" data-rl_caption=\"\" title=\"\"><img loading=\"lazy\" decoding=\"async\" class=\"alignnone wp-image-1445\" src=\"https:\/\/jlggb.net\/jlb\/wp-content\/uploads\/2009\/09\/Ppm-1985-plan-schema.jpg\" alt=\"Ppm 1985 plan schema\" width=\"400\" height=\"400\" srcset=\"https:\/\/jlggb.net\/jlb\/wp-content\/uploads\/2009\/09\/Ppm-1985-plan-schema.jpg 3200w, https:\/\/jlggb.net\/jlb\/wp-content\/uploads\/2009\/09\/Ppm-1985-plan-schema-150x150.jpg 150w, https:\/\/jlggb.net\/jlb\/wp-content\/uploads\/2009\/09\/Ppm-1985-plan-schema-300x300.jpg 300w, https:\/\/jlggb.net\/jlb\/wp-content\/uploads\/2009\/09\/Ppm-1985-plan-schema-1024x1024.jpg 1024w\" sizes=\"auto, (max-width: 400px) 100vw, 400px\" \/><\/a><br \/>\nDiagramme sch\u00e9matis\u00e9 du trajet des 19, 21 et 23 septembre 1985 \u00e0 P\u00e9kin.<\/p>\n<p>&nbsp;<\/p>\n<p><a href=\"https:\/\/jlggb.net\/jlb\/wp-content\/uploads\/2009\/10\/linz-ars-electronica-paris-8-2015.jpg\" data-rel=\"lightbox-image-69\" data-imagelightbox=\"69\" data-rl_title=\"\" data-rl_caption=\"\" title=\"\"><img loading=\"lazy\" decoding=\"async\" class=\"alignnone wp-image-1990\" src=\"https:\/\/jlggb.net\/jlb\/wp-content\/uploads\/2009\/10\/linz-ars-electronica-paris-8-2015.jpg\" width=\"640\" height=\"427\" srcset=\"https:\/\/jlggb.net\/jlb\/wp-content\/uploads\/2009\/10\/linz-ars-electronica-paris-8-2015.jpg 2400w, https:\/\/jlggb.net\/jlb\/wp-content\/uploads\/2009\/10\/linz-ars-electronica-paris-8-2015-300x200.jpg 300w, https:\/\/jlggb.net\/jlb\/wp-content\/uploads\/2009\/10\/linz-ars-electronica-paris-8-2015-768x512.jpg 768w, https:\/\/jlggb.net\/jlb\/wp-content\/uploads\/2009\/10\/linz-ars-electronica-paris-8-2015-1024x683.jpg 1024w, https:\/\/jlggb.net\/jlb\/wp-content\/uploads\/2009\/10\/linz-ars-electronica-paris-8-2015-150x100.jpg 150w\" sizes=\"auto, (max-width: 640px) 100vw, 640px\" \/><\/a><\/p>\n<p>Ars Electronica, Linz, Kunstuniversit\u00e4t, 5 septembre 2015, groupe de <em>Campus Exhibition: Universit\u00e9 Paris 8<\/em>. Manquent en particulier sur la photo : Marie-H\u00e9l\u00e8ne Tramus, Isabelle Moindrot, Sophie Daste. Photo AE.<em><br \/>\n<\/em><\/p>\n<\/div>\n<div class=\"DivNotice2\">\n<p>&nbsp;<\/p>\n<h1>Autres expositions<\/h1>\n<p><span style=\"color: #ffffff;\">&#8211;<\/span><\/p>\n<p><a href=\"https:\/\/jlggb.net\/jlb\/wp-content\/uploads\/2015\/08\/clipboard-vincennes-projection-2015.jpg\" data-rel=\"lightbox-image-70\" data-imagelightbox=\"70\" data-rl_title=\"\" data-rl_caption=\"\" title=\"\"><img loading=\"lazy\" decoding=\"async\" class=\"size-full wp-image-1406\" src=\"https:\/\/jlggb.net\/jlb\/wp-content\/uploads\/2015\/08\/clipboard-vincennes-projection-2015.jpg\" alt=\"OLYMPUS DIGITAL CAMERA\" width=\"640\" height=\"480\" srcset=\"https:\/\/jlggb.net\/jlb\/wp-content\/uploads\/2015\/08\/clipboard-vincennes-projection-2015.jpg 2000w, https:\/\/jlggb.net\/jlb\/wp-content\/uploads\/2015\/08\/clipboard-vincennes-projection-2015-300x225.jpg 300w, https:\/\/jlggb.net\/jlb\/wp-content\/uploads\/2015\/08\/clipboard-vincennes-projection-2015-1024x768.jpg 1024w, https:\/\/jlggb.net\/jlb\/wp-content\/uploads\/2015\/08\/clipboard-vincennes-projection-2015-150x113.jpg 150w\" sizes=\"auto, (max-width: 640px) 100vw, 640px\" \/><\/a><\/p>\n<p>Juin 2015, exposition <em>Vincennes imprime son cin\u00e9ma<\/em>, Universit\u00e9 Paris 8, Saint-Denis. Volet Vincennes des Vigilambules : <em>Vincennes Clipboard &rsquo;70s<\/em> : <a href=\"https:\/\/jlggb.net\/jlb\/?page_id=1404\" target=\"_blank\" rel=\"noopener noreferrer\">https:\/\/jlggb.net\/jlb\/?page_id=1404<\/a>Voir le site Vincennes&rsquo;70s et le film : <a href=\"http:\/\/www.rvdv.net\/vincennes\/\">http:\/\/www.rvdv.net\/vincennes\/<br \/>\n<\/a><\/p>\n<p><a href=\"https:\/\/jlggb.net\/jlb\/wp-content\/uploads\/2009\/10\/mdc-1995-2001-cnam-2015.jpg\" data-rel=\"lightbox-image-71\" data-imagelightbox=\"71\" data-rl_title=\"\" data-rl_caption=\"\" title=\"\"><img loading=\"lazy\" decoding=\"async\" class=\"size-full wp-image-1397\" src=\"https:\/\/jlggb.net\/jlb\/wp-content\/uploads\/2009\/10\/mdc-1995-2001-cnam-2015.jpg\" alt=\"OLYMPUS DIGITAL CAMERA\" width=\"640\" height=\"480\" srcset=\"https:\/\/jlggb.net\/jlb\/wp-content\/uploads\/2009\/10\/mdc-1995-2001-cnam-2015.jpg 2000w, https:\/\/jlggb.net\/jlb\/wp-content\/uploads\/2009\/10\/mdc-1995-2001-cnam-2015-300x225.jpg 300w, https:\/\/jlggb.net\/jlb\/wp-content\/uploads\/2009\/10\/mdc-1995-2001-cnam-2015-1024x768.jpg 1024w, https:\/\/jlggb.net\/jlb\/wp-content\/uploads\/2009\/10\/mdc-1995-2001-cnam-2015-150x113.jpg 150w\" sizes=\"auto, (max-width: 640px) 100vw, 640px\" \/><\/a><\/p>\n<p>14 juin 2015, exposition <em>Des histoires d\u2019art et d\u2019interactivit\u00e9<\/em> au Mus\u00e9e des arts et m\u00e9tiers. Dans sa version originale, <em>M\u00e9moire de crayons<\/em>, 1995-2001, une collection de 1024 crayons, une base de donn\u00e9es pour ne pas les classer mais pour retrouver leurs histoires qui sont des fragments de celle de l&rsquo;auteur. Une r\u00e9flexion sur une notion de collection qui serait \u00e9mancip\u00e9e de celle de classification.<\/p>\n<p><a href=\"https:\/\/jlggb.net\/jlb\/wp-content\/uploads\/2009\/10\/album-sans-fin-1989-2015.jpg\" data-rel=\"lightbox-image-72\" data-imagelightbox=\"72\" data-rl_title=\"\" data-rl_caption=\"\" title=\"\"><img loading=\"lazy\" decoding=\"async\" class=\"size-full wp-image-1399\" src=\"https:\/\/jlggb.net\/jlb\/wp-content\/uploads\/2009\/10\/album-sans-fin-1989-2015.jpg\" alt=\"OLYMPUS DIGITAL CAMERA\" width=\"640\" height=\"480\" srcset=\"https:\/\/jlggb.net\/jlb\/wp-content\/uploads\/2009\/10\/album-sans-fin-1989-2015.jpg 2000w, https:\/\/jlggb.net\/jlb\/wp-content\/uploads\/2009\/10\/album-sans-fin-1989-2015-300x225.jpg 300w, https:\/\/jlggb.net\/jlb\/wp-content\/uploads\/2009\/10\/album-sans-fin-1989-2015-1024x768.jpg 1024w, https:\/\/jlggb.net\/jlb\/wp-content\/uploads\/2009\/10\/album-sans-fin-1989-2015-150x113.jpg 150w\" sizes=\"auto, (max-width: 640px) 100vw, 640px\" \/><\/a><\/p>\n<p>11 juin 2015, 17h, exposition <em>Des histoires d&rsquo;art et d&rsquo;interactivit\u00e9<\/em> au Mus\u00e9e des arts et m\u00e9tiers. Fabriqu\u00e9 en 1988-1989, avec le logiciel HyperCard sur un Macintosh SE identique \u00e0 celui-ci, l&rsquo;<em>Album sans fin<\/em>, pr\u00e9sente douze tableaux en images 4 bits s&rsquo;animant en boucles. Comment une avant-garde technologique apte \u00e0 changer le monde co\u00efncidait avec des formes rudimentaires, primitives. Un certain minimalisme donc. Ici, l&rsquo;\u0153il suit le curseur en forme de main, ou encore tourne comme la bille sous nos doigts.<\/p>\n<h1>Actualit\u00e9 2014<\/h1>\n<p><span style=\"color: #ffffff;\">&#8211;<\/span><\/p>\n<p><img loading=\"lazy\" decoding=\"async\" class=\"alignnone size-full wp-image-1202\" src=\"https:\/\/jlggb.net\/jlb\/wp-content\/uploads\/2014\/11\/crassulubiqblurb.jpg\" alt=\"crassulubiqblurb\" width=\"324\" height=\"486\" \/><br \/>\n<em>Crassula ubiquiste<\/em><br \/>\nLivre, 200 pages<br \/>\nVersion pdf :<em> <a href=\"http:\/\/www.jlggb.net\/crassula-ubiquiste.pdf\" target=\"_blank\" rel=\"noopener noreferrer\">Crassula ubiquiste<\/a><\/em><br \/>\nVersion papier \u00e0 commander chez Blurb : <a href=\"http:\/\/www.blurb.com\/b\/5706690-crassula-ubiquiste\" target=\"_blank\" rel=\"noopener noreferrer\">http:\/\/www.blurb.com\/b\/5706690-crassula-ubiquiste<\/a><\/p>\n<\/div>\n<\/div>\n<\/div>\n<\/div>\n<\/div>\n<\/div>\n","protected":false},"excerpt":{"rendered":"<p>F\u00e9vrier 2026 : ce site est toujours en cours de r\u00e9daction. \u2014 Actualit\u00e9 2025 &nbsp; Crassula ubiquiste. Version japonaise, assembl\u00e9e en novembre 2023. Exposition \u77f3\u306b\u8a71\u3059\u3053\u3068\u3092\u6559\u3048\u308b\u2015\u2015\u751f\u306e\u3008\u6280\u8853\u3009 Teaching a Stone to Talk: The Technique of Living Lieu : The Terminal KYOTO, 424 Iwatoyama-cho, Shimogyo-ku, Kyoto 600-8445 https:\/\/kyoto.theterminal.jp\/, du 12 au 27 d\u00e9cembre 2025 Exposant(e)s : Masayuki AKAMATSU, &hellip; <a href=\"https:\/\/jlggb.net\/jlb\/\" class=\"more-link\">Continuer la lecture de <span class=\"screen-reader-text\">Actualit\u00e9 \/ News<\/span><\/a><\/p>\n","protected":false},"author":1,"featured_media":0,"parent":558,"menu_order":1,"comment_status":"closed","ping_status":"closed","template":"","meta":{"footnotes":""},"class_list":["post-234","page","type-page","status-publish","hentry"],"_links":{"self":[{"href":"https:\/\/jlggb.net\/jlb\/wp-json\/wp\/v2\/pages\/234","targetHints":{"allow":["GET"]}}],"collection":[{"href":"https:\/\/jlggb.net\/jlb\/wp-json\/wp\/v2\/pages"}],"about":[{"href":"https:\/\/jlggb.net\/jlb\/wp-json\/wp\/v2\/types\/page"}],"author":[{"embeddable":true,"href":"https:\/\/jlggb.net\/jlb\/wp-json\/wp\/v2\/users\/1"}],"replies":[{"embeddable":true,"href":"https:\/\/jlggb.net\/jlb\/wp-json\/wp\/v2\/comments?post=234"}],"version-history":[{"count":374,"href":"https:\/\/jlggb.net\/jlb\/wp-json\/wp\/v2\/pages\/234\/revisions"}],"predecessor-version":[{"id":3885,"href":"https:\/\/jlggb.net\/jlb\/wp-json\/wp\/v2\/pages\/234\/revisions\/3885"}],"up":[{"embeddable":true,"href":"https:\/\/jlggb.net\/jlb\/wp-json\/wp\/v2\/pages\/558"}],"wp:attachment":[{"href":"https:\/\/jlggb.net\/jlb\/wp-json\/wp\/v2\/media?parent=234"}],"curies":[{"name":"wp","href":"https:\/\/api.w.org\/{rel}","templated":true}]}}