{"id":21,"date":"2009-08-22T22:54:24","date_gmt":"2009-08-22T20:54:24","guid":{"rendered":"http:\/\/jlggb.net\/jlb\/?page_id=21"},"modified":"2026-03-01T23:36:41","modified_gmt":"2026-03-01T22:36:41","slug":"moments","status":"publish","type":"page","link":"https:\/\/jlggb.net\/jlb\/travaux\/moments\/","title":{"rendered":"2000 Moments de Jean-Jacques Rousseau"},"content":{"rendered":"<p>Cet ouvrage est d\u00e9crit avec les textes originaux et des extraits de toutes les s\u00e9quences sur le site : <a href=\"http:\/\/www.circonstances.net\/JJR\/\">http:\/\/www.circonstances.net\/JJR\/<\/a><\/p>\n<p><a href=\"https:\/\/jlggb.net\/jlb\/wp-content\/uploads\/2009\/09\/MmeBasile.jpg\" data-rel=\"lightbox-image-0\" data-imagelightbox=\"0\" data-rl_title=\"\" data-rl_caption=\"\"><img loading=\"lazy\" decoding=\"async\" class=\"alignnone size-full wp-image-136\" title=\"\" src=\"https:\/\/jlggb.net\/jlb\/wp-content\/uploads\/2009\/09\/MmeBasile.jpg\" alt=\"MmeBasile\" width=\"640\" height=\"720\" srcset=\"https:\/\/jlggb.net\/jlb\/wp-content\/uploads\/2009\/09\/MmeBasile.jpg 640w, https:\/\/jlggb.net\/jlb\/wp-content\/uploads\/2009\/09\/MmeBasile-266x300.jpg 266w\" sizes=\"auto, (max-width: 640px) 100vw, 640px\" \/><\/a><\/p>\n<p><em>Moments de Jean-Jacques Rousseau, <\/em>6 \u00e9tats du panoramique interactif \u00ab Madame Basile \u00bb (mod\u00e8le : Christine Voto).<\/p>\n<p>Le projets <em>Moments de Jean-Jacques Rousseau<\/em> a donn\u00e9 lieu \u00e0 3 installations distinctes : <em>La deuxi\u00e8me Promenade<\/em>, 1998, <em>La Morale sensitive<\/em>, 1999, <em>Moments de Jean-Jacques Rousseau<\/em>, 2001-2008.<\/p>\n<p><em>Moments de Jean-Jacques Rousseau, Confessions et R\u00eaveries<\/em>, dans sa version compl\u00e8te sous forme de CD-Rom, a \u00e9t\u00e9 \u00e9dit\u00e9 par les \u00c9ditions Gallimard en 2000.<\/p>\n<p><img loading=\"lazy\" decoding=\"async\" class=\"alignnone size-full wp-image-318\" title=\"moments-gallimard\" src=\"https:\/\/jlggb.net\/jlb\/wp-content\/uploads\/2009\/08\/moments-gallimard.jpg\" alt=\"moments-gallimard\" width=\"320\" height=\"383\" srcset=\"https:\/\/jlggb.net\/jlb\/wp-content\/uploads\/2009\/08\/moments-gallimard.jpg 320w, https:\/\/jlggb.net\/jlb\/wp-content\/uploads\/2009\/08\/moments-gallimard-250x300.jpg 250w\" sizes=\"auto, (max-width: 320px) 100vw, 320px\" \/><\/p>\n<p>FICHE G\u00c9N\u00c9RIQUE<\/p>\n<p>Jean-Louis Boissier<br \/>\n<em>Moments de Jean-Jacques Rousseau<\/em><br \/>\nCD-ROM, 2000<\/p>\n<p>Production<br \/>\nCENTRE POUR L\u2019IMAGE CONTEMPORAINE, SAINT-GERVAIS GEN\u00c8VE<\/p>\n<p>Publication<br \/>\n\u00c9DITIONS GALLIMARD, PARIS<\/p>\n<p><a href=\"http:\/\/www.gallimard.fr\/Catalogue\/GALLIMARD\/CD-ROM\/Moments-de-Jean-Jacques-Rousseau\">http:\/\/www.gallimard.fr\/Catalogue\/GALLIMARD\/CD-ROM\/Moments-de-Jean-Jacques-Rousseau<\/a><\/p>\n<p>Avec le concours<br \/>\nDU FRESNOY, STUDIO NATIONAL DES ARTS CONTEMPORAINS, DU LABORATOIRE ESTH\u00c9TIQUE DE L\u2019INTERACTIVIT\u00c9, UNIVERSIT\u00c9 PARIS 8, DE PRO HELVETIA<br \/>\nFONDATION SUISSE POUR LA CULTURE, DE LA LOTERIE ROMANDE, DU D\u00c9PARTEMENT DE L\u2019INSTRUCTION PUBLIQUE DE L\u2019\u00c9TAT DE GEN\u00c8VE, DU FONDS RAPIN<\/p>\n<p>R\u00e9alisation<br \/>\nJEAN-LOUIS BOISSIER<\/p>\n<p>Conception<br \/>\nJEAN-LOUIS BOISSIER, LILIANE TERRIER<\/p>\n<p>Direction de production<br \/>\nANDR\u00c9 ITEN<\/p>\n<p>Administration<br \/>\nBRIGITTE CHAPUIS<\/p>\n<p>Charg\u00e9e de production<br \/>\nMAREN K\u00d6PP<\/p>\n<p>Assistant de r\u00e9alisation<br \/>\nHAJIME TAKEUCHI<\/p>\n<p>Programmation informatique<br \/>\nJEAN-NO\u00cbL LAFARGUE<\/p>\n<p>R\u00e9alisation typographique<br \/>\nJEAN-FRAN\u00c7OIS REY<\/p>\n<p>Stagiaires<br \/>\nCHRISTINE VOTO, PHILIPPE DONADINI, THIERRY GUIBERT<\/p>\n<p>Costumes<br \/>\nAGN\u00c8S B., COMME DES GAR\u00c7ONS, DRIES VAN NOTEN, VIVIENNE WESTWOOD<br \/>\nAvec l\u2019aide amicale d\u2019ALICE MORGAINE<\/p>\n<p>Finalisation technique et mastering<br \/>\nMAGIC MEDIA, BRUXELLES, YVES BERNARD, FR\u00c9D\u00c9RIC JAMOULLE<\/p>\n<p>\u00c9dition<br \/>\n\u00c9RIC VIGNE, AALAM WASSEF, B\u00c9N\u00c9DICTE NAMBOTIN<\/p>\n<p>Distribution<br \/>\nPIERRE-EMMANUEL ANTIGNAC (B\u00e2cle)<br \/>\nLIONEL BARCLAY (l\u2019un des trois jeunes gens)<br \/>\n\u00c9TIENNE BOISSIER (l\u2019un des trois jeunes gens)<br \/>\nISABELLA BONORA (Zulietta)<br \/>\nCHRISTOPHER S. BROWN (M. de Wolmar)<br \/>\nAMBER CASEY (Julie d\u2019\u00c9tange)<br \/>\nC\u00c9CILE CHAPUIS (Th\u00e9r\u00e8se)<br \/>\nSOPHIE CHRISTOPHE (Claire d\u2019Orbe, Mlle Serre)<br \/>\nCLAUDE CLOSKY (Claude Anet)<br \/>\nCORNEL DE BUCK (le pasteur Lambercier)<br \/>\nMARTIN DE BUCK (le cousin Bernard)<br \/>\nPHILIPPE DONADINI (M. de Conzi\u00e9)<br \/>\nMERYEM DURU (la petite Goton)<br \/>\nYACINE EL YACOUBI (l\u2019un des trois jeunes gens)<br \/>\nLAURENT FERRER (M. Le Ma\u00eetre)<br \/>\nDAPHN\u00c9 FREUDIGER (Julie d\u2019\u00c9tange)<br \/>\nJEANNE MARIE GACHE BERNARD (Mlle Galley)<br \/>\nGRAZIA GIANI (Mlle de Breil)<br \/>\nETSUKO IIDA (Mme d\u2019Houdetot)<br \/>\nALEX IORDACHESCU (Saint-Preux, M. Gen\u00e8ve)<br \/>\nMAXIME JEANNEST (Jacques-Armand Dupin de Chenonceaux)<br \/>\nFLORIAN KETTENACKER (Saint-Preux)<br \/>\nCHRISTINE KIERKEMANN (Mlle de Vulson)<br \/>\nANTONELLA MARRALI et sa fille CLARA (Mlle d\u2019Ivernois et son enfant)<br \/>\nPATRICIA MEILHAC (Mme de Warens)<br \/>\nCHRISTOPHER MORRIS (Saint-Preux)<br \/>\nMICHELE MOTTURA (l\u2019abb\u00e9 Gaime)<br \/>\nDANIELA M\u00dcHLEMANN (la Receveuse)<br \/>\nSUSANNE M\u00dcHLEMANN (la s\u0153ur de la Receveuse)<br \/>\nCENDRINE POUZET (Mlle Lambercier)<br \/>\nSARAH QUELIN (Mlle de Graffenried)<br \/>\nAGN\u00c8S RENOULT (Mme Dupin)<br \/>\nARNAUD REVERDIN (Ignacio Emmanuel d\u2019Altuna, Saint-Preux)<br \/>\nVANESSA ROCCHETTI (Marion)<br \/>\nCHRISTINE VOTO (Mme Basile)<br \/>\nJENNIFER WARD (la tante Suzon)<br \/>\nSUZANNE WERNSING (Mme d\u2019\u00c9pinay)<br \/>\nC\u00c9LINE YVON (Julie d\u2019\u00c9tange, Mme de Warens)<\/p>\n<p><img loading=\"lazy\" decoding=\"async\" class=\"alignnone wp-image-1883\" src=\"https:\/\/jlggb.net\/jlb\/wp-content\/uploads\/2009\/08\/moments-propos-2000-640.jpg\" alt=\"moments-propos-2000-640\" width=\"320\" height=\"378\" srcset=\"https:\/\/jlggb.net\/jlb\/wp-content\/uploads\/2009\/08\/moments-propos-2000-640.jpg 640w, https:\/\/jlggb.net\/jlb\/wp-content\/uploads\/2009\/08\/moments-propos-2000-640-254x300.jpg 254w, https:\/\/jlggb.net\/jlb\/wp-content\/uploads\/2009\/08\/moments-propos-2000-640-127x150.jpg 127w\" sizes=\"auto, (max-width: 320px) 100vw, 320px\" \/><\/p>\n<p><a href=\"https:\/\/jlggb.net\/jlb\/wp-pdf\/Le moment interactif.pdf\">T\u00e9l\u00e9charger la version int\u00e9grale du texte \u00ab Le moment interactif \u00bb publi\u00e9 avec le CD-ROM Moments de Jean-Jacques Rousseau, Gallimard, 2000.<\/a><\/p>\n<p><a href=\"https:\/\/jlggb.net\/jlb\/wp-pdf\/Livres d'images.pdf\">T\u00e9l\u00e9charger l&rsquo;essai de Raymond Bellour, \u00ab Livre d&rsquo;images \u00bb, publi\u00e9 dans \u00ab \u00c0 propos de\u00a0 <em>Moments<\/em> \u00bb,\u00a0 livret accompagnant le CD-ROM <em>Moments de Jean-Jacques Rousseau<\/em>, Gallimard, Paris, 2000.<\/a><\/p>\n<p>\u00c0 consulter, de Jean-Louis Boissier :<\/p>\n<p><a href=\"https:\/\/jlggb.net\/jlb\/?page_id=259\" target=\"_self\">\u00ab The Relation Image \u00bb, Two english texts for Future Cinema, ZKM\/MIT, 2003<\/a><\/p>\n<p>Essai de Margaret C. Flinn, \u00ab\u00a0Jean-Louis\u2019s Moments of Jean-Jacques\u00a0\u00bb, 2010 : <a href=\"https:\/\/jlggb.net\/jlb\/?page_id=1867\">https:\/\/jlggb.net\/jlb\/?page_id=1867<\/a><\/p>\n<p>&nbsp;<\/p>\n<p>&nbsp;<\/p>\n<p>EXPOSITION COMME INSTALLATION<\/p>\n<p><a href=\"https:\/\/jlggb.net\/jlb\/wp-content\/uploads\/2009\/08\/mmts_annecy_cerises.jpg\" data-rel=\"lightbox-image-1\" data-imagelightbox=\"1\" data-rl_title=\"\" data-rl_caption=\"\"><img loading=\"lazy\" decoding=\"async\" class=\"alignnone size-full wp-image-138\" title=\"\" src=\"https:\/\/jlggb.net\/jlb\/wp-content\/uploads\/2009\/08\/mmts_annecy_cerises.jpg\" alt=\"mmts_annecy_cerises\" width=\"640\" height=\"480\" srcset=\"https:\/\/jlggb.net\/jlb\/wp-content\/uploads\/2009\/08\/mmts_annecy_cerises.jpg 1280w, https:\/\/jlggb.net\/jlb\/wp-content\/uploads\/2009\/08\/mmts_annecy_cerises-300x225.jpg 300w, https:\/\/jlggb.net\/jlb\/wp-content\/uploads\/2009\/08\/mmts_annecy_cerises-1024x768.jpg 1024w\" sizes=\"auto, (max-width: 640px) 100vw, 640px\" \/><\/a><\/p>\n<p><em>Moments de Jean-Jacques Rousseau<\/em>, installation vid\u00e9o-interactive, version permanente au Mus\u00e9e-Ch\u00e2teau d&rsquo;Annecy, 2008. Collection Mus\u00e9e-Ch\u00e2teau, Annecy. Inv. 2006.0.3. Acquis avec l\u2019aide du FRAM, cofinanc\u00e9 par l\u2019\u00c9tat et la R\u00e9gion.<\/p>\n<p><a href=\"https:\/\/jlggb.net\/jlb\/wp-content\/uploads\/2009\/08\/mmts_annecy_livres1.jpg\" data-rel=\"lightbox-image-2\" data-imagelightbox=\"2\" data-rl_title=\"\" data-rl_caption=\"\"><img loading=\"lazy\" decoding=\"async\" class=\"alignnone size-full wp-image-143\" title=\"\" src=\"https:\/\/jlggb.net\/jlb\/wp-content\/uploads\/2009\/08\/mmts_annecy_livres1.jpg\" alt=\"mmts_annecy_livres\" width=\"640\" height=\"480\" srcset=\"https:\/\/jlggb.net\/jlb\/wp-content\/uploads\/2009\/08\/mmts_annecy_livres1.jpg 1280w, https:\/\/jlggb.net\/jlb\/wp-content\/uploads\/2009\/08\/mmts_annecy_livres1-300x225.jpg 300w, https:\/\/jlggb.net\/jlb\/wp-content\/uploads\/2009\/08\/mmts_annecy_livres1-1024x768.jpg 1024w\" sizes=\"auto, (max-width: 640px) 100vw, 640px\" \/><\/a><\/p>\n<p>Jean-Jacques Rousseau, <em>\u0152uvres compl\u00e8tes<\/em>, La Pl\u00e9iade, Gallimard, t.1, 1959.<\/p>\n<p><a href=\"https:\/\/jlggb.net\/jlb\/wp-content\/uploads\/2009\/08\/mmts_annecy_pi\u00e8ce.jpg\" data-rel=\"lightbox-image-3\" data-imagelightbox=\"3\" data-rl_title=\"\" data-rl_caption=\"\"><img loading=\"lazy\" decoding=\"async\" class=\"alignnone size-full wp-image-140\" title=\"\" src=\"https:\/\/jlggb.net\/jlb\/wp-content\/uploads\/2009\/08\/mmts_annecy_pi\u00e8ce.jpg\" alt=\"mmts_annecy_pi\u00e8ce\" width=\"640\" height=\"480\" srcset=\"https:\/\/jlggb.net\/jlb\/wp-content\/uploads\/2009\/08\/mmts_annecy_pi\u00e8ce.jpg 1280w, https:\/\/jlggb.net\/jlb\/wp-content\/uploads\/2009\/08\/mmts_annecy_pi\u00e8ce-300x225.jpg 300w, https:\/\/jlggb.net\/jlb\/wp-content\/uploads\/2009\/08\/mmts_annecy_pi\u00e8ce-1024x768.jpg 1024w\" sizes=\"auto, (max-width: 640px) 100vw, 640px\" \/><\/a><\/p>\n<p>Dispositif : Enzo Mari, <em>Mariolina<\/em>, chaises, Magis, 2002, \u00ab\u00a0I\u00a0\u00bb table de la s\u00e9rie de meubles \u00e0 construire \u00ab\u00a0Autoprogettazione \u00bb, 1974, exemplaire r\u00e9alis\u00e9 au Mus\u00e9e-Ch\u00e2teau d\u2019Annecy en octobre 2008. Naoto Fukasawa, <em>Itis<\/em>, lampe, Artemide, 2007. Jonathan Ives, MacMini, ordinateur, Apple, 2005, Wireless Mighty Mouse, souris, Apple, 2005.<\/p>\n<p><a href=\"https:\/\/jlggb.net\/jlb\/wp-content\/uploads\/2009\/08\/mmts_annecy_tableau.jpg\" data-rel=\"lightbox-image-4\" data-imagelightbox=\"4\" data-rl_title=\"\" data-rl_caption=\"\"><img loading=\"lazy\" decoding=\"async\" class=\"alignnone size-full wp-image-142\" title=\"\" src=\"https:\/\/jlggb.net\/jlb\/wp-content\/uploads\/2009\/08\/mmts_annecy_tableau.jpg\" alt=\"mmts_annecy_tableau\" width=\"640\" height=\"479\" srcset=\"https:\/\/jlggb.net\/jlb\/wp-content\/uploads\/2009\/08\/mmts_annecy_tableau.jpg 1280w, https:\/\/jlggb.net\/jlb\/wp-content\/uploads\/2009\/08\/mmts_annecy_tableau-300x225.jpg 300w, https:\/\/jlggb.net\/jlb\/wp-content\/uploads\/2009\/08\/mmts_annecy_tableau-1024x768.jpg 1024w\" sizes=\"auto, (max-width: 640px) 100vw, 640px\" \/><\/a><\/p>\n<p>Camille Roqueplan, <em>Jean-Jacques Rousseau cueillant des cerises<\/em>, aquarelle, 1836, Collection Mus\u00e9e-Ch\u00e2teau, Annecy<br \/>\nInv. 2000.27.<\/p>\n<p>&nbsp;<\/p>\n<p>\u00c9DITION JAPONAISE<\/p>\n<p><a href=\"https:\/\/jlggb.net\/jlb\/wp-content\/uploads\/2019\/12\/mmts-japon-couv.jpg\" data-rel=\"lightbox-image-5\" data-imagelightbox=\"5\" data-rl_title=\"\" data-rl_caption=\"\" title=\"\"><img loading=\"lazy\" decoding=\"async\" class=\"alignnone wp-image-2693\" src=\"https:\/\/jlggb.net\/jlb\/wp-content\/uploads\/2019\/12\/mmts-japon-couv.jpg\" alt=\"\" width=\"320\" height=\"449\" srcset=\"https:\/\/jlggb.net\/jlb\/wp-content\/uploads\/2019\/12\/mmts-japon-couv.jpg 356w, https:\/\/jlggb.net\/jlb\/wp-content\/uploads\/2019\/12\/mmts-japon-couv-214x300.jpg 214w, https:\/\/jlggb.net\/jlb\/wp-content\/uploads\/2019\/12\/mmts-japon-couv-107x150.jpg 107w\" sizes=\"auto, (max-width: 320px) 100vw, 320px\" \/><\/a><\/p>\n<p>Jean-Louis Boissier, <em>Moments de Jean-Jacques Rousseau<\/em>, livre et CD-Rom, Nihon Bunkyo Shuppan, Tokyo, 2003.<br \/>\nTraduction en japonais de : Jean-Louis Boissier, <em>Moments de Jean-Jacques Rousseau<\/em>, CD-Rom avec brochure, Gallimard, Paris, 2000.<br \/>\n\u30eb\u30bd\u30fc\u306e\u6642\u2015\u30a4\u30f3\u30bf\u30e9\u30af\u30c6\u30a3\u30f4\u30a3\u30c6\u30a3\u306e\u7f8e\u5b66 (\u5358\u884c\u672c)<br \/>\n\u4f0a\u85e4 \u4fca\u6cbb (\u8457), \u30ec\u30a4\u30e2\u30f3 \u30d9\u30eb\u30fc\u30eb (\u8457), \u767d\u4e95 \u96c5\u4eba (\u8457), \u30b8\u30e3\u30f3=\u30eb\u30a4 \u30dc\u30ef\u30b7\u30a8 (\u8457), \u6c38\u5b88 \u57fa\u6a39 (\u8457), Raymond Bellour (\u539f\u8457), Jean\u2010Louis Boissier (\u539f\u8457)<\/p>\n<p>&nbsp;<\/p>\n<p>&nbsp;<\/p>\n<p>PR\u00c9FIGURATION<\/p>\n<p>\u00ab\u00a0Digital Bauhaus\u00a0\u00bb, NTT InterCommunication Center, Tokyo (6.8.1999 &#8211; 19.9.1999)<\/p>\n<p><a href=\"https:\/\/jlggb.net\/jlb\/wp-content\/uploads\/2026\/01\/digital-bauhaus-tokyo-1999-scaled.jpg\" data-rel=\"lightbox-image-6\" data-imagelightbox=\"6\" data-rl_title=\"\" data-rl_caption=\"\" title=\"\"><img loading=\"lazy\" decoding=\"async\" class=\"size-full wp-image-3868\" src=\"https:\/\/jlggb.net\/jlb\/wp-content\/uploads\/2026\/01\/digital-bauhaus-tokyo-1999-scaled.jpg\" alt=\"\" width=\"2560\" height=\"1920\" srcset=\"https:\/\/jlggb.net\/jlb\/wp-content\/uploads\/2026\/01\/digital-bauhaus-tokyo-1999-scaled.jpg 2560w, https:\/\/jlggb.net\/jlb\/wp-content\/uploads\/2026\/01\/digital-bauhaus-tokyo-1999-300x225.jpg 300w, https:\/\/jlggb.net\/jlb\/wp-content\/uploads\/2026\/01\/digital-bauhaus-tokyo-1999-1024x768.jpg 1024w, https:\/\/jlggb.net\/jlb\/wp-content\/uploads\/2026\/01\/digital-bauhaus-tokyo-1999-768x576.jpg 768w, https:\/\/jlggb.net\/jlb\/wp-content\/uploads\/2026\/01\/digital-bauhaus-tokyo-1999-1536x1152.jpg 1536w, https:\/\/jlggb.net\/jlb\/wp-content\/uploads\/2026\/01\/digital-bauhaus-tokyo-1999-2048x1536.jpg 2048w\" sizes=\"auto, (max-width: 2560px) 100vw, 2560px\" \/><\/a><br \/>\n<em>Moments de Jean-Jacques Rousseau<\/em>, prototype du CD-Rom Gallimard.<\/p>\n","protected":false},"excerpt":{"rendered":"<p>Cet ouvrage est d\u00e9crit avec les textes originaux et des extraits de toutes les s\u00e9quences sur le site : http:\/\/www.circonstances.net\/JJR\/ Moments de Jean-Jacques Rousseau, 6 \u00e9tats du panoramique interactif \u00ab Madame Basile \u00bb (mod\u00e8le : Christine Voto). Le projets Moments de Jean-Jacques Rousseau a donn\u00e9 lieu \u00e0 3 installations distinctes : La deuxi\u00e8me Promenade, 1998, &hellip; <a href=\"https:\/\/jlggb.net\/jlb\/travaux\/moments\/\" class=\"more-link\">Continuer la lecture de <span class=\"screen-reader-text\">2000 Moments de Jean-Jacques Rousseau<\/span><\/a><\/p>\n","protected":false},"author":2,"featured_media":0,"parent":556,"menu_order":21,"comment_status":"closed","ping_status":"closed","template":"","meta":{"footnotes":""},"class_list":["post-21","page","type-page","status-publish","hentry"],"_links":{"self":[{"href":"https:\/\/jlggb.net\/jlb\/wp-json\/wp\/v2\/pages\/21","targetHints":{"allow":["GET"]}}],"collection":[{"href":"https:\/\/jlggb.net\/jlb\/wp-json\/wp\/v2\/pages"}],"about":[{"href":"https:\/\/jlggb.net\/jlb\/wp-json\/wp\/v2\/types\/page"}],"author":[{"embeddable":true,"href":"https:\/\/jlggb.net\/jlb\/wp-json\/wp\/v2\/users\/2"}],"replies":[{"embeddable":true,"href":"https:\/\/jlggb.net\/jlb\/wp-json\/wp\/v2\/comments?post=21"}],"version-history":[{"count":33,"href":"https:\/\/jlggb.net\/jlb\/wp-json\/wp\/v2\/pages\/21\/revisions"}],"predecessor-version":[{"id":3927,"href":"https:\/\/jlggb.net\/jlb\/wp-json\/wp\/v2\/pages\/21\/revisions\/3927"}],"up":[{"embeddable":true,"href":"https:\/\/jlggb.net\/jlb\/wp-json\/wp\/v2\/pages\/556"}],"wp:attachment":[{"href":"https:\/\/jlggb.net\/jlb\/wp-json\/wp\/v2\/media?parent=21"}],"curies":[{"name":"wp","href":"https:\/\/api.w.org\/{rel}","templated":true}]}}