{"id":1979,"date":"2016-12-06T13:03:41","date_gmt":"2016-12-06T12:03:41","guid":{"rendered":"http:\/\/jlggb.net\/jlb\/?page_id=1979"},"modified":"2026-03-29T11:16:49","modified_gmt":"2026-03-29T09:16:49","slug":"1998-limage-nest-pas-seule","status":"publish","type":"page","link":"https:\/\/jlggb.net\/jlb\/commissariat\/1998-limage-nest-pas-seule\/","title":{"rendered":"1998 L\u2019image n\u2019est pas seule"},"content":{"rendered":"<p><a href=\"https:\/\/jlggb.net\/jlb\/wp-content\/uploads\/2021\/01\/lips.jpg\" data-rel=\"lightbox-image-0\" data-imagelightbox=\"0\" data-rl_title=\"\" data-rl_caption=\"\" title=\"\"><img loading=\"lazy\" decoding=\"async\" class=\"alignnone wp-image-2859\" src=\"https:\/\/jlggb.net\/jlb\/wp-content\/uploads\/2021\/01\/lips.jpg\" alt=\"\" width=\"368\" height=\"480\" srcset=\"https:\/\/jlggb.net\/jlb\/wp-content\/uploads\/2021\/01\/lips.jpg 698w, https:\/\/jlggb.net\/jlb\/wp-content\/uploads\/2021\/01\/lips-230x300.jpg 230w, https:\/\/jlggb.net\/jlb\/wp-content\/uploads\/2021\/01\/lips-115x150.jpg 115w\" sizes=\"auto, (max-width: 368px) 100vw, 368px\" \/><\/a><\/p>\n<p>\u00ab L&rsquo;image n&rsquo;est pas seule \u00bb<br \/>\nUniversit\u00e9 Paris 8<br \/>\nExposition des travaux artistiques du laboratoire de recherche Esth\u00e9tique de l\u2019interactivit\u00e9, Universit\u00e9 Paris 8,<br \/>\ncr\u00e9\u00e9e pour l\u2019inauguration de la biblioth\u00e8que de l\u2019Universit\u00e9 Paris 8,<br \/>\nEspace audiovisuel, 18 \u2013 29 mai 1998<\/p>\n<p><a href=\"https:\/\/jlggb.net\/jlb\/wp-content\/uploads\/2021\/01\/lips-1998-plan-scaled.jpg\" data-rel=\"lightbox-image-1\" data-imagelightbox=\"1\" data-rl_title=\"\" data-rl_caption=\"\" title=\"\"><img loading=\"lazy\" decoding=\"async\" class=\"alignnone wp-image-2953\" src=\"https:\/\/jlggb.net\/jlb\/wp-content\/uploads\/2021\/01\/lips-1998-plan-scaled.jpg\" alt=\"\" width=\"640\" height=\"905\" srcset=\"https:\/\/jlggb.net\/jlb\/wp-content\/uploads\/2021\/01\/lips-1998-plan-scaled.jpg 1811w, https:\/\/jlggb.net\/jlb\/wp-content\/uploads\/2021\/01\/lips-1998-plan-212x300.jpg 212w, https:\/\/jlggb.net\/jlb\/wp-content\/uploads\/2021\/01\/lips-1998-plan-724x1024.jpg 724w, https:\/\/jlggb.net\/jlb\/wp-content\/uploads\/2021\/01\/lips-1998-plan-768x1086.jpg 768w, https:\/\/jlggb.net\/jlb\/wp-content\/uploads\/2021\/01\/lips-1998-plan-1087x1536.jpg 1087w, https:\/\/jlggb.net\/jlb\/wp-content\/uploads\/2021\/01\/lips-1998-plan-1449x2048.jpg 1449w, https:\/\/jlggb.net\/jlb\/wp-content\/uploads\/2021\/01\/lips-1998-plan-106x150.jpg 106w\" sizes=\"auto, (max-width: 640px) 100vw, 640px\" \/><\/a><\/p>\n<p>Jean-Louis Boissier, Liliane Terrier (sous la direction de)<\/p>\n<p><em>L&rsquo;image n&rsquo;est pas seule, Exposition<\/em><\/p>\n<p><a href=\"https:\/\/jlggb.net\/jlb\/wp-pdf\/lips-catalogue-final.pdf\" data-wp-editing=\"1\"><img loading=\"lazy\" decoding=\"async\" class=\"alignnone wp-image-2859\" src=\"https:\/\/jlggb.net\/jlb\/wp-content\/uploads\/2021\/01\/lips.jpg\" alt=\"\" width=\"120\" height=\"157\" srcset=\"https:\/\/jlggb.net\/jlb\/wp-content\/uploads\/2021\/01\/lips.jpg 698w, https:\/\/jlggb.net\/jlb\/wp-content\/uploads\/2021\/01\/lips-230x300.jpg 230w, https:\/\/jlggb.net\/jlb\/wp-content\/uploads\/2021\/01\/lips-115x150.jpg 115w\" sizes=\"auto, (max-width: 120px) 100vw, 120px\" \/><\/a><\/p>\n<p>T\u00e9l\u00e9charger le catalogue en pdf :<br \/>\n<a href=\"https:\/\/jlggb.net\/jlb\/wp-pdf\/lips-catalogue-final.pdf\" target=\"_blank\" rel=\"noopener\">https:\/\/jlggb.net\/jlb\/wp-pdf\/lips-catalogue-final.pdf<\/a><\/p>\n<p>CONTRIBUTIONS<br \/>\nFran\u00e7oise Agez, chercheuse en arts plastiques<br \/>\nJean-Louis Boissier, professeur en arts plastiques, coresponsable<br \/>\ndu laboratoire Esth\u00e9tique de l\u2019interactivit\u00e9<br \/>\nJean-Marie Dallet, attach\u00e9 d\u2019enseignement et de recherche en arts plastiques<br \/>\nAndrea Davidson, chercheuse en arts plastiques, chor\u00e9graphe<br \/>\nAline Giron, charg\u00e9e de cours en arts plastiques, r\u00e9alisatrice multim\u00e9dia<br \/>\nJ\u00e9r\u00f4me Glicenstein, PRAG en arts plastiques<br \/>\nMaren K\u00f6pp, attach\u00e9e d\u2019enseignement et de recherche en arts plastiques<br \/>\nJean-No\u00ebl Lafargue, charg\u00e9 de cours en arts plastiques<br \/>\nFabien Lagny, charg\u00e9 de cours en arts plastiques, r\u00e9alisateur multim\u00e9dia<br \/>\nChristian Laroche, enseignant \u00e0 l\u2019\u00c9cole des beaux-arts de Dijon<br \/>\nDouglas Edric Stanley, chercheur, charg\u00e9 de cours en arts plastiques<br \/>\nHajime Takeuchi, chercheur, charg\u00e9 de cours en arts plastiques<br \/>\nLiliane Terrier, ma\u00eetresse de conf\u00e9rences en arts plastiques, coresponsable<br \/>\ndu laboratoire Esth\u00e9tique de l\u2019interactivit\u00e9<br \/>\nAndrea Urlberger, chercheuse en arts plastiques<br \/>\nYe Xin, ma\u00eetre de conf\u00e9rences en arts plastiques<\/p>\n<p>SC\u00c9NOGRAPHIE<br \/>\nAlain Cieutat<\/p>\n<p>&nbsp;<\/p>\n","protected":false},"excerpt":{"rendered":"<p>\u00ab L&rsquo;image n&rsquo;est pas seule \u00bb Universit\u00e9 Paris 8 Exposition des travaux artistiques du laboratoire de recherche Esth\u00e9tique de l\u2019interactivit\u00e9, Universit\u00e9 Paris 8, cr\u00e9\u00e9e pour l\u2019inauguration de la biblioth\u00e8que de l\u2019Universit\u00e9 Paris 8, Espace audiovisuel, 18 \u2013 29 mai 1998 Jean-Louis Boissier, Liliane Terrier (sous la direction de) L&rsquo;image n&rsquo;est pas seule, Exposition T\u00e9l\u00e9charger le &hellip; <a href=\"https:\/\/jlggb.net\/jlb\/commissariat\/1998-limage-nest-pas-seule\/\" class=\"more-link\">Continuer la lecture de <span class=\"screen-reader-text\">1998 L\u2019image n\u2019est pas seule<\/span><\/a><\/p>\n","protected":false},"author":2,"featured_media":0,"parent":593,"menu_order":0,"comment_status":"closed","ping_status":"closed","template":"","meta":{"footnotes":""},"class_list":["post-1979","page","type-page","status-publish","hentry"],"_links":{"self":[{"href":"https:\/\/jlggb.net\/jlb\/wp-json\/wp\/v2\/pages\/1979","targetHints":{"allow":["GET"]}}],"collection":[{"href":"https:\/\/jlggb.net\/jlb\/wp-json\/wp\/v2\/pages"}],"about":[{"href":"https:\/\/jlggb.net\/jlb\/wp-json\/wp\/v2\/types\/page"}],"author":[{"embeddable":true,"href":"https:\/\/jlggb.net\/jlb\/wp-json\/wp\/v2\/users\/2"}],"replies":[{"embeddable":true,"href":"https:\/\/jlggb.net\/jlb\/wp-json\/wp\/v2\/comments?post=1979"}],"version-history":[{"count":19,"href":"https:\/\/jlggb.net\/jlb\/wp-json\/wp\/v2\/pages\/1979\/revisions"}],"predecessor-version":[{"id":3957,"href":"https:\/\/jlggb.net\/jlb\/wp-json\/wp\/v2\/pages\/1979\/revisions\/3957"}],"up":[{"embeddable":true,"href":"https:\/\/jlggb.net\/jlb\/wp-json\/wp\/v2\/pages\/593"}],"wp:attachment":[{"href":"https:\/\/jlggb.net\/jlb\/wp-json\/wp\/v2\/media?parent=1979"}],"curies":[{"name":"wp","href":"https:\/\/api.w.org\/{rel}","templated":true}]}}