{"id":1958,"date":"2016-12-06T01:40:46","date_gmt":"2016-12-06T00:40:46","guid":{"rendered":"http:\/\/jlggb.net\/jlb\/?page_id=1958"},"modified":"2022-01-23T18:04:56","modified_gmt":"2022-01-23T17:04:56","slug":"2016-ubiquite-arena-arles","status":"publish","type":"page","link":"https:\/\/jlggb.net\/jlb\/expositions-personnelles-et-collectives\/2016-ubiquite-arena-arles\/","title":{"rendered":"2016 Ubiquit\u00e9 Arena Arles"},"content":{"rendered":"<p>Exposition Ubiquit\u00e9, Galerie Arena (ENSP), Arles, octobre 2016.<\/p>\n<p>Voir conception et commissariat :<br \/>\n<a href=\"https:\/\/jlggb.net\/jlb\/?page_id=1619\" target=\"_blank\" rel=\"noopener\">https:\/\/jlggb.net\/jlb\/?page_id=1619<\/a><\/p>\n<p>Voir les installations :<br \/>\n<a href=\"https:\/\/jlggb.net\/jlb\/?page_id=1706\" target=\"_blank\" rel=\"noopener\">https:\/\/jlggb.net\/jlb\/?page_id=1706<\/a><br \/>\net<br \/>\n<a href=\"https:\/\/jlggb.net\/jlb\/?page_id=1640\" target=\"_blank\" rel=\"noopener\">https:\/\/jlggb.net\/jlb\/?page_id=1640<\/a><\/p>\n<p><a href=\"https:\/\/jlggb.net\/jlb\/wp-content\/uploads\/2021\/12\/IMG_1033-scaled.jpg\" data-rel=\"lightbox-image-0\" data-imagelightbox=\"0\" data-rl_title=\"\" data-rl_caption=\"\" title=\"\"><img loading=\"lazy\" decoding=\"async\" class=\"alignnone size-full wp-image-3078\" src=\"https:\/\/jlggb.net\/jlb\/wp-content\/uploads\/2021\/12\/IMG_1033-scaled.jpg\" alt=\"\" width=\"640\" height=\"480\" srcset=\"https:\/\/jlggb.net\/jlb\/wp-content\/uploads\/2021\/12\/IMG_1033-scaled.jpg 2560w, https:\/\/jlggb.net\/jlb\/wp-content\/uploads\/2021\/12\/IMG_1033-300x225.jpg 300w, https:\/\/jlggb.net\/jlb\/wp-content\/uploads\/2021\/12\/IMG_1033-1024x768.jpg 1024w, https:\/\/jlggb.net\/jlb\/wp-content\/uploads\/2021\/12\/IMG_1033-768x576.jpg 768w, https:\/\/jlggb.net\/jlb\/wp-content\/uploads\/2021\/12\/IMG_1033-1536x1152.jpg 1536w, https:\/\/jlggb.net\/jlb\/wp-content\/uploads\/2021\/12\/IMG_1033-2048x1536.jpg 2048w, https:\/\/jlggb.net\/jlb\/wp-content\/uploads\/2021\/12\/IMG_1033-150x113.jpg 150w\" sizes=\"auto, (max-width: 640px) 100vw, 640px\" \/><\/a><br \/>\nT\u00e9l\u00e9pr\u00e9sence de l&rsquo;installation J-LB, <em>Crassula ubiquiste<\/em>, \u00e0 l&rsquo;espace pour l&rsquo;art.<\/p>\n<p><a href=\"https:\/\/jlggb.net\/jlb\/wp-content\/uploads\/2021\/12\/IMG_1043-scaled.jpg\" data-rel=\"lightbox-image-1\" data-imagelightbox=\"1\" data-rl_title=\"\" data-rl_caption=\"\" title=\"\"><img loading=\"lazy\" decoding=\"async\" class=\"alignnone size-full wp-image-3079\" src=\"https:\/\/jlggb.net\/jlb\/wp-content\/uploads\/2021\/12\/IMG_1043-scaled.jpg\" alt=\"\" width=\"640\" height=\"480\" srcset=\"https:\/\/jlggb.net\/jlb\/wp-content\/uploads\/2021\/12\/IMG_1043-scaled.jpg 2560w, https:\/\/jlggb.net\/jlb\/wp-content\/uploads\/2021\/12\/IMG_1043-300x225.jpg 300w, https:\/\/jlggb.net\/jlb\/wp-content\/uploads\/2021\/12\/IMG_1043-1024x768.jpg 1024w, https:\/\/jlggb.net\/jlb\/wp-content\/uploads\/2021\/12\/IMG_1043-768x576.jpg 768w, https:\/\/jlggb.net\/jlb\/wp-content\/uploads\/2021\/12\/IMG_1043-1536x1152.jpg 1536w, https:\/\/jlggb.net\/jlb\/wp-content\/uploads\/2021\/12\/IMG_1043-2048x1536.jpg 2048w, https:\/\/jlggb.net\/jlb\/wp-content\/uploads\/2021\/12\/IMG_1043-150x113.jpg 150w\" sizes=\"auto, (max-width: 640px) 100vw, 640px\" \/><\/a><br \/>\nD\u00e9tails de la table.<\/p>\n","protected":false},"excerpt":{"rendered":"<p>Exposition Ubiquit\u00e9, Galerie Arena (ENSP), Arles, octobre 2016. Voir conception et commissariat : https:\/\/jlggb.net\/jlb\/?page_id=1619 Voir les installations : https:\/\/jlggb.net\/jlb\/?page_id=1706 et https:\/\/jlggb.net\/jlb\/?page_id=1640 T\u00e9l\u00e9pr\u00e9sence de l&rsquo;installation J-LB, Crassula ubiquiste, \u00e0 l&rsquo;espace pour l&rsquo;art. D\u00e9tails de la table.<\/p>\n","protected":false},"author":2,"featured_media":0,"parent":650,"menu_order":20163,"comment_status":"closed","ping_status":"closed","template":"","meta":{"footnotes":""},"class_list":["post-1958","page","type-page","status-publish","hentry"],"_links":{"self":[{"href":"https:\/\/jlggb.net\/jlb\/wp-json\/wp\/v2\/pages\/1958","targetHints":{"allow":["GET"]}}],"collection":[{"href":"https:\/\/jlggb.net\/jlb\/wp-json\/wp\/v2\/pages"}],"about":[{"href":"https:\/\/jlggb.net\/jlb\/wp-json\/wp\/v2\/types\/page"}],"author":[{"embeddable":true,"href":"https:\/\/jlggb.net\/jlb\/wp-json\/wp\/v2\/users\/2"}],"replies":[{"embeddable":true,"href":"https:\/\/jlggb.net\/jlb\/wp-json\/wp\/v2\/comments?post=1958"}],"version-history":[{"count":10,"href":"https:\/\/jlggb.net\/jlb\/wp-json\/wp\/v2\/pages\/1958\/revisions"}],"predecessor-version":[{"id":3086,"href":"https:\/\/jlggb.net\/jlb\/wp-json\/wp\/v2\/pages\/1958\/revisions\/3086"}],"up":[{"embeddable":true,"href":"https:\/\/jlggb.net\/jlb\/wp-json\/wp\/v2\/pages\/650"}],"wp:attachment":[{"href":"https:\/\/jlggb.net\/jlb\/wp-json\/wp\/v2\/media?parent=1958"}],"curies":[{"name":"wp","href":"https:\/\/api.w.org\/{rel}","templated":true}]}}