{"id":1760,"date":"2016-11-17T13:19:38","date_gmt":"2016-11-17T12:19:38","guid":{"rendered":"http:\/\/jlggb.net\/jlb\/?page_id=1760"},"modified":"2016-11-17T14:06:39","modified_gmt":"2016-11-17T13:06:39","slug":"2015-video-et-apres-moments-de-jlb","status":"publish","type":"page","link":"https:\/\/jlggb.net\/jlb\/travaux\/2015-video-et-apres-moments-de-jlb\/","title":{"rendered":"2015 Moments\u2026 Vid\u00e9o et apr\u00e8s"},"content":{"rendered":"<p><img loading=\"lazy\" decoding=\"async\" class=\"alignnone size-full wp-image-1500\" src=\"https:\/\/jlggb.net\/jlb\/wp-content\/uploads\/2009\/10\/pompidou-logo.jpg\" alt=\"pompidou-logo\" width=\"81\" height=\"41\" \/><br \/>\n<img loading=\"lazy\" decoding=\"async\" class=\"alignnone wp-image-1507\" src=\"https:\/\/jlggb.net\/jlb\/wp-content\/uploads\/2009\/10\/moments-jlb-cnacgp.png\" alt=\"moments-jlb-cnacgp\" width=\"640\" height=\"145\" srcset=\"https:\/\/jlggb.net\/jlb\/wp-content\/uploads\/2009\/10\/moments-jlb-cnacgp.png 787w, https:\/\/jlggb.net\/jlb\/wp-content\/uploads\/2009\/10\/moments-jlb-cnacgp-300x68.png 300w, https:\/\/jlggb.net\/jlb\/wp-content\/uploads\/2009\/10\/moments-jlb-cnacgp-150x34.png 150w\" sizes=\"auto, (max-width: 640px) 100vw, 640px\" \/><\/p>\n<p>16 novembre 2015, \u00e0 19h<br \/>\nCin\u00e9ma 2 &#8211; Centre Pompidou, Paris<\/p>\n<p>\u00ab Exposer mon itin\u00e9raire ? Je pr\u00e9f\u00e8re parler des transitions : de la physique \u00e0 l\u2019animation de cin\u00e9-clubs, de la photographie au th\u00e9\u00e2tre et au cin\u00e9ma, de l\u2019imprimerie \u00e0 l\u2019agit-prop et \u00e0 la Chine, de la peinture chinoise \u00e0 l\u2019image calcul\u00e9e et au virtuel, de la saisie \u00e0 l\u2019interactivit\u00e9 et au mobile. J\u2019ai cherch\u00e9 \u00e0 agencer le livre et l\u2019\u00e9cran, \u00e0 faire que les expositions soient des lieux de consultation. Mais <em>transition <\/em>c\u2019est aussi <em>moment<\/em>, une dur\u00e9e qui a un d\u00e9but et une fin, un ant\u00e9c\u00e9dent et une suite, une force, un vecteur, une quantit\u00e9 de mouvement. Une <em>jouabilit\u00e9 <\/em>du cin\u00e9ma m\u2019a conduit \u00e0 l\u2019id\u00e9e de <em>moment interactif<\/em> : la rencontre d\u2019un objet technique que j\u2019avais le sentiment de d\u00e9couvrir et de Jean-Jacques Rousseau. De la bifurcation, je suis pass\u00e9 \u00e0 l\u2019image-relation, aux perspecteurs, aux vigilambules, \u00e0 l\u2019\u00e9cran mobilisable. \u00bb J-L.B.<\/p>\n<p>S\u00e9ance pr\u00e9sent\u00e9e par Jean-Louis Boissier, artiste, r\u00e9alisateur, professeur \u00e9m\u00e9rite en art \u00e0 l\u2019Universit\u00e9 Paris 8 Vincennes Saint-Denis, avec le concours de Tugce Okley, Miki Okubo, Anne Zeitz.<\/p>\n<p>Projection\/conf\u00e9rence r\u00e9alis\u00e9e dans le cadre du programme de recherche \u00ab Cin\u00e9ma\/vid\u00e9o, art et politique en France depuis 1968 : dispositifs, archives, num\u00e9rique \u00bb du Labex Arts-H2H en partenariat avec l\u2019Universit\u00e9 Paris 8, de la BnF et du CNC, H\u00e9l\u00e8ne Fleckinger.<\/p>\n<p>\u00abVid\u00e9o et apr\u00e8s\u00bb est un cycle de rencontres avec des artistes et des historiens de l\u2019art proposant projections, conf\u00e9rences, performances et discussions. Parcourant l\u2019histoire des pratiques artistiques li\u00e9es \u00e0 la vid\u00e9o et au son, depuis le d\u00e9but des ann\u00e9es 1960 jusqu\u2019\u00e0 nos jours, \u00ab Vid\u00e9o et apr\u00e8s \u00bb se consacre essentiellement aux vid\u00e9os d\u2019artistes de la collection du Mus\u00e9e national d\u2019art moderne.<\/p>\n<p>Commissaire : Mnam\/Cci, Nouveaux m\u00e9dias, Etienne Sandrin.<\/p>\n<p><iframe loading=\"lazy\" title=\"Moments de Jean-Louis Boissier | Vid\u00e9o et apr\u00e8s\" frameborder=\"0\" width=\"660\" height=\"371\" src=\"https:\/\/geo.dailymotion.com\/player.html?video=x4q8nh9&#038;\" allowfullscreen allow=\"autoplay; fullscreen; picture-in-picture; web-share\"><\/iframe><\/p>\n<p>Sur le site du Centre Pompidou : <a href=\"https:\/\/www.centrepompidou.fr\/cpv\/resource\/cyXpbr7\/rEok4G8\" target=\"_blank\">https:\/\/www.centrepompidou.fr\/cpv\/resource\/cyXpbr7\/rEok4G8<\/a><\/p>\n","protected":false},"excerpt":{"rendered":"<p>16 novembre 2015, \u00e0 19h Cin\u00e9ma 2 &#8211; Centre Pompidou, Paris \u00ab Exposer mon itin\u00e9raire ? Je pr\u00e9f\u00e8re parler des transitions : de la physique \u00e0 l\u2019animation de cin\u00e9-clubs, de la photographie au th\u00e9\u00e2tre et au cin\u00e9ma, de l\u2019imprimerie \u00e0 l\u2019agit-prop et \u00e0 la Chine, de la peinture chinoise \u00e0 l\u2019image calcul\u00e9e et au virtuel, &hellip; <a href=\"https:\/\/jlggb.net\/jlb\/travaux\/2015-video-et-apres-moments-de-jlb\/\" class=\"more-link\">Continuer la lecture de <span class=\"screen-reader-text\">2015 Moments\u2026 Vid\u00e9o et apr\u00e8s<\/span><\/a><\/p>\n","protected":false},"author":2,"featured_media":0,"parent":556,"menu_order":0,"comment_status":"closed","ping_status":"closed","template":"","meta":{"footnotes":""},"class_list":["post-1760","page","type-page","status-publish","hentry"],"_links":{"self":[{"href":"https:\/\/jlggb.net\/jlb\/wp-json\/wp\/v2\/pages\/1760","targetHints":{"allow":["GET"]}}],"collection":[{"href":"https:\/\/jlggb.net\/jlb\/wp-json\/wp\/v2\/pages"}],"about":[{"href":"https:\/\/jlggb.net\/jlb\/wp-json\/wp\/v2\/types\/page"}],"author":[{"embeddable":true,"href":"https:\/\/jlggb.net\/jlb\/wp-json\/wp\/v2\/users\/2"}],"replies":[{"embeddable":true,"href":"https:\/\/jlggb.net\/jlb\/wp-json\/wp\/v2\/comments?post=1760"}],"version-history":[{"count":19,"href":"https:\/\/jlggb.net\/jlb\/wp-json\/wp\/v2\/pages\/1760\/revisions"}],"predecessor-version":[{"id":1790,"href":"https:\/\/jlggb.net\/jlb\/wp-json\/wp\/v2\/pages\/1760\/revisions\/1790"}],"up":[{"embeddable":true,"href":"https:\/\/jlggb.net\/jlb\/wp-json\/wp\/v2\/pages\/556"}],"wp:attachment":[{"href":"https:\/\/jlggb.net\/jlb\/wp-json\/wp\/v2\/media?parent=1760"}],"curies":[{"name":"wp","href":"https:\/\/api.w.org\/{rel}","templated":true}]}}