{"id":1619,"date":"2016-10-20T18:13:05","date_gmt":"2016-10-20T16:13:05","guid":{"rendered":"http:\/\/jlggb.net\/jlb\/?page_id=1619"},"modified":"2017-04-12T23:37:49","modified_gmt":"2017-04-12T21:37:49","slug":"2016-ubiquite","status":"publish","type":"page","link":"https:\/\/jlggb.net\/jlb\/commissariat\/2016-ubiquite\/","title":{"rendered":"2016 Ubiquit\u00e9"},"content":{"rendered":"<p>\u00c9cole nationale sup\u00e9rieure de la photographie, Arles.<br \/>\nOp\u00e9ration de recherche, f\u00e9vrier- octobre 2016.<br \/>\nApplication #Ubiquit\u00e9 con\u00e7ue par Matthieu Cherubini pour l\u2019op\u00e9ration \u00ab\u00a0Ubiquit\u00e9 Reconnaissance des formes\u00a0\u00bb, exp\u00e9rimentations, expositions, workshops, Laboratoire Prospectives de l\u2019image, Caroline Bernard, \u00c9cole nationale sup\u00e9rieure de la photographie, Arles.<\/p>\n<p>Exposition et workshop <em>Ubiquit\u00e9<\/em>, galerie Arena, con\u00e7us avec Caroline Bernard.<br \/>\nAvec le concours de la Ville d&rsquo;Arles et d&rsquo;Octobre num\u00e9rique 2016.<br \/>\nAvec la contribution de l&rsquo;association Transports.<\/p>\n<p><a href=\"https:\/\/jlggb.net\/jlb\/wp-content\/uploads\/2016\/10\/ubiquite-arena-octobre-2016.jpg\" data-rel=\"lightbox-image-0\" data-imagelightbox=\"0\" data-rl_title=\"\" data-rl_caption=\"\" title=\"\"><img loading=\"lazy\" decoding=\"async\" class=\"alignnone wp-image-1729\" src=\"https:\/\/jlggb.net\/jlb\/wp-content\/uploads\/2016\/10\/ubiquite-arena-octobre-2016.jpg\" alt=\"ubiquite arena 2016\" width=\"640\" height=\"480\" srcset=\"https:\/\/jlggb.net\/jlb\/wp-content\/uploads\/2016\/10\/ubiquite-arena-octobre-2016.jpg 2000w, https:\/\/jlggb.net\/jlb\/wp-content\/uploads\/2016\/10\/ubiquite-arena-octobre-2016-300x225.jpg 300w, https:\/\/jlggb.net\/jlb\/wp-content\/uploads\/2016\/10\/ubiquite-arena-octobre-2016-768x576.jpg 768w, https:\/\/jlggb.net\/jlb\/wp-content\/uploads\/2016\/10\/ubiquite-arena-octobre-2016-1024x768.jpg 1024w, https:\/\/jlggb.net\/jlb\/wp-content\/uploads\/2016\/10\/ubiquite-arena-octobre-2016-150x113.jpg 150w\" sizes=\"auto, (max-width: 640px) 100vw, 640px\" \/><br \/>\n<\/a>Exposition <em>Ubiquit\u00e9<\/em>, Arena, ENSP, octobre 2016.<\/p>\n<p><a href=\"https:\/\/jlggb.net\/jlb\/wp-content\/uploads\/2016\/11\/Ubiquite_Semaine_2016_10-1.jpg\" data-rel=\"lightbox-image-1\" data-imagelightbox=\"1\" data-rl_title=\"\" data-rl_caption=\"\" title=\"\"><img loading=\"lazy\" decoding=\"async\" class=\"alignnone wp-image-1692\" src=\"https:\/\/jlggb.net\/jlb\/wp-content\/uploads\/2016\/11\/Ubiquite_Semaine_2016_10-1.jpg\" alt=\"ubiquite_semaine_2016_10-1\" width=\"400\" height=\"565\" srcset=\"https:\/\/jlggb.net\/jlb\/wp-content\/uploads\/2016\/11\/Ubiquite_Semaine_2016_10-1.jpg 1700w, https:\/\/jlggb.net\/jlb\/wp-content\/uploads\/2016\/11\/Ubiquite_Semaine_2016_10-1-213x300.jpg 213w, https:\/\/jlggb.net\/jlb\/wp-content\/uploads\/2016\/11\/Ubiquite_Semaine_2016_10-1-768x1084.jpg 768w, https:\/\/jlggb.net\/jlb\/wp-content\/uploads\/2016\/11\/Ubiquite_Semaine_2016_10-1-725x1024.jpg 725w, https:\/\/jlggb.net\/jlb\/wp-content\/uploads\/2016\/11\/Ubiquite_Semaine_2016_10-1-106x150.jpg 106w\" sizes=\"auto, (max-width: 400px) 100vw, 400px\" \/><\/a><br \/>\nPublication : num\u00e9ro \u00ab Ubiquit\u00e9 \u00bb de <em>Semaine<\/em>, \u00e9dit\u00e9 par Analogues.<br \/>\nT\u00e9l\u00e9charger : <a href=\"https:\/\/jlggb.net\/jlb\/wp-pdf\/Ubiquite_Semaine_2016_10.pdf\" target=\"_blank\">Ubiquite_Semaine_2016_10.pdf<br \/>\n<\/a><a href=\"http:\/\/www.analogues.fr\/?p=8605\">http:\/\/www.analogues.fr\/?p=8605<\/a><\/p>\n<p>Argument<br \/>\nL\u2019id\u00e9e d\u2019ubiquit\u00e9<br \/>\nL\u2019ubiquiste est partout, autrement dit aussi en des places particuli\u00e8res. <em>Ubiquitous bamboo<\/em>, d\u00e9signe d\u2019abord une vari\u00e9t\u00e9, un bambou commun. L\u2019ubiquit\u00e9 des plantes est leur r\u00e9partition \u00e9tendue, leur r\u00e9it\u00e9ration, leur\u00a0 dimension de colonie (1). Si une plante est clon\u00e9e, et beaucoup de plantes le sont ou l\u2019ont \u00e9t\u00e9, elle est la m\u00eame en divers lieux et en divers temps. L\u2019\u00e9criture se distingue de la langue par sa portabilit\u00e9 d\u2019un individu \u00e0 l\u2019autre. Sa reproductibilit\u00e9 lui conf\u00e8re autonomie et ubiquit\u00e9 (2). Dans l\u2019un de ses premiers \u00e9crits, Henri Michaux dit : \u00ab\u00a0Magazines, cin\u00e9ma, t\u00e9l\u00e9phones, \u00e9lectricit\u00e9 ont \u00e0 l&rsquo;\u2019homme contemporain fait don d\u2019<em>Ubiquit\u00e9<\/em>.(3)\u00a0\u00bb. Le texte marquant pour l\u2019\u00e9pist\u00e9mologie de la reproduction ubiquiste est celui de Paul Val\u00e9ry, <em>La Conqu\u00eate de l\u2019ubiquit\u00e9<\/em> : \u00ab Ni la mati\u00e8re, ni l\u2019espace, ni le temps ne sont depuis vingt ans ce qu\u2019ils \u00e9taient depuis toujours. Il faut s\u2019attendre que de si grandes nouveaut\u00e9s transforment toute la technique des arts, agissent par l\u00e0 sur l\u2019invention elle-m\u00eame, aillent peut-\u00eatre jusqu\u2019\u00e0 modifier merveilleusement la notion m\u00eame de l\u2019art.(4) \u00bb Le terme d\u2019<em>ubiquit\u00e9 num\u00e9rique<\/em> s\u2019est impos\u00e9 dans les ann\u00e9es 90 pour viser \u00e0 l\u2019int\u00e9gration transparente des environnements num\u00e9riques dans leur contexte physique : localisation, aide-m\u00e9moire, applications de rencontre. L\u2019ubiquit\u00e9 r\u00e9ticulaire allait l\u2019emporter, nous y sommes. JLB<\/p>\n<p>1. Francis Hall\u00e9, <em>\u00c9loge de la plante<\/em>, Seuil, Paris, 1999.<br \/>\n2. Michel Melot, <em>Une br\u00e8ve histoire de l\u2019\u00c9criture<\/em>, J.-C. B\u00e9har, Paris, 2015.<br \/>\n3. Henri Michaux, \u00ab\u00a0Chronique de l\u2019aiguilleur \u00bb, 1922, <em>\u0152uvres compl\u00e8tes<\/em>, Gallimard, La Pl\u00e9iade, Paris, 1998, p. 12.<br \/>\n4. Paul Val\u00e9ry, <em>La Conqu\u00eate de l\u2019ubiquit\u00e9<\/em>, 1928, <em>\u0152uvres, t. II<\/em>, Paris, Gallimard, La Pl\u00e9iade, Paris, 1960, pp. 1284-1287. Il est notoire que ce premier paragraphe est plac\u00e9 en \u00e9pigraphe de <em>L\u2019\u0152uvre d\u2019art \u00e0 l\u2019\u00e9poque de sa reproductibilit\u00e9 technique<\/em> de Walter Benjamin, 1939.<\/p>\n","protected":false},"excerpt":{"rendered":"<p>\u00c9cole nationale sup\u00e9rieure de la photographie, Arles. Op\u00e9ration de recherche, f\u00e9vrier- octobre 2016. Application #Ubiquit\u00e9 con\u00e7ue par Matthieu Cherubini pour l\u2019op\u00e9ration \u00ab\u00a0Ubiquit\u00e9 Reconnaissance des formes\u00a0\u00bb, exp\u00e9rimentations, expositions, workshops, Laboratoire Prospectives de l\u2019image, Caroline Bernard, \u00c9cole nationale sup\u00e9rieure de la photographie, Arles. Exposition et workshop Ubiquit\u00e9, galerie Arena, con\u00e7us avec Caroline Bernard. Avec le concours de &hellip; <a href=\"https:\/\/jlggb.net\/jlb\/commissariat\/2016-ubiquite\/\" class=\"more-link\">Continuer la lecture de <span class=\"screen-reader-text\">2016 Ubiquit\u00e9<\/span><\/a><\/p>\n","protected":false},"author":2,"featured_media":0,"parent":593,"menu_order":0,"comment_status":"closed","ping_status":"closed","template":"","meta":{"footnotes":""},"class_list":["post-1619","page","type-page","status-publish","hentry"],"_links":{"self":[{"href":"https:\/\/jlggb.net\/jlb\/wp-json\/wp\/v2\/pages\/1619","targetHints":{"allow":["GET"]}}],"collection":[{"href":"https:\/\/jlggb.net\/jlb\/wp-json\/wp\/v2\/pages"}],"about":[{"href":"https:\/\/jlggb.net\/jlb\/wp-json\/wp\/v2\/types\/page"}],"author":[{"embeddable":true,"href":"https:\/\/jlggb.net\/jlb\/wp-json\/wp\/v2\/users\/2"}],"replies":[{"embeddable":true,"href":"https:\/\/jlggb.net\/jlb\/wp-json\/wp\/v2\/comments?post=1619"}],"version-history":[{"count":22,"href":"https:\/\/jlggb.net\/jlb\/wp-json\/wp\/v2\/pages\/1619\/revisions"}],"predecessor-version":[{"id":2136,"href":"https:\/\/jlggb.net\/jlb\/wp-json\/wp\/v2\/pages\/1619\/revisions\/2136"}],"up":[{"embeddable":true,"href":"https:\/\/jlggb.net\/jlb\/wp-json\/wp\/v2\/pages\/593"}],"wp:attachment":[{"href":"https:\/\/jlggb.net\/jlb\/wp-json\/wp\/v2\/media?parent=1619"}],"curies":[{"name":"wp","href":"https:\/\/api.w.org\/{rel}","templated":true}]}}