{"id":2223,"date":"2022-06-13T12:59:53","date_gmt":"2022-06-13T10:59:53","guid":{"rendered":"http:\/\/jlggb.net\/collection\/?page_id=2223"},"modified":"2022-09-22T23:49:28","modified_gmt":"2022-09-22T21:49:28","slug":"2022-07-workshop-de-decoration-a-la-borne","status":"publish","type":"page","link":"http:\/\/jlggb.net\/collection\/?page_id=2223","title":{"rendered":"#motifs \/ 2022\/09\/5-7 workshop de d\u00e9coration \u00e0 La Borne"},"content":{"rendered":"<p style=\"text-align: center;\">actualit\u00e9<\/p>\n<p><img loading=\"lazy\" decoding=\"async\" class=\"size-full wp-image-3033\" src=\"http:\/\/jlggb.net\/collection\/wp-content\/uploads\/2022\/09\/ws-motifs-gauche-20220907-full-scaled.jpg\" alt=\"\" width=\"2560\" height=\"1920\" srcset=\"http:\/\/jlggb.net\/collection\/wp-content\/uploads\/2022\/09\/ws-motifs-gauche-20220907-full-scaled.jpg 2560w, http:\/\/jlggb.net\/collection\/wp-content\/uploads\/2022\/09\/ws-motifs-gauche-20220907-full-300x225.jpg 300w, http:\/\/jlggb.net\/collection\/wp-content\/uploads\/2022\/09\/ws-motifs-gauche-20220907-full-1024x768.jpg 1024w, http:\/\/jlggb.net\/collection\/wp-content\/uploads\/2022\/09\/ws-motifs-gauche-20220907-full-768x576.jpg 768w, http:\/\/jlggb.net\/collection\/wp-content\/uploads\/2022\/09\/ws-motifs-gauche-20220907-full-1536x1152.jpg 1536w, http:\/\/jlggb.net\/collection\/wp-content\/uploads\/2022\/09\/ws-motifs-gauche-20220907-full-2048x1536.jpg 2048w\" sizes=\"auto, (max-width: 2560px) 100vw, 2560px\" \/><\/p>\n<p><img loading=\"lazy\" decoding=\"async\" class=\"size-full wp-image-3034\" src=\"http:\/\/jlggb.net\/collection\/wp-content\/uploads\/2022\/09\/ws-motifs-droite-20220907-full-scaled.jpg\" alt=\"\" width=\"2560\" height=\"1920\" srcset=\"http:\/\/jlggb.net\/collection\/wp-content\/uploads\/2022\/09\/ws-motifs-droite-20220907-full-scaled.jpg 2560w, http:\/\/jlggb.net\/collection\/wp-content\/uploads\/2022\/09\/ws-motifs-droite-20220907-full-300x225.jpg 300w, http:\/\/jlggb.net\/collection\/wp-content\/uploads\/2022\/09\/ws-motifs-droite-20220907-full-1024x768.jpg 1024w, http:\/\/jlggb.net\/collection\/wp-content\/uploads\/2022\/09\/ws-motifs-droite-20220907-full-768x576.jpg 768w, http:\/\/jlggb.net\/collection\/wp-content\/uploads\/2022\/09\/ws-motifs-droite-20220907-full-1536x1152.jpg 1536w, http:\/\/jlggb.net\/collection\/wp-content\/uploads\/2022\/09\/ws-motifs-droite-20220907-full-2048x1536.jpg 2048w\" sizes=\"auto, (max-width: 2560px) 100vw, 2560px\" \/><\/p>\n<p>Centre C\u00e9ramique Contemporaine La Borne, Workshop #motifs 3e jour, 7 septembre, Damien, Aliette, Elisa, No\u00e9mie, Anne, Luiz, Romane, Rose, Xin.<\/p>\n<p><img loading=\"lazy\" decoding=\"async\" class=\"size-full wp-image-3039\" src=\"http:\/\/jlggb.net\/collection\/wp-content\/uploads\/2022\/09\/elisa-anne-luiz-plonge-20220905-full-scaled.jpg\" alt=\"\" width=\"2560\" height=\"1920\" srcset=\"http:\/\/jlggb.net\/collection\/wp-content\/uploads\/2022\/09\/elisa-anne-luiz-plonge-20220905-full-scaled.jpg 2560w, http:\/\/jlggb.net\/collection\/wp-content\/uploads\/2022\/09\/elisa-anne-luiz-plonge-20220905-full-300x225.jpg 300w, http:\/\/jlggb.net\/collection\/wp-content\/uploads\/2022\/09\/elisa-anne-luiz-plonge-20220905-full-1024x768.jpg 1024w, http:\/\/jlggb.net\/collection\/wp-content\/uploads\/2022\/09\/elisa-anne-luiz-plonge-20220905-full-768x576.jpg 768w, http:\/\/jlggb.net\/collection\/wp-content\/uploads\/2022\/09\/elisa-anne-luiz-plonge-20220905-full-1536x1152.jpg 1536w, http:\/\/jlggb.net\/collection\/wp-content\/uploads\/2022\/09\/elisa-anne-luiz-plonge-20220905-full-2048x1536.jpg 2048w\" sizes=\"auto, (max-width: 2560px) 100vw, 2560px\" \/><\/p>\n<p><img loading=\"lazy\" decoding=\"async\" class=\"size-full wp-image-3040\" src=\"http:\/\/jlggb.net\/collection\/wp-content\/uploads\/2022\/09\/elisa-plonge-20220905-full-scaled.jpg\" alt=\"\" width=\"2560\" height=\"1920\" srcset=\"http:\/\/jlggb.net\/collection\/wp-content\/uploads\/2022\/09\/elisa-plonge-20220905-full-scaled.jpg 2560w, http:\/\/jlggb.net\/collection\/wp-content\/uploads\/2022\/09\/elisa-plonge-20220905-full-300x225.jpg 300w, http:\/\/jlggb.net\/collection\/wp-content\/uploads\/2022\/09\/elisa-plonge-20220905-full-1024x768.jpg 1024w, http:\/\/jlggb.net\/collection\/wp-content\/uploads\/2022\/09\/elisa-plonge-20220905-full-768x576.jpg 768w, http:\/\/jlggb.net\/collection\/wp-content\/uploads\/2022\/09\/elisa-plonge-20220905-full-1536x1152.jpg 1536w, http:\/\/jlggb.net\/collection\/wp-content\/uploads\/2022\/09\/elisa-plonge-20220905-full-2048x1536.jpg 2048w\" sizes=\"auto, (max-width: 2560px) 100vw, 2560px\" \/><\/p>\n<p>Workshop #motifs, 1er jour, 5 septembre, gla\u00e7ure des soba choko d\u00e9cor\u00e9s, Luiz, Anne, Elisa.<\/p>\n<p><img loading=\"lazy\" decoding=\"async\" class=\"size-full wp-image-3051\" src=\"http:\/\/jlggb.net\/collection\/wp-content\/uploads\/2022\/09\/yexin-hokusai-20220907-full-scaled.jpg\" alt=\"\" width=\"2560\" height=\"1920\" srcset=\"http:\/\/jlggb.net\/collection\/wp-content\/uploads\/2022\/09\/yexin-hokusai-20220907-full-scaled.jpg 2560w, http:\/\/jlggb.net\/collection\/wp-content\/uploads\/2022\/09\/yexin-hokusai-20220907-full-300x225.jpg 300w, http:\/\/jlggb.net\/collection\/wp-content\/uploads\/2022\/09\/yexin-hokusai-20220907-full-1024x768.jpg 1024w, http:\/\/jlggb.net\/collection\/wp-content\/uploads\/2022\/09\/yexin-hokusai-20220907-full-768x576.jpg 768w, http:\/\/jlggb.net\/collection\/wp-content\/uploads\/2022\/09\/yexin-hokusai-20220907-full-1536x1152.jpg 1536w, http:\/\/jlggb.net\/collection\/wp-content\/uploads\/2022\/09\/yexin-hokusai-20220907-full-2048x1536.jpg 2048w\" sizes=\"auto, (max-width: 2560px) 100vw, 2560px\" \/><\/p>\n<p>L&rsquo;un des 13 soba choko garnis au pinceau par Xin.<\/p>\n<p><a href=\"http:\/\/jlggb.net\/collection\/wp-content\/uploads\/2022\/09\/luiz-arabesque-20220907-full-scaled.jpg\" data-rel=\"lightbox-image-0\" data-imagelightbox=\"0\" data-rl_title=\"\" data-rl_caption=\"\" title=\"\"><img loading=\"lazy\" decoding=\"async\" class=\"wp-image-3055 size-full\" src=\"http:\/\/jlggb.net\/collection\/wp-content\/uploads\/2022\/09\/luiz-arabesque-20220907-full-scaled.jpg\" alt=\"\" width=\"2560\" height=\"1920\" srcset=\"http:\/\/jlggb.net\/collection\/wp-content\/uploads\/2022\/09\/luiz-arabesque-20220907-full-scaled.jpg 2560w, http:\/\/jlggb.net\/collection\/wp-content\/uploads\/2022\/09\/luiz-arabesque-20220907-full-300x225.jpg 300w, http:\/\/jlggb.net\/collection\/wp-content\/uploads\/2022\/09\/luiz-arabesque-20220907-full-1024x768.jpg 1024w, http:\/\/jlggb.net\/collection\/wp-content\/uploads\/2022\/09\/luiz-arabesque-20220907-full-768x576.jpg 768w, http:\/\/jlggb.net\/collection\/wp-content\/uploads\/2022\/09\/luiz-arabesque-20220907-full-1536x1152.jpg 1536w, http:\/\/jlggb.net\/collection\/wp-content\/uploads\/2022\/09\/luiz-arabesque-20220907-full-2048x1536.jpg 2048w\" sizes=\"auto, (max-width: 2560px) 100vw, 2560px\" \/><\/a><\/p>\n<p>L&rsquo;un des soba choko garnis au crayon par Luiz.<\/p>\n<p><a href=\"http:\/\/jlggb.net\/collection\/?page_id=2223\"><img loading=\"lazy\" decoding=\"async\" class=\"aligncenter wp-image-2340\" src=\"http:\/\/jlggb.net\/collection\/wp-content\/uploads\/2022\/06\/motifs-logo-leger-scaled-1.jpg\" alt=\"\" width=\"180\" height=\"180\" \/><\/a><\/p>\n<p>Notes du 26 juin 2022&nbsp;:<\/p>\n<p>\u00c0 destination notamment d&rsquo;\u00e9tudiant(e)s de l&rsquo;\u00c9cole sup\u00e9rieure d&rsquo;art et de Design TALM-Le Mans, ce workshop \u00e0 La Borne les 5, 6 et 7 septembre 2022, est anim\u00e9 par Anne Reverdy, selon les orientations de Jean-Louis Boissier \u2014 pour le projet de recherche cr\u00e9ative et d&rsquo;exposition <em>(digital) Soba Choko<\/em> \u2014 \u00a0et avec le concours de Natsuko Uchino du master Magma.<\/p>\n<p>Le workshop se consacre \u00e0 la d\u00e9coration des soba choko de porcelaine r\u00e9alis\u00e9s dans l&rsquo;atelier de Claire Linard par tournage au mois de mai, selon un principe comparable&nbsp;:<br \/>\n\u2013 conna\u00eetre les caract\u00e9ristiques formelles, techniques et symboliques du gobelet qui est reconnu au Japon comme soba choko&nbsp;;<br \/>\n\u2013\u00a0transposer, interpr\u00e9ter, traduire le soba choko dans d&rsquo;autres contextes, en l&rsquo;associant \u00e0 d&rsquo;autres r\u00e9f\u00e9rences culturelles, artistiques et d&rsquo;usages&nbsp;;<br \/>\n\u2013 proc\u00e9der en ayant pour r\u00e9f\u00e9rences le caract\u00e8re d&rsquo;usage et populaire du soba choko et la production en s\u00e9rie collective <strong>*<\/strong>&nbsp;;<br \/>\n\u2013\u00a0\u00e9tudier la conjonction entre les proc\u00e9dures \u00ab\u00a0digitales\u00a0\u00bb au sens de \u00ab\u00a0mis en \u0153uvre \u00e0 la main \u00bb et \u00ab\u00a0digitales\u00a0\u00bb au sens de \u00ab\u00a0mettant en \u0153uvre le num\u00e9rique\u00a0\u00bb, en particulier par l&rsquo;apport des tr\u00e8s nombreuses r\u00e9f\u00e9rences disponibles sur le web, les recherches par mots-cl\u00e9s, les \u00e9changes port\u00e9s par les r\u00e9seaux sociaux .<\/p>\n<p>Il est convenu d&rsquo;adopter les choix suivants&nbsp;:<br \/>\n\u2013 plut\u00f4t que de parler de d\u00e9coration en g\u00e9n\u00e9ral, consid\u00e9rer le soba choko comme un support appelant des motifs, des signes&nbsp;;<br \/>\n\u2013 la proposition de tels motifs aptes \u00e0 \u00eatre port\u00e9s de fa\u00e7on significative et esth\u00e9tique est donc une recherche \u00e0 part enti\u00e8re&nbsp;;<br \/>\n\u2013 le travail au trait de pinceau, au bleu de cobalt sous couverte, place ces objets dans un vaste r\u00e9seau historique et procure une mat\u00e9rialit\u00e9 singuli\u00e8re et agissante et des actes d&rsquo;\u00e9change et d&rsquo;inscription relevant aussi bien de l&rsquo;\u00e9ph\u00e9m\u00e8re que de la stabilit\u00e9 et qui,\u00a0 en ce sens, coexistent ironiquement avec les divers mondes virtuels d&rsquo;aujourd&rsquo;hui.<\/p>\n<p>La mise en place technique pr\u00e9sume&nbsp;:<br \/>\n\u2013 le choix des types de pinceaux, en particulier d&rsquo;un pinceau pour un trait \u00e9nergique&nbsp;;<br \/>\n\u2013 la formulation de suspensions d&rsquo;oxyde de cobalt donnant diff\u00e9rentes intensit\u00e9s&nbsp;;<br \/>\n\u2013\u00a0le test d&rsquo;un motif au pinceau et bleu de cobalt sur la porcelaine, de la gla\u00e7ure et de la cuisson&nbsp;;<br \/>\n\u2013 l&rsquo;exp\u00e9rience des gestes pertinents pour chaque motif, y compris par des esquisses sur papier et sur des gobelets de carton.<\/p>\n<p><strong>* <\/strong>le logo, \u00e0 placer selon l&rsquo;usage au fond du gobelet pour indiquer le lieu et les circonstances, pourrait \u00eatre celui-ci, trac\u00e9 par Anne Reverdy&nbsp;:<\/p>\n<h3><\/h3>\n<p><img loading=\"lazy\" decoding=\"async\" class=\"wp-image-2416 aligncenter\" src=\"http:\/\/jlggb.net\/collection\/wp-content\/uploads\/2022\/06\/motifs-logo-fond-scaled.jpg\" alt=\"\" width=\"180\" height=\"180\" srcset=\"http:\/\/jlggb.net\/collection\/wp-content\/uploads\/2022\/06\/motifs-logo-fond-scaled.jpg 2560w, http:\/\/jlggb.net\/collection\/wp-content\/uploads\/2022\/06\/motifs-logo-fond-300x300.jpg 300w, http:\/\/jlggb.net\/collection\/wp-content\/uploads\/2022\/06\/motifs-logo-fond-1024x1024.jpg 1024w, http:\/\/jlggb.net\/collection\/wp-content\/uploads\/2022\/06\/motifs-logo-fond-150x150.jpg 150w, http:\/\/jlggb.net\/collection\/wp-content\/uploads\/2022\/06\/motifs-logo-fond-768x768.jpg 768w, http:\/\/jlggb.net\/collection\/wp-content\/uploads\/2022\/06\/motifs-logo-fond-1536x1536.jpg 1536w, http:\/\/jlggb.net\/collection\/wp-content\/uploads\/2022\/06\/motifs-logo-fond-2048x2048.jpg 2048w\" sizes=\"auto, (max-width: 180px) 100vw, 180px\" \/><\/p>\n<p>&nbsp;<\/p>\n<p><img loading=\"lazy\" decoding=\"async\" class=\"alignnone wp-image-2661 size-full\" src=\"http:\/\/jlggb.net\/collection\/wp-content\/uploads\/2022\/08\/motif-au-pinceau.jpg\" alt=\"\" width=\"600\" height=\"400\" srcset=\"http:\/\/jlggb.net\/collection\/wp-content\/uploads\/2022\/08\/motif-au-pinceau.jpg 600w, http:\/\/jlggb.net\/collection\/wp-content\/uploads\/2022\/08\/motif-au-pinceau-300x200.jpg 300w\" sizes=\"auto, (max-width: 600px) 100vw, 600px\" \/><br \/>\nExemple japonais du travail au pinceau et au bleu de cobalt.<\/p>\n<p>&nbsp;<\/p>\n<h3>PAGES \u00c0 CONSULTER POUR L&rsquo;EXP\u00c9RIENCE #MOTIFS<\/h3>\n<p><a href=\"http:\/\/jlggb.net\/collection\/?page_id=312\">un exemple de motif&nbsp;: le treillis<\/a><\/p>\n<p><a href=\"http:\/\/jlggb.net\/collection\/?page_id=312\"><img loading=\"lazy\" decoding=\"async\" class=\"aligncenter wp-image-1278\" src=\"http:\/\/jlggb.net\/collection\/wp-content\/uploads\/2019\/12\/hyogo-201-dsc.jpg\" alt=\"\" width=\"200\" height=\"133\" srcset=\"http:\/\/jlggb.net\/collection\/wp-content\/uploads\/2019\/12\/hyogo-201-dsc.jpg 1800w, http:\/\/jlggb.net\/collection\/wp-content\/uploads\/2019\/12\/hyogo-201-dsc-300x200.jpg 300w, http:\/\/jlggb.net\/collection\/wp-content\/uploads\/2019\/12\/hyogo-201-dsc-768x512.jpg 768w, http:\/\/jlggb.net\/collection\/wp-content\/uploads\/2019\/12\/hyogo-201-dsc-1024x683.jpg 1024w\" sizes=\"auto, (max-width: 200px) 100vw, 200px\" \/><\/a><\/p>\n<p><a href=\"http:\/\/jlggb.net\/collection\/?page_id=1323\">inventaire de motifs \u00e0 consulter<\/a><\/p>\n<p><a href=\"http:\/\/jlggb.net\/collection\/?page_id=1323\" data-wp-editing=\"1\"><img loading=\"lazy\" decoding=\"async\" class=\"aligncenter wp-image-1379\" src=\"http:\/\/jlggb.net\/collection\/wp-content\/uploads\/2020\/01\/sobachoko-antiques.jpg\" alt=\"\" width=\"200\" height=\"150\" srcset=\"http:\/\/jlggb.net\/collection\/wp-content\/uploads\/2020\/01\/sobachoko-antiques.jpg 2000w, http:\/\/jlggb.net\/collection\/wp-content\/uploads\/2020\/01\/sobachoko-antiques-300x225.jpg 300w, http:\/\/jlggb.net\/collection\/wp-content\/uploads\/2020\/01\/sobachoko-antiques-768x576.jpg 768w, http:\/\/jlggb.net\/collection\/wp-content\/uploads\/2020\/01\/sobachoko-antiques-1024x768.jpg 1024w\" sizes=\"auto, (max-width: 200px) 100vw, 200px\" \/><\/a><\/p>\n<p><a href=\"http:\/\/jlggb.net\/collection\/?page_id=1988\">huit motifs au pinceau historiques<\/a><\/p>\n<p><a href=\"http:\/\/jlggb.net\/collection\/?page_id=1988\"><img loading=\"lazy\" decoding=\"async\" class=\"aligncenter wp-image-1346\" src=\"http:\/\/jlggb.net\/collection\/wp-content\/uploads\/2020\/01\/vocabulaire-gauche-lemans.jpg\" alt=\"\" width=\"200\" height=\"150\" srcset=\"http:\/\/jlggb.net\/collection\/wp-content\/uploads\/2020\/01\/vocabulaire-gauche-lemans.jpg 1280w, http:\/\/jlggb.net\/collection\/wp-content\/uploads\/2020\/01\/vocabulaire-gauche-lemans-300x225.jpg 300w, http:\/\/jlggb.net\/collection\/wp-content\/uploads\/2020\/01\/vocabulaire-gauche-lemans-768x576.jpg 768w, http:\/\/jlggb.net\/collection\/wp-content\/uploads\/2020\/01\/vocabulaire-gauche-lemans-1024x768.jpg 1024w\" sizes=\"auto, (max-width: 200px) 100vw, 200px\" \/><\/a><\/p>\n<p><a href=\"http:\/\/jlggb.net\/collection\/?page_id=1617\">l\u2019\u00e9criture sur soba choko<\/a><\/p>\n<p><a href=\"http:\/\/jlggb.net\/collection\/?page_id=1617\"><img loading=\"lazy\" decoding=\"async\" class=\"aligncenter wp-image-1811\" src=\"http:\/\/jlggb.net\/collection\/wp-content\/uploads\/2021\/05\/soba-choko-Y52-full-scaled.jpeg\" alt=\"\" width=\"200\" height=\"150\" srcset=\"http:\/\/jlggb.net\/collection\/wp-content\/uploads\/2021\/05\/soba-choko-Y52-full-scaled.jpeg 2560w, http:\/\/jlggb.net\/collection\/wp-content\/uploads\/2021\/05\/soba-choko-Y52-full-300x225.jpeg 300w, http:\/\/jlggb.net\/collection\/wp-content\/uploads\/2021\/05\/soba-choko-Y52-full-1024x768.jpeg 1024w, http:\/\/jlggb.net\/collection\/wp-content\/uploads\/2021\/05\/soba-choko-Y52-full-768x576.jpeg 768w, http:\/\/jlggb.net\/collection\/wp-content\/uploads\/2021\/05\/soba-choko-Y52-full-1536x1152.jpeg 1536w, http:\/\/jlggb.net\/collection\/wp-content\/uploads\/2021\/05\/soba-choko-Y52-full-2048x1536.jpeg 2048w\" sizes=\"auto, (max-width: 200px) 100vw, 200px\" \/><\/a><\/p>\n<p><a href=\"http:\/\/jlggb.net\/collection\/?page_id=2669\">Chine ancienne, motifs symboliques<\/a><\/p>\n<p><a href=\"http:\/\/jlggb.net\/collection\/?page_id=2669\"><img loading=\"lazy\" decoding=\"async\" class=\"aligncenter wp-image-2786\" src=\"http:\/\/jlggb.net\/collection\/wp-content\/uploads\/2022\/08\/fleches-e1661784324415.jpg\" alt=\"\" width=\"200\" height=\"88\" srcset=\"http:\/\/jlggb.net\/collection\/wp-content\/uploads\/2022\/08\/fleches-e1661784324415.jpg 400w, http:\/\/jlggb.net\/collection\/wp-content\/uploads\/2022\/08\/fleches-e1661784324415-300x132.jpg 300w\" sizes=\"auto, (max-width: 200px) 100vw, 200px\" \/><\/a><\/p>\n<p><a href=\"http:\/\/jlggb.net\/collection\/?page_id=2367\">La notion mingei de motif chez Soetsu Yanagi<\/a><\/p>\n<p><a href=\"http:\/\/jlggb.net\/collection\/?page_id=2367\"><img loading=\"lazy\" decoding=\"async\" class=\"aligncenter wp-image-2798\" src=\"http:\/\/jlggb.net\/collection\/wp-content\/uploads\/2022\/08\/yanagi-designboom.jpg\" alt=\"\" width=\"200\" height=\"149\" srcset=\"http:\/\/jlggb.net\/collection\/wp-content\/uploads\/2022\/08\/yanagi-designboom.jpg 1024w, http:\/\/jlggb.net\/collection\/wp-content\/uploads\/2022\/08\/yanagi-designboom-300x224.jpg 300w, http:\/\/jlggb.net\/collection\/wp-content\/uploads\/2022\/08\/yanagi-designboom-768x574.jpg 768w\" sizes=\"auto, (max-width: 200px) 100vw, 200px\" \/><\/a><\/p>\n<p>&nbsp;<\/p>\n<p>&nbsp;<\/p>\n<p>&nbsp;<\/p>\n<p>&nbsp;<\/p>\n<p>&nbsp;<\/p>\n<p>&nbsp;<\/p>\n<p>&nbsp;<\/p>\n<p>&nbsp;<\/p>\n<p><a href=\"http:\/\/jlggb.net\/collection\/?page_id=2223\">retour \u00e0 la page #motifs 2022\/07 workshop de d\u00e9coration \u00e0 La Borne<\/a><\/p>\n","protected":false},"excerpt":{"rendered":"<p>actualit\u00e9 Centre C\u00e9ramique Contemporaine La Borne, Workshop #motifs 3e jour, 7 septembre, Damien, Aliette, Elisa, No\u00e9mie, Anne, Luiz, Romane, Rose, Xin. Workshop #motifs, 1er jour, 5 septembre, gla\u00e7ure des soba choko d\u00e9cor\u00e9s, Luiz, Anne, Elisa. L&rsquo;un des 13 soba choko garnis au pinceau par Xin. L&rsquo;un des soba choko garnis au crayon par Luiz. Notes [&hellip;]<\/p>\n","protected":false},"author":1,"featured_media":0,"parent":0,"menu_order":7,"comment_status":"closed","ping_status":"closed","template":"","meta":{"footnotes":""},"class_list":["post-2223","page","type-page","status-publish","hentry"],"_links":{"self":[{"href":"http:\/\/jlggb.net\/collection\/index.php?rest_route=\/wp\/v2\/pages\/2223","targetHints":{"allow":["GET"]}}],"collection":[{"href":"http:\/\/jlggb.net\/collection\/index.php?rest_route=\/wp\/v2\/pages"}],"about":[{"href":"http:\/\/jlggb.net\/collection\/index.php?rest_route=\/wp\/v2\/types\/page"}],"author":[{"embeddable":true,"href":"http:\/\/jlggb.net\/collection\/index.php?rest_route=\/wp\/v2\/users\/1"}],"replies":[{"embeddable":true,"href":"http:\/\/jlggb.net\/collection\/index.php?rest_route=%2Fwp%2Fv2%2Fcomments&post=2223"}],"version-history":[{"count":100,"href":"http:\/\/jlggb.net\/collection\/index.php?rest_route=\/wp\/v2\/pages\/2223\/revisions"}],"predecessor-version":[{"id":3119,"href":"http:\/\/jlggb.net\/collection\/index.php?rest_route=\/wp\/v2\/pages\/2223\/revisions\/3119"}],"wp:attachment":[{"href":"http:\/\/jlggb.net\/collection\/index.php?rest_route=%2Fwp%2Fv2%2Fmedia&parent=2223"}],"curies":[{"name":"wp","href":"https:\/\/api.w.org\/{rel}","templated":true}]}}